{"id":2128,"date":"2022-07-05T03:40:01","date_gmt":"2022-07-05T01:40:01","guid":{"rendered":"https:\/\/lefoyerxl.be\/?post_type=bruxelles-capitale&#038;p=2128"},"modified":"2022-07-05T03:41:08","modified_gmt":"2022-07-05T01:41:08","slug":"institutions-belges","status":"publish","type":"bruxelles-capitale","link":"https:\/\/lefoyerxl.be\/uk\/bruxelles-capitale\/\u0431\u0435\u043b\u044c\u0433\u0456\u0439\u0441\u044c\u043a\u0456-\u0443\u0441\u0442\u0430\u043d\u043e\u0432\u0438-2\/","title":{"rendered":"\u0411\u0435\u043b\u044c\u0433\u0456\u0439\u0441\u044c\u043a\u0456 \u0443\u0441\u0442\u0430\u043d\u043e\u0432\u0438"},"content":{"rendered":"<h3 style=\"text-align: center;\"><strong>\u0424\u0435\u0434\u0435\u0440\u0430\u0442\u0438\u0432\u043d\u0430 \u0434\u0435\u0440\u0436\u0430\u0432\u0430, \u0433\u0440\u043e\u043c\u0430\u0434\u0438 \u0442\u0430 \u0440\u0435\u0433\u0456\u043e\u043d\u0438<\/strong><\/h3>\n<p>&nbsp;<\/p>\n<ul>\n<li>\u0424\u0435\u0434\u0435\u0440\u0430\u043b\u044c\u043d\u0438\u0439 \u0443\u0440\u044f\u0434: \u0421\u0435\u043d\u0430\u0442 \u0456 \u041f\u0430\u043b\u0430\u0442\u0430 \u043f\u0440\u0435\u0434\u0441\u0442\u0430\u0432\u043d\u0438\u043a\u0456\u0432<br \/>\n<a href=\"http:\/\/www.belgium.fgov.be\"><strong>www.belgium.fgov.be<\/strong><\/a>\u00a0(FR\/NL\/EN\/DE)<\/li>\n<li>\u0424\u0435\u0434\u0435\u0440\u0430\u0446\u0456\u044f \u0412\u0430\u043b\u043b\u043e\u043d\u0456\u044f-\u0411\u0440\u044e\u0441\u0441\u0435\u043b\u044c: \u0443\u0440\u044f\u0434 \u0456 \u043f\u0430\u0440\u043b\u0430\u043c\u0435\u043d\u0442<br \/>\n<strong><a href=\"http:\/\/www.federation-wallonie-bruxelles.be\/\">www.federation-wallonie-bruxelles.be\u00a0<\/a><\/strong>(\u0424\u0420\u0410\u041d\u0426\u0423\u0417\u042c\u041a\u0410)<\/li>\n<li>\u0423\u0440\u044f\u0434 \u0456 \u043f\u0430\u0440\u043b\u0430\u043c\u0435\u043d\u0442 \u0440\u0435\u0433\u0456\u043e\u043d\u0443 \u0412\u0430\u043b\u043b\u043e\u043d\u0456\u044f (\u0441\u0442\u043e\u043b\u0438\u0446\u044f - \u041d\u0430\u043c\u044e\u0440)<br \/>\n<a href=\"http:\/\/www.wallonie.be\"><strong>www.wallonie.be<\/strong><\/a>\u00a0(FR\/NL\/EN\/DE\/DE\/IT\/ES)<\/li>\n<li>\u0411\u0440\u044e\u0441\u0441\u0435\u043b\u044c\u0441\u044c\u043a\u0438\u0439 \u0441\u0442\u043e\u043b\u0438\u0447\u043d\u0438\u0439 \u0440\u0435\u0433\u0456\u043e\u043d: \u0443\u0440\u044f\u0434, \u043f\u0430\u0440\u043b\u0430\u043c\u0435\u043d\u0442, COCOF (\u041a\u043e\u043c\u0456\u0441\u0456\u044f \u0444\u0440\u0430\u043d\u0446\u0443\u0437\u044c\u043a\u043e\u0457 \u0433\u0440\u043e\u043c\u0430\u0434\u0438), \u0410\u0441\u0430\u043c\u0431\u043b\u0435\u044f \u041a\u043e\u043c\u0456\u0441\u0456\u0457 \u0444\u0440\u0430\u043d\u0446\u0443\u0437\u044c\u043a\u043e\u0457 \u0433\u0440\u043e\u043c\u0430\u0434\u0438, VGC, \u041a\u043e\u043c\u0456\u0441\u0456\u044f \u0444\u043b\u0430\u043c\u0430\u043d\u0434\u0441\u044c\u043a\u043e\u0457 \u0433\u0440\u043e\u043c\u0430\u0434\u0438<br \/>\n<strong><a href=\"http:\/\/www.bruxelles.irisnet.be\">www.bruxelles.irisnet.be<\/a><\/strong>\u00a0(FR\/NL\/EN\/DE\/ES)<\/li>\n<li>\u0424\u043b\u0430\u043c\u0430\u043d\u0434\u0441\u044c\u043a\u0435 \u0441\u043f\u0456\u0432\u0442\u043e\u0432\u0430\u0440\u0438\u0441\u0442\u0432\u043e (\u0456\u043d\u0441\u0442\u0438\u0442\u0443\u0442\u0438 \u0421\u043f\u0456\u0432\u0442\u043e\u0432\u0430\u0440\u0438\u0441\u0442\u0432\u0430 \u0442\u0430 \u0440\u0435\u0433\u0456\u043e\u043d\u0443 \u0431\u0443\u043b\u0438 \u043e\u0431'\u0454\u0434\u043d\u0430\u043d\u0456, \u0456\u0441\u043d\u0443\u0454 \u043b\u0438\u0448\u0435 \u043e\u0434\u0438\u043d \u0444\u043b\u0430\u043c\u0430\u043d\u0434\u0441\u044c\u043a\u0438\u0439 \u0443\u0440\u044f\u0434 \u0442\u0430 \u043e\u0434\u043d\u0430 \u0444\u043b\u0430\u043c\u0430\u043d\u0434\u0441\u044c\u043a\u0430 \u0440\u0430\u0434\u0430)<br \/>\n<a href=\"http:\/\/www.vlaanderen.be\"><strong>www.vlaanderen.be<\/strong><\/a>\u00a0(NL\/FR\/EN\/DE)<\/li>\n<li>\u041d\u0456\u043c\u0435\u0446\u044c\u043a\u043e\u043c\u043e\u0432\u043d\u0430 \u0441\u043f\u0456\u043b\u044c\u043d\u043e\u0442\u0430: \u0443\u0440\u044f\u0434 \u0456 \u043f\u0430\u0440\u043b\u0430\u043c\u0435\u043d\u0442<br \/>\n<strong><a href=\"http:\/\/www.dglive.be\">www.dglive.be<\/a><\/strong>\u00a0(DE\/FR\/NL\/EN)<\/li>\n<\/ul>\n<h3 style=\"text-align: center;\"><strong>\u041f\u0440\u043e\u0432\u0456\u043d\u0446\u0456\u0457<\/strong><\/h3>\n<p>&nbsp;<\/p>\n<ul>\n<li>\u0412\u0430\u043b\u043b\u043e\u043d\u0456\u044f \u0411\u0440\u0430\u0431\u0430\u043d\u0442 :\u00a0<strong><a href=\"http:\/\/www.brabantwallon.be\">www.brabantwallon.be<\/a><\/strong>\u00a0\u00a0(FR\/NL\/EN\/DE)<\/li>\n<li>\u0415\u043d\u043e:\u00a0<a href=\"http:\/\/www.hainaut.be\"><strong>www.hainaut.be<\/strong><\/a>\u00a0(\u0424\u0420\u0410\u041d\u0426\u0423\u0417\u042c\u041a\u0410)<\/li>\n<li>\u041b\u044c\u0454\u0436:\u00a0<a href=\"http:\/\/www.prov-liege.be\"><strong>www.prov-liege.be<\/strong><\/a>\u00a0(FR\/DE)<\/li>\n<li>\u041b\u044e\u043a\u0441\u0435\u043c\u0431\u0443\u0440\u0433 :\u00a0<a href=\"http:\/\/www.province.luxembourg.be\"><strong>www.province.luxembourg.be<\/strong><\/a>\u00a0(\u0424\u0420\u0410\u041d\u0426\u0423\u0417\u042c\u041a\u0410)<\/li>\n<li>\u041d\u0430\u043c\u044e\u0440:\u00a0<strong><a href=\"http:\/\/www.province.namur.be\">www.province.namur.be\u00a0<\/a><\/strong>(\u0424\u0420\u0410\u041d\u0426\u0423\u0417\u042c\u041a\u0410)<\/li>\n<li>\u0410\u043d\u0442\u0432\u0435\u0440\u043f\u0435\u043d:\u00a0<strong><a href=\"http:\/\/www.provincieantwerpen.be\/\">www.provincieantwerpen.be<\/a>\u00a0<\/strong>(\u041d\u041b)<\/li>\n<li>\u0424\u043b\u0430\u043c\u0430\u043d\u0434\u0441\u044c\u043a\u0438\u0439 \u0411\u0440\u0430\u0431\u0430\u043d\u0442 :\u00a0<a href=\"http:\/\/www.toerismevlaamsbrabant.be\"><strong>www.toerismevlaamsbrabant.be<\/strong><\/a>\u00a0(\u041d\u041b)<\/li>\n<li>\u0417\u0430\u0445\u0456\u0434\u043d\u0430 \u0424\u043b\u0430\u043d\u0434\u0440\u0456\u044f:\u00a0<strong><a href=\"http:\/\/www.west-vlaanderen.be\">www.west-vlaanderen.be<\/a><\/strong>\u00a0(\u041d\u041b)<\/li>\n<li>\u0421\u0445\u0456\u0434\u043d\u0430 \u0424\u043b\u0430\u043d\u0434\u0440\u0456\u044f:\u00a0<strong><a href=\"http:\/\/www.oost-vlaanderen.be\">www.oost-vlaanderen.be<\/a><\/strong>\u00a0(\u041d\u041b)<\/li>\n<li>\u041b\u0456\u043c\u0431\u0443\u0440\u0433:\u00a0<strong><a href=\"http:\/\/www.limburg.be\">www.limburg.be<\/a><\/strong>\u00a0(\u041d\u041b)<\/li>\n<\/ul>\n<p>&nbsp;<\/p>\n<p>\u0411\u0440\u044e\u0441\u0441\u0435\u043b\u044c\u0441\u044c\u043a\u0438\u0439 \u0441\u0442\u043e\u043b\u0438\u0447\u043d\u0438\u0439 \u0440\u0435\u0433\u0456\u043e\u043d \u0431\u0456\u043b\u044c\u0448\u0435 \u043d\u0435 \u043f\u043e\u0434\u0456\u043b\u044f\u0454\u0442\u044c\u0441\u044f \u043d\u0430 \u043f\u0440\u043e\u0432\u0456\u043d\u0446\u0456\u0457. &gt;\u00a0<strong><a href=\"http:\/\/www.bruxelles.irisnet.be\">www.bruxelles.irisnet.be<\/a><\/strong>\u00a0(FR\/NL\/EN)<\/p>","protected":false},"featured_media":0,"template":"","class_list":["post-2128","bruxelles-capitale","type-bruxelles-capitale","status-publish","hentry","entry"],"acf":[],"yoast_head":"<!-- This site is optimized with the Yoast SEO plugin v27.4 - https:\/\/yoast.com\/product\/yoast-seo-wordpress\/ -->\n<title>Institutions Belges - Centre de sant\u00e9 le foyer<\/title>\n<meta name=\"robots\" content=\"index, follow, max-snippet:-1, max-image-preview:large, max-video-preview:-1\" \/>\n<link rel=\"canonical\" href=\"https:\/\/lefoyerxl.be\/uk\/bruxelles-capitale\/\u0431\u0435\u043b\u044c\u0433\u0456\u0439\u0441\u044c\u043a\u0456-\u0443\u0441\u0442\u0430\u043d\u043e\u0432\u0438-2\/\" \/>\n<meta property=\"og:locale\" content=\"uk_UA\" \/>\n<meta property=\"og:type\" content=\"article\" \/>\n<meta property=\"og:title\" content=\"Institutions Belges - Centre de sant\u00e9 le foyer\" \/>\n<meta property=\"og:description\" content=\"\u00c9tat f\u00e9d\u00e9ral, communaut\u00e9s et r\u00e9gions &nbsp; Le gouvernement f\u00e9d\u00e9ral :&hellip; \u0427\u0438\u0442\u0430\u0442\u0438 \u0434\u0430\u043b\u0456 Institutions Belges\" \/>\n<meta property=\"og:url\" content=\"https:\/\/lefoyerxl.be\/uk\/bruxelles-capitale\/\u0431\u0435\u043b\u044c\u0433\u0456\u0439\u0441\u044c\u043a\u0456-\u0443\u0441\u0442\u0430\u043d\u043e\u0432\u0438-2\/\" \/>\n<meta property=\"og:site_name\" content=\"Centre de sant\u00e9 le foyer\" \/>\n<meta property=\"article:modified_time\" content=\"2022-07-05T01:41:08+00:00\" \/>\n<meta name=\"twitter:card\" content=\"summary_large_image\" \/>\n<meta name=\"twitter:label1\" content=\"\u041f\u0440\u0438\u0431\u043b. \u0447\u0430\u0441 \u0447\u0438\u0442\u0430\u043d\u043d\u044f\" \/>\n\t<meta name=\"twitter:data1\" content=\"1 \u0445\u0432\u0438\u043b\u0438\u043d\u0430\" \/>\n<script type=\"application\/ld+json\" class=\"yoast-schema-graph\">{\"@context\":\"https:\\\/\\\/schema.org\",\"@graph\":[{\"@type\":\"WebPage\",\"@id\":\"https:\\\/\\\/lefoyerxl.be\\\/bruxelles-capitale\\\/institutions-belges\\\/\",\"url\":\"https:\\\/\\\/lefoyerxl.be\\\/bruxelles-capitale\\\/institutions-belges\\\/\",\"name\":\"Institutions Belges - Centre de sant\u00e9 le foyer\",\"isPartOf\":{\"@id\":\"https:\\\/\\\/lefoyerxl.be\\\/#website\"},\"datePublished\":\"2022-07-05T01:40:01+00:00\",\"dateModified\":\"2022-07-05T01:41:08+00:00\",\"breadcrumb\":{\"@id\":\"https:\\\/\\\/lefoyerxl.be\\\/bruxelles-capitale\\\/institutions-belges\\\/#breadcrumb\"},\"inLanguage\":\"uk\",\"potentialAction\":[{\"@type\":\"ReadAction\",\"target\":[\"https:\\\/\\\/lefoyerxl.be\\\/bruxelles-capitale\\\/institutions-belges\\\/\"]}]},{\"@type\":\"BreadcrumbList\",\"@id\":\"https:\\\/\\\/lefoyerxl.be\\\/bruxelles-capitale\\\/institutions-belges\\\/#breadcrumb\",\"itemListElement\":[{\"@type\":\"ListItem\",\"position\":1,\"name\":\"Accueil\",\"item\":\"https:\\\/\\\/lefoyerxl.be\\\/\"},{\"@type\":\"ListItem\",\"position\":2,\"name\":\"Articles Bruxelles Capitale\",\"item\":\"https:\\\/\\\/lefoyerxl.be\\\/bruxelles-capitale\\\/\"},{\"@type\":\"ListItem\",\"position\":3,\"name\":\"Institutions Belges\"}]},{\"@type\":\"WebSite\",\"@id\":\"https:\\\/\\\/lefoyerxl.be\\\/#website\",\"url\":\"https:\\\/\\\/lefoyerxl.be\\\/\",\"name\":\"Centre de sant\u00e9 le foyer\",\"description\":\"\",\"publisher\":{\"@id\":\"https:\\\/\\\/lefoyerxl.be\\\/#organization\"},\"potentialAction\":[{\"@type\":\"SearchAction\",\"target\":{\"@type\":\"EntryPoint\",\"urlTemplate\":\"https:\\\/\\\/lefoyerxl.be\\\/?s={search_term_string}\"},\"query-input\":{\"@type\":\"PropertyValueSpecification\",\"valueRequired\":true,\"valueName\":\"search_term_string\"}}],\"inLanguage\":\"uk\"},{\"@type\":\"Organization\",\"@id\":\"https:\\\/\\\/lefoyerxl.be\\\/#organization\",\"name\":\"Centre de sant\u00e9 le foyer\",\"url\":\"https:\\\/\\\/lefoyerxl.be\\\/\",\"logo\":{\"@type\":\"ImageObject\",\"inLanguage\":\"uk\",\"@id\":\"https:\\\/\\\/lefoyerxl.be\\\/#\\\/schema\\\/logo\\\/image\\\/\",\"url\":\"https:\\\/\\\/lefoyerxl.be\\\/wp-content\\\/uploads\\\/2022\\\/05\\\/Logo_Centre_de_sante_Le_Foyer_72dpi.png\",\"contentUrl\":\"https:\\\/\\\/lefoyerxl.be\\\/wp-content\\\/uploads\\\/2022\\\/05\\\/Logo_Centre_de_sante_Le_Foyer_72dpi.png\",\"width\":800,\"height\":620,\"caption\":\"Centre de sant\u00e9 le foyer\"},\"image\":{\"@id\":\"https:\\\/\\\/lefoyerxl.be\\\/#\\\/schema\\\/logo\\\/image\\\/\"}}]}<\/script>\n<!-- \/ Yoast SEO plugin. -->","yoast_head_json":{"title":"\u0411\u0435\u043b\u044c\u0433\u0456\u0439\u0441\u044c\u043a\u0456 \u0443\u0441\u0442\u0430\u043d\u043e\u0432\u0438 - \u041c\u0435\u0434\u0438\u0447\u043d\u0438\u0439 \u0446\u0435\u043d\u0442\u0440 Le foyer","robots":{"index":"index","follow":"follow","max-snippet":"max-snippet:-1","max-image-preview":"max-image-preview:large","max-video-preview":"max-video-preview:-1"},"canonical":"https:\/\/lefoyerxl.be\/uk\/bruxelles-capitale\/\u0431\u0435\u043b\u044c\u0433\u0456\u0439\u0441\u044c\u043a\u0456-\u0443\u0441\u0442\u0430\u043d\u043e\u0432\u0438-2\/","og_locale":"uk_UA","og_type":"article","og_title":"Institutions Belges - Centre de sant\u00e9 le foyer","og_description":"\u00c9tat f\u00e9d\u00e9ral, communaut\u00e9s et r\u00e9gions &nbsp; Le gouvernement f\u00e9d\u00e9ral :&hellip; \u0427\u0438\u0442\u0430\u0442\u0438 \u0434\u0430\u043b\u0456 Institutions Belges","og_url":"https:\/\/lefoyerxl.be\/uk\/bruxelles-capitale\/\u0431\u0435\u043b\u044c\u0433\u0456\u0439\u0441\u044c\u043a\u0456-\u0443\u0441\u0442\u0430\u043d\u043e\u0432\u0438-2\/","og_site_name":"Centre de sant\u00e9 le foyer","article_modified_time":"2022-07-05T01:41:08+00:00","twitter_card":"summary_large_image","twitter_misc":{"\u041f\u0440\u0438\u0431\u043b. \u0447\u0430\u0441 \u0447\u0438\u0442\u0430\u043d\u043d\u044f":"1 \u0445\u0432\u0438\u043b\u0438\u043d\u0430"},"schema":{"@context":"https:\/\/schema.org","@graph":[{"@type":"WebPage","@id":"https:\/\/lefoyerxl.be\/bruxelles-capitale\/institutions-belges\/","url":"https:\/\/lefoyerxl.be\/bruxelles-capitale\/institutions-belges\/","name":"\u0411\u0435\u043b\u044c\u0433\u0456\u0439\u0441\u044c\u043a\u0456 \u0443\u0441\u0442\u0430\u043d\u043e\u0432\u0438 - \u041c\u0435\u0434\u0438\u0447\u043d\u0438\u0439 \u0446\u0435\u043d\u0442\u0440 Le foyer","isPartOf":{"@id":"https:\/\/lefoyerxl.be\/#website"},"datePublished":"2022-07-05T01:40:01+00:00","dateModified":"2022-07-05T01:41:08+00:00","breadcrumb":{"@id":"https:\/\/lefoyerxl.be\/bruxelles-capitale\/institutions-belges\/#breadcrumb"},"inLanguage":"uk","potentialAction":[{"@type":"ReadAction","target":["https:\/\/lefoyerxl.be\/bruxelles-capitale\/institutions-belges\/"]}]},{"@type":"BreadcrumbList","@id":"https:\/\/lefoyerxl.be\/bruxelles-capitale\/institutions-belges\/#breadcrumb","itemListElement":[{"@type":"ListItem","position":1,"name":"Accueil","item":"https:\/\/lefoyerxl.be\/"},{"@type":"ListItem","position":2,"name":"Articles Bruxelles Capitale","item":"https:\/\/lefoyerxl.be\/bruxelles-capitale\/"},{"@type":"ListItem","position":3,"name":"Institutions Belges"}]},{"@type":"WebSite","@id":"https:\/\/lefoyerxl.be\/#website","url":"https:\/\/lefoyerxl.be\/","name":"\u041e\u0437\u0434\u043e\u0440\u043e\u0432\u0447\u0438\u0439 \u0446\u0435\u043d\u0442\u0440 le foyer","description":"","publisher":{"@id":"https:\/\/lefoyerxl.be\/#organization"},"potentialAction":[{"@type":"SearchAction","target":{"@type":"EntryPoint","urlTemplate":"https:\/\/lefoyerxl.be\/?s={search_term_string}"},"query-input":{"@type":"PropertyValueSpecification","valueRequired":true,"valueName":"search_term_string"}}],"inLanguage":"uk"},{"@type":"Organization","@id":"https:\/\/lefoyerxl.be\/#organization","name":"\u041e\u0437\u0434\u043e\u0440\u043e\u0432\u0447\u0438\u0439 \u0446\u0435\u043d\u0442\u0440 le foyer","url":"https:\/\/lefoyerxl.be\/","logo":{"@type":"ImageObject","inLanguage":"uk","@id":"https:\/\/lefoyerxl.be\/#\/schema\/logo\/image\/","url":"https:\/\/lefoyerxl.be\/wp-content\/uploads\/2022\/05\/Logo_Centre_de_sante_Le_Foyer_72dpi.png","contentUrl":"https:\/\/lefoyerxl.be\/wp-content\/uploads\/2022\/05\/Logo_Centre_de_sante_Le_Foyer_72dpi.png","width":800,"height":620,"caption":"Centre de sant\u00e9 le foyer"},"image":{"@id":"https:\/\/lefoyerxl.be\/#\/schema\/logo\/image\/"}}]}},"_links":{"self":[{"href":"https:\/\/lefoyerxl.be\/uk\/wp-json\/wp\/v2\/bruxelles-capitale\/2128","targetHints":{"allow":["GET"]}}],"collection":[{"href":"https:\/\/lefoyerxl.be\/uk\/wp-json\/wp\/v2\/bruxelles-capitale"}],"about":[{"href":"https:\/\/lefoyerxl.be\/uk\/wp-json\/wp\/v2\/types\/bruxelles-capitale"}],"version-history":[{"count":3,"href":"https:\/\/lefoyerxl.be\/uk\/wp-json\/wp\/v2\/bruxelles-capitale\/2128\/revisions"}],"predecessor-version":[{"id":2131,"href":"https:\/\/lefoyerxl.be\/uk\/wp-json\/wp\/v2\/bruxelles-capitale\/2128\/revisions\/2131"}],"wp:attachment":[{"href":"https:\/\/lefoyerxl.be\/uk\/wp-json\/wp\/v2\/media?parent=2128"}],"curies":[{"name":"wp","href":"https:\/\/api.w.org\/{rel}","templated":true}]}}