{"id":2140,"date":"2022-07-05T04:22:49","date_gmt":"2022-07-05T02:22:49","guid":{"rendered":"https:\/\/lefoyerxl.be\/?post_type=bruxelles-capitale&#038;p=2140"},"modified":"2022-07-05T04:36:59","modified_gmt":"2022-07-05T02:36:59","slug":"bienvenu-a-bruxelles","status":"publish","type":"bruxelles-capitale","link":"https:\/\/lefoyerxl.be\/es\/bruxelles-capitale\/bienvenu-a-bruxelles\/","title":{"rendered":"Bienvenido a Bruselas"},"content":{"rendered":"<div data-elementor-type=\"wp-post\" data-elementor-id=\"2140\" class=\"elementor elementor-2140\" data-elementor-post-type=\"bruxelles-capitale\">\n\t\t\t\t\t\t<section class=\"elementor-section elementor-top-section elementor-element elementor-element-138c6a4 elementor-section-boxed elementor-section-height-default elementor-section-height-default\" data-id=\"138c6a4\" data-element_type=\"section\" data-e-type=\"section\">\n\t\t\t\t\t\t<div class=\"elementor-container elementor-column-gap-default\">\n\t\t\t\t\t<div class=\"elementor-column elementor-col-100 elementor-top-column elementor-element elementor-element-a4341fb\" data-id=\"a4341fb\" data-element_type=\"column\" data-e-type=\"column\">\n\t\t\t<div class=\"elementor-widget-wrap elementor-element-populated\">\n\t\t\t\t\t\t<div class=\"elementor-element elementor-element-91f2a04 elementor--h-position-center elementor--v-position-middle elementor-arrows-position-inside elementor-pagination-position-inside elementor-widget elementor-widget-slides\" data-id=\"91f2a04\" data-element_type=\"widget\" data-e-type=\"widget\" data-settings=\"{&quot;navigation&quot;:&quot;both&quot;,&quot;autoplay&quot;:&quot;yes&quot;,&quot;pause_on_hover&quot;:&quot;yes&quot;,&quot;pause_on_interaction&quot;:&quot;yes&quot;,&quot;autoplay_speed&quot;:5000,&quot;infinite&quot;:&quot;yes&quot;,&quot;transition&quot;:&quot;slide&quot;,&quot;transition_speed&quot;:500}\" data-widget_type=\"slides.default\">\n\t\t\t\t<div class=\"elementor-widget-container\">\n\t\t\t\t\t\t\t\t\t<div class=\"elementor-swiper\">\n\t\t\t\t\t<div class=\"elementor-slides-wrapper elementor-main-swiper swiper\" role=\"region\" aria-roledescription=\"carousel\" aria-label=\"Slides\" dir=\"ltr\" data-animation=\"fadeInUp\">\n\t\t\t\t<div class=\"swiper-wrapper elementor-slides\">\n\t\t\t\t\t\t\t\t\t\t<div class=\"elementor-repeater-item-2a0e703 swiper-slide\" role=\"group\" aria-roledescription=\"slide\"><div class=\"swiper-slide-bg\" role=\"img\" aria-label=\"50naire\"><\/div><div class=\"swiper-slide-inner\" ><div class=\"swiper-slide-contents\"><\/div><\/div><\/div><div class=\"elementor-repeater-item-26ff793 swiper-slide\" role=\"group\" aria-roledescription=\"slide\"><div class=\"swiper-slide-bg\" role=\"img\" aria-label=\"IMG_2933-Modifier\"><\/div><div class=\"swiper-slide-inner\" ><div class=\"swiper-slide-contents\"><\/div><\/div><\/div><div class=\"elementor-repeater-item-69a79cc swiper-slide\" role=\"group\" aria-roledescription=\"slide\"><div class=\"swiper-slide-bg\" role=\"img\" aria-label=\"Gare de Schaerbeek\"><\/div><div class=\"swiper-slide-inner\" ><div class=\"swiper-slide-contents\"><\/div><\/div><\/div><div class=\"elementor-repeater-item-6d6d956 swiper-slide\" role=\"group\" aria-roledescription=\"slide\"><div class=\"swiper-slide-bg\" role=\"img\" aria-label=\"Sengohr\"><\/div><div class=\"swiper-slide-inner\" ><div class=\"swiper-slide-contents\"><\/div><\/div><\/div><div class=\"elementor-repeater-item-bbc2551 swiper-slide\" role=\"group\" aria-roledescription=\"slide\"><div class=\"swiper-slide-bg\" role=\"img\" aria-label=\"Flagey\"><\/div><div class=\"swiper-slide-inner\" ><div class=\"swiper-slide-contents\"><\/div><\/div><\/div><div class=\"elementor-repeater-item-348ae16 swiper-slide\" role=\"group\" aria-roledescription=\"slide\"><div class=\"swiper-slide-bg\" role=\"img\" aria-label=\"Horta 2\"><\/div><div class=\"swiper-slide-inner\" ><div class=\"swiper-slide-contents\"><\/div><\/div><\/div><div class=\"elementor-repeater-item-0f7061e swiper-slide\" role=\"group\" aria-roledescription=\"slide\"><div class=\"swiper-slide-bg\" role=\"img\" aria-label=\"Place de la Vaillance\"><\/div><div class=\"swiper-slide-inner\" ><div class=\"swiper-slide-contents\"><\/div><\/div><\/div><div class=\"elementor-repeater-item-6522819 swiper-slide\" role=\"group\" aria-roledescription=\"slide\"><div class=\"swiper-slide-bg\" role=\"img\" aria-label=\"Canal\"><\/div><div class=\"swiper-slide-inner\" ><div class=\"swiper-slide-contents\"><\/div><\/div><\/div><div class=\"elementor-repeater-item-301cd2a swiper-slide\" role=\"group\" aria-roledescription=\"slide\"><div class=\"swiper-slide-bg\" role=\"img\" aria-label=\"IMG_2917\"><\/div><div class=\"swiper-slide-inner\" ><div class=\"swiper-slide-contents\"><\/div><\/div><\/div><div class=\"elementor-repeater-item-6e37635 swiper-slide\" role=\"group\" aria-roledescription=\"slide\"><div class=\"swiper-slide-bg\" role=\"img\" aria-label=\"20220511_121341\"><\/div><div class=\"swiper-slide-inner\" ><div class=\"swiper-slide-contents\"><\/div><\/div><\/div><div class=\"elementor-repeater-item-16cc522 swiper-slide\" role=\"group\" aria-roledescription=\"slide\"><div class=\"swiper-slide-bg\" role=\"img\" aria-label=\"Rond point Chruchill\"><\/div><div class=\"swiper-slide-inner\" ><div class=\"swiper-slide-contents\"><\/div><\/div><\/div><div class=\"elementor-repeater-item-cf92775 swiper-slide\" role=\"group\" aria-roledescription=\"slide\"><div class=\"swiper-slide-bg\" role=\"img\" aria-label=\"Urban expo\"><\/div><div class=\"swiper-slide-inner\" ><div class=\"swiper-slide-contents\"><\/div><\/div><\/div><div class=\"elementor-repeater-item-eb3bf76 swiper-slide\" role=\"group\" aria-roledescription=\"slide\"><div class=\"swiper-slide-bg\" role=\"img\" aria-label=\"Botanique\"><\/div><div class=\"swiper-slide-inner\" ><div class=\"swiper-slide-contents\"><\/div><\/div><\/div><div class=\"elementor-repeater-item-d77638c swiper-slide\" role=\"group\" aria-roledescription=\"slide\"><div class=\"swiper-slide-bg\" role=\"img\" aria-label=\"20220511_124401\"><\/div><div class=\"swiper-slide-inner\" ><div class=\"swiper-slide-contents\"><\/div><\/div><\/div>\t\t\t\t<\/div>\n\t\t\t\t\t\t\t\t\t\t\t\t\t\t\t<div class=\"elementor-swiper-button elementor-swiper-button-prev\" role=\"button\" tabindex=\"0\" aria-label=\"Vorige dia\" data-no-translation-aria-label=\"\">\n\t\t\t\t\t\t\t<i aria-hidden=\"true\" class=\"eicon-chevron-left\"><\/i>\t\t\t\t\t\t<\/div>\n\t\t\t\t\t\t<div class=\"elementor-swiper-button elementor-swiper-button-next\" role=\"button\" tabindex=\"0\" aria-label=\"Volgende dia\" data-no-translation-aria-label=\"\">\n\t\t\t\t\t\t\t<i aria-hidden=\"true\" class=\"eicon-chevron-right\"><\/i>\t\t\t\t\t\t<\/div>\n\t\t\t\t\t\t\t\t\t\t\t\t\t\t\t\t<div class=\"swiper-pagination\"><\/div>\n\t\t\t\t\t\t\t\t\t\t\t\t<\/div>\n\t\t\t\t<\/div>\n\t\t\t\t\t\t\t\t<\/div>\n\t\t\t\t<\/div>\n\t\t\t\t\t<\/div>\n\t\t<\/div>\n\t\t\t\t\t<\/div>\n\t\t<\/section>\n\t\t\t\t<section class=\"elementor-section elementor-top-section elementor-element elementor-element-24ca759 elementor-section-boxed elementor-section-height-default elementor-section-height-default\" data-id=\"24ca759\" data-element_type=\"section\" data-e-type=\"section\">\n\t\t\t\t\t\t<div class=\"elementor-container elementor-column-gap-default\">\n\t\t\t\t\t<div class=\"elementor-column elementor-col-100 elementor-top-column elementor-element elementor-element-1774edb\" data-id=\"1774edb\" data-element_type=\"column\" data-e-type=\"column\">\n\t\t\t<div class=\"elementor-widget-wrap\">\n\t\t\t\t\t\t\t<\/div>\n\t\t<\/div>\n\t\t\t\t\t<\/div>\n\t\t<\/section>\n\t\t\t\t<section class=\"elementor-section elementor-top-section elementor-element elementor-element-119aed6 elementor-section-boxed elementor-section-height-default elementor-section-height-default\" data-id=\"119aed6\" data-element_type=\"section\" data-e-type=\"section\">\n\t\t\t\t\t\t<div class=\"elementor-container elementor-column-gap-default\">\n\t\t\t\t\t<div class=\"elementor-column elementor-col-100 elementor-top-column elementor-element elementor-element-8dd41d3\" data-id=\"8dd41d3\" data-element_type=\"column\" data-e-type=\"column\">\n\t\t\t<div class=\"elementor-widget-wrap elementor-element-populated\">\n\t\t\t\t\t\t<div class=\"elementor-element elementor-element-9b6e6e0 elementor-widget elementor-widget-text-editor\" data-id=\"9b6e6e0\" data-element_type=\"widget\" data-e-type=\"widget\" data-widget_type=\"text-editor.default\">\n\t\t\t\t<div class=\"elementor-widget-container\">\n\t\t\t\t\t\t\t\t\t<p><span style=\"text-decoration: underline;\"><strong>Bruselas multicultural <\/strong><\/span><\/p><p>\u00a0<\/p><p>Oficialmente, en Bruselas se hablan dos lenguas: franc\u00e9s (la mayoritaria) y neerland\u00e9s. Afortunadamente, se sorprender\u00e1 al comprobar que los belgas hablan muy bien ingl\u00e9s y que, al pasear por la calle, oir\u00e1 todas las lenguas del mundo. Bruselas es, ante todo, una ciudad multicultural. Las sedes de las grandes organizaciones internacionales y todo lo que gira a su alrededor enriquecen la ciudad con decenas de nacionalidades. \u00a1Seguro que encontrar\u00e1 amigos! Y para colmo, Bruselas sigue siendo una capital de tama\u00f1o humano.<\/p><p>\u00a0<\/p><p>La educaci\u00f3n se ha adaptado y Bruselas alberga un gran n\u00famero de escuelas internacionales. La ense\u00f1anza superior en ingl\u00e9s no se queda atr\u00e1s.<\/p><p>\u00a0<\/p><p><span style=\"text-decoration: underline;\"><strong>Viviendas en Bruselas <\/strong><\/span><\/p><p>\u00a0<\/p><p>El alojamiento es asequible en comparaci\u00f3n con otras grandes capitales. Encontrar\u00e1 alojamiento sin dificultad. La oferta es generalmente de buena calidad y variada, y si el centro de Bruselas ofrece bonitos pisos o \"casas bruselenses\" con un peque\u00f1o retazo de verdor, los municipios algo m\u00e1s perif\u00e9ricos ofrecen hermosos jardines.<\/p><p>\u00a0<\/p><p><span style=\"text-decoration: underline;\"><strong>Bruselas, centro de Europa <\/strong><\/span><\/p><p><strong>\u00a0<\/strong><\/p><p>B\u00e9lgica es un pa\u00eds peque\u00f1o, pero limita con cuatro pa\u00edses: Holanda, Alemania, Luxemburgo y Francia. Aqu\u00ed no se est\u00e1 lejos de nada, se pueden atravesar varios pa\u00edses en un fin de semana. Una densa red de autopistas facilita los desplazamientos. Los aeropuertos de Zaventem y Bruselas Sur Charleroi ofrecen buenas conexiones. Los trenes r\u00e1pidos TGV, Thalys, ... tambi\u00e9n.<\/p><p>\u00a0<\/p><p><strong><u>Bruselas Verde <\/u><\/strong><\/p><p>\u00a0<\/p><p>Bruselas es sin duda una capital verde. Aunque la urbanizaci\u00f3n no siempre ha sido un \u00e9xito, el For\u00eat de Soignes (a las afueras de la ciudad) y el Bois de la Cambre (en la ciudad) ofrecen un lugar de evasi\u00f3n. Pero tambi\u00e9n hay un gran n\u00famero de parques bellamente trazados y bien mantenidos en cada uno de los municipios bruselenses.<\/p><p>\u00a0<\/p><p><strong><u>Paseos por Bruselas <\/u><\/strong><\/p><p>\u00a0<\/p><p>No hay nada m\u00e1s divertido que visitar Bruselas. Quedar\u00e1 fascinado por la Bruselas antigua del siglo XVII, las numerosas casas art d\u00e9co y art nouveau, los majestuosos edificios iniciados por el rey constructor Leopoldo II, la bruxellizaci\u00f3n de los a\u00f1os 60, los murales inspirados en los c\u00f3mics, la multitud de museos, la posibilidad de visitar Bruselas, a pie, en bicicleta, haciendo footing, en 2CV, en barco .... Del Manneken Pis al Atomium, sin olvidar los murales de c\u00f3mics en las calles de Bruselas, \u00a1nunca acabar\u00e1!<\/p><p>\u00a0<\/p><p><strong><u>Bruselas, sus especialidades gastron\u00f3micas <\/u><\/strong><\/p><p>\u00a0<\/p><p>Y algunas otras especialidades.<\/p><p>\u00a0<\/p><p>Gofres de Bruselas: una masa ligera y crujiente con varios rellenos a elegir, el \u00faltimo de ellos salado, le encantar\u00e1.<\/p><p>Speculoos: aromatizados con canela, nuez moscada, clavo y az\u00facar moreno, probablemente ya los conozca, pues cada vez son m\u00e1s populares m\u00e1s all\u00e1 de nuestras fronteras.<\/p><p>\u00a0<\/p><p>Patatas fritas: \u00bfla baraque \u00e0 frites? Las encontrar\u00e1s por todas partes en la capital, \u00a1te volver\u00e1s loco por ellas! Siempre son buenas, una competici\u00f3n las obliga a la calidad. Todos los a\u00f1os hay una elecci\u00f3n para el mejor \"Fritkot\"... continuar\u00e1.<\/p><p>\u00a0<\/p><p>Cerveza: los belgas producen m\u00e1s de ... tipos diferentes. En la capital florecen las microcervecer\u00edas que producen su propia cerveza y permiten degustarla in situ. Hay un museo dedicado a ello y la antigua Bolsa de Bruselas se transformar\u00e1 pronto en el \"Palacio de la Cerveza Belga\".<\/p><p>\u00a0<\/p><p><strong><u>Divertirse en Bruselas <\/u><\/strong><\/p><p>\u00a0<\/p><p>Bruselas es una ciudad festiva. La Regi\u00f3n de Bruselas-Capital no escatima esfuerzos para animar y ofrecer a la poblaci\u00f3n animaciones, festivales, espect\u00e1culos, carreras en la ciudad y parques a lo largo de todo el a\u00f1o y, en particular, durante los meses de verano. Las iniciativas privadas tampoco escatiman esfuerzos. La vida cultural es rica y concede un lugar importante a la vanguardia. Nunca hay un momento aburrido en Bruselas.<\/p><p>\u00a0<\/p><p><strong><u>Moverse por Bruselas <\/u><\/strong><\/p><p>\u00a0<\/p><p>Hay que decir que la movilidad en Bruselas es problem\u00e1tica. Hay muchos atascos en horas punta. Las obras son omnipresentes. Esperemos pacientemente a que terminen... \u00a1ser\u00e1 el para\u00edso! Los primeros beneficiados ser\u00e1n los viajeros que acuden cada d\u00eda a Bruselas para trabajar. Pero no te preocupes, \u00a1el transporte p\u00fablico funciona bien y la moda de los coches, bicicletas y patinetes compartidos est\u00e1 en auge! \u00a1Pronto todo el mundo se mover\u00e1 de otra manera!<\/p><p>\u00a0<\/p><p><strong><u>Salud en Bruselas <\/u><\/strong><\/p><p>\u00a0<\/p><p>B\u00e9lgica tiene la suerte de contar con una seguridad social y un sistema sanitario muy eficaces. Tienes derecho a elegir a tu m\u00e9dico y, en general, est\u00e1n muy disponibles. No hace falta gastarse mucho dinero para recibir tratamiento.<\/p><p>\u00a0<\/p>\t\t\t\t\t\t\t\t<\/div>\n\t\t\t\t<\/div>\n\t\t\t\t\t<\/div>\n\t\t<\/div>\n\t\t\t\t\t<\/div>\n\t\t<\/section>\n\t\t\t\t<\/div>","protected":false},"featured_media":0,"template":"","class_list":["post-2140","bruxelles-capitale","type-bruxelles-capitale","status-publish","hentry","entry"],"acf":[],"yoast_head":"<!-- This site is optimized with the Yoast SEO plugin v27.4 - https:\/\/yoast.com\/product\/yoast-seo-wordpress\/ -->\n<title>Bienvenu \u00e0 Bruxelles - Centre de sant\u00e9 le foyer<\/title>\n<meta name=\"robots\" content=\"index, follow, max-snippet:-1, max-image-preview:large, max-video-preview:-1\" \/>\n<link rel=\"canonical\" href=\"https:\/\/lefoyerxl.be\/es\/bruxelles-capitale\/bienvenu-a-bruxelles\/\" \/>\n<meta property=\"og:locale\" content=\"es_ES\" \/>\n<meta property=\"og:type\" content=\"article\" \/>\n<meta property=\"og:title\" content=\"Bienvenu \u00e0 Bruxelles - Centre de sant\u00e9 le foyer\" \/>\n<meta property=\"og:description\" content=\"Pr\u00e9c\u00e9dent Suivant Bruxelles multiculturelle \u00a0 Officiellement on parle deux langues&hellip; Seguir leyendo Bienvenu \u00e0 Bruxelles\" \/>\n<meta property=\"og:url\" content=\"https:\/\/lefoyerxl.be\/es\/bruxelles-capitale\/bienvenu-a-bruxelles\/\" \/>\n<meta property=\"og:site_name\" content=\"Centre de sant\u00e9 le foyer\" \/>\n<meta property=\"article:modified_time\" content=\"2022-07-05T02:36:59+00:00\" \/>\n<meta name=\"twitter:card\" content=\"summary_large_image\" \/>\n<meta name=\"twitter:label1\" content=\"Tiempo de lectura\" \/>\n\t<meta name=\"twitter:data1\" content=\"4 minutos\" \/>\n<script type=\"application\/ld+json\" class=\"yoast-schema-graph\">{\"@context\":\"https:\\\/\\\/schema.org\",\"@graph\":[{\"@type\":\"WebPage\",\"@id\":\"https:\\\/\\\/lefoyerxl.be\\\/bruxelles-capitale\\\/bienvenu-a-bruxelles\\\/\",\"url\":\"https:\\\/\\\/lefoyerxl.be\\\/bruxelles-capitale\\\/bienvenu-a-bruxelles\\\/\",\"name\":\"Bienvenu \u00e0 Bruxelles - Centre de sant\u00e9 le foyer\",\"isPartOf\":{\"@id\":\"https:\\\/\\\/lefoyerxl.be\\\/#website\"},\"datePublished\":\"2022-07-05T02:22:49+00:00\",\"dateModified\":\"2022-07-05T02:36:59+00:00\",\"breadcrumb\":{\"@id\":\"https:\\\/\\\/lefoyerxl.be\\\/bruxelles-capitale\\\/bienvenu-a-bruxelles\\\/#breadcrumb\"},\"inLanguage\":\"es\",\"potentialAction\":[{\"@type\":\"ReadAction\",\"target\":[\"https:\\\/\\\/lefoyerxl.be\\\/bruxelles-capitale\\\/bienvenu-a-bruxelles\\\/\"]}]},{\"@type\":\"BreadcrumbList\",\"@id\":\"https:\\\/\\\/lefoyerxl.be\\\/bruxelles-capitale\\\/bienvenu-a-bruxelles\\\/#breadcrumb\",\"itemListElement\":[{\"@type\":\"ListItem\",\"position\":1,\"name\":\"Accueil\",\"item\":\"https:\\\/\\\/lefoyerxl.be\\\/\"},{\"@type\":\"ListItem\",\"position\":2,\"name\":\"Articles Bruxelles Capitale\",\"item\":\"https:\\\/\\\/lefoyerxl.be\\\/bruxelles-capitale\\\/\"},{\"@type\":\"ListItem\",\"position\":3,\"name\":\"Bienvenu \u00e0 Bruxelles\"}]},{\"@type\":\"WebSite\",\"@id\":\"https:\\\/\\\/lefoyerxl.be\\\/#website\",\"url\":\"https:\\\/\\\/lefoyerxl.be\\\/\",\"name\":\"Centre de sant\u00e9 le foyer\",\"description\":\"\",\"publisher\":{\"@id\":\"https:\\\/\\\/lefoyerxl.be\\\/#organization\"},\"potentialAction\":[{\"@type\":\"SearchAction\",\"target\":{\"@type\":\"EntryPoint\",\"urlTemplate\":\"https:\\\/\\\/lefoyerxl.be\\\/?s={search_term_string}\"},\"query-input\":{\"@type\":\"PropertyValueSpecification\",\"valueRequired\":true,\"valueName\":\"search_term_string\"}}],\"inLanguage\":\"es\"},{\"@type\":\"Organization\",\"@id\":\"https:\\\/\\\/lefoyerxl.be\\\/#organization\",\"name\":\"Centre de sant\u00e9 le foyer\",\"url\":\"https:\\\/\\\/lefoyerxl.be\\\/\",\"logo\":{\"@type\":\"ImageObject\",\"inLanguage\":\"es\",\"@id\":\"https:\\\/\\\/lefoyerxl.be\\\/#\\\/schema\\\/logo\\\/image\\\/\",\"url\":\"https:\\\/\\\/lefoyerxl.be\\\/wp-content\\\/uploads\\\/2022\\\/05\\\/Logo_Centre_de_sante_Le_Foyer_72dpi.png\",\"contentUrl\":\"https:\\\/\\\/lefoyerxl.be\\\/wp-content\\\/uploads\\\/2022\\\/05\\\/Logo_Centre_de_sante_Le_Foyer_72dpi.png\",\"width\":800,\"height\":620,\"caption\":\"Centre de sant\u00e9 le foyer\"},\"image\":{\"@id\":\"https:\\\/\\\/lefoyerxl.be\\\/#\\\/schema\\\/logo\\\/image\\\/\"}}]}<\/script>\n<!-- \/ Yoast SEO plugin. -->","yoast_head_json":{"title":"Bienvenido a Bruselas - Centre de sant\u00e9 le foyer","robots":{"index":"index","follow":"follow","max-snippet":"max-snippet:-1","max-image-preview":"max-image-preview:large","max-video-preview":"max-video-preview:-1"},"canonical":"https:\/\/lefoyerxl.be\/es\/bruxelles-capitale\/bienvenu-a-bruxelles\/","og_locale":"es_ES","og_type":"article","og_title":"Bienvenu \u00e0 Bruxelles - Centre de sant\u00e9 le foyer","og_description":"Pr\u00e9c\u00e9dent Suivant Bruxelles multiculturelle \u00a0 Officiellement on parle deux langues&hellip; Seguir leyendo Bienvenu \u00e0 Bruxelles","og_url":"https:\/\/lefoyerxl.be\/es\/bruxelles-capitale\/bienvenu-a-bruxelles\/","og_site_name":"Centre de sant\u00e9 le foyer","article_modified_time":"2022-07-05T02:36:59+00:00","twitter_card":"summary_large_image","twitter_misc":{"Tiempo de lectura":"4 minutos"},"schema":{"@context":"https:\/\/schema.org","@graph":[{"@type":"WebPage","@id":"https:\/\/lefoyerxl.be\/bruxelles-capitale\/bienvenu-a-bruxelles\/","url":"https:\/\/lefoyerxl.be\/bruxelles-capitale\/bienvenu-a-bruxelles\/","name":"Bienvenido a Bruselas - Centre de sant\u00e9 le foyer","isPartOf":{"@id":"https:\/\/lefoyerxl.be\/#website"},"datePublished":"2022-07-05T02:22:49+00:00","dateModified":"2022-07-05T02:36:59+00:00","breadcrumb":{"@id":"https:\/\/lefoyerxl.be\/bruxelles-capitale\/bienvenu-a-bruxelles\/#breadcrumb"},"inLanguage":"es","potentialAction":[{"@type":"ReadAction","target":["https:\/\/lefoyerxl.be\/bruxelles-capitale\/bienvenu-a-bruxelles\/"]}]},{"@type":"BreadcrumbList","@id":"https:\/\/lefoyerxl.be\/bruxelles-capitale\/bienvenu-a-bruxelles\/#breadcrumb","itemListElement":[{"@type":"ListItem","position":1,"name":"Accueil","item":"https:\/\/lefoyerxl.be\/"},{"@type":"ListItem","position":2,"name":"Articles Bruxelles Capitale","item":"https:\/\/lefoyerxl.be\/bruxelles-capitale\/"},{"@type":"ListItem","position":3,"name":"Bienvenu \u00e0 Bruxelles"}]},{"@type":"WebSite","@id":"https:\/\/lefoyerxl.be\/#website","url":"https:\/\/lefoyerxl.be\/","name":"Centro de salud le foyer","description":"","publisher":{"@id":"https:\/\/lefoyerxl.be\/#organization"},"potentialAction":[{"@type":"SearchAction","target":{"@type":"EntryPoint","urlTemplate":"https:\/\/lefoyerxl.be\/?s={search_term_string}"},"query-input":{"@type":"PropertyValueSpecification","valueRequired":true,"valueName":"search_term_string"}}],"inLanguage":"es"},{"@type":"Organization","@id":"https:\/\/lefoyerxl.be\/#organization","name":"Centro de salud le foyer","url":"https:\/\/lefoyerxl.be\/","logo":{"@type":"ImageObject","inLanguage":"es","@id":"https:\/\/lefoyerxl.be\/#\/schema\/logo\/image\/","url":"https:\/\/lefoyerxl.be\/wp-content\/uploads\/2022\/05\/Logo_Centre_de_sante_Le_Foyer_72dpi.png","contentUrl":"https:\/\/lefoyerxl.be\/wp-content\/uploads\/2022\/05\/Logo_Centre_de_sante_Le_Foyer_72dpi.png","width":800,"height":620,"caption":"Centre de sant\u00e9 le foyer"},"image":{"@id":"https:\/\/lefoyerxl.be\/#\/schema\/logo\/image\/"}}]}},"_links":{"self":[{"href":"https:\/\/lefoyerxl.be\/es\/wp-json\/wp\/v2\/bruxelles-capitale\/2140","targetHints":{"allow":["GET"]}}],"collection":[{"href":"https:\/\/lefoyerxl.be\/es\/wp-json\/wp\/v2\/bruxelles-capitale"}],"about":[{"href":"https:\/\/lefoyerxl.be\/es\/wp-json\/wp\/v2\/types\/bruxelles-capitale"}],"version-history":[{"count":6,"href":"https:\/\/lefoyerxl.be\/es\/wp-json\/wp\/v2\/bruxelles-capitale\/2140\/revisions"}],"predecessor-version":[{"id":2162,"href":"https:\/\/lefoyerxl.be\/es\/wp-json\/wp\/v2\/bruxelles-capitale\/2140\/revisions\/2162"}],"wp:attachment":[{"href":"https:\/\/lefoyerxl.be\/es\/wp-json\/wp\/v2\/media?parent=2140"}],"curies":[{"name":"wp","href":"https:\/\/api.w.org\/{rel}","templated":true}]}}