{"id":3457,"date":"2022-09-13T05:17:17","date_gmt":"2022-09-13T03:17:17","guid":{"rendered":"https:\/\/lefoyerxl.be\/?post_type=arcticles-bruxelles&#038;p=3457"},"modified":"2023-11-02T17:16:59","modified_gmt":"2023-11-02T16:16:59","slug":"telephone-fixe","status":"publish","type":"arcticles-bruxelles","link":"https:\/\/lefoyerxl.be\/es\/arcticles-bruxelles\/telefono-fijo\/","title":{"rendered":"Tel\u00e9fono fijo"},"content":{"rendered":"<div data-elementor-type=\"wp-post\" data-elementor-id=\"3457\" class=\"elementor elementor-3457\" data-elementor-post-type=\"arcticles-bruxelles\">\n\t\t\t\t\t\t<section class=\"elementor-section elementor-top-section elementor-element elementor-element-9f1b93e elementor-section-boxed elementor-section-height-default elementor-section-height-default\" data-id=\"9f1b93e\" data-element_type=\"section\" data-e-type=\"section\">\n\t\t\t\t\t\t<div class=\"elementor-container elementor-column-gap-default\">\n\t\t\t\t\t<div class=\"elementor-column elementor-col-100 elementor-top-column elementor-element elementor-element-75ecb9d\" data-id=\"75ecb9d\" data-element_type=\"column\" data-e-type=\"column\">\n\t\t\t<div class=\"elementor-widget-wrap elementor-element-populated\">\n\t\t\t\t\t\t<div class=\"elementor-element elementor-element-694ae25 elementor-widget elementor-widget-text-editor\" data-id=\"694ae25\" data-element_type=\"widget\" data-e-type=\"widget\" data-widget_type=\"text-editor.default\">\n\t\t\t\t<div class=\"elementor-widget-container\">\n\t\t\t\t\t\t\t\t\t<div class=\"container padding-bottom\"><div class=\"place-page col-sm-8 col-md-6\"><p>Ahora es posible obtener una l\u00ednea fija por cable sin tener que pasar por Proximus.<\/p><p>\u00a0<\/p><p>Por tanto, puede elegir libremente a su proveedor.<\/p><p>\u00a0<\/p><p>Aseg\u00farese de comparar las distintas ofertas seg\u00fan su perfil de uso. Los paquetes que incluyen llamadas a n\u00fameros fijos son muy comunes (por unos 20 euros\/mes), pero no incluyen llamadas a n\u00fameros m\u00f3viles.<\/p><p>\u00a0<\/p><p>Comparador de precios de varios proveedores de energ\u00eda, telefon\u00eda, internet, televisi\u00f3n y finanzas: <strong><a href=\"http:\/\/www.mesfournisseurs.be\/\" target=\"_blank\" rel=\"noopener\">www.mesfournisseurs.be<\/a><\/strong><\/p><div data-index=\"76\">\u00a0<\/div><div id=\"pageContainer77\" class=\"_page_1gl8y_100\" data-index=\"76\"><strong>\u00bfC\u00f3mo suscribirse?<\/strong><\/div><div data-index=\"76\">\u00a0<\/div><div class=\"_page_1gl8y_100\" data-index=\"76\">Todos los operadores ofrecen sistemas de suscripci\u00f3n en l\u00ednea, en sus tiendas o a trav\u00e9s de distribuidores. Para asegurarse de que todas sus conexiones est\u00e9n activadas cuando se instale, inicie el proceso de suscripci\u00f3n con al menos 4 semanas de antelaci\u00f3n. La duraci\u00f3n de los tr\u00e1mites de abono o conexi\u00f3n depender\u00e1 de los servicios elegidos y del equipamiento necesario.<\/div><div data-index=\"76\">\u00a0<\/div><div class=\"_page_1gl8y_100\" data-index=\"76\"><strong>Tel\u00e9fono e Internet m\u00f3vil<\/strong><\/div><div data-index=\"76\">\u00a0<\/div><div class=\"_page_1gl8y_100\" data-index=\"76\">B\u00e9lgica no es el pa\u00eds m\u00e1s barato en telefon\u00eda e internet m\u00f3vil. Llamar a un pa\u00eds extranjero desde B\u00e9lgica puede inflar seriamente tu factura. Si llama o navega desde el extranjero, \u00a1las tarifas de itinerancia han desaparecido dentro del espacio europeo! (roaming = utilizar su paquete m\u00f3vil a trav\u00e9s de la red de un operador distinto al que est\u00e1 abonado). Sin embargo, las tarifas de itinerancia en otras partes del mundo no est\u00e1n reguladas. Pueden subir muy r\u00e1pidamente.<\/div><div data-index=\"76\">\u00a0<\/div><div class=\"_page_1gl8y_100\" data-index=\"76\">Cada operador ofrece una gama de servicios y paquetes. Sin embargo, es aconsejable comparar cuidadosamente las tarifas y condiciones antes de elegir un operador. Para obtener un abono puede hacerlo por internet o dirigirse al punto de venta de su elecci\u00f3n con :<\/div><div data-index=\"76\">\u00a0<\/div><div class=\"_page_1gl8y_100\" data-index=\"76\">- Un documento de identidad<\/div><div class=\"_page_1gl8y_100\" data-index=\"76\">- Justificante de domicilio (factura de la luz, contrato de alquiler, extracto bancario,...)<\/div><div class=\"_page_1gl8y_100\" data-index=\"76\">- Su n\u00famero de cuenta bancaria y el c\u00f3digo IBAN.<\/div><div data-index=\"76\">\u00a0<\/div><div class=\"_page_1gl8y_100\" data-index=\"76\">Puedes contratar un abono mensual o un sistema de tarjeta de prepago.<\/div><div data-index=\"76\">\u00a0<\/div><div class=\"_page_1gl8y_100\" data-index=\"76\"><p>Adem\u00e1s de los operadores tradicionales: Carrefour, Colruyt, Aldi, bPost, Mobile Viking... y muchos otros le ofrecen tarjetas prepago. Puede encontrarlas en supermercados y tiendas de peri\u00f3dicos, as\u00ed como en las oficinas de correos. A partir de ahora, los operadores est\u00e1n obligados a vincular cada tarjeta SIM del pa\u00eds a un documento de identidad.<\/p><div>\u00a0<\/div><div class=\"_linksLayer_1gl8y_42\"><span style=\"background-color: var(--global--color-background); color: var(--global--color-primary); font-family: var(--global--font-secondary); font-size: var(--global--font-size-base);\">Internet m\u00f3vil se ha convertido en algo extremadamente com\u00fan. 4G es el est\u00e1ndar m\u00f3vil para Internet ultrarr\u00e1pida.<\/span><\/div><div>\u00a0<\/div><div class=\"_linksLayer_1gl8y_42\"><span style=\"background-color: var(--global--color-background); color: var(--global--color-primary); font-family: var(--global--font-secondary); font-size: var(--global--font-size-base);\">En abril de 2020, Proximus puso en marcha el 5G en 30 municipios de todo el pa\u00eds. <\/span><\/div><div>\u00a0<\/div><div class=\"_linksLayer_1gl8y_42\"><span style=\"background-color: var(--global--color-background); color: var(--global--color-primary); font-family: var(--global--font-secondary); font-size: var(--global--font-size-base);\">Para conectarse a una red de internet m\u00f3vil, se puede adquirir por unos 50 euros un m\u00f3dem port\u00e1til (Mifi) al que pueden conectarse hasta 8 personas. A la venta en Media Markt.<\/span><\/div><div>\u00a0<\/div><div class=\"_linksLayer_1gl8y_42\"><strong><a href=\"http:\/\/www.mediamarkt.be\"><span style=\"background-color: var(--global--color-background); color: var(--global--color-primary); font-family: var(--global--font-secondary); font-size: var(--global--font-size-base);\">www.mediamarkt.be<\/span><\/a><\/strong><\/div><div>\u00a0<\/div><div class=\"_linksLayer_1gl8y_42\"><span style=\"background-color: var(--global--color-background); color: var(--global--color-primary); font-family: var(--global--font-secondary); font-size: var(--global--font-size-base);\">Tu tel\u00e9fono m\u00f3vil o tableta, equipados con una tarjeta SIM, tambi\u00e9n pueden ser puntos de acceso WIFI.<\/span><\/div><\/div><\/div><div class=\"place-page col-sm-8 col-md-6\"><h3>\u00a0<\/h3><h3><strong>Proximus<\/strong><\/h3><p>Suscripci\u00f3n y lista de distribuidores en l\u00ednea.<\/p><p>T 0800 55 313 (EN)<br \/>T 0800 33 800 (FR) T 0800 22 800 (NL)<br \/><strong><a href=\"http:\/\/www.belgacom.be\/\" target=\"_blank\" rel=\"noopener\">www.belgacom.be<\/a>\u00a0<\/strong>(FR\/EN\/NL\/DE)<\/p><h3>\u00a0<\/h3><h3><strong>Voo<\/strong><\/h3><p>Suscripci\u00f3n y lista de distribuidores en l\u00ednea.<br \/>Rue Alsace Lorraine, 28 1050 Bruselas<br \/>T 0800 800 25 (FR\/NL\/EN\/DE)<br \/><strong><a href=\"http:\/\/www.voo.be\/\" target=\"_blank\" rel=\"noopener\">www.voo.be<\/a>\u00a0<\/strong>(FR\/NL\/EN\/DE)<\/p><h3>\u00a0<\/h3><h3><strong>SFR<\/strong><\/h3><p>Tienda. Suscripci\u00f3n y lista de distribuidores en l\u00ednea.<br \/>Rue des Deux Eglises, 26 1000 Bruselas<br \/>T 02 226 52 00 (FR\/NL\/EN)<br \/><strong><a title=\"SFR\" href=\"http:\/\/www.sfr.be\/\" target=\"_blank\" rel=\"noopener\">www.sfr.be<\/a>\u00a0<\/strong><br \/>(Folleto FR\/NL\/EN)<\/p><h3>\u00a0<\/h3><h3><strong>Telenet<\/strong><\/h3><p>Tiendas y distribuidores :<br \/>T 0800 668 01 (FR\/NL)<br \/><strong><a href=\"http:\/\/www.telenet.be\/\" target=\"_blank\" rel=\"noopener\">www.telenet.be<\/a><\/strong>\u00a0(EN\/FR\/NL)<\/p><h3>\u00a0<\/h3><h3><strong>Escarlata<\/strong><\/h3><p>Suscripci\u00f3n en l\u00ednea:<br \/>T 0800 84 000 (FR\/NL)<br \/><a href=\"http:\/\/www.scarlet.be\/\" target=\"_blank\" rel=\"noopener\"><strong>www.scarlet.be<\/strong><\/a>\u00a0(FR\/NL)<\/p><h3>\u00a0<\/h3><h3><span style=\"text-decoration: underline;\"><strong>Lo que hay que saber:\u00a0<\/strong><\/span><\/h3><p>\u00a0<\/p><p>Las alarmas dom\u00e9sticas conectadas a un sistema de monitorizaci\u00f3n telef\u00f3nica s\u00f3lo funcionan si est\u00e1n conectadas a l\u00edneas telef\u00f3nicas fijas (s\u00f3lo Proximus).<\/p><p>Cualquier cliente insatisfecho con su operador de telecomunicaciones puede solicitar la intervenci\u00f3n gratuita del servicio de mediaci\u00f3n.<\/p><p>\u00a0<\/p><p><strong><a title=\"Mediador de telecomunicaciones\" href=\"http:\/\/www.mediateurtelecom.be\/\">www.mediateurtelecom.be<\/a>\u00a0<\/strong>(FR\/NL\/DE\/EN)<\/p><p class=\"back-line\">\u00a0<\/p><\/div><\/div><footer class=\"footer\"><div class=\"container\"><div class=\"row\"><div class=\"col-sm-4\">\u00a0<\/div><\/div><\/div><\/footer>\t\t\t\t\t\t\t\t<\/div>\n\t\t\t\t<\/div>\n\t\t\t\t\t<\/div>\n\t\t<\/div>\n\t\t\t\t\t<\/div>\n\t\t<\/section>\n\t\t\t\t<section class=\"elementor-section elementor-top-section elementor-element elementor-element-8ede251 elementor-section-boxed elementor-section-height-default elementor-section-height-default\" data-id=\"8ede251\" data-element_type=\"section\" data-e-type=\"section\">\n\t\t\t\t\t\t<div class=\"elementor-container elementor-column-gap-default\">\n\t\t\t\t\t<div class=\"elementor-column elementor-col-100 elementor-top-column elementor-element elementor-element-d97bc01\" data-id=\"d97bc01\" data-element_type=\"column\" data-e-type=\"column\">\n\t\t\t<div class=\"elementor-widget-wrap elementor-element-populated\">\n\t\t\t\t\t\t<div class=\"elementor-element elementor-element-96e073a elementor-align-center elementor-widget elementor-widget-button\" data-id=\"96e073a\" data-element_type=\"widget\" data-e-type=\"widget\" data-widget_type=\"button.default\">\n\t\t\t\t<div class=\"elementor-widget-container\">\n\t\t\t\t\t\t\t\t\t<div class=\"elementor-button-wrapper\">\n\t\t\t\t\t<a class=\"elementor-button elementor-button-link elementor-size-sm\" href=\"https:\/\/expatsinbrussels.be\/fr\/logement-et-connections-comment-faire\/telephone-fixe\">\n\t\t\t\t\t\t<span class=\"elementor-button-content-wrapper\">\n\t\t\t\t\t\t\t\t\t<span class=\"elementor-button-text\">Fuente<\/span>\n\t\t\t\t\t<\/span>\n\t\t\t\t\t<\/a>\n\t\t\t\t<\/div>\n\t\t\t\t\t\t\t\t<\/div>\n\t\t\t\t<\/div>\n\t\t\t\t\t<\/div>\n\t\t<\/div>\n\t\t\t\t\t<\/div>\n\t\t<\/section>\n\t\t\t\t<\/div>","protected":false},"featured_media":0,"template":"","categories_bruxelles":[35],"class_list":["post-3457","arcticles-bruxelles","type-arcticles-bruxelles","status-publish","hentry","categories_bruxelles-integration-bruxelles","entry"],"acf":[],"yoast_head":"<!-- This site is optimized with the Yoast SEO plugin v27.4 - https:\/\/yoast.com\/product\/yoast-seo-wordpress\/ -->\n<title>T\u00e9l\u00e9phone fixe - Centre de sant\u00e9 le foyer<\/title>\n<meta name=\"robots\" content=\"index, follow, max-snippet:-1, max-image-preview:large, max-video-preview:-1\" \/>\n<link rel=\"canonical\" href=\"https:\/\/lefoyerxl.be\/es\/arcticles-bruxelles\/telefono-fijo\/\" \/>\n<meta property=\"og:locale\" content=\"es_ES\" \/>\n<meta property=\"og:type\" content=\"article\" \/>\n<meta property=\"og:title\" content=\"T\u00e9l\u00e9phone fixe - Centre de sant\u00e9 le foyer\" \/>\n<meta property=\"og:description\" content=\"On peut d\u00e9sormais imm\u00e9diatement obtenir une ligne fixe en passant&hellip; Seguir leyendo T\u00e9l\u00e9phone fixe\" \/>\n<meta property=\"og:url\" content=\"https:\/\/lefoyerxl.be\/es\/arcticles-bruxelles\/telefono-fijo\/\" \/>\n<meta property=\"og:site_name\" content=\"Centre de sant\u00e9 le foyer\" \/>\n<meta property=\"article:modified_time\" content=\"2023-11-02T16:16:59+00:00\" \/>\n<meta name=\"twitter:card\" content=\"summary_large_image\" \/>\n<meta name=\"twitter:label1\" content=\"Tiempo de lectura\" \/>\n\t<meta name=\"twitter:data1\" content=\"4 minutos\" \/>\n<script type=\"application\/ld+json\" class=\"yoast-schema-graph\">{\"@context\":\"https:\\\/\\\/schema.org\",\"@graph\":[{\"@type\":\"WebPage\",\"@id\":\"https:\\\/\\\/lefoyerxl.be\\\/arcticles-bruxelles\\\/telephone-fixe\\\/\",\"url\":\"https:\\\/\\\/lefoyerxl.be\\\/arcticles-bruxelles\\\/telephone-fixe\\\/\",\"name\":\"T\u00e9l\u00e9phone fixe - Centre de sant\u00e9 le foyer\",\"isPartOf\":{\"@id\":\"https:\\\/\\\/lefoyerxl.be\\\/#website\"},\"datePublished\":\"2022-09-13T03:17:17+00:00\",\"dateModified\":\"2023-11-02T16:16:59+00:00\",\"breadcrumb\":{\"@id\":\"https:\\\/\\\/lefoyerxl.be\\\/arcticles-bruxelles\\\/telephone-fixe\\\/#breadcrumb\"},\"inLanguage\":\"es\",\"potentialAction\":[{\"@type\":\"ReadAction\",\"target\":[\"https:\\\/\\\/lefoyerxl.be\\\/arcticles-bruxelles\\\/telephone-fixe\\\/\"]}]},{\"@type\":\"BreadcrumbList\",\"@id\":\"https:\\\/\\\/lefoyerxl.be\\\/arcticles-bruxelles\\\/telephone-fixe\\\/#breadcrumb\",\"itemListElement\":[{\"@type\":\"ListItem\",\"position\":1,\"name\":\"Accueil\",\"item\":\"https:\\\/\\\/lefoyerxl.be\\\/\"},{\"@type\":\"ListItem\",\"position\":2,\"name\":\"Articles Bruxelles\",\"item\":\"https:\\\/\\\/lefoyerxl.be\\\/articles-bruxelles\\\/\"},{\"@type\":\"ListItem\",\"position\":3,\"name\":\"T\u00e9l\u00e9phone fixe\"}]},{\"@type\":\"WebSite\",\"@id\":\"https:\\\/\\\/lefoyerxl.be\\\/#website\",\"url\":\"https:\\\/\\\/lefoyerxl.be\\\/\",\"name\":\"Centre de sant\u00e9 le foyer\",\"description\":\"\",\"publisher\":{\"@id\":\"https:\\\/\\\/lefoyerxl.be\\\/#organization\"},\"potentialAction\":[{\"@type\":\"SearchAction\",\"target\":{\"@type\":\"EntryPoint\",\"urlTemplate\":\"https:\\\/\\\/lefoyerxl.be\\\/?s={search_term_string}\"},\"query-input\":{\"@type\":\"PropertyValueSpecification\",\"valueRequired\":true,\"valueName\":\"search_term_string\"}}],\"inLanguage\":\"es\"},{\"@type\":\"Organization\",\"@id\":\"https:\\\/\\\/lefoyerxl.be\\\/#organization\",\"name\":\"Centre de sant\u00e9 le foyer\",\"url\":\"https:\\\/\\\/lefoyerxl.be\\\/\",\"logo\":{\"@type\":\"ImageObject\",\"inLanguage\":\"es\",\"@id\":\"https:\\\/\\\/lefoyerxl.be\\\/#\\\/schema\\\/logo\\\/image\\\/\",\"url\":\"https:\\\/\\\/lefoyerxl.be\\\/wp-content\\\/uploads\\\/2022\\\/05\\\/Logo_Centre_de_sante_Le_Foyer_72dpi.png\",\"contentUrl\":\"https:\\\/\\\/lefoyerxl.be\\\/wp-content\\\/uploads\\\/2022\\\/05\\\/Logo_Centre_de_sante_Le_Foyer_72dpi.png\",\"width\":800,\"height\":620,\"caption\":\"Centre de sant\u00e9 le foyer\"},\"image\":{\"@id\":\"https:\\\/\\\/lefoyerxl.be\\\/#\\\/schema\\\/logo\\\/image\\\/\"}}]}<\/script>\n<!-- \/ Yoast SEO plugin. -->","yoast_head_json":{"title":"Tel\u00e9fono fijo - Health centre le foyer","robots":{"index":"index","follow":"follow","max-snippet":"max-snippet:-1","max-image-preview":"max-image-preview:large","max-video-preview":"max-video-preview:-1"},"canonical":"https:\/\/lefoyerxl.be\/es\/arcticles-bruxelles\/telefono-fijo\/","og_locale":"es_ES","og_type":"article","og_title":"T\u00e9l\u00e9phone fixe - Centre de sant\u00e9 le foyer","og_description":"On peut d\u00e9sormais imm\u00e9diatement obtenir une ligne fixe en passant&hellip; Seguir leyendo T\u00e9l\u00e9phone fixe","og_url":"https:\/\/lefoyerxl.be\/es\/arcticles-bruxelles\/telefono-fijo\/","og_site_name":"Centre de sant\u00e9 le foyer","article_modified_time":"2023-11-02T16:16:59+00:00","twitter_card":"summary_large_image","twitter_misc":{"Tiempo de lectura":"4 minutos"},"schema":{"@context":"https:\/\/schema.org","@graph":[{"@type":"WebPage","@id":"https:\/\/lefoyerxl.be\/arcticles-bruxelles\/telephone-fixe\/","url":"https:\/\/lefoyerxl.be\/arcticles-bruxelles\/telephone-fixe\/","name":"Tel\u00e9fono fijo - Health centre le foyer","isPartOf":{"@id":"https:\/\/lefoyerxl.be\/#website"},"datePublished":"2022-09-13T03:17:17+00:00","dateModified":"2023-11-02T16:16:59+00:00","breadcrumb":{"@id":"https:\/\/lefoyerxl.be\/arcticles-bruxelles\/telephone-fixe\/#breadcrumb"},"inLanguage":"es","potentialAction":[{"@type":"ReadAction","target":["https:\/\/lefoyerxl.be\/arcticles-bruxelles\/telephone-fixe\/"]}]},{"@type":"BreadcrumbList","@id":"https:\/\/lefoyerxl.be\/arcticles-bruxelles\/telephone-fixe\/#breadcrumb","itemListElement":[{"@type":"ListItem","position":1,"name":"Accueil","item":"https:\/\/lefoyerxl.be\/"},{"@type":"ListItem","position":2,"name":"Articles Bruxelles","item":"https:\/\/lefoyerxl.be\/articles-bruxelles\/"},{"@type":"ListItem","position":3,"name":"T\u00e9l\u00e9phone fixe"}]},{"@type":"WebSite","@id":"https:\/\/lefoyerxl.be\/#website","url":"https:\/\/lefoyerxl.be\/","name":"Centro de salud le foyer","description":"","publisher":{"@id":"https:\/\/lefoyerxl.be\/#organization"},"potentialAction":[{"@type":"SearchAction","target":{"@type":"EntryPoint","urlTemplate":"https:\/\/lefoyerxl.be\/?s={search_term_string}"},"query-input":{"@type":"PropertyValueSpecification","valueRequired":true,"valueName":"search_term_string"}}],"inLanguage":"es"},{"@type":"Organization","@id":"https:\/\/lefoyerxl.be\/#organization","name":"Centro de salud le foyer","url":"https:\/\/lefoyerxl.be\/","logo":{"@type":"ImageObject","inLanguage":"es","@id":"https:\/\/lefoyerxl.be\/#\/schema\/logo\/image\/","url":"https:\/\/lefoyerxl.be\/wp-content\/uploads\/2022\/05\/Logo_Centre_de_sante_Le_Foyer_72dpi.png","contentUrl":"https:\/\/lefoyerxl.be\/wp-content\/uploads\/2022\/05\/Logo_Centre_de_sante_Le_Foyer_72dpi.png","width":800,"height":620,"caption":"Centre de sant\u00e9 le foyer"},"image":{"@id":"https:\/\/lefoyerxl.be\/#\/schema\/logo\/image\/"}}]}},"_links":{"self":[{"href":"https:\/\/lefoyerxl.be\/es\/wp-json\/wp\/v2\/arcticles-bruxelles\/3457","targetHints":{"allow":["GET"]}}],"collection":[{"href":"https:\/\/lefoyerxl.be\/es\/wp-json\/wp\/v2\/arcticles-bruxelles"}],"about":[{"href":"https:\/\/lefoyerxl.be\/es\/wp-json\/wp\/v2\/types\/arcticles-bruxelles"}],"version-history":[{"count":21,"href":"https:\/\/lefoyerxl.be\/es\/wp-json\/wp\/v2\/arcticles-bruxelles\/3457\/revisions"}],"predecessor-version":[{"id":4102,"href":"https:\/\/lefoyerxl.be\/es\/wp-json\/wp\/v2\/arcticles-bruxelles\/3457\/revisions\/4102"}],"wp:attachment":[{"href":"https:\/\/lefoyerxl.be\/es\/wp-json\/wp\/v2\/media?parent=3457"}],"wp:term":[{"taxonomy":"categories_bruxelles","embeddable":true,"href":"https:\/\/lefoyerxl.be\/es\/wp-json\/wp\/v2\/categories_bruxelles?post=3457"}],"curies":[{"name":"wp","href":"https:\/\/api.w.org\/{rel}","templated":true}]}}