{"id":3965,"date":"2023-06-12T00:13:34","date_gmt":"2023-06-11T22:13:34","guid":{"rendered":"https:\/\/lefoyerxl.be\/?post_type=communaute&#038;p=3965"},"modified":"2023-06-12T00:32:00","modified_gmt":"2023-06-11T22:32:00","slug":"similes-bruxelles","status":"publish","type":"communaute","link":"https:\/\/lefoyerxl.be\/de\/communaute\/similes-bruxelles\/","title":{"rendered":"SIMILES Br\u00fcssel"},"content":{"rendered":"<div data-elementor-type=\"wp-post\" data-elementor-id=\"3965\" class=\"elementor elementor-3965\" data-elementor-post-type=\"communaute\">\n\t\t\t\t\t\t<section class=\"elementor-section elementor-top-section elementor-element elementor-element-871b168 elementor-section-boxed elementor-section-height-default elementor-section-height-default\" data-id=\"871b168\" data-element_type=\"section\" data-e-type=\"section\">\n\t\t\t\t\t\t<div class=\"elementor-container elementor-column-gap-default\">\n\t\t\t\t\t<div class=\"elementor-column elementor-col-100 elementor-top-column elementor-element elementor-element-b6c77ee\" data-id=\"b6c77ee\" data-element_type=\"column\" data-e-type=\"column\">\n\t\t\t<div class=\"elementor-widget-wrap elementor-element-populated\">\n\t\t\t\t\t\t<div class=\"elementor-element elementor-element-32e9c25 elementor-widget elementor-widget-video\" data-id=\"32e9c25\" data-element_type=\"widget\" data-e-type=\"widget\" data-settings=\"{&quot;video_type&quot;:&quot;hosted&quot;,&quot;controls&quot;:&quot;yes&quot;}\" data-widget_type=\"video.default\">\n\t\t\t\t<div class=\"elementor-widget-container\">\n\t\t\t\t\t\t\t<div class=\"e-hosted-video elementor-wrapper elementor-open-inline\">\n\t\t\t\t\t<video class=\"elementor-video\" src=\"https:\/\/lefoyerxl.be\/wp-content\/uploads\/2023\/06\/yt1s.com-Similes-Wallonie-accompagne-les-proches-de-personnes-atteintes-de-troubles-psychiques-depuis-20-ans_360p.mp4\" controls=\"\" preload=\"metadata\" controlslist=\"nodownload\"><\/video>\n\t\t\t\t<\/div>\n\t\t\t\t\t\t<\/div>\n\t\t\t\t<\/div>\n\t\t\t\t\t<\/div>\n\t\t<\/div>\n\t\t\t\t\t<\/div>\n\t\t<\/section>\n\t\t\t\t<section class=\"elementor-section elementor-top-section elementor-element elementor-element-c205e57 elementor-section-boxed elementor-section-height-default elementor-section-height-default\" data-id=\"c205e57\" data-element_type=\"section\" data-e-type=\"section\">\n\t\t\t\t\t\t<div class=\"elementor-container elementor-column-gap-default\">\n\t\t\t\t\t<div class=\"elementor-column elementor-col-100 elementor-top-column elementor-element elementor-element-d35bcdd\" data-id=\"d35bcdd\" data-element_type=\"column\" data-e-type=\"column\">\n\t\t\t<div class=\"elementor-widget-wrap elementor-element-populated\">\n\t\t\t\t\t\t<div class=\"elementor-element elementor-element-557f6ee elementor-widget elementor-widget-text-editor\" data-id=\"557f6ee\" data-element_type=\"widget\" data-e-type=\"widget\" data-widget_type=\"text-editor.default\">\n\t\t\t\t<div class=\"elementor-widget-container\">\n\t\t\t\t\t\t\t\t\t<p>Similes Bruxelles ASBL ist ein Verein zur Unterst\u00fctzung von Menschen mit psychischen St\u00f6rungen und deren Angeh\u00f6rigen.<\/p><p><br \/>Sie organisiert professionell geleitete Gespr\u00e4chsgruppen f\u00fcr Menschen, die ihre Erfahrungen austauschen und sich gegenseitig helfen m\u00f6chten.<\/p><p><br \/>Au\u00dferdem bietet sie Konferenzen und Debatten \u00fcber bestimmte psychische St\u00f6rungen, Behandlungen und Vererbung, die beste Art, mit einem psychisch kranken Familienmitglied zu leben, den finanziellen und rechtlichen Aspekt dieser Krankheiten, ... an.\u00a0<\/p><p><br \/>Sein sozialer, psychologischer und juristischer Dienst empf\u00e4ngt nach Vereinbarung, um zuzuh\u00f6ren, zu unterst\u00fctzen, zu orientieren und zu informieren. Dokumentationszentrum.<\/p>\t\t\t\t\t\t\t\t<\/div>\n\t\t\t\t<\/div>\n\t\t\t\t\t<\/div>\n\t\t<\/div>\n\t\t\t\t\t<\/div>\n\t\t<\/section>\n\t\t\t\t<section class=\"elementor-section elementor-top-section elementor-element elementor-element-c9a2d9a elementor-section-boxed elementor-section-height-default elementor-section-height-default\" data-id=\"c9a2d9a\" data-element_type=\"section\" data-e-type=\"section\">\n\t\t\t\t\t\t<div class=\"elementor-container elementor-column-gap-default\">\n\t\t\t\t\t<div class=\"elementor-column elementor-col-100 elementor-top-column elementor-element elementor-element-2929b6b\" data-id=\"2929b6b\" data-element_type=\"column\" data-e-type=\"column\">\n\t\t\t<div class=\"elementor-widget-wrap elementor-element-populated\">\n\t\t\t\t\t\t<div class=\"elementor-element elementor-element-c26819d elementor-align-center elementor-widget elementor-widget-button\" data-id=\"c26819d\" data-element_type=\"widget\" data-e-type=\"widget\" data-widget_type=\"button.default\">\n\t\t\t\t<div class=\"elementor-widget-container\">\n\t\t\t\t\t\t\t\t\t<div class=\"elementor-button-wrapper\">\n\t\t\t\t\t<a class=\"elementor-button elementor-button-link elementor-size-sm\" href=\"https:\/\/similes.brussels\/\">\n\t\t\t\t\t\t<span class=\"elementor-button-content-wrapper\">\n\t\t\t\t\t\t\t\t\t<span class=\"elementor-button-text\">Quelle<\/span>\n\t\t\t\t\t<\/span>\n\t\t\t\t\t<\/a>\n\t\t\t\t<\/div>\n\t\t\t\t\t\t\t\t<\/div>\n\t\t\t\t<\/div>\n\t\t\t\t\t<\/div>\n\t\t<\/div>\n\t\t\t\t\t<\/div>\n\t\t<\/section>\n\t\t\t\t<\/div>","protected":false},"featured_media":3972,"parent":0,"menu_order":48,"template":"","class_list":["post-3965","communaute","type-communaute","status-publish","has-post-thumbnail","hentry","entry"],"acf":[],"yoast_head":"<!-- This site is optimized with the Yoast SEO plugin v27.4 - https:\/\/yoast.com\/product\/yoast-seo-wordpress\/ -->\n<title>SIMILES Bruxelles - Centre de sant\u00e9 le foyer<\/title>\n<meta name=\"robots\" content=\"index, follow, max-snippet:-1, max-image-preview:large, max-video-preview:-1\" \/>\n<link rel=\"canonical\" href=\"https:\/\/lefoyerxl.be\/de\/communaute\/similes-bruxelles\/\" \/>\n<meta property=\"og:locale\" content=\"de_DE\" \/>\n<meta property=\"og:type\" content=\"article\" \/>\n<meta property=\"og:title\" content=\"SIMILES Bruxelles - Centre de sant\u00e9 le foyer\" \/>\n<meta property=\"og:description\" content=\"https:\/\/lefoyerxl.be\/wp-content\/uploads\/2023\/06\/yt1s.com-Similes-Wallonie-accompagne-les-proches-de-personnes-atteintes-de-troubles-psychiques-depuis-20-ans_360p.mp4 L&rsquo;ASBL Similes Bruxelles est une association d&rsquo;aide aux personnes&hellip; SIMILES Bruxelles weiterlesen\" \/>\n<meta property=\"og:url\" content=\"https:\/\/lefoyerxl.be\/de\/communaute\/similes-bruxelles\/\" \/>\n<meta property=\"og:site_name\" content=\"Centre de sant\u00e9 le foyer\" \/>\n<meta property=\"article:modified_time\" content=\"2023-06-11T22:32:00+00:00\" \/>\n<meta property=\"og:image\" content=\"https:\/\/lefoyerxl.be\/wp-content\/uploads\/2023\/06\/similes-bruxelles.png\" \/>\n\t<meta property=\"og:image:width\" content=\"225\" \/>\n\t<meta property=\"og:image:height\" content=\"225\" \/>\n\t<meta property=\"og:image:type\" content=\"image\/png\" \/>\n<meta name=\"twitter:card\" content=\"summary_large_image\" \/>\n<meta name=\"twitter:label1\" content=\"Gesch\u00e4tzte Lesezeit\" \/>\n\t<meta name=\"twitter:data1\" content=\"1\u00a0Minute\" \/>\n<script type=\"application\/ld+json\" class=\"yoast-schema-graph\">{\"@context\":\"https:\\\/\\\/schema.org\",\"@graph\":[{\"@type\":\"WebPage\",\"@id\":\"https:\\\/\\\/lefoyerxl.be\\\/communaute\\\/similes-bruxelles\\\/\",\"url\":\"https:\\\/\\\/lefoyerxl.be\\\/communaute\\\/similes-bruxelles\\\/\",\"name\":\"SIMILES Bruxelles - Centre de sant\u00e9 le foyer\",\"isPartOf\":{\"@id\":\"https:\\\/\\\/lefoyerxl.be\\\/#website\"},\"primaryImageOfPage\":{\"@id\":\"https:\\\/\\\/lefoyerxl.be\\\/communaute\\\/similes-bruxelles\\\/#primaryimage\"},\"image\":{\"@id\":\"https:\\\/\\\/lefoyerxl.be\\\/communaute\\\/similes-bruxelles\\\/#primaryimage\"},\"thumbnailUrl\":\"https:\\\/\\\/lefoyerxl.be\\\/wp-content\\\/uploads\\\/2023\\\/06\\\/similes-bruxelles.png\",\"datePublished\":\"2023-06-11T22:13:34+00:00\",\"dateModified\":\"2023-06-11T22:32:00+00:00\",\"breadcrumb\":{\"@id\":\"https:\\\/\\\/lefoyerxl.be\\\/communaute\\\/similes-bruxelles\\\/#breadcrumb\"},\"inLanguage\":\"de\",\"potentialAction\":[{\"@type\":\"ReadAction\",\"target\":[\"https:\\\/\\\/lefoyerxl.be\\\/communaute\\\/similes-bruxelles\\\/\"]}]},{\"@type\":\"ImageObject\",\"inLanguage\":\"de\",\"@id\":\"https:\\\/\\\/lefoyerxl.be\\\/communaute\\\/similes-bruxelles\\\/#primaryimage\",\"url\":\"https:\\\/\\\/lefoyerxl.be\\\/wp-content\\\/uploads\\\/2023\\\/06\\\/similes-bruxelles.png\",\"contentUrl\":\"https:\\\/\\\/lefoyerxl.be\\\/wp-content\\\/uploads\\\/2023\\\/06\\\/similes-bruxelles.png\",\"width\":225,\"height\":225},{\"@type\":\"BreadcrumbList\",\"@id\":\"https:\\\/\\\/lefoyerxl.be\\\/communaute\\\/similes-bruxelles\\\/#breadcrumb\",\"itemListElement\":[{\"@type\":\"ListItem\",\"position\":1,\"name\":\"Accueil\",\"item\":\"https:\\\/\\\/lefoyerxl.be\\\/\"},{\"@type\":\"ListItem\",\"position\":2,\"name\":\"Communaut\u00e9\",\"item\":\"https:\\\/\\\/lefoyerxl.be\\\/communaute\\\/\"},{\"@type\":\"ListItem\",\"position\":3,\"name\":\"SIMILES Bruxelles\"}]},{\"@type\":\"WebSite\",\"@id\":\"https:\\\/\\\/lefoyerxl.be\\\/#website\",\"url\":\"https:\\\/\\\/lefoyerxl.be\\\/\",\"name\":\"Centre de sant\u00e9 le foyer\",\"description\":\"\",\"publisher\":{\"@id\":\"https:\\\/\\\/lefoyerxl.be\\\/#organization\"},\"potentialAction\":[{\"@type\":\"SearchAction\",\"target\":{\"@type\":\"EntryPoint\",\"urlTemplate\":\"https:\\\/\\\/lefoyerxl.be\\\/?s={search_term_string}\"},\"query-input\":{\"@type\":\"PropertyValueSpecification\",\"valueRequired\":true,\"valueName\":\"search_term_string\"}}],\"inLanguage\":\"de\"},{\"@type\":\"Organization\",\"@id\":\"https:\\\/\\\/lefoyerxl.be\\\/#organization\",\"name\":\"Centre de sant\u00e9 le foyer\",\"url\":\"https:\\\/\\\/lefoyerxl.be\\\/\",\"logo\":{\"@type\":\"ImageObject\",\"inLanguage\":\"de\",\"@id\":\"https:\\\/\\\/lefoyerxl.be\\\/#\\\/schema\\\/logo\\\/image\\\/\",\"url\":\"https:\\\/\\\/lefoyerxl.be\\\/wp-content\\\/uploads\\\/2022\\\/05\\\/Logo_Centre_de_sante_Le_Foyer_72dpi.png\",\"contentUrl\":\"https:\\\/\\\/lefoyerxl.be\\\/wp-content\\\/uploads\\\/2022\\\/05\\\/Logo_Centre_de_sante_Le_Foyer_72dpi.png\",\"width\":800,\"height\":620,\"caption\":\"Centre de sant\u00e9 le foyer\"},\"image\":{\"@id\":\"https:\\\/\\\/lefoyerxl.be\\\/#\\\/schema\\\/logo\\\/image\\\/\"}}]}<\/script>\n<!-- \/ Yoast SEO plugin. -->","yoast_head_json":{"title":"SIMILES Br\u00fcssel - Gesundheitszentrum le foyer","robots":{"index":"index","follow":"follow","max-snippet":"max-snippet:-1","max-image-preview":"max-image-preview:large","max-video-preview":"max-video-preview:-1"},"canonical":"https:\/\/lefoyerxl.be\/de\/communaute\/similes-bruxelles\/","og_locale":"de_DE","og_type":"article","og_title":"SIMILES Bruxelles - Centre de sant\u00e9 le foyer","og_description":"https:\/\/lefoyerxl.be\/wp-content\/uploads\/2023\/06\/yt1s.com-Similes-Wallonie-accompagne-les-proches-de-personnes-atteintes-de-troubles-psychiques-depuis-20-ans_360p.mp4 L&rsquo;ASBL Similes Bruxelles est une association d&rsquo;aide aux personnes&hellip; SIMILES Bruxelles weiterlesen","og_url":"https:\/\/lefoyerxl.be\/de\/communaute\/similes-bruxelles\/","og_site_name":"Centre de sant\u00e9 le foyer","article_modified_time":"2023-06-11T22:32:00+00:00","og_image":[{"width":225,"height":225,"url":"https:\/\/lefoyerxl.be\/wp-content\/uploads\/2023\/06\/similes-bruxelles.png","type":"image\/png"}],"twitter_card":"summary_large_image","twitter_misc":{"Gesch\u00e4tzte Lesezeit":"1\u00a0Minute"},"schema":{"@context":"https:\/\/schema.org","@graph":[{"@type":"WebPage","@id":"https:\/\/lefoyerxl.be\/communaute\/similes-bruxelles\/","url":"https:\/\/lefoyerxl.be\/communaute\/similes-bruxelles\/","name":"SIMILES Br\u00fcssel - Gesundheitszentrum le foyer","isPartOf":{"@id":"https:\/\/lefoyerxl.be\/#website"},"primaryImageOfPage":{"@id":"https:\/\/lefoyerxl.be\/communaute\/similes-bruxelles\/#primaryimage"},"image":{"@id":"https:\/\/lefoyerxl.be\/communaute\/similes-bruxelles\/#primaryimage"},"thumbnailUrl":"https:\/\/lefoyerxl.be\/wp-content\/uploads\/2023\/06\/similes-bruxelles.png","datePublished":"2023-06-11T22:13:34+00:00","dateModified":"2023-06-11T22:32:00+00:00","breadcrumb":{"@id":"https:\/\/lefoyerxl.be\/communaute\/similes-bruxelles\/#breadcrumb"},"inLanguage":"de","potentialAction":[{"@type":"ReadAction","target":["https:\/\/lefoyerxl.be\/communaute\/similes-bruxelles\/"]}]},{"@type":"ImageObject","inLanguage":"de","@id":"https:\/\/lefoyerxl.be\/communaute\/similes-bruxelles\/#primaryimage","url":"https:\/\/lefoyerxl.be\/wp-content\/uploads\/2023\/06\/similes-bruxelles.png","contentUrl":"https:\/\/lefoyerxl.be\/wp-content\/uploads\/2023\/06\/similes-bruxelles.png","width":225,"height":225},{"@type":"BreadcrumbList","@id":"https:\/\/lefoyerxl.be\/communaute\/similes-bruxelles\/#breadcrumb","itemListElement":[{"@type":"ListItem","position":1,"name":"Accueil","item":"https:\/\/lefoyerxl.be\/"},{"@type":"ListItem","position":2,"name":"Communaut\u00e9","item":"https:\/\/lefoyerxl.be\/communaute\/"},{"@type":"ListItem","position":3,"name":"SIMILES Bruxelles"}]},{"@type":"WebSite","@id":"https:\/\/lefoyerxl.be\/#website","url":"https:\/\/lefoyerxl.be\/","name":"Gesundheitszentrum le foyer","description":"","publisher":{"@id":"https:\/\/lefoyerxl.be\/#organization"},"potentialAction":[{"@type":"SearchAction","target":{"@type":"EntryPoint","urlTemplate":"https:\/\/lefoyerxl.be\/?s={search_term_string}"},"query-input":{"@type":"PropertyValueSpecification","valueRequired":true,"valueName":"search_term_string"}}],"inLanguage":"de"},{"@type":"Organization","@id":"https:\/\/lefoyerxl.be\/#organization","name":"Gesundheitszentrum le foyer","url":"https:\/\/lefoyerxl.be\/","logo":{"@type":"ImageObject","inLanguage":"de","@id":"https:\/\/lefoyerxl.be\/#\/schema\/logo\/image\/","url":"https:\/\/lefoyerxl.be\/wp-content\/uploads\/2022\/05\/Logo_Centre_de_sante_Le_Foyer_72dpi.png","contentUrl":"https:\/\/lefoyerxl.be\/wp-content\/uploads\/2022\/05\/Logo_Centre_de_sante_Le_Foyer_72dpi.png","width":800,"height":620,"caption":"Centre de sant\u00e9 le foyer"},"image":{"@id":"https:\/\/lefoyerxl.be\/#\/schema\/logo\/image\/"}}]}},"_links":{"self":[{"href":"https:\/\/lefoyerxl.be\/de\/wp-json\/wp\/v2\/communaute\/3965","targetHints":{"allow":["GET"]}}],"collection":[{"href":"https:\/\/lefoyerxl.be\/de\/wp-json\/wp\/v2\/communaute"}],"about":[{"href":"https:\/\/lefoyerxl.be\/de\/wp-json\/wp\/v2\/types\/communaute"}],"version-history":[{"count":5,"href":"https:\/\/lefoyerxl.be\/de\/wp-json\/wp\/v2\/communaute\/3965\/revisions"}],"predecessor-version":[{"id":3973,"href":"https:\/\/lefoyerxl.be\/de\/wp-json\/wp\/v2\/communaute\/3965\/revisions\/3973"}],"wp:featuredmedia":[{"embeddable":true,"href":"https:\/\/lefoyerxl.be\/de\/wp-json\/wp\/v2\/media\/3972"}],"wp:attachment":[{"href":"https:\/\/lefoyerxl.be\/de\/wp-json\/wp\/v2\/media?parent=3965"}],"curies":[{"name":"wp","href":"https:\/\/api.w.org\/{rel}","templated":true}]}}