{"id":1092,"date":"2022-06-10T15:51:04","date_gmt":"2022-06-10T13:51:04","guid":{"rendered":"https:\/\/lefoyerxl.be\/?post_type=communaute&#038;p=1092"},"modified":"2022-06-29T06:27:04","modified_gmt":"2022-06-29T04:27:04","slug":"les-jardins-participatifs-detterbeek","status":"publish","type":"communaute","link":"https:\/\/lefoyerxl.be\/de\/communaute\/les-jardins-participatifs-detterbeek\/","title":{"rendered":"Die Mitmachg\u00e4rten in Etterbeek"},"content":{"rendered":"<div data-elementor-type=\"wp-post\" data-elementor-id=\"1092\" class=\"elementor elementor-1092\" data-elementor-post-type=\"communaute\">\n\t\t\t\t\t\t<section class=\"elementor-section elementor-top-section elementor-element elementor-element-2fafad9e elementor-section-boxed elementor-section-height-default elementor-section-height-default\" data-id=\"2fafad9e\" data-element_type=\"section\" data-e-type=\"section\">\n\t\t\t\t\t\t<div class=\"elementor-container elementor-column-gap-default\">\n\t\t\t\t\t<div class=\"elementor-column elementor-col-100 elementor-top-column elementor-element elementor-element-39ddceea\" data-id=\"39ddceea\" data-element_type=\"column\" data-e-type=\"column\">\n\t\t\t<div class=\"elementor-widget-wrap elementor-element-populated\">\n\t\t\t\t\t\t<div class=\"elementor-element elementor-element-27eeef0e elementor-widget elementor-widget-text-editor\" data-id=\"27eeef0e\" data-element_type=\"widget\" data-e-type=\"widget\" data-widget_type=\"text-editor.default\">\n\t\t\t\t<div class=\"elementor-widget-container\">\n\t\t\t\t\t\t\t\t\t<p style=\"text-align: center;\">Das Etterbeeker Projekt entwickelte sich in mehreren Phasen.2010 wurde die erste Phase eingeweiht und tr\u00e4gt den Namen Jardins Participatifsd'Etterbeek (Partizipative G\u00e4rten in Etterbeek). Diese G\u00e4rten erstrecken sich \u00fcber eine Fl\u00e4che von 2700 m2 entlang der Bahngleise.<\/p>\r\n<p style=\"text-align: center;\">\r\nJeder Bereich des Gartens (Bienenstock, Teich, Brachland, Obstgarten, Gem\u00fcsegarten, Kompost, Permakultur) wird von einem Verein mit sozialem und\/oder \u00f6kologischem Hintergrund betreut. Die Vereine verwalten ihre Parzellen selbstst\u00e4ndig, organisieren Aktivit\u00e4ten f\u00fcr die \u00d6ffentlichkeit oder arbeiten an der Integration und Beteiligung der Bewohner des Viertels.<\/p>\r\n<p style=\"text-align: center;\">\r\nAlle Etterbeeker und Br\u00fcsseler k\u00f6nnen sich entweder aktiv am Projekt beteiligen oder an den verschiedenen Veranstaltungen teilnehmen (Schulung zum Schneiden von Obstb\u00e4umen, Schulung zum Pfropfen, Workshop zur Honigernte, Workshop zur Saatgutgewinnung, Animation rund um die Lamare, M\u00e4hen des Brachlandes, ...).<\/p>\t\t\t\t\t\t\t\t<\/div>\n\t\t\t\t<\/div>\n\t\t\t\t\t<\/div>\n\t\t<\/div>\n\t\t\t\t\t<\/div>\n\t\t<\/section>\n\t\t\t\t<section class=\"elementor-section elementor-top-section elementor-element elementor-element-f0a6645 elementor-section-boxed elementor-section-height-default elementor-section-height-default\" data-id=\"f0a6645\" data-element_type=\"section\" data-e-type=\"section\">\n\t\t\t\t\t\t<div class=\"elementor-container elementor-column-gap-default\">\n\t\t\t\t\t<div class=\"elementor-column elementor-col-100 elementor-top-column elementor-element elementor-element-5528a3e\" data-id=\"5528a3e\" data-element_type=\"column\" data-e-type=\"column\">\n\t\t\t<div class=\"elementor-widget-wrap elementor-element-populated\">\n\t\t\t\t\t\t\t<\/div>\n\t\t<\/div>\n\t\t\t\t\t<\/div>\n\t\t<\/section>\n\t\t\t\t<section class=\"elementor-section elementor-top-section elementor-element elementor-element-624c58f elementor-section-boxed elementor-section-height-default elementor-section-height-default\" data-id=\"624c58f\" data-element_type=\"section\" data-e-type=\"section\">\n\t\t\t\t\t\t<div class=\"elementor-container elementor-column-gap-default\">\n\t\t\t\t\t<div class=\"elementor-column elementor-col-100 elementor-top-column elementor-element elementor-element-f889f38\" data-id=\"f889f38\" data-element_type=\"column\" data-e-type=\"column\">\n\t\t\t<div class=\"elementor-widget-wrap elementor-element-populated\">\n\t\t\t\t\t\t<div class=\"elementor-element elementor-element-3088d0b elementor-widget elementor-widget-image\" data-id=\"3088d0b\" data-element_type=\"widget\" data-e-type=\"widget\" data-widget_type=\"image.default\">\n\t\t\t\t<div class=\"elementor-widget-container\">\n\t\t\t\t\t\t\t\t\t\t\t\t\t\t\t<img fetchpriority=\"high\" decoding=\"async\" width=\"750\" height=\"423\" src=\"https:\/\/lefoyerxl.be\/wp-content\/uploads\/2022\/06\/les-jardins-participatifs-dEtterbeek-768x433.jpg\" class=\"attachment-medium_large size-medium_large wp-image-1974\" alt=\"\" srcset=\"https:\/\/lefoyerxl.be\/wp-content\/uploads\/2022\/06\/les-jardins-participatifs-dEtterbeek-768x433.jpg 768w, https:\/\/lefoyerxl.be\/wp-content\/uploads\/2022\/06\/les-jardins-participatifs-dEtterbeek-300x169.jpg 300w, https:\/\/lefoyerxl.be\/wp-content\/uploads\/2022\/06\/les-jardins-participatifs-dEtterbeek-1024x577.jpg 1024w, https:\/\/lefoyerxl.be\/wp-content\/uploads\/2022\/06\/les-jardins-participatifs-dEtterbeek-18x10.jpg 18w, https:\/\/lefoyerxl.be\/wp-content\/uploads\/2022\/06\/les-jardins-participatifs-dEtterbeek.jpg 1248w\" sizes=\"(max-width: 750px) 100vw, 750px\" style=\"width:100%;height:56.33%;max-width:1248px\" \/>\t\t\t\t\t\t\t\t\t\t\t\t\t\t\t<\/div>\n\t\t\t\t<\/div>\n\t\t\t\t\t<\/div>\n\t\t<\/div>\n\t\t\t\t\t<\/div>\n\t\t<\/section>\n\t\t\t\t<\/div>","protected":false},"featured_media":1093,"parent":0,"menu_order":15,"template":"","class_list":["post-1092","communaute","type-communaute","status-publish","has-post-thumbnail","hentry","entry"],"acf":[],"yoast_head":"<!-- This site is optimized with the Yoast SEO plugin v27.4 - https:\/\/yoast.com\/product\/yoast-seo-wordpress\/ -->\n<title>Les jardins participatifs d\u2019Etterbeek - Centre de sant\u00e9 le foyer<\/title>\n<meta name=\"robots\" content=\"index, follow, max-snippet:-1, max-image-preview:large, max-video-preview:-1\" \/>\n<link rel=\"canonical\" href=\"https:\/\/lefoyerxl.be\/de\/communaute\/les-jardins-participatifs-detterbeek\/\" \/>\n<meta property=\"og:locale\" content=\"de_DE\" \/>\n<meta property=\"og:type\" content=\"article\" \/>\n<meta property=\"og:title\" content=\"Les jardins participatifs d\u2019Etterbeek - Centre de sant\u00e9 le foyer\" \/>\n<meta property=\"og:description\" content=\"Le projet Etterbeekois s\u2019est d\u00e9velopp\u00e9 en plusieurs phases.La premi\u00e8re, inaugur\u00e9e&hellip; Les jardins participatifs d\u2019Etterbeek weiterlesen\" \/>\n<meta property=\"og:url\" content=\"https:\/\/lefoyerxl.be\/de\/communaute\/les-jardins-participatifs-detterbeek\/\" \/>\n<meta property=\"og:site_name\" content=\"Centre de sant\u00e9 le foyer\" \/>\n<meta property=\"article:modified_time\" content=\"2022-06-29T04:27:04+00:00\" \/>\n<meta property=\"og:image\" content=\"https:\/\/lefoyerxl.be\/wp-content\/uploads\/2022\/06\/Picto_jardins_participatifs_etterbeek.png\" \/>\n\t<meta property=\"og:image:width\" content=\"1695\" \/>\n\t<meta property=\"og:image:height\" content=\"1695\" \/>\n\t<meta property=\"og:image:type\" content=\"image\/png\" \/>\n<meta name=\"twitter:card\" content=\"summary_large_image\" \/>\n<meta name=\"twitter:label1\" content=\"Gesch\u00e4tzte Lesezeit\" \/>\n\t<meta name=\"twitter:data1\" content=\"1\u00a0Minute\" \/>\n<script type=\"application\/ld+json\" class=\"yoast-schema-graph\">{\"@context\":\"https:\\\/\\\/schema.org\",\"@graph\":[{\"@type\":\"WebPage\",\"@id\":\"https:\\\/\\\/lefoyerxl.be\\\/communaute\\\/les-jardins-participatifs-detterbeek\\\/\",\"url\":\"https:\\\/\\\/lefoyerxl.be\\\/communaute\\\/les-jardins-participatifs-detterbeek\\\/\",\"name\":\"Les jardins participatifs d\u2019Etterbeek - Centre de sant\u00e9 le foyer\",\"isPartOf\":{\"@id\":\"https:\\\/\\\/lefoyerxl.be\\\/#website\"},\"primaryImageOfPage\":{\"@id\":\"https:\\\/\\\/lefoyerxl.be\\\/communaute\\\/les-jardins-participatifs-detterbeek\\\/#primaryimage\"},\"image\":{\"@id\":\"https:\\\/\\\/lefoyerxl.be\\\/communaute\\\/les-jardins-participatifs-detterbeek\\\/#primaryimage\"},\"thumbnailUrl\":\"https:\\\/\\\/lefoyerxl.be\\\/wp-content\\\/uploads\\\/2022\\\/06\\\/Picto_jardins_participatifs_etterbeek.png\",\"datePublished\":\"2022-06-10T13:51:04+00:00\",\"dateModified\":\"2022-06-29T04:27:04+00:00\",\"breadcrumb\":{\"@id\":\"https:\\\/\\\/lefoyerxl.be\\\/communaute\\\/les-jardins-participatifs-detterbeek\\\/#breadcrumb\"},\"inLanguage\":\"de\",\"potentialAction\":[{\"@type\":\"ReadAction\",\"target\":[\"https:\\\/\\\/lefoyerxl.be\\\/communaute\\\/les-jardins-participatifs-detterbeek\\\/\"]}]},{\"@type\":\"ImageObject\",\"inLanguage\":\"de\",\"@id\":\"https:\\\/\\\/lefoyerxl.be\\\/communaute\\\/les-jardins-participatifs-detterbeek\\\/#primaryimage\",\"url\":\"https:\\\/\\\/lefoyerxl.be\\\/wp-content\\\/uploads\\\/2022\\\/06\\\/Picto_jardins_participatifs_etterbeek.png\",\"contentUrl\":\"https:\\\/\\\/lefoyerxl.be\\\/wp-content\\\/uploads\\\/2022\\\/06\\\/Picto_jardins_participatifs_etterbeek.png\",\"width\":1695,\"height\":1695},{\"@type\":\"BreadcrumbList\",\"@id\":\"https:\\\/\\\/lefoyerxl.be\\\/communaute\\\/les-jardins-participatifs-detterbeek\\\/#breadcrumb\",\"itemListElement\":[{\"@type\":\"ListItem\",\"position\":1,\"name\":\"Accueil\",\"item\":\"https:\\\/\\\/lefoyerxl.be\\\/\"},{\"@type\":\"ListItem\",\"position\":2,\"name\":\"Communaut\u00e9\",\"item\":\"https:\\\/\\\/lefoyerxl.be\\\/communaute\\\/\"},{\"@type\":\"ListItem\",\"position\":3,\"name\":\"Les jardins participatifs d\u2019Etterbeek\"}]},{\"@type\":\"WebSite\",\"@id\":\"https:\\\/\\\/lefoyerxl.be\\\/#website\",\"url\":\"https:\\\/\\\/lefoyerxl.be\\\/\",\"name\":\"Centre de sant\u00e9 le foyer\",\"description\":\"\",\"publisher\":{\"@id\":\"https:\\\/\\\/lefoyerxl.be\\\/#organization\"},\"potentialAction\":[{\"@type\":\"SearchAction\",\"target\":{\"@type\":\"EntryPoint\",\"urlTemplate\":\"https:\\\/\\\/lefoyerxl.be\\\/?s={search_term_string}\"},\"query-input\":{\"@type\":\"PropertyValueSpecification\",\"valueRequired\":true,\"valueName\":\"search_term_string\"}}],\"inLanguage\":\"de\"},{\"@type\":\"Organization\",\"@id\":\"https:\\\/\\\/lefoyerxl.be\\\/#organization\",\"name\":\"Centre de sant\u00e9 le foyer\",\"url\":\"https:\\\/\\\/lefoyerxl.be\\\/\",\"logo\":{\"@type\":\"ImageObject\",\"inLanguage\":\"de\",\"@id\":\"https:\\\/\\\/lefoyerxl.be\\\/#\\\/schema\\\/logo\\\/image\\\/\",\"url\":\"https:\\\/\\\/lefoyerxl.be\\\/wp-content\\\/uploads\\\/2022\\\/05\\\/Logo_Centre_de_sante_Le_Foyer_72dpi.png\",\"contentUrl\":\"https:\\\/\\\/lefoyerxl.be\\\/wp-content\\\/uploads\\\/2022\\\/05\\\/Logo_Centre_de_sante_Le_Foyer_72dpi.png\",\"width\":800,\"height\":620,\"caption\":\"Centre de sant\u00e9 le foyer\"},\"image\":{\"@id\":\"https:\\\/\\\/lefoyerxl.be\\\/#\\\/schema\\\/logo\\\/image\\\/\"}}]}<\/script>\n<!-- \/ Yoast SEO plugin. -->","yoast_head_json":{"title":"Die Mitmachg\u00e4rten von Etterbeek - Gesundheitszentrum le foyer","robots":{"index":"index","follow":"follow","max-snippet":"max-snippet:-1","max-image-preview":"max-image-preview:large","max-video-preview":"max-video-preview:-1"},"canonical":"https:\/\/lefoyerxl.be\/de\/communaute\/les-jardins-participatifs-detterbeek\/","og_locale":"de_DE","og_type":"article","og_title":"Les jardins participatifs d\u2019Etterbeek - Centre de sant\u00e9 le foyer","og_description":"Le projet Etterbeekois s\u2019est d\u00e9velopp\u00e9 en plusieurs phases.La premi\u00e8re, inaugur\u00e9e&hellip; Les jardins participatifs d\u2019Etterbeek weiterlesen","og_url":"https:\/\/lefoyerxl.be\/de\/communaute\/les-jardins-participatifs-detterbeek\/","og_site_name":"Centre de sant\u00e9 le foyer","article_modified_time":"2022-06-29T04:27:04+00:00","og_image":[{"width":1695,"height":1695,"url":"https:\/\/lefoyerxl.be\/wp-content\/uploads\/2022\/06\/Picto_jardins_participatifs_etterbeek.png","type":"image\/png"}],"twitter_card":"summary_large_image","twitter_misc":{"Gesch\u00e4tzte Lesezeit":"1\u00a0Minute"},"schema":{"@context":"https:\/\/schema.org","@graph":[{"@type":"WebPage","@id":"https:\/\/lefoyerxl.be\/communaute\/les-jardins-participatifs-detterbeek\/","url":"https:\/\/lefoyerxl.be\/communaute\/les-jardins-participatifs-detterbeek\/","name":"Die Mitmachg\u00e4rten von Etterbeek - Gesundheitszentrum le foyer","isPartOf":{"@id":"https:\/\/lefoyerxl.be\/#website"},"primaryImageOfPage":{"@id":"https:\/\/lefoyerxl.be\/communaute\/les-jardins-participatifs-detterbeek\/#primaryimage"},"image":{"@id":"https:\/\/lefoyerxl.be\/communaute\/les-jardins-participatifs-detterbeek\/#primaryimage"},"thumbnailUrl":"https:\/\/lefoyerxl.be\/wp-content\/uploads\/2022\/06\/Picto_jardins_participatifs_etterbeek.png","datePublished":"2022-06-10T13:51:04+00:00","dateModified":"2022-06-29T04:27:04+00:00","breadcrumb":{"@id":"https:\/\/lefoyerxl.be\/communaute\/les-jardins-participatifs-detterbeek\/#breadcrumb"},"inLanguage":"de","potentialAction":[{"@type":"ReadAction","target":["https:\/\/lefoyerxl.be\/communaute\/les-jardins-participatifs-detterbeek\/"]}]},{"@type":"ImageObject","inLanguage":"de","@id":"https:\/\/lefoyerxl.be\/communaute\/les-jardins-participatifs-detterbeek\/#primaryimage","url":"https:\/\/lefoyerxl.be\/wp-content\/uploads\/2022\/06\/Picto_jardins_participatifs_etterbeek.png","contentUrl":"https:\/\/lefoyerxl.be\/wp-content\/uploads\/2022\/06\/Picto_jardins_participatifs_etterbeek.png","width":1695,"height":1695},{"@type":"BreadcrumbList","@id":"https:\/\/lefoyerxl.be\/communaute\/les-jardins-participatifs-detterbeek\/#breadcrumb","itemListElement":[{"@type":"ListItem","position":1,"name":"Accueil","item":"https:\/\/lefoyerxl.be\/"},{"@type":"ListItem","position":2,"name":"Communaut\u00e9","item":"https:\/\/lefoyerxl.be\/communaute\/"},{"@type":"ListItem","position":3,"name":"Les jardins participatifs d\u2019Etterbeek"}]},{"@type":"WebSite","@id":"https:\/\/lefoyerxl.be\/#website","url":"https:\/\/lefoyerxl.be\/","name":"Gesundheitszentrum le foyer","description":"","publisher":{"@id":"https:\/\/lefoyerxl.be\/#organization"},"potentialAction":[{"@type":"SearchAction","target":{"@type":"EntryPoint","urlTemplate":"https:\/\/lefoyerxl.be\/?s={search_term_string}"},"query-input":{"@type":"PropertyValueSpecification","valueRequired":true,"valueName":"search_term_string"}}],"inLanguage":"de"},{"@type":"Organization","@id":"https:\/\/lefoyerxl.be\/#organization","name":"Gesundheitszentrum le foyer","url":"https:\/\/lefoyerxl.be\/","logo":{"@type":"ImageObject","inLanguage":"de","@id":"https:\/\/lefoyerxl.be\/#\/schema\/logo\/image\/","url":"https:\/\/lefoyerxl.be\/wp-content\/uploads\/2022\/05\/Logo_Centre_de_sante_Le_Foyer_72dpi.png","contentUrl":"https:\/\/lefoyerxl.be\/wp-content\/uploads\/2022\/05\/Logo_Centre_de_sante_Le_Foyer_72dpi.png","width":800,"height":620,"caption":"Centre de sant\u00e9 le foyer"},"image":{"@id":"https:\/\/lefoyerxl.be\/#\/schema\/logo\/image\/"}}]}},"_links":{"self":[{"href":"https:\/\/lefoyerxl.be\/de\/wp-json\/wp\/v2\/communaute\/1092","targetHints":{"allow":["GET"]}}],"collection":[{"href":"https:\/\/lefoyerxl.be\/de\/wp-json\/wp\/v2\/communaute"}],"about":[{"href":"https:\/\/lefoyerxl.be\/de\/wp-json\/wp\/v2\/types\/communaute"}],"version-history":[{"count":5,"href":"https:\/\/lefoyerxl.be\/de\/wp-json\/wp\/v2\/communaute\/1092\/revisions"}],"predecessor-version":[{"id":1977,"href":"https:\/\/lefoyerxl.be\/de\/wp-json\/wp\/v2\/communaute\/1092\/revisions\/1977"}],"wp:featuredmedia":[{"embeddable":true,"href":"https:\/\/lefoyerxl.be\/de\/wp-json\/wp\/v2\/media\/1093"}],"wp:attachment":[{"href":"https:\/\/lefoyerxl.be\/de\/wp-json\/wp\/v2\/media?parent=1092"}],"curies":[{"name":"wp","href":"https:\/\/api.w.org\/{rel}","templated":true}]}}