{"id":2742,"date":"2022-07-07T02:32:03","date_gmt":"2022-07-07T00:32:03","guid":{"rendered":"https:\/\/lefoyerxl.be\/?post_type=bruxelles-capitale&#038;p=2742"},"modified":"2022-07-24T23:12:32","modified_gmt":"2022-07-24T21:12:32","slug":"1050-ixelles","status":"publish","type":"bruxelles-capitale","link":"https:\/\/lefoyerxl.be\/de\/bruxelles-capitale\/1050-ixelles\/","title":{"rendered":"1050 Ixelles"},"content":{"rendered":"<div data-elementor-type=\"wp-post\" data-elementor-id=\"2742\" class=\"elementor elementor-2742\" data-elementor-post-type=\"bruxelles-capitale\">\n\t\t\t\t\t\t<section class=\"elementor-section elementor-top-section elementor-element elementor-element-467afdd elementor-section-boxed elementor-section-height-default elementor-section-height-default\" data-id=\"467afdd\" data-element_type=\"section\" data-e-type=\"section\">\n\t\t\t\t\t\t<div class=\"elementor-container elementor-column-gap-default\">\n\t\t\t\t\t<div class=\"elementor-column elementor-col-100 elementor-top-column elementor-element elementor-element-1abface\" data-id=\"1abface\" data-element_type=\"column\" data-e-type=\"column\">\n\t\t\t<div class=\"elementor-widget-wrap elementor-element-populated\">\n\t\t\t\t\t\t<div class=\"elementor-element elementor-element-480cbe2 elementor-widget elementor-widget-heading\" data-id=\"480cbe2\" data-element_type=\"widget\" data-e-type=\"widget\" data-widget_type=\"heading.default\">\n\t\t\t\t<div class=\"elementor-widget-container\">\n\t\t\t\t\t<h2 class=\"elementor-heading-title elementor-size-default\">IXELLES, DAS KAE\u00cfDOSKOP<\/h2>\t\t\t\t<\/div>\n\t\t\t\t<\/div>\n\t\t\t\t\t<\/div>\n\t\t<\/div>\n\t\t\t\t\t<\/div>\n\t\t<\/section>\n\t\t\t\t<section class=\"elementor-section elementor-top-section elementor-element elementor-element-b43cafc elementor-section-boxed elementor-section-height-default elementor-section-height-default\" data-id=\"b43cafc\" data-element_type=\"section\" data-e-type=\"section\">\n\t\t\t\t\t\t<div class=\"elementor-container elementor-column-gap-default\">\n\t\t\t\t\t<div class=\"elementor-column elementor-col-100 elementor-top-column elementor-element elementor-element-4623db7\" data-id=\"4623db7\" data-element_type=\"column\" data-e-type=\"column\">\n\t\t\t<div class=\"elementor-widget-wrap elementor-element-populated\">\n\t\t\t\t\t\t<div class=\"elementor-element elementor-element-c151f50 elementor-widget elementor-widget-text-editor\" data-id=\"c151f50\" data-element_type=\"widget\" data-e-type=\"widget\" data-widget_type=\"text-editor.default\">\n\t\t\t\t<div class=\"elementor-widget-container\">\n\t\t\t\t\t\t\t\t\t<p>\u00a0<\/p><p>Ixelles liegt s\u00fcd\u00f6stlich von Br\u00fcssel-Stadt und hat viele Gesichter. Im Norden vereint es die Vielfalt des Europaviertels (auch Leopoldviertel genannt), des Viertels \"Porte de Namur-Toison d'or\" (gro\u00dfe Marken und Luxusgesch\u00e4fte), Matong\u00e9 (kongolesische Stadt in der Stadt), Saint- Boniface (trendiger Ort) und Flagey (multiethnische Ecke). Im Zentrum finden Sie die Teiche von Ixelles. Die Universit\u00e9 Libre de Bruxelles (ULB) und der Friedhof von Ixelles im S\u00fcdosten sind die Zentren eines Viertels, in dem das Studentenleben und die Restaurants einen guten Platz haben. Auf der anderen Seite der Avenue Louise schlie\u00dflich bietet das Viertel Bailly-Ch\u00e2telain viele kleine L\u00e4den f\u00fcr b\u00fcrgerlich-biedermeierliche Kunden.<\/p><p>\u00a0<\/p><p>Von den Museen von Ixelles, Wiertz oder Constantin Meunier \u00fcber die Theater \"Varia\" und \"Marni\" bis hin zum unumg\u00e4nglichen Flagey - die Gemeinde ist voll von kulturellen Angeboten. Die Stra\u00dfenbahn- und Buslinien durchziehen diese farbenfrohe Gemeinde, in der man schnell von meist schicken Wohngegenden zu multikulturellen Partyvierteln gelangt. Ein Spaziergang um die Abbaye de la Cambre, entlang der Teiche von Ixelles oder an den Tagen des Bio-Marktes auf dem nahe gelegenen Place Flagey (Samstag- und Sonntagmorgen) kann ein au\u00dfergew\u00f6hnlicher Moment sein.<\/p><p>\u00a0<\/p><p>Ixelles verf\u00fcgt \u00fcber einen Immobilienbestand, den man sowohl bei H\u00e4usern als auch bei Wohnungen als teuer bezeichnen kann. Eine Wohnung zu mieten ist hier nicht billig.<\/p><p>\u00a0<\/p>\t\t\t\t\t\t\t\t<\/div>\n\t\t\t\t<\/div>\n\t\t\t\t\t<\/div>\n\t\t<\/div>\n\t\t\t\t\t<\/div>\n\t\t<\/section>\n\t\t\t\t<section class=\"elementor-section elementor-top-section elementor-element elementor-element-5dd9eb3 elementor-section-boxed elementor-section-height-default elementor-section-height-default\" data-id=\"5dd9eb3\" data-element_type=\"section\" data-e-type=\"section\">\n\t\t\t\t\t\t<div class=\"elementor-container elementor-column-gap-default\">\n\t\t\t\t\t<div class=\"elementor-column elementor-col-100 elementor-top-column elementor-element elementor-element-6f2ec7e\" data-id=\"6f2ec7e\" data-element_type=\"column\" data-e-type=\"column\">\n\t\t\t<div class=\"elementor-widget-wrap elementor-element-populated\">\n\t\t\t\t\t\t<div class=\"elementor-element elementor-element-810837b elementor--h-position-center elementor--v-position-middle elementor-arrows-position-inside elementor-pagination-position-inside elementor-widget elementor-widget-slides\" data-id=\"810837b\" data-element_type=\"widget\" data-e-type=\"widget\" data-settings=\"{&quot;navigation&quot;:&quot;both&quot;,&quot;autoplay&quot;:&quot;yes&quot;,&quot;pause_on_hover&quot;:&quot;yes&quot;,&quot;pause_on_interaction&quot;:&quot;yes&quot;,&quot;autoplay_speed&quot;:5000,&quot;infinite&quot;:&quot;yes&quot;,&quot;transition&quot;:&quot;slide&quot;,&quot;transition_speed&quot;:500}\" data-widget_type=\"slides.default\">\n\t\t\t\t<div class=\"elementor-widget-container\">\n\t\t\t\t\t\t\t\t\t<div class=\"elementor-swiper\">\n\t\t\t\t\t<div class=\"elementor-slides-wrapper elementor-main-swiper swiper\" role=\"region\" aria-roledescription=\"carousel\" aria-label=\"Slides\" dir=\"rtl\" data-animation=\"fadeInUp\">\n\t\t\t\t<div class=\"swiper-wrapper elementor-slides\">\n\t\t\t\t\t\t\t\t\t\t<div class=\"elementor-repeater-item-b7f66a8 swiper-slide\" role=\"group\" aria-roledescription=\"slide\"><div class=\"swiper-slide-bg\" role=\"img\" aria-label=\"Flagey\"><\/div><div class=\"swiper-slide-inner\" ><div class=\"swiper-slide-contents\"><\/div><\/div><\/div><div class=\"elementor-repeater-item-71be598 swiper-slide\" role=\"group\" aria-roledescription=\"slide\"><div class=\"swiper-slide-bg\" role=\"img\" aria-label=\"Flagey bars\"><\/div><div class=\"swiper-slide-inner\" ><div class=\"swiper-slide-contents\"><\/div><\/div><\/div><div class=\"elementor-repeater-item-9ea242b swiper-slide\" role=\"group\" aria-roledescription=\"slide\"><div class=\"swiper-slide-bg\" role=\"img\" aria-label=\"See U\"><\/div><div class=\"swiper-slide-inner\" ><div class=\"swiper-slide-contents\"><\/div><\/div><\/div><div class=\"elementor-repeater-item-e190451 swiper-slide\" role=\"group\" aria-roledescription=\"slide\"><div class=\"swiper-slide-bg\" role=\"img\" aria-label=\"Foto 20-03-22 10 41 07\"><\/div><div class=\"swiper-slide-inner\" ><div class=\"swiper-slide-contents\"><\/div><\/div><\/div><div class=\"elementor-repeater-item-3964136 swiper-slide\" role=\"group\" aria-roledescription=\"slide\"><div class=\"swiper-slide-bg\" role=\"img\" aria-label=\"Foto 20-03-22 10 42 59\"><\/div><div class=\"swiper-slide-inner\" ><div class=\"swiper-slide-contents\"><\/div><\/div><\/div><div class=\"elementor-repeater-item-d0fd697 swiper-slide\" role=\"group\" aria-roledescription=\"slide\"><div class=\"swiper-slide-bg\" role=\"img\" aria-label=\"Photo 20-03-22 10 46 19\"><\/div><div class=\"swiper-slide-inner\" ><div class=\"swiper-slide-contents\"><\/div><\/div><\/div><div class=\"elementor-repeater-item-166aae1 swiper-slide\" role=\"group\" aria-roledescription=\"slide\"><div class=\"swiper-slide-bg\" role=\"img\" aria-label=\"Foto 20-03-22 10 49 37\"><\/div><div class=\"swiper-slide-inner\" ><div class=\"swiper-slide-contents\"><\/div><\/div><\/div><div class=\"elementor-repeater-item-61d738e swiper-slide\" role=\"group\" aria-roledescription=\"slide\"><div class=\"swiper-slide-bg\" role=\"img\" aria-label=\"Photo 20-03-22 10 50 34\"><\/div><div class=\"swiper-slide-inner\" ><div class=\"swiper-slide-contents\"><\/div><\/div><\/div><div class=\"elementor-repeater-item-c56376b swiper-slide\" role=\"group\" aria-roledescription=\"slide\"><div class=\"swiper-slide-bg\" role=\"img\" aria-label=\"Photo 20-03-22 10 50 52\"><\/div><div class=\"swiper-slide-inner\" ><div class=\"swiper-slide-contents\"><\/div><\/div><\/div><div class=\"elementor-repeater-item-7e50d6d swiper-slide\" role=\"group\" aria-roledescription=\"slide\"><div class=\"swiper-slide-bg\" role=\"img\" aria-label=\"Foto 20-03-22 10 53 18\"><\/div><div class=\"swiper-slide-inner\" ><div class=\"swiper-slide-contents\"><\/div><\/div><\/div>\t\t\t\t<\/div>\n\t\t\t\t\t\t\t\t\t\t\t\t\t\t\t<div class=\"elementor-swiper-button elementor-swiper-button-prev\" role=\"button\" tabindex=\"0\" aria-label=\"Previous slide\" data-no-translation-aria-label=\"\">\n\t\t\t\t\t\t\t<i aria-hidden=\"true\" class=\"eicon-chevron-right\"><\/i>\t\t\t\t\t\t<\/div>\n\t\t\t\t\t\t<div class=\"elementor-swiper-button elementor-swiper-button-next\" role=\"button\" tabindex=\"0\" aria-label=\"Next slide\" data-no-translation-aria-label=\"\">\n\t\t\t\t\t\t\t<i aria-hidden=\"true\" class=\"eicon-chevron-left\"><\/i>\t\t\t\t\t\t<\/div>\n\t\t\t\t\t\t\t\t\t\t\t\t\t\t\t\t<div class=\"swiper-pagination\"><\/div>\n\t\t\t\t\t\t\t\t\t\t\t\t<\/div>\n\t\t\t\t<\/div>\n\t\t\t\t\t\t\t\t<\/div>\n\t\t\t\t<\/div>\n\t\t\t\t\t<\/div>\n\t\t<\/div>\n\t\t\t\t\t<\/div>\n\t\t<\/section>\n\t\t\t\t<section class=\"elementor-section elementor-top-section elementor-element elementor-element-83452c9 elementor-section-boxed elementor-section-height-default elementor-section-height-default\" data-id=\"83452c9\" data-element_type=\"section\" data-e-type=\"section\">\n\t\t\t\t\t\t<div class=\"elementor-container elementor-column-gap-default\">\n\t\t\t\t\t<div class=\"elementor-column elementor-col-100 elementor-top-column elementor-element elementor-element-8d746c9\" data-id=\"8d746c9\" data-element_type=\"column\" data-e-type=\"column\">\n\t\t\t<div class=\"elementor-widget-wrap elementor-element-populated\">\n\t\t\t\t\t\t<div class=\"elementor-element elementor-element-a494b09 elementor-widget elementor-widget-text-editor\" data-id=\"a494b09\" data-element_type=\"widget\" data-e-type=\"widget\" data-widget_type=\"text-editor.default\">\n\t\t\t\t<div class=\"elementor-widget-container\">\n\t\t\t\t\t\t\t\t\t<p style=\"text-align: center;\"><span style=\"text-decoration: underline;\"><strong>Fotos:<\/strong><\/span>\u00a0 Pascal Abundes\u00a0<\/p>\t\t\t\t\t\t\t\t<\/div>\n\t\t\t\t<\/div>\n\t\t\t\t\t<\/div>\n\t\t<\/div>\n\t\t\t\t\t<\/div>\n\t\t<\/section>\n\t\t\t\t<section class=\"elementor-section elementor-top-section elementor-element elementor-element-4677ed3 elementor-section-boxed elementor-section-height-default elementor-section-height-default\" data-id=\"4677ed3\" data-element_type=\"section\" data-e-type=\"section\">\n\t\t\t\t\t\t<div class=\"elementor-container elementor-column-gap-default\">\n\t\t\t\t\t<div class=\"elementor-column elementor-col-100 elementor-top-column elementor-element elementor-element-6571a96\" data-id=\"6571a96\" data-element_type=\"column\" data-e-type=\"column\">\n\t\t\t<div class=\"elementor-widget-wrap elementor-element-populated\">\n\t\t\t\t\t\t<div class=\"elementor-element elementor-element-ca25be8 elementor-widget elementor-widget-text-editor\" data-id=\"ca25be8\" data-element_type=\"widget\" data-e-type=\"widget\" data-widget_type=\"text-editor.default\">\n\t\t\t\t<div class=\"elementor-widget-container\">\n\t\t\t\t\t\t\t\t\t<p>\u00a0 \u00a0 \u00a0 \u00a0 \u00a0 \u00a0 \u00a0 \u00a0 \u00a0<strong><u>Kontakt:<\/u><\/strong>\u00a0\u00a0\u00a0\u00a0\u00a0\u00a0\u00a0\u00a0\u00a0\u00a0 <a href=\"http:\/\/www.ixelles.be\">www.ixelles.be<\/a> \u00a0\u00a0\u00a0\u00a0\u00a0\u00a0\u00a0\u00a0\u00a0\u00a0\u00a0\u00a0\u00a0Chauss\u00e9e d'Ixelles, 168 1050 Ixelles T 02 515 61 11<\/p>\t\t\t\t\t\t\t\t<\/div>\n\t\t\t\t<\/div>\n\t\t\t\t\t<\/div>\n\t\t<\/div>\n\t\t\t\t\t<\/div>\n\t\t<\/section>\n\t\t\t\t<\/div>","protected":false},"featured_media":0,"template":"","class_list":["post-2742","bruxelles-capitale","type-bruxelles-capitale","status-publish","hentry","entry"],"acf":[],"yoast_head":"<!-- This site is optimized with the Yoast SEO plugin v27.4 - https:\/\/yoast.com\/product\/yoast-seo-wordpress\/ -->\n<title>1050 Ixelles - Centre de sant\u00e9 le foyer<\/title>\n<meta name=\"robots\" content=\"index, follow, max-snippet:-1, max-image-preview:large, max-video-preview:-1\" \/>\n<link rel=\"canonical\" href=\"https:\/\/lefoyerxl.be\/de\/bruxelles-capitale\/1050-ixelles\/\" \/>\n<meta property=\"og:locale\" content=\"de_DE\" \/>\n<meta property=\"og:type\" content=\"article\" \/>\n<meta property=\"og:title\" content=\"1050 Ixelles - Centre de sant\u00e9 le foyer\" \/>\n<meta property=\"og:description\" content=\"IXELLES, LE KA\u00c9\u00cfDOSCOPE \u00a0 Au Sud-Est de Bruxelles-ville, Ixelles pr\u00e9sente&hellip; 1050 Ixelles weiterlesen\" \/>\n<meta property=\"og:url\" content=\"https:\/\/lefoyerxl.be\/de\/bruxelles-capitale\/1050-ixelles\/\" \/>\n<meta property=\"og:site_name\" content=\"Centre de sant\u00e9 le foyer\" \/>\n<meta property=\"article:modified_time\" content=\"2022-07-24T21:12:32+00:00\" \/>\n<meta name=\"twitter:card\" content=\"summary_large_image\" \/>\n<meta name=\"twitter:label1\" content=\"Gesch\u00e4tzte Lesezeit\" \/>\n\t<meta name=\"twitter:data1\" content=\"1\u00a0Minute\" \/>\n<script type=\"application\/ld+json\" class=\"yoast-schema-graph\">{\"@context\":\"https:\\\/\\\/schema.org\",\"@graph\":[{\"@type\":\"WebPage\",\"@id\":\"https:\\\/\\\/lefoyerxl.be\\\/bruxelles-capitale\\\/1050-ixelles\\\/\",\"url\":\"https:\\\/\\\/lefoyerxl.be\\\/bruxelles-capitale\\\/1050-ixelles\\\/\",\"name\":\"1050 Ixelles - Centre de sant\u00e9 le foyer\",\"isPartOf\":{\"@id\":\"https:\\\/\\\/lefoyerxl.be\\\/#website\"},\"datePublished\":\"2022-07-07T00:32:03+00:00\",\"dateModified\":\"2022-07-24T21:12:32+00:00\",\"breadcrumb\":{\"@id\":\"https:\\\/\\\/lefoyerxl.be\\\/bruxelles-capitale\\\/1050-ixelles\\\/#breadcrumb\"},\"inLanguage\":\"de\",\"potentialAction\":[{\"@type\":\"ReadAction\",\"target\":[\"https:\\\/\\\/lefoyerxl.be\\\/bruxelles-capitale\\\/1050-ixelles\\\/\"]}]},{\"@type\":\"BreadcrumbList\",\"@id\":\"https:\\\/\\\/lefoyerxl.be\\\/bruxelles-capitale\\\/1050-ixelles\\\/#breadcrumb\",\"itemListElement\":[{\"@type\":\"ListItem\",\"position\":1,\"name\":\"Accueil\",\"item\":\"https:\\\/\\\/lefoyerxl.be\\\/\"},{\"@type\":\"ListItem\",\"position\":2,\"name\":\"Articles Bruxelles Capitale\",\"item\":\"https:\\\/\\\/lefoyerxl.be\\\/bruxelles-capitale\\\/\"},{\"@type\":\"ListItem\",\"position\":3,\"name\":\"1050 Ixelles\"}]},{\"@type\":\"WebSite\",\"@id\":\"https:\\\/\\\/lefoyerxl.be\\\/#website\",\"url\":\"https:\\\/\\\/lefoyerxl.be\\\/\",\"name\":\"Centre de sant\u00e9 le foyer\",\"description\":\"\",\"publisher\":{\"@id\":\"https:\\\/\\\/lefoyerxl.be\\\/#organization\"},\"potentialAction\":[{\"@type\":\"SearchAction\",\"target\":{\"@type\":\"EntryPoint\",\"urlTemplate\":\"https:\\\/\\\/lefoyerxl.be\\\/?s={search_term_string}\"},\"query-input\":{\"@type\":\"PropertyValueSpecification\",\"valueRequired\":true,\"valueName\":\"search_term_string\"}}],\"inLanguage\":\"de\"},{\"@type\":\"Organization\",\"@id\":\"https:\\\/\\\/lefoyerxl.be\\\/#organization\",\"name\":\"Centre de sant\u00e9 le foyer\",\"url\":\"https:\\\/\\\/lefoyerxl.be\\\/\",\"logo\":{\"@type\":\"ImageObject\",\"inLanguage\":\"de\",\"@id\":\"https:\\\/\\\/lefoyerxl.be\\\/#\\\/schema\\\/logo\\\/image\\\/\",\"url\":\"https:\\\/\\\/lefoyerxl.be\\\/wp-content\\\/uploads\\\/2022\\\/05\\\/Logo_Centre_de_sante_Le_Foyer_72dpi.png\",\"contentUrl\":\"https:\\\/\\\/lefoyerxl.be\\\/wp-content\\\/uploads\\\/2022\\\/05\\\/Logo_Centre_de_sante_Le_Foyer_72dpi.png\",\"width\":800,\"height\":620,\"caption\":\"Centre de sant\u00e9 le foyer\"},\"image\":{\"@id\":\"https:\\\/\\\/lefoyerxl.be\\\/#\\\/schema\\\/logo\\\/image\\\/\"}}]}<\/script>\n<!-- \/ Yoast SEO plugin. -->","yoast_head_json":{"title":"1050 Ixelles - Gesundheitszentrum le foyer","robots":{"index":"index","follow":"follow","max-snippet":"max-snippet:-1","max-image-preview":"max-image-preview:large","max-video-preview":"max-video-preview:-1"},"canonical":"https:\/\/lefoyerxl.be\/de\/bruxelles-capitale\/1050-ixelles\/","og_locale":"de_DE","og_type":"article","og_title":"1050 Ixelles - Centre de sant\u00e9 le foyer","og_description":"IXELLES, LE KA\u00c9\u00cfDOSCOPE \u00a0 Au Sud-Est de Bruxelles-ville, Ixelles pr\u00e9sente&hellip; 1050 Ixelles weiterlesen","og_url":"https:\/\/lefoyerxl.be\/de\/bruxelles-capitale\/1050-ixelles\/","og_site_name":"Centre de sant\u00e9 le foyer","article_modified_time":"2022-07-24T21:12:32+00:00","twitter_card":"summary_large_image","twitter_misc":{"Gesch\u00e4tzte Lesezeit":"1\u00a0Minute"},"schema":{"@context":"https:\/\/schema.org","@graph":[{"@type":"WebPage","@id":"https:\/\/lefoyerxl.be\/bruxelles-capitale\/1050-ixelles\/","url":"https:\/\/lefoyerxl.be\/bruxelles-capitale\/1050-ixelles\/","name":"1050 Ixelles - Gesundheitszentrum le foyer","isPartOf":{"@id":"https:\/\/lefoyerxl.be\/#website"},"datePublished":"2022-07-07T00:32:03+00:00","dateModified":"2022-07-24T21:12:32+00:00","breadcrumb":{"@id":"https:\/\/lefoyerxl.be\/bruxelles-capitale\/1050-ixelles\/#breadcrumb"},"inLanguage":"de","potentialAction":[{"@type":"ReadAction","target":["https:\/\/lefoyerxl.be\/bruxelles-capitale\/1050-ixelles\/"]}]},{"@type":"BreadcrumbList","@id":"https:\/\/lefoyerxl.be\/bruxelles-capitale\/1050-ixelles\/#breadcrumb","itemListElement":[{"@type":"ListItem","position":1,"name":"Accueil","item":"https:\/\/lefoyerxl.be\/"},{"@type":"ListItem","position":2,"name":"Articles Bruxelles Capitale","item":"https:\/\/lefoyerxl.be\/bruxelles-capitale\/"},{"@type":"ListItem","position":3,"name":"1050 Ixelles"}]},{"@type":"WebSite","@id":"https:\/\/lefoyerxl.be\/#website","url":"https:\/\/lefoyerxl.be\/","name":"Gesundheitszentrum le foyer","description":"","publisher":{"@id":"https:\/\/lefoyerxl.be\/#organization"},"potentialAction":[{"@type":"SearchAction","target":{"@type":"EntryPoint","urlTemplate":"https:\/\/lefoyerxl.be\/?s={search_term_string}"},"query-input":{"@type":"PropertyValueSpecification","valueRequired":true,"valueName":"search_term_string"}}],"inLanguage":"de"},{"@type":"Organization","@id":"https:\/\/lefoyerxl.be\/#organization","name":"Gesundheitszentrum le foyer","url":"https:\/\/lefoyerxl.be\/","logo":{"@type":"ImageObject","inLanguage":"de","@id":"https:\/\/lefoyerxl.be\/#\/schema\/logo\/image\/","url":"https:\/\/lefoyerxl.be\/wp-content\/uploads\/2022\/05\/Logo_Centre_de_sante_Le_Foyer_72dpi.png","contentUrl":"https:\/\/lefoyerxl.be\/wp-content\/uploads\/2022\/05\/Logo_Centre_de_sante_Le_Foyer_72dpi.png","width":800,"height":620,"caption":"Centre de sant\u00e9 le foyer"},"image":{"@id":"https:\/\/lefoyerxl.be\/#\/schema\/logo\/image\/"}}]}},"_links":{"self":[{"href":"https:\/\/lefoyerxl.be\/de\/wp-json\/wp\/v2\/bruxelles-capitale\/2742","targetHints":{"allow":["GET"]}}],"collection":[{"href":"https:\/\/lefoyerxl.be\/de\/wp-json\/wp\/v2\/bruxelles-capitale"}],"about":[{"href":"https:\/\/lefoyerxl.be\/de\/wp-json\/wp\/v2\/types\/bruxelles-capitale"}],"version-history":[{"count":29,"href":"https:\/\/lefoyerxl.be\/de\/wp-json\/wp\/v2\/bruxelles-capitale\/2742\/revisions"}],"predecessor-version":[{"id":3249,"href":"https:\/\/lefoyerxl.be\/de\/wp-json\/wp\/v2\/bruxelles-capitale\/2742\/revisions\/3249"}],"wp:attachment":[{"href":"https:\/\/lefoyerxl.be\/de\/wp-json\/wp\/v2\/media?parent=2742"}],"curies":[{"name":"wp","href":"https:\/\/api.w.org\/{rel}","templated":true}]}}