{"id":2140,"date":"2022-07-05T04:22:49","date_gmt":"2022-07-05T02:22:49","guid":{"rendered":"https:\/\/lefoyerxl.be\/?post_type=bruxelles-capitale&#038;p=2140"},"modified":"2022-07-05T04:36:59","modified_gmt":"2022-07-05T02:36:59","slug":"bienvenu-a-bruxelles","status":"publish","type":"bruxelles-capitale","link":"https:\/\/lefoyerxl.be\/de\/bruxelles-capitale\/bienvenu-a-bruxelles\/","title":{"rendered":"Willkommen in Br\u00fcssel"},"content":{"rendered":"<div data-elementor-type=\"wp-post\" data-elementor-id=\"2140\" class=\"elementor elementor-2140\" data-elementor-post-type=\"bruxelles-capitale\">\n\t\t\t\t\t\t<section class=\"elementor-section elementor-top-section elementor-element elementor-element-138c6a4 elementor-section-boxed elementor-section-height-default elementor-section-height-default\" data-id=\"138c6a4\" data-element_type=\"section\" data-e-type=\"section\">\n\t\t\t\t\t\t<div class=\"elementor-container elementor-column-gap-default\">\n\t\t\t\t\t<div class=\"elementor-column elementor-col-100 elementor-top-column elementor-element elementor-element-a4341fb\" data-id=\"a4341fb\" data-element_type=\"column\" data-e-type=\"column\">\n\t\t\t<div class=\"elementor-widget-wrap elementor-element-populated\">\n\t\t\t\t\t\t<div class=\"elementor-element elementor-element-91f2a04 elementor--h-position-center elementor--v-position-middle elementor-arrows-position-inside elementor-pagination-position-inside elementor-widget elementor-widget-slides\" data-id=\"91f2a04\" data-element_type=\"widget\" data-e-type=\"widget\" data-settings=\"{&quot;navigation&quot;:&quot;both&quot;,&quot;autoplay&quot;:&quot;yes&quot;,&quot;pause_on_hover&quot;:&quot;yes&quot;,&quot;pause_on_interaction&quot;:&quot;yes&quot;,&quot;autoplay_speed&quot;:5000,&quot;infinite&quot;:&quot;yes&quot;,&quot;transition&quot;:&quot;slide&quot;,&quot;transition_speed&quot;:500}\" data-widget_type=\"slides.default\">\n\t\t\t\t<div class=\"elementor-widget-container\">\n\t\t\t\t\t\t\t\t\t<div class=\"elementor-swiper\">\n\t\t\t\t\t<div class=\"elementor-slides-wrapper elementor-main-swiper swiper\" role=\"region\" aria-roledescription=\"carousel\" aria-label=\"Slides\" dir=\"ltr\" data-animation=\"fadeInUp\">\n\t\t\t\t<div class=\"swiper-wrapper elementor-slides\">\n\t\t\t\t\t\t\t\t\t\t<div class=\"elementor-repeater-item-2a0e703 swiper-slide\" role=\"group\" aria-roledescription=\"slide\"><div class=\"swiper-slide-bg\" role=\"img\" aria-label=\"50naire\"><\/div><div class=\"swiper-slide-inner\" ><div class=\"swiper-slide-contents\"><\/div><\/div><\/div><div class=\"elementor-repeater-item-26ff793 swiper-slide\" role=\"group\" aria-roledescription=\"slide\"><div class=\"swiper-slide-bg\" role=\"img\" aria-label=\"IMG_2933-Modifier\"><\/div><div class=\"swiper-slide-inner\" ><div class=\"swiper-slide-contents\"><\/div><\/div><\/div><div class=\"elementor-repeater-item-69a79cc swiper-slide\" role=\"group\" aria-roledescription=\"slide\"><div class=\"swiper-slide-bg\" role=\"img\" aria-label=\"Gare de Schaerbeek\"><\/div><div class=\"swiper-slide-inner\" ><div class=\"swiper-slide-contents\"><\/div><\/div><\/div><div class=\"elementor-repeater-item-6d6d956 swiper-slide\" role=\"group\" aria-roledescription=\"slide\"><div class=\"swiper-slide-bg\" role=\"img\" aria-label=\"Sengohr\"><\/div><div class=\"swiper-slide-inner\" ><div class=\"swiper-slide-contents\"><\/div><\/div><\/div><div class=\"elementor-repeater-item-bbc2551 swiper-slide\" role=\"group\" aria-roledescription=\"slide\"><div class=\"swiper-slide-bg\" role=\"img\" aria-label=\"Flagey\"><\/div><div class=\"swiper-slide-inner\" ><div class=\"swiper-slide-contents\"><\/div><\/div><\/div><div class=\"elementor-repeater-item-348ae16 swiper-slide\" role=\"group\" aria-roledescription=\"slide\"><div class=\"swiper-slide-bg\" role=\"img\" aria-label=\"Horta 2\"><\/div><div class=\"swiper-slide-inner\" ><div class=\"swiper-slide-contents\"><\/div><\/div><\/div><div class=\"elementor-repeater-item-0f7061e swiper-slide\" role=\"group\" aria-roledescription=\"slide\"><div class=\"swiper-slide-bg\" role=\"img\" aria-label=\"Place de la Vaillance\"><\/div><div class=\"swiper-slide-inner\" ><div class=\"swiper-slide-contents\"><\/div><\/div><\/div><div class=\"elementor-repeater-item-6522819 swiper-slide\" role=\"group\" aria-roledescription=\"slide\"><div class=\"swiper-slide-bg\" role=\"img\" aria-label=\"Canal\"><\/div><div class=\"swiper-slide-inner\" ><div class=\"swiper-slide-contents\"><\/div><\/div><\/div><div class=\"elementor-repeater-item-301cd2a swiper-slide\" role=\"group\" aria-roledescription=\"slide\"><div class=\"swiper-slide-bg\" role=\"img\" aria-label=\"IMG_2917\"><\/div><div class=\"swiper-slide-inner\" ><div class=\"swiper-slide-contents\"><\/div><\/div><\/div><div class=\"elementor-repeater-item-6e37635 swiper-slide\" role=\"group\" aria-roledescription=\"slide\"><div class=\"swiper-slide-bg\" role=\"img\" aria-label=\"20220511_121341\"><\/div><div class=\"swiper-slide-inner\" ><div class=\"swiper-slide-contents\"><\/div><\/div><\/div><div class=\"elementor-repeater-item-16cc522 swiper-slide\" role=\"group\" aria-roledescription=\"slide\"><div class=\"swiper-slide-bg\" role=\"img\" aria-label=\"Rond point Chruchill\"><\/div><div class=\"swiper-slide-inner\" ><div class=\"swiper-slide-contents\"><\/div><\/div><\/div><div class=\"elementor-repeater-item-cf92775 swiper-slide\" role=\"group\" aria-roledescription=\"slide\"><div class=\"swiper-slide-bg\" role=\"img\" aria-label=\"Urban expo\"><\/div><div class=\"swiper-slide-inner\" ><div class=\"swiper-slide-contents\"><\/div><\/div><\/div><div class=\"elementor-repeater-item-eb3bf76 swiper-slide\" role=\"group\" aria-roledescription=\"slide\"><div class=\"swiper-slide-bg\" role=\"img\" aria-label=\"Botanique\"><\/div><div class=\"swiper-slide-inner\" ><div class=\"swiper-slide-contents\"><\/div><\/div><\/div><div class=\"elementor-repeater-item-d77638c swiper-slide\" role=\"group\" aria-roledescription=\"slide\"><div class=\"swiper-slide-bg\" role=\"img\" aria-label=\"20220511_124401\"><\/div><div class=\"swiper-slide-inner\" ><div class=\"swiper-slide-contents\"><\/div><\/div><\/div>\t\t\t\t<\/div>\n\t\t\t\t\t\t\t\t\t\t\t\t\t\t\t<div class=\"elementor-swiper-button elementor-swiper-button-prev\" role=\"button\" tabindex=\"0\" aria-label=\"Vorige dia\" data-no-translation-aria-label=\"\">\n\t\t\t\t\t\t\t<i aria-hidden=\"true\" class=\"eicon-chevron-left\"><\/i>\t\t\t\t\t\t<\/div>\n\t\t\t\t\t\t<div class=\"elementor-swiper-button elementor-swiper-button-next\" role=\"button\" tabindex=\"0\" aria-label=\"Volgende dia\" data-no-translation-aria-label=\"\">\n\t\t\t\t\t\t\t<i aria-hidden=\"true\" class=\"eicon-chevron-right\"><\/i>\t\t\t\t\t\t<\/div>\n\t\t\t\t\t\t\t\t\t\t\t\t\t\t\t\t<div class=\"swiper-pagination\"><\/div>\n\t\t\t\t\t\t\t\t\t\t\t\t<\/div>\n\t\t\t\t<\/div>\n\t\t\t\t\t\t\t\t<\/div>\n\t\t\t\t<\/div>\n\t\t\t\t\t<\/div>\n\t\t<\/div>\n\t\t\t\t\t<\/div>\n\t\t<\/section>\n\t\t\t\t<section class=\"elementor-section elementor-top-section elementor-element elementor-element-24ca759 elementor-section-boxed elementor-section-height-default elementor-section-height-default\" data-id=\"24ca759\" data-element_type=\"section\" data-e-type=\"section\">\n\t\t\t\t\t\t<div class=\"elementor-container elementor-column-gap-default\">\n\t\t\t\t\t<div class=\"elementor-column elementor-col-100 elementor-top-column elementor-element elementor-element-1774edb\" data-id=\"1774edb\" data-element_type=\"column\" data-e-type=\"column\">\n\t\t\t<div class=\"elementor-widget-wrap\">\n\t\t\t\t\t\t\t<\/div>\n\t\t<\/div>\n\t\t\t\t\t<\/div>\n\t\t<\/section>\n\t\t\t\t<section class=\"elementor-section elementor-top-section elementor-element elementor-element-119aed6 elementor-section-boxed elementor-section-height-default elementor-section-height-default\" data-id=\"119aed6\" data-element_type=\"section\" data-e-type=\"section\">\n\t\t\t\t\t\t<div class=\"elementor-container elementor-column-gap-default\">\n\t\t\t\t\t<div class=\"elementor-column elementor-col-100 elementor-top-column elementor-element elementor-element-8dd41d3\" data-id=\"8dd41d3\" data-element_type=\"column\" data-e-type=\"column\">\n\t\t\t<div class=\"elementor-widget-wrap elementor-element-populated\">\n\t\t\t\t\t\t<div class=\"elementor-element elementor-element-9b6e6e0 elementor-widget elementor-widget-text-editor\" data-id=\"9b6e6e0\" data-element_type=\"widget\" data-e-type=\"widget\" data-widget_type=\"text-editor.default\">\n\t\t\t\t<div class=\"elementor-widget-container\">\n\t\t\t\t\t\t\t\t\t<p><span style=\"text-decoration: underline;\"><strong>Multikulturelles Br\u00fcssel <\/strong><\/span><\/p><p>\u00a0<\/p><p>Offiziell werden in Br\u00fcssel zwei Sprachen gesprochen, Franz\u00f6sisch (die Mehrheit) und Niederl\u00e4ndisch. Sie werden gl\u00fccklicherweise \u00fcberrascht sein, denn der Belgier kommt sehr gut mit Englisch zurecht und wenn Sie auf der Stra\u00dfe spazieren gehen, h\u00f6ren Sie alle Sprachen der Welt. Br\u00fcssel ist vor allem eine multikulturelle Stadt. Die Sitze der gro\u00dfen internationalen Organisationen und alles, was drumherum passiert, bereichern die Stadt mit Dutzenden von Nationalit\u00e4ten. Sie werden garantiert Freunde finden! Und als Sahneh\u00e4ubchen auf dem Kuchen bleibt Br\u00fcssel eine Hauptstadt von menschlicher Gr\u00f6\u00dfe.<\/p><p>\u00a0<\/p><p>Das Bildungswesen hat sich angepasst und Br\u00fcssel beherbergt eine gro\u00dfe Anzahl internationaler Schulen. Auch die englischsprachige Hochschulbildung kommt nicht zu kurz.<\/p><p>\u00a0<\/p><p><span style=\"text-decoration: underline;\"><strong>Der Br\u00fcsseler Lebensraum <\/strong><\/span><\/p><p>\u00a0<\/p><p>Im Vergleich zu anderen gro\u00dfen Hauptst\u00e4dten sind die Preise f\u00fcr Unterk\u00fcnfte erschwinglich. Sie werden ohne Schwierigkeiten eine Unterkunft finden. Das im Allgemeinen qualitativ hochwertige Angebot ist gro\u00df und vielf\u00e4ltig. W\u00e4hrend das Zentrum von Br\u00fcssel sch\u00f6ne Wohnungen oder \"Br\u00fcsseler H\u00e4user\" mit einem kleinen Gr\u00fcnstreifen bietet, gibt es in den etwas weiter au\u00dferhalb liegenden Gemeinden sch\u00f6ne G\u00e4rten.<\/p><p>\u00a0<\/p><p><span style=\"text-decoration: underline;\"><strong>Br\u00fcssel Zentrum Europas <\/strong><\/span><\/p><p><strong>\u00a0<\/strong><\/p><p>Belgien ist ein kleines Land, grenzt aber dennoch an vier L\u00e4nder: Holland, Deutschland, Luxemburg und Frankreich. Hier ist es nicht weit zu nichts, an einem Wochenende kannst du mehrere L\u00e4nder durchqueren. Ein dichtes Netz von Autobahnen erleichtert das Reisen. Die Flugh\u00e4fen Zaventem und Br\u00fcssel-S\u00fcd Charleroi bieten gute Verbindungen. Die Schnellz\u00fcge TGV, Thalys, ... ebenfalls.<\/p><p>\u00a0<\/p><p><strong><u>Gr\u00fcnes Br\u00fcssel <\/u><\/strong><\/p><p>\u00a0<\/p><p>Br\u00fcssel ist zweifellos eine gr\u00fcne Hauptstadt. Auch wenn die Urbanisierung nicht immer gl\u00fccklich war, bieten der Wald von Soignes (am Rande der Stadt) und der Bois de la Cambre (in der Stadt) die M\u00f6glichkeit, dem Alltag zu entfliehen. Aber auch eine gro\u00dfe Anzahl sch\u00f6n angelegter und gepflegter Parks lockert jede der Br\u00fcsseler Gemeinden auf.<\/p><p>\u00a0<\/p><p><strong><u>Spazierg\u00e4nge in Br\u00fcssel <\/u><\/strong><\/p><p>\u00a0<\/p><p>Es gibt nichts, was mehr Spa\u00df macht, als Br\u00fcssel zu besuchen. Sie werden fasziniert sein vom alten Br\u00fcssel aus dem 17. Jahrhundert, den zahlreichen Art-Deco- und Jugendstilh\u00e4usern, den majest\u00e4tischen Bauten, die von K\u00f6nig Leopold II. initiiert wurden, der Br\u00fcsseler Stadtentwicklung der 60er Jahre, den von Comics inspirierten Wandmalereien, der Vielzahl an Museen und der M\u00f6glichkeit, Br\u00fcssel zu Fu\u00df, mit dem Fahrrad, beim Joggen, mit einem 2CV oder mit dem Boot zu erkunden ..... Von Manneken pis bis zum Atomium und nicht zu vergessen die Comic-Wandmalereien in den Br\u00fcsseler Stra\u00dfen - Sie werden nie genug bekommen!<\/p><p>\u00a0<\/p><p><strong><u>Br\u00fcssel, seine Feinschmecker-Spezialit\u00e4ten <\/u><\/strong><\/p><p>\u00a0<\/p><p>Und einige andere Spezialit\u00e4ten.<\/p><p>\u00a0<\/p><p>Br\u00fcsseler Waffeln: Ein leichter, knuspriger Teig mit Bel\u00e4gen nach Ihrer Wahl, von denen der letzte ein herzhafter Belag ist, wird Sie begeistern.<\/p><p>Spekulatius: Mit Zimt, Muskatnuss, Nelken und braunem Zucker aromatisiert sind sie Ihnen sicher schon bekannt, da sie auch au\u00dferhalb unserer Grenzen immer beliebter werden.<\/p><p>\u00a0<\/p><p>Pommes frites: Die Pommesbude? Sie finden sie \u00fcberall in der Hauptstadt, Sie werden verr\u00fcckt danach sein! Sie sind immer gut, denn die Konkurrenz zwingt sie zur Qualit\u00e4t. Jedes Jahr wird der beste \"Fritkot\" gew\u00e4hlt ... Fortsetzung folgt.<\/p><p>\u00a0<\/p><p>Bier: Die Belgier stellen mehr als ... verschiedene Sorten her. In der Hauptstadt bl\u00fchen Mikrobrauereien, die ihr eigenes Bier herstellen und Sie es vor Ort probieren lassen. Es gibt ein Museum f\u00fcr Bier und die ehemalige B\u00f6rse in Br\u00fcssel wird in K\u00fcrze zum \"Belgian Beer Palace\" umgebaut.<\/p><p>\u00a0<\/p><p><strong><u>Man am\u00fcsiert sich in Br\u00fcssel <\/u><\/strong><\/p><p>\u00a0<\/p><p>Br\u00fcssel ist eine festliche Stadt. Die Region Br\u00fcssel- Hauptstadt setzt ihre ganze Energie ein, um die Bev\u00f6lkerung das ganze Jahr \u00fcber und besonders in den sch\u00f6nen Monaten mit Veranstaltungen, Festivals, Auff\u00fchrungen und Laufveranstaltungen in der Stadt und den Parks zu beleben und zu erfreuen. Auch private Initiativen scheuen keine M\u00fchen. Das kulturelle Leben ist reich und r\u00e4umt der Avantgarde einen wichtigen Platz ein. In Br\u00fcssel kommt keine Langeweile auf.<\/p><p>\u00a0<\/p><p><strong><u>In Br\u00fcssel bewegen <\/u><\/strong><\/p><p>\u00a0<\/p><p>Man muss zugeben, dass die Mobilit\u00e4t in Br\u00fcssel problematisch ist. Zu den Hauptverkehrszeiten gibt es viele Staus. Baustellen sind allgegenw\u00e4rtig. Warten wir geduldig, bis sie fertig sind ... das wird das Paradies sein! Die ersten Nutznie\u00dfer werden die Pendler sein, die t\u00e4glich nach Br\u00fcssel fahren, um dort zu arbeiten. Aber keine Sorge, die \u00f6ffentlichen Verkehrsmittel funktionieren gut und der Trend zu gemeinsam genutzten Autos, Fahrr\u00e4dern und Tretrollern ist in vollem Gange! Bald wird sich jeder anders bewegen!<\/p><p>\u00a0<\/p><p><strong><u>Gesundheit in Br\u00fcssel <\/u><\/strong><\/p><p>\u00a0<\/p><p>Belgien ist in der gl\u00fccklichen Lage, \u00fcber ein sehr gutes Sozialversicherungssystem und eine sehr gute Gesundheitsversorgung zu verf\u00fcgen. Sie haben das Recht, Ihren Arzt zu w\u00e4hlen, und in der Regel sind sie sehr hilfsbereit. Sie m\u00fcssen nicht viel Geld ausgeben, um sich medizinisch versorgen zu lassen.<\/p><p>\u00a0<\/p>\t\t\t\t\t\t\t\t<\/div>\n\t\t\t\t<\/div>\n\t\t\t\t\t<\/div>\n\t\t<\/div>\n\t\t\t\t\t<\/div>\n\t\t<\/section>\n\t\t\t\t<\/div>","protected":false},"featured_media":0,"template":"","class_list":["post-2140","bruxelles-capitale","type-bruxelles-capitale","status-publish","hentry","entry"],"acf":[],"yoast_head":"<!-- This site is optimized with the Yoast SEO plugin v27.4 - https:\/\/yoast.com\/product\/yoast-seo-wordpress\/ -->\n<title>Bienvenu \u00e0 Bruxelles - Centre de sant\u00e9 le foyer<\/title>\n<meta name=\"robots\" content=\"index, follow, max-snippet:-1, max-image-preview:large, max-video-preview:-1\" \/>\n<link rel=\"canonical\" href=\"https:\/\/lefoyerxl.be\/de\/bruxelles-capitale\/bienvenu-a-bruxelles\/\" \/>\n<meta property=\"og:locale\" content=\"de_DE\" \/>\n<meta property=\"og:type\" content=\"article\" \/>\n<meta property=\"og:title\" content=\"Bienvenu \u00e0 Bruxelles - Centre de sant\u00e9 le foyer\" \/>\n<meta property=\"og:description\" content=\"Pr\u00e9c\u00e9dent Suivant Bruxelles multiculturelle \u00a0 Officiellement on parle deux langues&hellip; Bienvenu \u00e0 Bruxelles weiterlesen\" \/>\n<meta property=\"og:url\" content=\"https:\/\/lefoyerxl.be\/de\/bruxelles-capitale\/bienvenu-a-bruxelles\/\" \/>\n<meta property=\"og:site_name\" content=\"Centre de sant\u00e9 le foyer\" \/>\n<meta property=\"article:modified_time\" content=\"2022-07-05T02:36:59+00:00\" \/>\n<meta name=\"twitter:card\" content=\"summary_large_image\" \/>\n<meta name=\"twitter:label1\" content=\"Gesch\u00e4tzte Lesezeit\" \/>\n\t<meta name=\"twitter:data1\" content=\"4\u00a0Minuten\" \/>\n<script type=\"application\/ld+json\" class=\"yoast-schema-graph\">{\"@context\":\"https:\\\/\\\/schema.org\",\"@graph\":[{\"@type\":\"WebPage\",\"@id\":\"https:\\\/\\\/lefoyerxl.be\\\/bruxelles-capitale\\\/bienvenu-a-bruxelles\\\/\",\"url\":\"https:\\\/\\\/lefoyerxl.be\\\/bruxelles-capitale\\\/bienvenu-a-bruxelles\\\/\",\"name\":\"Bienvenu \u00e0 Bruxelles - Centre de sant\u00e9 le foyer\",\"isPartOf\":{\"@id\":\"https:\\\/\\\/lefoyerxl.be\\\/#website\"},\"datePublished\":\"2022-07-05T02:22:49+00:00\",\"dateModified\":\"2022-07-05T02:36:59+00:00\",\"breadcrumb\":{\"@id\":\"https:\\\/\\\/lefoyerxl.be\\\/bruxelles-capitale\\\/bienvenu-a-bruxelles\\\/#breadcrumb\"},\"inLanguage\":\"de\",\"potentialAction\":[{\"@type\":\"ReadAction\",\"target\":[\"https:\\\/\\\/lefoyerxl.be\\\/bruxelles-capitale\\\/bienvenu-a-bruxelles\\\/\"]}]},{\"@type\":\"BreadcrumbList\",\"@id\":\"https:\\\/\\\/lefoyerxl.be\\\/bruxelles-capitale\\\/bienvenu-a-bruxelles\\\/#breadcrumb\",\"itemListElement\":[{\"@type\":\"ListItem\",\"position\":1,\"name\":\"Accueil\",\"item\":\"https:\\\/\\\/lefoyerxl.be\\\/\"},{\"@type\":\"ListItem\",\"position\":2,\"name\":\"Articles Bruxelles Capitale\",\"item\":\"https:\\\/\\\/lefoyerxl.be\\\/bruxelles-capitale\\\/\"},{\"@type\":\"ListItem\",\"position\":3,\"name\":\"Bienvenu \u00e0 Bruxelles\"}]},{\"@type\":\"WebSite\",\"@id\":\"https:\\\/\\\/lefoyerxl.be\\\/#website\",\"url\":\"https:\\\/\\\/lefoyerxl.be\\\/\",\"name\":\"Centre de sant\u00e9 le foyer\",\"description\":\"\",\"publisher\":{\"@id\":\"https:\\\/\\\/lefoyerxl.be\\\/#organization\"},\"potentialAction\":[{\"@type\":\"SearchAction\",\"target\":{\"@type\":\"EntryPoint\",\"urlTemplate\":\"https:\\\/\\\/lefoyerxl.be\\\/?s={search_term_string}\"},\"query-input\":{\"@type\":\"PropertyValueSpecification\",\"valueRequired\":true,\"valueName\":\"search_term_string\"}}],\"inLanguage\":\"de\"},{\"@type\":\"Organization\",\"@id\":\"https:\\\/\\\/lefoyerxl.be\\\/#organization\",\"name\":\"Centre de sant\u00e9 le foyer\",\"url\":\"https:\\\/\\\/lefoyerxl.be\\\/\",\"logo\":{\"@type\":\"ImageObject\",\"inLanguage\":\"de\",\"@id\":\"https:\\\/\\\/lefoyerxl.be\\\/#\\\/schema\\\/logo\\\/image\\\/\",\"url\":\"https:\\\/\\\/lefoyerxl.be\\\/wp-content\\\/uploads\\\/2022\\\/05\\\/Logo_Centre_de_sante_Le_Foyer_72dpi.png\",\"contentUrl\":\"https:\\\/\\\/lefoyerxl.be\\\/wp-content\\\/uploads\\\/2022\\\/05\\\/Logo_Centre_de_sante_Le_Foyer_72dpi.png\",\"width\":800,\"height\":620,\"caption\":\"Centre de sant\u00e9 le foyer\"},\"image\":{\"@id\":\"https:\\\/\\\/lefoyerxl.be\\\/#\\\/schema\\\/logo\\\/image\\\/\"}}]}<\/script>\n<!-- \/ Yoast SEO plugin. -->","yoast_head_json":{"title":"Willkommen in Br\u00fcssel - Gesundheitszentrum le foyer","robots":{"index":"index","follow":"follow","max-snippet":"max-snippet:-1","max-image-preview":"max-image-preview:large","max-video-preview":"max-video-preview:-1"},"canonical":"https:\/\/lefoyerxl.be\/de\/bruxelles-capitale\/bienvenu-a-bruxelles\/","og_locale":"de_DE","og_type":"article","og_title":"Bienvenu \u00e0 Bruxelles - Centre de sant\u00e9 le foyer","og_description":"Pr\u00e9c\u00e9dent Suivant Bruxelles multiculturelle \u00a0 Officiellement on parle deux langues&hellip; Bienvenu \u00e0 Bruxelles weiterlesen","og_url":"https:\/\/lefoyerxl.be\/de\/bruxelles-capitale\/bienvenu-a-bruxelles\/","og_site_name":"Centre de sant\u00e9 le foyer","article_modified_time":"2022-07-05T02:36:59+00:00","twitter_card":"summary_large_image","twitter_misc":{"Gesch\u00e4tzte Lesezeit":"4\u00a0Minuten"},"schema":{"@context":"https:\/\/schema.org","@graph":[{"@type":"WebPage","@id":"https:\/\/lefoyerxl.be\/bruxelles-capitale\/bienvenu-a-bruxelles\/","url":"https:\/\/lefoyerxl.be\/bruxelles-capitale\/bienvenu-a-bruxelles\/","name":"Willkommen in Br\u00fcssel - Gesundheitszentrum le foyer","isPartOf":{"@id":"https:\/\/lefoyerxl.be\/#website"},"datePublished":"2022-07-05T02:22:49+00:00","dateModified":"2022-07-05T02:36:59+00:00","breadcrumb":{"@id":"https:\/\/lefoyerxl.be\/bruxelles-capitale\/bienvenu-a-bruxelles\/#breadcrumb"},"inLanguage":"de","potentialAction":[{"@type":"ReadAction","target":["https:\/\/lefoyerxl.be\/bruxelles-capitale\/bienvenu-a-bruxelles\/"]}]},{"@type":"BreadcrumbList","@id":"https:\/\/lefoyerxl.be\/bruxelles-capitale\/bienvenu-a-bruxelles\/#breadcrumb","itemListElement":[{"@type":"ListItem","position":1,"name":"Accueil","item":"https:\/\/lefoyerxl.be\/"},{"@type":"ListItem","position":2,"name":"Articles Bruxelles Capitale","item":"https:\/\/lefoyerxl.be\/bruxelles-capitale\/"},{"@type":"ListItem","position":3,"name":"Bienvenu \u00e0 Bruxelles"}]},{"@type":"WebSite","@id":"https:\/\/lefoyerxl.be\/#website","url":"https:\/\/lefoyerxl.be\/","name":"Gesundheitszentrum le foyer","description":"","publisher":{"@id":"https:\/\/lefoyerxl.be\/#organization"},"potentialAction":[{"@type":"SearchAction","target":{"@type":"EntryPoint","urlTemplate":"https:\/\/lefoyerxl.be\/?s={search_term_string}"},"query-input":{"@type":"PropertyValueSpecification","valueRequired":true,"valueName":"search_term_string"}}],"inLanguage":"de"},{"@type":"Organization","@id":"https:\/\/lefoyerxl.be\/#organization","name":"Gesundheitszentrum le foyer","url":"https:\/\/lefoyerxl.be\/","logo":{"@type":"ImageObject","inLanguage":"de","@id":"https:\/\/lefoyerxl.be\/#\/schema\/logo\/image\/","url":"https:\/\/lefoyerxl.be\/wp-content\/uploads\/2022\/05\/Logo_Centre_de_sante_Le_Foyer_72dpi.png","contentUrl":"https:\/\/lefoyerxl.be\/wp-content\/uploads\/2022\/05\/Logo_Centre_de_sante_Le_Foyer_72dpi.png","width":800,"height":620,"caption":"Centre de sant\u00e9 le foyer"},"image":{"@id":"https:\/\/lefoyerxl.be\/#\/schema\/logo\/image\/"}}]}},"_links":{"self":[{"href":"https:\/\/lefoyerxl.be\/de\/wp-json\/wp\/v2\/bruxelles-capitale\/2140","targetHints":{"allow":["GET"]}}],"collection":[{"href":"https:\/\/lefoyerxl.be\/de\/wp-json\/wp\/v2\/bruxelles-capitale"}],"about":[{"href":"https:\/\/lefoyerxl.be\/de\/wp-json\/wp\/v2\/types\/bruxelles-capitale"}],"version-history":[{"count":6,"href":"https:\/\/lefoyerxl.be\/de\/wp-json\/wp\/v2\/bruxelles-capitale\/2140\/revisions"}],"predecessor-version":[{"id":2162,"href":"https:\/\/lefoyerxl.be\/de\/wp-json\/wp\/v2\/bruxelles-capitale\/2140\/revisions\/2162"}],"wp:attachment":[{"href":"https:\/\/lefoyerxl.be\/de\/wp-json\/wp\/v2\/media?parent=2140"}],"curies":[{"name":"wp","href":"https:\/\/api.w.org\/{rel}","templated":true}]}}