{"id":2042,"date":"2022-07-05T01:28:19","date_gmt":"2022-07-04T23:28:19","guid":{"rendered":"https:\/\/lefoyerxl.be\/?post_type=bruxelles-capitale&#038;p=2042"},"modified":"2022-07-22T19:22:40","modified_gmt":"2022-07-22T17:22:40","slug":"bruxelles-19-communes","status":"publish","type":"bruxelles-capitale","link":"https:\/\/lefoyerxl.be\/de\/bruxelles-capitale\/bruxelles-19-kommunen\/","title":{"rendered":"Br\u00fcssel, 19 Gemeinden"},"content":{"rendered":"<div data-elementor-type=\"wp-post\" data-elementor-id=\"2042\" class=\"elementor elementor-2042\" data-elementor-post-type=\"bruxelles-capitale\">\n\t\t\t\t\t\t<section class=\"elementor-section elementor-top-section elementor-element elementor-element-31d8ab6 elementor-section-boxed elementor-section-height-default elementor-section-height-default\" data-id=\"31d8ab6\" data-element_type=\"section\" data-e-type=\"section\">\n\t\t\t\t\t\t<div class=\"elementor-container elementor-column-gap-default\">\n\t\t\t\t\t<div class=\"elementor-column elementor-col-100 elementor-top-column elementor-element elementor-element-b85505d\" data-id=\"b85505d\" data-element_type=\"column\" data-e-type=\"column\">\n\t\t\t<div class=\"elementor-widget-wrap elementor-element-populated\">\n\t\t\t\t\t\t<div class=\"elementor-element elementor-element-8b8b5a0 elementor-widget elementor-widget-heading\" data-id=\"8b8b5a0\" data-element_type=\"widget\" data-e-type=\"widget\" data-widget_type=\"heading.default\">\n\t\t\t\t<div class=\"elementor-widget-container\">\n\t\t\t\t\t<h2 class=\"elementor-heading-title elementor-size-default\">Die Gemeinden sind in der Reihenfolge ihrer Postleitzahlen aufgef\u00fchrt<br><\/h2>\t\t\t\t<\/div>\n\t\t\t\t<\/div>\n\t\t\t\t\t<\/div>\n\t\t<\/div>\n\t\t\t\t\t<\/div>\n\t\t<\/section>\n\t\t\t\t<section class=\"elementor-section elementor-top-section elementor-element elementor-element-cf3bea8 elementor-section-boxed elementor-section-height-default elementor-section-height-default\" data-id=\"cf3bea8\" data-element_type=\"section\" data-e-type=\"section\">\n\t\t\t\t\t\t<div class=\"elementor-container elementor-column-gap-default\">\n\t\t\t\t\t<div class=\"elementor-column elementor-col-100 elementor-top-column elementor-element elementor-element-be592a0\" data-id=\"be592a0\" data-element_type=\"column\" data-e-type=\"column\">\n\t\t\t<div class=\"elementor-widget-wrap elementor-element-populated\">\n\t\t\t\t\t\t<div class=\"elementor-element elementor-element-ac5a83b elementor-widget elementor-widget-image\" data-id=\"ac5a83b\" data-element_type=\"widget\" data-e-type=\"widget\" data-widget_type=\"image.default\">\n\t\t\t\t<div class=\"elementor-widget-container\">\n\t\t\t\t\t\t\t\t\t\t\t\t\t\t\t<img fetchpriority=\"high\" decoding=\"async\" width=\"412\" height=\"362\" src=\"https:\/\/lefoyerxl.be\/wp-content\/uploads\/2022\/07\/Bruxelles.png\" class=\"attachment-large size-large wp-image-2056\" alt=\"\" srcset=\"https:\/\/lefoyerxl.be\/wp-content\/uploads\/2022\/07\/Bruxelles.png 412w, https:\/\/lefoyerxl.be\/wp-content\/uploads\/2022\/07\/Bruxelles-300x264.png 300w, https:\/\/lefoyerxl.be\/wp-content\/uploads\/2022\/07\/Bruxelles-14x12.png 14w\" sizes=\"(max-width: 412px) 100vw, 412px\" style=\"width:100%;height:87.86%;max-width:412px\" \/>\t\t\t\t\t\t\t\t\t\t\t\t\t\t\t<\/div>\n\t\t\t\t<\/div>\n\t\t\t\t\t<\/div>\n\t\t<\/div>\n\t\t\t\t\t<\/div>\n\t\t<\/section>\n\t\t\t\t<section class=\"elementor-section elementor-top-section elementor-element elementor-element-78ac4fd elementor-section-boxed elementor-section-height-default elementor-section-height-default\" data-id=\"78ac4fd\" data-element_type=\"section\" data-e-type=\"section\">\n\t\t\t\t\t\t<div class=\"elementor-container elementor-column-gap-default\">\n\t\t\t\t\t<div class=\"elementor-column elementor-col-25 elementor-top-column elementor-element elementor-element-8581cf2\" data-id=\"8581cf2\" data-element_type=\"column\" data-e-type=\"column\">\n\t\t\t<div class=\"elementor-widget-wrap elementor-element-populated\">\n\t\t\t\t\t\t<div class=\"elementor-element elementor-element-497445d elementor-widget elementor-widget-text-editor\" data-id=\"497445d\" data-element_type=\"widget\" data-e-type=\"widget\" data-widget_type=\"text-editor.default\">\n\t\t\t\t<div class=\"elementor-widget-container\">\n\t\t\t\t\t\t\t\t\t<p style=\"line-height: var(--wp--typography--line-height, var(--global--line-height-body)); max-width: var(--global--spacing-measure); font-size: 26px;\"><a style=\"max-width: var(--global--spacing-measure);\" href=\"https:\/\/lefoyerxl.be\/de\/bruxelles-capitale\/1050-ixelles\/\">Ixelles<\/a><\/p><p style=\"line-height: var(--wp--typography--line-height, var(--global--line-height-body)); max-width: var(--global--spacing-measure); font-size: 26px;\"><a href=\"https:\/\/lefoyerxl.be\/de\/bruxelles-capitale\/1090-jette\/\">Jette<\/a><\/p><p style=\"line-height: var(--wp--typography--line-height, var(--global--line-height-body)); max-width: var(--global--spacing-measure); font-size: 26px;\"><a href=\"https:\/\/lefoyerxl.be\/de\/bruxelles-capitale\/1081-koekelberg\/\">Koekelberg<\/a><\/p><p style=\"line-height: var(--wp--typography--line-height, var(--global--line-height-body)); max-width: var(--global--spacing-measure); font-size: 26px;\"><a href=\"https:\/\/lefoyerxl.be\/de\/bruxelles-capitale\/1210-st-josse-ten-noode\/\">St-Josse-Ten-Noode<\/a><\/p><p style=\"line-height: var(--wp--typography--line-height, var(--global--line-height-body)); max-width: var(--global--spacing-measure); font-size: 26px;\"><a href=\"https:\/\/lefoyerxl.be\/de\/bruxelles-capitale\/1082-berchem-ste-agathe\/\">Berchem-Ste-Agathe<\/a><\/p>\t\t\t\t\t\t\t\t<\/div>\n\t\t\t\t<\/div>\n\t\t\t\t\t<\/div>\n\t\t<\/div>\n\t\t\t\t<div class=\"elementor-column elementor-col-25 elementor-top-column elementor-element elementor-element-1ec0e3c\" data-id=\"1ec0e3c\" data-element_type=\"column\" data-e-type=\"column\">\n\t\t\t<div class=\"elementor-widget-wrap elementor-element-populated\">\n\t\t\t\t\t\t<div class=\"elementor-element elementor-element-25170bf elementor-widget elementor-widget-text-editor\" data-id=\"25170bf\" data-element_type=\"widget\" data-e-type=\"widget\" data-widget_type=\"text-editor.default\">\n\t\t\t\t<div class=\"elementor-widget-container\">\n\t\t\t\t\t\t\t\t\t<p style=\"line-height: var(--wp--typography--line-height, var(--global--line-height-body)); max-width: var(--global--spacing-measure); font-size: 26px;\"><a href=\"https:\/\/lefoyerxl.be\/de\/bruxelles-capitale\/1160-auderghem\/\">Auderghem<\/a><\/p><p style=\"line-height: var(--wp--typography--line-height, var(--global--line-height-body)); max-width: var(--global--spacing-measure); font-size: 26px;\"><a href=\"https:\/\/lefoyerxl.be\/de\/bruxelles-capitale\/1040-etterbeek\/\">Etterbeek<\/a><\/p><p style=\"line-height: var(--wp--typography--line-height, var(--global--line-height-body)); max-width: var(--global--spacing-measure); font-size: 26px;\"><a href=\"https:\/\/lefoyerxl.be\/de\/bruxelles-capitale\/1200-woluwe-saint-lambert\/\">Woluw\u00e9-St-Lambert<\/a><\/p><p style=\"line-height: var(--wp--typography--line-height, var(--global--line-height-body)); max-width: var(--global--spacing-measure); font-size: 26px;\"><a href=\"https:\/\/lefoyerxl.be\/de\/bruxelles-capitale\/1150-woluwe-saint-pierre\/\">Woluw\u00e9-St-Pierre<\/a><\/p><p><a href=\"https:\/\/lefoyerxl.be\/de\/bruxelles-capitale\/1170-watermael-boitsfort\/\">Watermael-Boitsfort<\/a><\/p>\t\t\t\t\t\t\t\t<\/div>\n\t\t\t\t<\/div>\n\t\t\t\t\t<\/div>\n\t\t<\/div>\n\t\t\t\t<div class=\"elementor-column elementor-col-25 elementor-top-column elementor-element elementor-element-26beab7\" data-id=\"26beab7\" data-element_type=\"column\" data-e-type=\"column\">\n\t\t\t<div class=\"elementor-widget-wrap elementor-element-populated\">\n\t\t\t\t\t\t<div class=\"elementor-element elementor-element-ef47b58 elementor-widget elementor-widget-text-editor\" data-id=\"ef47b58\" data-element_type=\"widget\" data-e-type=\"widget\" data-widget_type=\"text-editor.default\">\n\t\t\t\t<div class=\"elementor-widget-container\">\n\t\t\t\t\t\t\t\t\t<p style=\"line-height: var(--wp--typography--line-height, var(--global--line-height-body)); max-width: var(--global--spacing-measure); font-size: 26px;\"><a href=\"https:\/\/lefoyerxl.be\/de\/bruxelles-capitale\/1180-uccle\/\" target=\"_blank\" rel=\"noopener\">Uccle<\/a><\/p><p style=\"line-height: var(--wp--typography--line-height, var(--global--line-height-body)); max-width: var(--global--spacing-measure); font-size: 26px;\"><a href=\"https:\/\/lefoyerxl.be\/de\/bruxelles-capitale\/1060-saint-gilles\/\" target=\"_blank\" rel=\"noopener\">Saint-Gilles<\/a><\/p><p style=\"line-height: var(--wp--typography--line-height, var(--global--line-height-body)); max-width: var(--global--spacing-measure); font-size: 26px;\"><a href=\"https:\/\/lefoyerxl.be\/de\/bruxelles-capitale\/1190-forst\/\" target=\"_blank\" rel=\"noopener\">Forest<\/a><\/p><p style=\"line-height: var(--wp--typography--line-height, var(--global--line-height-body)); max-width: var(--global--spacing-measure); font-size: 26px;\"><a href=\"https:\/\/lefoyerxl.be\/de\/bruxelles-capitale\/1070-anderlecht\/\" target=\"_blank\" rel=\"noopener\">Anderlecht<\/a><\/p><p><a href=\"https:\/\/lefoyerxl.be\/de\/bruxelles-capitale\/1080-molenbeek-saint-jean\/\" target=\"_blank\" rel=\"noopener\">Molenbeek-St-Jean<\/a><\/p>\t\t\t\t\t\t\t\t<\/div>\n\t\t\t\t<\/div>\n\t\t\t\t\t<\/div>\n\t\t<\/div>\n\t\t\t\t<div class=\"elementor-column elementor-col-25 elementor-top-column elementor-element elementor-element-4629f4f\" data-id=\"4629f4f\" data-element_type=\"column\" data-e-type=\"column\">\n\t\t\t<div class=\"elementor-widget-wrap elementor-element-populated\">\n\t\t\t\t\t\t<div class=\"elementor-element elementor-element-0e81957 elementor-widget elementor-widget-text-editor\" data-id=\"0e81957\" data-element_type=\"widget\" data-e-type=\"widget\" data-widget_type=\"text-editor.default\">\n\t\t\t\t<div class=\"elementor-widget-container\">\n\t\t\t\t\t\t\t\t\t<p style=\"line-height: var(--wp--typography--line-height, var(--global--line-height-body)); max-width: var(--global--spacing-measure); font-size: 26px;\"><a href=\"https:\/\/lefoyerxl.be\/de\/bruxelles-capitale\/1000-brussel-stadt\/\" target=\"_blank\" rel=\"noopener\">Br\u00fcssel-Stadt<\/a><\/p><p style=\"line-height: var(--wp--typography--line-height, var(--global--line-height-body)); max-width: var(--global--spacing-measure); font-size: 26px;\"><a href=\"https:\/\/lefoyerxl.be\/de\/bruxelles-capitale\/1030-schaerbeek\/\" target=\"_blank\" rel=\"noopener\">Schaerbeek<\/a><\/p><p style=\"line-height: var(--wp--typography--line-height, var(--global--line-height-body)); max-width: var(--global--spacing-measure); font-size: 26px;\"><a href=\"https:\/\/lefoyerxl.be\/de\/bruxelles-capitale\/1140-evere\/\" target=\"_blank\" rel=\"noopener\">Evere<\/a><\/p><p style=\"line-height: var(--wp--typography--line-height, var(--global--line-height-body)); max-width: var(--global--spacing-measure); font-size: 26px;\"><a href=\"https:\/\/lefoyerxl.be\/de\/bruxelles-capitale\/1083-ganshoren\/\" target=\"_blank\" rel=\"noopener\">Ganshoren<\/a><\/p>\t\t\t\t\t\t\t\t<\/div>\n\t\t\t\t<\/div>\n\t\t\t\t\t<\/div>\n\t\t<\/div>\n\t\t\t\t\t<\/div>\n\t\t<\/section>\n\t\t\t\t<section class=\"elementor-section elementor-top-section elementor-element elementor-element-8d33303 elementor-section-boxed elementor-section-height-default elementor-section-height-default\" data-id=\"8d33303\" data-element_type=\"section\" data-e-type=\"section\">\n\t\t\t\t\t\t<div class=\"elementor-container elementor-column-gap-default\">\n\t\t\t\t\t<div class=\"elementor-column elementor-col-100 elementor-top-column elementor-element elementor-element-0950d95\" data-id=\"0950d95\" data-element_type=\"column\" data-e-type=\"column\">\n\t\t\t<div class=\"elementor-widget-wrap elementor-element-populated\">\n\t\t\t\t\t\t<div class=\"elementor-element elementor-element-7b0c75f elementor-widget elementor-widget-text-editor\" data-id=\"7b0c75f\" data-element_type=\"widget\" data-e-type=\"widget\" data-widget_type=\"text-editor.default\">\n\t\t\t\t<div class=\"elementor-widget-container\">\n\t\t\t\t\t\t\t\t\t<p><strong><u><span style=\"font-family: Times;\"><br><\/span><\/u><\/strong><\/p><p><strong><u><span style=\"font-family: Times;\">Gemeinden in der Umgebung von Br\u00fcssel :<\/span><\/u><\/strong><\/p>\n<p>Weder in der Stadt noch auf dem Land, sind diese Gemeinden angenehm zu bewohnen und die Preise erschwinglicher als in Br\u00fcssel. Hier finden Sie Ruhe und wundersch\u00f6ne Gr\u00fcnfl\u00e4chen oder sogar W\u00e4lder. Sie haben alle ein Einkaufszentrum und sehr schnell werden Sie feststellen, dass es nicht immer notwendig ist, nach Br\u00fcssel zu fahren. Vielleicht werden Sie mit einem Sprachproblem konfrontiert, aber in allen Gemeindeh\u00e4usern wird Englisch gesprochen. Einige Gemeinden (6) sind \"leicht\" (zweisprachig in der Bev\u00f6lkerung, einsprachig in der Verwaltung), aber Sie werden schnell merken, dass dies die kompliziertesten sind! Wir empfehlen Ihnen, die langen Erkl\u00e4rungen auf Wikipedia zu lesen.<\/p><p><br><\/p><p><br><\/p>\n<p><strong><span style=\"font-family: Times;\"><a href=\"http:\/\/www.zaventem.be\">www.zaventem.be<\/a> <a href=\"http:\/\/www.wezembeek-oppem.be\">www.wezembeek-oppem.be <\/a><\/span>&nbsp; <a href=\"http:\/\/www.tervuren.be\"><span style=\"font-family: Times;\">www.tervuren.be <\/span><\/a>&nbsp; <a href=\"http:\/\/www.overijse.be\"><span style=\"font-family: Times;\">www.overijse.be <\/span><\/a>&nbsp; <a href=\"http:\/\/www.hoeilaart.be\"><span style=\"font-family: Times;\">www.hoeilaart.be <\/span><\/a>&nbsp;&nbsp;&nbsp; <a href=\"http:\/\/www.sint-genesius-rode.be\"><span style=\"font-family: Times;\">www.sint-genesius-rode.be <\/span><\/a><span style=\"font-family: Times;\">(Rhode St. Genesis) <\/span>&nbsp;&nbsp;&nbsp; <a href=\"http:\/\/www.linkebeek.be\"><span style=\"font-family: Times;\">www.linkebeek.be <\/span><\/a><a href=\"http:\/\/www.dilbeek.be\"><span style=\"font-family: Times;\">www.dilbeek.be <\/span><\/a>&nbsp; <a href=\"http:\/\/www.wemmel.be\"><span style=\"font-family: Times;\">www.wemmel.be <\/span><\/a>&nbsp; <span style=\"font-family: Times;\"><a href=\"http:\/\/www.grimbergen.be\">www.grimbergen.be<\/a> <\/span>&nbsp; <span style=\"font-family: Times;\"><a href=\"http:\/\/www.vilvoorde.be\">www.vilvoorde.be<\/a> <\/span>&nbsp; <a href=\"http:\/\/www.machelen.be\"><span style=\"font-family: Times;\">www.machelen.be <\/span><\/a><span style=\"font-family: Times;\">(Machelen-Diegem) <\/span>&nbsp;&nbsp;&nbsp; <span style=\"font-family: Times;\"><a href=\"http:\/\/www.kraainem.be\">www.kraainem.be<\/a>&nbsp; &nbsp; &nbsp; &nbsp; <a href=\"http:\/\/www.drogenbos.be\">www.drogenbos.be<\/a><\/span><\/strong><\/p>\t\t\t\t\t\t\t\t<\/div>\n\t\t\t\t<\/div>\n\t\t\t\t\t<\/div>\n\t\t<\/div>\n\t\t\t\t\t<\/div>\n\t\t<\/section>\n\t\t\t\t<\/div>","protected":false},"featured_media":0,"template":"","class_list":["post-2042","bruxelles-capitale","type-bruxelles-capitale","status-publish","hentry","entry"],"acf":[],"yoast_head":"<!-- This site is optimized with the Yoast SEO plugin v27.4 - https:\/\/yoast.com\/product\/yoast-seo-wordpress\/ -->\n<title>Bruxelles, 19 Communes - Centre de sant\u00e9 le foyer<\/title>\n<meta name=\"robots\" content=\"index, follow, max-snippet:-1, max-image-preview:large, max-video-preview:-1\" \/>\n<link rel=\"canonical\" href=\"https:\/\/lefoyerxl.be\/de\/bruxelles-capitale\/bruxelles-19-kommunen\/\" \/>\n<meta property=\"og:locale\" content=\"de_DE\" \/>\n<meta property=\"og:type\" content=\"article\" \/>\n<meta property=\"og:title\" content=\"Bruxelles, 19 Communes - Centre de sant\u00e9 le foyer\" \/>\n<meta property=\"og:description\" content=\"Les communes sont mentionn\u00e9es par ordre de code postal Ixelles&hellip; Bruxelles, 19 Communes weiterlesen\" \/>\n<meta property=\"og:url\" content=\"https:\/\/lefoyerxl.be\/de\/bruxelles-capitale\/bruxelles-19-kommunen\/\" \/>\n<meta property=\"og:site_name\" content=\"Centre de sant\u00e9 le foyer\" \/>\n<meta property=\"article:modified_time\" content=\"2022-07-22T17:22:40+00:00\" \/>\n<meta property=\"og:image\" content=\"https:\/\/lefoyerxl.be\/wp-content\/uploads\/2022\/07\/Bruxelles.png\" \/>\n<meta name=\"twitter:card\" content=\"summary_large_image\" \/>\n<meta name=\"twitter:label1\" content=\"Gesch\u00e4tzte Lesezeit\" \/>\n\t<meta name=\"twitter:data1\" content=\"1\u00a0Minute\" \/>\n<script type=\"application\/ld+json\" class=\"yoast-schema-graph\">{\"@context\":\"https:\\\/\\\/schema.org\",\"@graph\":[{\"@type\":\"WebPage\",\"@id\":\"https:\\\/\\\/lefoyerxl.be\\\/bruxelles-capitale\\\/bruxelles-19-communes\\\/\",\"url\":\"https:\\\/\\\/lefoyerxl.be\\\/bruxelles-capitale\\\/bruxelles-19-communes\\\/\",\"name\":\"Bruxelles, 19 Communes - Centre de sant\u00e9 le foyer\",\"isPartOf\":{\"@id\":\"https:\\\/\\\/lefoyerxl.be\\\/#website\"},\"primaryImageOfPage\":{\"@id\":\"https:\\\/\\\/lefoyerxl.be\\\/bruxelles-capitale\\\/bruxelles-19-communes\\\/#primaryimage\"},\"image\":{\"@id\":\"https:\\\/\\\/lefoyerxl.be\\\/bruxelles-capitale\\\/bruxelles-19-communes\\\/#primaryimage\"},\"thumbnailUrl\":\"https:\\\/\\\/lefoyerxl.be\\\/wp-content\\\/uploads\\\/2022\\\/07\\\/Bruxelles.png\",\"datePublished\":\"2022-07-04T23:28:19+00:00\",\"dateModified\":\"2022-07-22T17:22:40+00:00\",\"breadcrumb\":{\"@id\":\"https:\\\/\\\/lefoyerxl.be\\\/bruxelles-capitale\\\/bruxelles-19-communes\\\/#breadcrumb\"},\"inLanguage\":\"de\",\"potentialAction\":[{\"@type\":\"ReadAction\",\"target\":[\"https:\\\/\\\/lefoyerxl.be\\\/bruxelles-capitale\\\/bruxelles-19-communes\\\/\"]}]},{\"@type\":\"ImageObject\",\"inLanguage\":\"de\",\"@id\":\"https:\\\/\\\/lefoyerxl.be\\\/bruxelles-capitale\\\/bruxelles-19-communes\\\/#primaryimage\",\"url\":\"https:\\\/\\\/lefoyerxl.be\\\/wp-content\\\/uploads\\\/2022\\\/07\\\/Bruxelles.png\",\"contentUrl\":\"https:\\\/\\\/lefoyerxl.be\\\/wp-content\\\/uploads\\\/2022\\\/07\\\/Bruxelles.png\"},{\"@type\":\"BreadcrumbList\",\"@id\":\"https:\\\/\\\/lefoyerxl.be\\\/bruxelles-capitale\\\/bruxelles-19-communes\\\/#breadcrumb\",\"itemListElement\":[{\"@type\":\"ListItem\",\"position\":1,\"name\":\"Accueil\",\"item\":\"https:\\\/\\\/lefoyerxl.be\\\/\"},{\"@type\":\"ListItem\",\"position\":2,\"name\":\"Articles Bruxelles Capitale\",\"item\":\"https:\\\/\\\/lefoyerxl.be\\\/bruxelles-capitale\\\/\"},{\"@type\":\"ListItem\",\"position\":3,\"name\":\"Bruxelles, 19 Communes\"}]},{\"@type\":\"WebSite\",\"@id\":\"https:\\\/\\\/lefoyerxl.be\\\/#website\",\"url\":\"https:\\\/\\\/lefoyerxl.be\\\/\",\"name\":\"Centre de sant\u00e9 le foyer\",\"description\":\"\",\"publisher\":{\"@id\":\"https:\\\/\\\/lefoyerxl.be\\\/#organization\"},\"potentialAction\":[{\"@type\":\"SearchAction\",\"target\":{\"@type\":\"EntryPoint\",\"urlTemplate\":\"https:\\\/\\\/lefoyerxl.be\\\/?s={search_term_string}\"},\"query-input\":{\"@type\":\"PropertyValueSpecification\",\"valueRequired\":true,\"valueName\":\"search_term_string\"}}],\"inLanguage\":\"de\"},{\"@type\":\"Organization\",\"@id\":\"https:\\\/\\\/lefoyerxl.be\\\/#organization\",\"name\":\"Centre de sant\u00e9 le foyer\",\"url\":\"https:\\\/\\\/lefoyerxl.be\\\/\",\"logo\":{\"@type\":\"ImageObject\",\"inLanguage\":\"de\",\"@id\":\"https:\\\/\\\/lefoyerxl.be\\\/#\\\/schema\\\/logo\\\/image\\\/\",\"url\":\"https:\\\/\\\/lefoyerxl.be\\\/wp-content\\\/uploads\\\/2022\\\/05\\\/Logo_Centre_de_sante_Le_Foyer_72dpi.png\",\"contentUrl\":\"https:\\\/\\\/lefoyerxl.be\\\/wp-content\\\/uploads\\\/2022\\\/05\\\/Logo_Centre_de_sante_Le_Foyer_72dpi.png\",\"width\":800,\"height\":620,\"caption\":\"Centre de sant\u00e9 le foyer\"},\"image\":{\"@id\":\"https:\\\/\\\/lefoyerxl.be\\\/#\\\/schema\\\/logo\\\/image\\\/\"}}]}<\/script>\n<!-- \/ Yoast SEO plugin. -->","yoast_head_json":{"title":"Br\u00fcssel, 19 Gemeinden - Gesundheitszentrum le foyer","robots":{"index":"index","follow":"follow","max-snippet":"max-snippet:-1","max-image-preview":"max-image-preview:large","max-video-preview":"max-video-preview:-1"},"canonical":"https:\/\/lefoyerxl.be\/de\/bruxelles-capitale\/bruxelles-19-kommunen\/","og_locale":"de_DE","og_type":"article","og_title":"Bruxelles, 19 Communes - Centre de sant\u00e9 le foyer","og_description":"Les communes sont mentionn\u00e9es par ordre de code postal Ixelles&hellip; Bruxelles, 19 Communes weiterlesen","og_url":"https:\/\/lefoyerxl.be\/de\/bruxelles-capitale\/bruxelles-19-kommunen\/","og_site_name":"Centre de sant\u00e9 le foyer","article_modified_time":"2022-07-22T17:22:40+00:00","og_image":[{"url":"https:\/\/lefoyerxl.be\/wp-content\/uploads\/2022\/07\/Bruxelles.png","type":"","width":"","height":""}],"twitter_card":"summary_large_image","twitter_misc":{"Gesch\u00e4tzte Lesezeit":"1\u00a0Minute"},"schema":{"@context":"https:\/\/schema.org","@graph":[{"@type":"WebPage","@id":"https:\/\/lefoyerxl.be\/bruxelles-capitale\/bruxelles-19-communes\/","url":"https:\/\/lefoyerxl.be\/bruxelles-capitale\/bruxelles-19-communes\/","name":"Br\u00fcssel, 19 Gemeinden - Gesundheitszentrum le foyer","isPartOf":{"@id":"https:\/\/lefoyerxl.be\/#website"},"primaryImageOfPage":{"@id":"https:\/\/lefoyerxl.be\/bruxelles-capitale\/bruxelles-19-communes\/#primaryimage"},"image":{"@id":"https:\/\/lefoyerxl.be\/bruxelles-capitale\/bruxelles-19-communes\/#primaryimage"},"thumbnailUrl":"https:\/\/lefoyerxl.be\/wp-content\/uploads\/2022\/07\/Bruxelles.png","datePublished":"2022-07-04T23:28:19+00:00","dateModified":"2022-07-22T17:22:40+00:00","breadcrumb":{"@id":"https:\/\/lefoyerxl.be\/bruxelles-capitale\/bruxelles-19-communes\/#breadcrumb"},"inLanguage":"de","potentialAction":[{"@type":"ReadAction","target":["https:\/\/lefoyerxl.be\/bruxelles-capitale\/bruxelles-19-communes\/"]}]},{"@type":"ImageObject","inLanguage":"de","@id":"https:\/\/lefoyerxl.be\/bruxelles-capitale\/bruxelles-19-communes\/#primaryimage","url":"https:\/\/lefoyerxl.be\/wp-content\/uploads\/2022\/07\/Bruxelles.png","contentUrl":"https:\/\/lefoyerxl.be\/wp-content\/uploads\/2022\/07\/Bruxelles.png"},{"@type":"BreadcrumbList","@id":"https:\/\/lefoyerxl.be\/bruxelles-capitale\/bruxelles-19-communes\/#breadcrumb","itemListElement":[{"@type":"ListItem","position":1,"name":"Accueil","item":"https:\/\/lefoyerxl.be\/"},{"@type":"ListItem","position":2,"name":"Articles Bruxelles Capitale","item":"https:\/\/lefoyerxl.be\/bruxelles-capitale\/"},{"@type":"ListItem","position":3,"name":"Bruxelles, 19 Communes"}]},{"@type":"WebSite","@id":"https:\/\/lefoyerxl.be\/#website","url":"https:\/\/lefoyerxl.be\/","name":"Gesundheitszentrum le foyer","description":"","publisher":{"@id":"https:\/\/lefoyerxl.be\/#organization"},"potentialAction":[{"@type":"SearchAction","target":{"@type":"EntryPoint","urlTemplate":"https:\/\/lefoyerxl.be\/?s={search_term_string}"},"query-input":{"@type":"PropertyValueSpecification","valueRequired":true,"valueName":"search_term_string"}}],"inLanguage":"de"},{"@type":"Organization","@id":"https:\/\/lefoyerxl.be\/#organization","name":"Gesundheitszentrum le foyer","url":"https:\/\/lefoyerxl.be\/","logo":{"@type":"ImageObject","inLanguage":"de","@id":"https:\/\/lefoyerxl.be\/#\/schema\/logo\/image\/","url":"https:\/\/lefoyerxl.be\/wp-content\/uploads\/2022\/05\/Logo_Centre_de_sante_Le_Foyer_72dpi.png","contentUrl":"https:\/\/lefoyerxl.be\/wp-content\/uploads\/2022\/05\/Logo_Centre_de_sante_Le_Foyer_72dpi.png","width":800,"height":620,"caption":"Centre de sant\u00e9 le foyer"},"image":{"@id":"https:\/\/lefoyerxl.be\/#\/schema\/logo\/image\/"}}]}},"_links":{"self":[{"href":"https:\/\/lefoyerxl.be\/de\/wp-json\/wp\/v2\/bruxelles-capitale\/2042","targetHints":{"allow":["GET"]}}],"collection":[{"href":"https:\/\/lefoyerxl.be\/de\/wp-json\/wp\/v2\/bruxelles-capitale"}],"about":[{"href":"https:\/\/lefoyerxl.be\/de\/wp-json\/wp\/v2\/types\/bruxelles-capitale"}],"version-history":[{"count":58,"href":"https:\/\/lefoyerxl.be\/de\/wp-json\/wp\/v2\/bruxelles-capitale\/2042\/revisions"}],"predecessor-version":[{"id":3173,"href":"https:\/\/lefoyerxl.be\/de\/wp-json\/wp\/v2\/bruxelles-capitale\/2042\/revisions\/3173"}],"wp:attachment":[{"href":"https:\/\/lefoyerxl.be\/de\/wp-json\/wp\/v2\/media?parent=2042"}],"curies":[{"name":"wp","href":"https:\/\/api.w.org\/{rel}","templated":true}]}}