{"id":3383,"date":"2022-09-04T02:24:05","date_gmt":"2022-09-04T00:24:05","guid":{"rendered":"https:\/\/lefoyerxl.be\/?post_type=arcticles-bruxelles&#038;p=3383"},"modified":"2022-09-04T02:33:17","modified_gmt":"2022-09-04T00:33:17","slug":"demenagement","status":"publish","type":"arcticles-bruxelles","link":"https:\/\/lefoyerxl.be\/de\/arcticles-bruxelles\/umzug\/","title":{"rendered":"Umzug"},"content":{"rendered":"<div data-elementor-type=\"wp-post\" data-elementor-id=\"3383\" class=\"elementor elementor-3383\" data-elementor-post-type=\"arcticles-bruxelles\">\n\t\t\t\t\t\t<section class=\"elementor-section elementor-top-section elementor-element elementor-element-c495c42 elementor-section-boxed elementor-section-height-default elementor-section-height-default\" data-id=\"c495c42\" data-element_type=\"section\" data-e-type=\"section\">\n\t\t\t\t\t\t<div class=\"elementor-container elementor-column-gap-default\">\n\t\t\t\t\t<div class=\"elementor-column elementor-col-100 elementor-top-column elementor-element elementor-element-a67a9ea\" data-id=\"a67a9ea\" data-element_type=\"column\" data-e-type=\"column\">\n\t\t\t<div class=\"elementor-widget-wrap elementor-element-populated\">\n\t\t\t\t\t\t<div class=\"elementor-element elementor-element-f313d47 elementor-widget elementor-widget-text-editor\" data-id=\"f313d47\" data-element_type=\"widget\" data-e-type=\"widget\" data-widget_type=\"text-editor.default\">\n\t\t\t\t<div class=\"elementor-widget-container\">\n\t\t\t\t\t\t\t\t\t<p>Notieren Sie sich eventuelle Sch\u00e4den und lassen Sie sie vom Teamleiter abzeichnen. Unterschreiben Sie keine Empfangsbest\u00e4tigung f\u00fcr den Umzug, ohne vorher folgende Worte zu schreiben: \"vorbehaltlich der \u00dcberpr\u00fcfung auf Verlust oder Besch\u00e4digung\". Aussortieren: Was bleibt, was geht? Manchmal muss man sich von Erinnerungen trennen und Dutzende von Kartons packen. Der Umzug ins Ausland ist eine gro\u00dfe Herausforderung, aber auch ein gro\u00dfer Stress. Um das alles in aller Ruhe zu bew\u00e4ltigen, sollten Sie sich an ein Umzugsunternehmen wenden, das mit stabilen Verpackungen und langen internationalen Transporten vertraut ist. In zwei Worten: Profis f\u00fcr den Umzug ins Ausland.<\/p><p>\u00a0<\/p><p>Erfolgreicher Umzug!<\/p><p>\u00a0<\/p><ol><li><p>Alle Ihre Besitzt\u00fcmer sind zu ihrem Wiederbeschaffungswert versichert.<\/p><\/li><li><p>Die Wasser- und Stromversorgung ist funktionsf\u00e4hig.<\/p><\/li><li><p>Sie zeigen dem Team das Haus von oben bis unten und bringen eventuell an den T\u00fcren Schilder mit den Namen der einzelnen Zimmer in der Sprache an, die das Team versteht (bei den meisten Umzugsunternehmen wird Englisch gesprochen).<\/p><\/li><li><p>Das Team der Umzugshelfer besteht aus h\u00f6chstens vier Personen. Sie k\u00f6nnten \u00fcberfordert sein, wenn sie mehr Personen sind.<\/p><\/li><li><p>Sie nehmen sich die Zeit, um zu erkl\u00e4ren, was Sie wollen.<\/p><\/li><li><p>Sie planen eine Aufsicht f\u00fcr Ihre Kinder.<\/p><\/li><li><p>Sie sorgen f\u00fcr Getr\u00e4nke und Essen. Bieten Sie den Teammitgliedern etwas zu trinken an, das wird sehr gesch\u00e4tzt.<\/p><\/li><li><p>Sie sorgen daf\u00fcr, dass ALLES ausgepackt ist und dass Kisten, Kartons und Papier wegger\u00e4umt sind, bevor die Umzugshelfer losziehen.<\/p><\/li><li><p>Notieren Sie sich eventuelle Sch\u00e4den und lassen Sie sie vom Teamleiter abzeichnen. Unterschreiben Sie keine Empfangsbest\u00e4tigung f\u00fcr den Umzug, ohne die folgenden Worte vor Ihre Unterschrift zu setzen: \"vorbehaltlich der \u00dcberpr\u00fcfung auf Verlust oder Sch\u00e4den\".<\/p><\/li><li><p>Sie vergessen das Trinkgeld nicht.<\/p><\/li><\/ol><p>\u00a0<\/p><p>Um Ihnen viele Komplikationen zu ersparen, sollten Sie ein Umzugsunternehmen beauftragen, das Erfahrung mit internationalen Umz\u00fcgen hat.<\/p><p>\u00a0<\/p><p><strong>Gut zu wissen<\/strong><\/p><p>\u00a0<\/p><p>Ein Ratschlag:<\/p><p><br \/>Denken Sie daran, vor Ihrem Wohnhaus einen Parkplatz f\u00fcr den Umzugswagen zu reservieren. Beantragen Sie dies einige Tage vor dem Umzug bei Ihrer Gemeinde.<\/p><p>\u00a0<\/p>\t\t\t\t\t\t\t\t<\/div>\n\t\t\t\t<\/div>\n\t\t\t\t\t<\/div>\n\t\t<\/div>\n\t\t\t\t\t<\/div>\n\t\t<\/section>\n\t\t\t\t<section class=\"elementor-section elementor-top-section elementor-element elementor-element-11040ef elementor-section-boxed elementor-section-height-default elementor-section-height-default\" data-id=\"11040ef\" data-element_type=\"section\" data-e-type=\"section\">\n\t\t\t\t\t\t<div class=\"elementor-container elementor-column-gap-default\">\n\t\t\t\t\t<div class=\"elementor-column elementor-col-100 elementor-top-column elementor-element elementor-element-93aaeae\" data-id=\"93aaeae\" data-element_type=\"column\" data-e-type=\"column\">\n\t\t\t<div class=\"elementor-widget-wrap\">\n\t\t\t\t\t\t\t<\/div>\n\t\t<\/div>\n\t\t\t\t\t<\/div>\n\t\t<\/section>\n\t\t\t\t<section class=\"elementor-section elementor-top-section elementor-element elementor-element-62f92a4 elementor-section-boxed elementor-section-height-default elementor-section-height-default\" data-id=\"62f92a4\" data-element_type=\"section\" data-e-type=\"section\">\n\t\t\t\t\t\t<div class=\"elementor-container elementor-column-gap-default\">\n\t\t\t\t\t<div class=\"elementor-column elementor-col-100 elementor-top-column elementor-element elementor-element-7c9a942\" data-id=\"7c9a942\" data-element_type=\"column\" data-e-type=\"column\">\n\t\t\t<div class=\"elementor-widget-wrap elementor-element-populated\">\n\t\t\t\t\t\t<div class=\"elementor-element elementor-element-0d33ba2 elementor-align-center elementor-widget elementor-widget-button\" data-id=\"0d33ba2\" data-element_type=\"widget\" data-e-type=\"widget\" data-widget_type=\"button.default\">\n\t\t\t\t<div class=\"elementor-widget-container\">\n\t\t\t\t\t\t\t\t\t<div class=\"elementor-button-wrapper\">\n\t\t\t\t\t<a class=\"elementor-button elementor-button-link elementor-size-sm\" href=\"#\">\n\t\t\t\t\t\t<span class=\"elementor-button-content-wrapper\">\n\t\t\t\t\t\t\t\t\t<span class=\"elementor-button-text\">N\u00fctzlicher Link<\/span>\n\t\t\t\t\t<\/span>\n\t\t\t\t\t<\/a>\n\t\t\t\t<\/div>\n\t\t\t\t\t\t\t\t<\/div>\n\t\t\t\t<\/div>\n\t\t\t\t\t<\/div>\n\t\t<\/div>\n\t\t\t\t\t<\/div>\n\t\t<\/section>\n\t\t\t\t<\/div>","protected":false},"featured_media":0,"template":"","categories_bruxelles":[35],"class_list":["post-3383","arcticles-bruxelles","type-arcticles-bruxelles","status-publish","hentry","categories_bruxelles-integration-bruxelles","entry"],"acf":[],"yoast_head":"<!-- This site is optimized with the Yoast SEO plugin v27.4 - https:\/\/yoast.com\/product\/yoast-seo-wordpress\/ -->\n<title>D\u00e9m\u00e9nagement - Centre de sant\u00e9 le foyer<\/title>\n<meta name=\"robots\" content=\"index, follow, max-snippet:-1, max-image-preview:large, max-video-preview:-1\" \/>\n<link rel=\"canonical\" href=\"https:\/\/lefoyerxl.be\/de\/arcticles-bruxelles\/umzug\/\" \/>\n<meta property=\"og:locale\" content=\"de_DE\" \/>\n<meta property=\"og:type\" content=\"article\" \/>\n<meta property=\"og:title\" content=\"D\u00e9m\u00e9nagement - Centre de sant\u00e9 le foyer\" \/>\n<meta property=\"og:description\" content=\"Prenez note des d\u00e9g\u00e2ts \u00e9ventuels et demandez le paraphe du&hellip; D\u00e9m\u00e9nagement weiterlesen\" \/>\n<meta property=\"og:url\" content=\"https:\/\/lefoyerxl.be\/de\/arcticles-bruxelles\/umzug\/\" \/>\n<meta property=\"og:site_name\" content=\"Centre de sant\u00e9 le foyer\" \/>\n<meta property=\"article:modified_time\" content=\"2022-09-04T00:33:17+00:00\" \/>\n<meta name=\"twitter:card\" content=\"summary_large_image\" \/>\n<meta name=\"twitter:label1\" content=\"Gesch\u00e4tzte Lesezeit\" \/>\n\t<meta name=\"twitter:data1\" content=\"2\u00a0Minuten\" \/>\n<script type=\"application\/ld+json\" class=\"yoast-schema-graph\">{\"@context\":\"https:\\\/\\\/schema.org\",\"@graph\":[{\"@type\":\"WebPage\",\"@id\":\"https:\\\/\\\/lefoyerxl.be\\\/arcticles-bruxelles\\\/demenagement\\\/\",\"url\":\"https:\\\/\\\/lefoyerxl.be\\\/arcticles-bruxelles\\\/demenagement\\\/\",\"name\":\"D\u00e9m\u00e9nagement - Centre de sant\u00e9 le foyer\",\"isPartOf\":{\"@id\":\"https:\\\/\\\/lefoyerxl.be\\\/#website\"},\"datePublished\":\"2022-09-04T00:24:05+00:00\",\"dateModified\":\"2022-09-04T00:33:17+00:00\",\"breadcrumb\":{\"@id\":\"https:\\\/\\\/lefoyerxl.be\\\/arcticles-bruxelles\\\/demenagement\\\/#breadcrumb\"},\"inLanguage\":\"de\",\"potentialAction\":[{\"@type\":\"ReadAction\",\"target\":[\"https:\\\/\\\/lefoyerxl.be\\\/arcticles-bruxelles\\\/demenagement\\\/\"]}]},{\"@type\":\"BreadcrumbList\",\"@id\":\"https:\\\/\\\/lefoyerxl.be\\\/arcticles-bruxelles\\\/demenagement\\\/#breadcrumb\",\"itemListElement\":[{\"@type\":\"ListItem\",\"position\":1,\"name\":\"Accueil\",\"item\":\"https:\\\/\\\/lefoyerxl.be\\\/\"},{\"@type\":\"ListItem\",\"position\":2,\"name\":\"Articles Bruxelles\",\"item\":\"https:\\\/\\\/lefoyerxl.be\\\/articles-bruxelles\\\/\"},{\"@type\":\"ListItem\",\"position\":3,\"name\":\"D\u00e9m\u00e9nagement\"}]},{\"@type\":\"WebSite\",\"@id\":\"https:\\\/\\\/lefoyerxl.be\\\/#website\",\"url\":\"https:\\\/\\\/lefoyerxl.be\\\/\",\"name\":\"Centre de sant\u00e9 le foyer\",\"description\":\"\",\"publisher\":{\"@id\":\"https:\\\/\\\/lefoyerxl.be\\\/#organization\"},\"potentialAction\":[{\"@type\":\"SearchAction\",\"target\":{\"@type\":\"EntryPoint\",\"urlTemplate\":\"https:\\\/\\\/lefoyerxl.be\\\/?s={search_term_string}\"},\"query-input\":{\"@type\":\"PropertyValueSpecification\",\"valueRequired\":true,\"valueName\":\"search_term_string\"}}],\"inLanguage\":\"de\"},{\"@type\":\"Organization\",\"@id\":\"https:\\\/\\\/lefoyerxl.be\\\/#organization\",\"name\":\"Centre de sant\u00e9 le foyer\",\"url\":\"https:\\\/\\\/lefoyerxl.be\\\/\",\"logo\":{\"@type\":\"ImageObject\",\"inLanguage\":\"de\",\"@id\":\"https:\\\/\\\/lefoyerxl.be\\\/#\\\/schema\\\/logo\\\/image\\\/\",\"url\":\"https:\\\/\\\/lefoyerxl.be\\\/wp-content\\\/uploads\\\/2022\\\/05\\\/Logo_Centre_de_sante_Le_Foyer_72dpi.png\",\"contentUrl\":\"https:\\\/\\\/lefoyerxl.be\\\/wp-content\\\/uploads\\\/2022\\\/05\\\/Logo_Centre_de_sante_Le_Foyer_72dpi.png\",\"width\":800,\"height\":620,\"caption\":\"Centre de sant\u00e9 le foyer\"},\"image\":{\"@id\":\"https:\\\/\\\/lefoyerxl.be\\\/#\\\/schema\\\/logo\\\/image\\\/\"}}]}<\/script>\n<!-- \/ Yoast SEO plugin. -->","yoast_head_json":{"title":"Umzug - Gesundheitszentrum le foyer","robots":{"index":"index","follow":"follow","max-snippet":"max-snippet:-1","max-image-preview":"max-image-preview:large","max-video-preview":"max-video-preview:-1"},"canonical":"https:\/\/lefoyerxl.be\/de\/arcticles-bruxelles\/umzug\/","og_locale":"de_DE","og_type":"article","og_title":"D\u00e9m\u00e9nagement - Centre de sant\u00e9 le foyer","og_description":"Prenez note des d\u00e9g\u00e2ts \u00e9ventuels et demandez le paraphe du&hellip; D\u00e9m\u00e9nagement weiterlesen","og_url":"https:\/\/lefoyerxl.be\/de\/arcticles-bruxelles\/umzug\/","og_site_name":"Centre de sant\u00e9 le foyer","article_modified_time":"2022-09-04T00:33:17+00:00","twitter_card":"summary_large_image","twitter_misc":{"Gesch\u00e4tzte Lesezeit":"2\u00a0Minuten"},"schema":{"@context":"https:\/\/schema.org","@graph":[{"@type":"WebPage","@id":"https:\/\/lefoyerxl.be\/arcticles-bruxelles\/demenagement\/","url":"https:\/\/lefoyerxl.be\/arcticles-bruxelles\/demenagement\/","name":"Umzug - Gesundheitszentrum le foyer","isPartOf":{"@id":"https:\/\/lefoyerxl.be\/#website"},"datePublished":"2022-09-04T00:24:05+00:00","dateModified":"2022-09-04T00:33:17+00:00","breadcrumb":{"@id":"https:\/\/lefoyerxl.be\/arcticles-bruxelles\/demenagement\/#breadcrumb"},"inLanguage":"de","potentialAction":[{"@type":"ReadAction","target":["https:\/\/lefoyerxl.be\/arcticles-bruxelles\/demenagement\/"]}]},{"@type":"BreadcrumbList","@id":"https:\/\/lefoyerxl.be\/arcticles-bruxelles\/demenagement\/#breadcrumb","itemListElement":[{"@type":"ListItem","position":1,"name":"Accueil","item":"https:\/\/lefoyerxl.be\/"},{"@type":"ListItem","position":2,"name":"Articles Bruxelles","item":"https:\/\/lefoyerxl.be\/articles-bruxelles\/"},{"@type":"ListItem","position":3,"name":"D\u00e9m\u00e9nagement"}]},{"@type":"WebSite","@id":"https:\/\/lefoyerxl.be\/#website","url":"https:\/\/lefoyerxl.be\/","name":"Gesundheitszentrum le foyer","description":"","publisher":{"@id":"https:\/\/lefoyerxl.be\/#organization"},"potentialAction":[{"@type":"SearchAction","target":{"@type":"EntryPoint","urlTemplate":"https:\/\/lefoyerxl.be\/?s={search_term_string}"},"query-input":{"@type":"PropertyValueSpecification","valueRequired":true,"valueName":"search_term_string"}}],"inLanguage":"de"},{"@type":"Organization","@id":"https:\/\/lefoyerxl.be\/#organization","name":"Gesundheitszentrum le foyer","url":"https:\/\/lefoyerxl.be\/","logo":{"@type":"ImageObject","inLanguage":"de","@id":"https:\/\/lefoyerxl.be\/#\/schema\/logo\/image\/","url":"https:\/\/lefoyerxl.be\/wp-content\/uploads\/2022\/05\/Logo_Centre_de_sante_Le_Foyer_72dpi.png","contentUrl":"https:\/\/lefoyerxl.be\/wp-content\/uploads\/2022\/05\/Logo_Centre_de_sante_Le_Foyer_72dpi.png","width":800,"height":620,"caption":"Centre de sant\u00e9 le foyer"},"image":{"@id":"https:\/\/lefoyerxl.be\/#\/schema\/logo\/image\/"}}]}},"_links":{"self":[{"href":"https:\/\/lefoyerxl.be\/de\/wp-json\/wp\/v2\/arcticles-bruxelles\/3383","targetHints":{"allow":["GET"]}}],"collection":[{"href":"https:\/\/lefoyerxl.be\/de\/wp-json\/wp\/v2\/arcticles-bruxelles"}],"about":[{"href":"https:\/\/lefoyerxl.be\/de\/wp-json\/wp\/v2\/types\/arcticles-bruxelles"}],"version-history":[{"count":4,"href":"https:\/\/lefoyerxl.be\/de\/wp-json\/wp\/v2\/arcticles-bruxelles\/3383\/revisions"}],"predecessor-version":[{"id":3393,"href":"https:\/\/lefoyerxl.be\/de\/wp-json\/wp\/v2\/arcticles-bruxelles\/3383\/revisions\/3393"}],"wp:attachment":[{"href":"https:\/\/lefoyerxl.be\/de\/wp-json\/wp\/v2\/media?parent=3383"}],"wp:term":[{"taxonomy":"categories_bruxelles","embeddable":true,"href":"https:\/\/lefoyerxl.be\/de\/wp-json\/wp\/v2\/categories_bruxelles?post=3383"}],"curies":[{"name":"wp","href":"https:\/\/api.w.org\/{rel}","templated":true}]}}