{"id":3700,"date":"2023-06-12T00:22:15","date_gmt":"2023-06-11T22:22:15","guid":{"rendered":"https:\/\/lefoyerxl.be\/?post_type=communaute&#038;p=3700"},"modified":"2023-06-12T00:31:09","modified_gmt":"2023-06-11T22:31:09","slug":"action-parkinson","status":"publish","type":"communaute","link":"https:\/\/lefoyerxl.be\/ar\/communaute\/action-parkinson\/","title":{"rendered":"Action Parkinson"},"content":{"rendered":"<div data-elementor-type=\"wp-post\" data-elementor-id=\"3700\" class=\"elementor elementor-3700\" data-elementor-post-type=\"communaute\">\n\t\t\t\t\t\t<section class=\"elementor-section elementor-top-section elementor-element elementor-element-2779442 elementor-section-boxed elementor-section-height-default elementor-section-height-default\" data-id=\"2779442\" data-element_type=\"section\" data-e-type=\"section\">\n\t\t\t\t\t\t<div class=\"elementor-container elementor-column-gap-default\">\n\t\t\t\t\t<div class=\"elementor-column elementor-col-100 elementor-top-column elementor-element elementor-element-53499ad\" data-id=\"53499ad\" data-element_type=\"column\" data-e-type=\"column\">\n\t\t\t<div class=\"elementor-widget-wrap elementor-element-populated\">\n\t\t\t\t\t\t<div class=\"elementor-element elementor-element-0502079 elementor-widget elementor-widget-video\" data-id=\"0502079\" data-element_type=\"widget\" data-e-type=\"widget\" data-settings=\"{&quot;video_type&quot;:&quot;hosted&quot;,&quot;controls&quot;:&quot;yes&quot;}\" data-widget_type=\"video.default\">\n\t\t\t\t<div class=\"elementor-widget-container\">\n\t\t\t\t\t\t\t<div class=\"e-hosted-video elementor-wrapper elementor-open-inline\">\n\t\t\t\t\t<video class=\"elementor-video\" src=\"https:\/\/lefoyerxl.be\/wp-content\/uploads\/2023\/06\/yt1s.com-La-boxe-pour-Parkinson-10-juin-2020-Journal-televise-rtbf_v144P.mp4\" controls=\"\" preload=\"metadata\" controlslist=\"nodownload\"><\/video>\n\t\t\t\t<\/div>\n\t\t\t\t\t\t<\/div>\n\t\t\t\t<\/div>\n\t\t\t\t\t<\/div>\n\t\t<\/div>\n\t\t\t\t\t<\/div>\n\t\t<\/section>\n\t\t\t\t<section class=\"elementor-section elementor-top-section elementor-element elementor-element-043bfa0 elementor-section-boxed elementor-section-height-default elementor-section-height-default\" data-id=\"043bfa0\" data-element_type=\"section\" data-e-type=\"section\">\n\t\t\t\t\t\t<div class=\"elementor-container elementor-column-gap-default\">\n\t\t\t\t\t<div class=\"elementor-column elementor-col-100 elementor-top-column elementor-element elementor-element-f2b27ae\" data-id=\"f2b27ae\" data-element_type=\"column\" data-e-type=\"column\">\n\t\t\t<div class=\"elementor-widget-wrap elementor-element-populated\">\n\t\t\t\t\t\t<div class=\"elementor-element elementor-element-e5fb25e elementor-widget elementor-widget-text-editor\" data-id=\"e5fb25e\" data-element_type=\"widget\" data-e-type=\"widget\" data-widget_type=\"text-editor.default\">\n\t\t\t\t<div class=\"elementor-widget-container\">\n\t\t\t\t\t\t\t\t\t<p>Cette association de patients offre \u00e0 toute personne atteinte de la maladie de Parkinson et \u00e0 son entourage l&rsquo;occasion de pratiquer chaque semaine des activit\u00e9s physiques adapt\u00e9es selon l&rsquo;\u00e9volution de sa maladie comme la marche nordique, la boxe, la gymnastique de renforcement Gymsana, la danse Kin\u00e9siphilia, le tango et le Qi Gong. Les membres peuvent \u00e9galement participer \u00e0 des sessions th\u00e9matiques hebdomadaires avec conf\u00e9rences\/tables de paroles suivies de jeux cognitifs et mensuellement \u00e0 un atelier d&rsquo;art th\u00e9rapie. Pour offrir une approche compl\u00e8te, l&rsquo;association donne aussi la possibilit\u00e9 de rendez-vous individuels, d&rsquo;excursions ou de voyages.<\/p>\t\t\t\t\t\t\t\t<\/div>\n\t\t\t\t<\/div>\n\t\t\t\t\t<\/div>\n\t\t<\/div>\n\t\t\t\t\t<\/div>\n\t\t<\/section>\n\t\t\t\t<section class=\"elementor-section elementor-top-section elementor-element elementor-element-7b28c5e elementor-section-boxed elementor-section-height-default elementor-section-height-default\" data-id=\"7b28c5e\" data-element_type=\"section\" data-e-type=\"section\">\n\t\t\t\t\t\t<div class=\"elementor-container elementor-column-gap-default\">\n\t\t\t\t\t<div class=\"elementor-column elementor-col-100 elementor-top-column elementor-element elementor-element-15bc1a2\" data-id=\"15bc1a2\" data-element_type=\"column\" data-e-type=\"column\">\n\t\t\t<div class=\"elementor-widget-wrap elementor-element-populated\">\n\t\t\t\t\t\t<div class=\"elementor-element elementor-element-c8fc768 elementor-align-center elementor-widget elementor-widget-button\" data-id=\"c8fc768\" data-element_type=\"widget\" data-e-type=\"widget\" data-widget_type=\"button.default\">\n\t\t\t\t<div class=\"elementor-widget-container\">\n\t\t\t\t\t\t\t\t\t<div class=\"elementor-button-wrapper\">\n\t\t\t\t\t<a class=\"elementor-button elementor-button-link elementor-size-sm\" href=\"https:\/\/www.actionparkinson.be\/\">\n\t\t\t\t\t\t<span class=\"elementor-button-content-wrapper\">\n\t\t\t\t\t\t\t\t\t<span class=\"elementor-button-text\">Source<\/span>\n\t\t\t\t\t<\/span>\n\t\t\t\t\t<\/a>\n\t\t\t\t<\/div>\n\t\t\t\t\t\t\t\t<\/div>\n\t\t\t\t<\/div>\n\t\t\t\t\t<\/div>\n\t\t<\/div>\n\t\t\t\t\t<\/div>\n\t\t<\/section>\n\t\t\t\t<\/div>","protected":false},"featured_media":3974,"parent":0,"menu_order":48,"template":"","class_list":["post-3700","communaute","type-communaute","status-publish","has-post-thumbnail","hentry","entry"],"acf":[],"yoast_head":"<!-- This site is optimized with the Yoast SEO plugin v27.4 - https:\/\/yoast.com\/product\/yoast-seo-wordpress\/ -->\n<title>Action Parkinson - Centre de sant\u00e9 le foyer<\/title>\n<meta name=\"robots\" content=\"index, follow, max-snippet:-1, max-image-preview:large, max-video-preview:-1\" \/>\n<link rel=\"canonical\" href=\"https:\/\/lefoyerxl.be\/ar\/communaute\/action-parkinson\/\" \/>\n<meta property=\"og:locale\" content=\"ar_AR\" \/>\n<meta property=\"og:type\" content=\"article\" \/>\n<meta property=\"og:title\" content=\"Action Parkinson - Centre de sant\u00e9 le foyer\" \/>\n<meta property=\"og:description\" content=\"https:\/\/lefoyerxl.be\/wp-content\/uploads\/2023\/06\/yt1s.com-La-boxe-pour-Parkinson-10-juin-2020-Journal-televise-rtbf_v144P.mp4 Cette association de patients offre \u00e0 toute personne atteinte&hellip; \u0645\u062a\u0627\u0628\u0639\u0629 \u0642\u0631\u0627\u0621\u0629 Action Parkinson\" \/>\n<meta property=\"og:url\" content=\"https:\/\/lefoyerxl.be\/ar\/communaute\/action-parkinson\/\" \/>\n<meta property=\"og:site_name\" content=\"Centre de sant\u00e9 le foyer\" \/>\n<meta property=\"article:modified_time\" content=\"2023-06-11T22:31:09+00:00\" \/>\n<meta property=\"og:image\" content=\"https:\/\/lefoyerxl.be\/wp-content\/uploads\/2022\/10\/action-parkinson.png\" \/>\n\t<meta property=\"og:image:width\" content=\"224\" \/>\n\t<meta property=\"og:image:height\" content=\"225\" \/>\n\t<meta property=\"og:image:type\" content=\"image\/png\" \/>\n<meta name=\"twitter:card\" content=\"summary_large_image\" \/>\n<meta name=\"twitter:label1\" content=\"Est. reading time\" \/>\n\t<meta name=\"twitter:data1\" content=\"1 minute\" \/>\n<script type=\"application\/ld+json\" class=\"yoast-schema-graph\">{\"@context\":\"https:\\\/\\\/schema.org\",\"@graph\":[{\"@type\":\"WebPage\",\"@id\":\"https:\\\/\\\/lefoyerxl.be\\\/communaute\\\/action-parkinson\\\/\",\"url\":\"https:\\\/\\\/lefoyerxl.be\\\/communaute\\\/action-parkinson\\\/\",\"name\":\"Action Parkinson - Centre de sant\u00e9 le foyer\",\"isPartOf\":{\"@id\":\"https:\\\/\\\/lefoyerxl.be\\\/#website\"},\"primaryImageOfPage\":{\"@id\":\"https:\\\/\\\/lefoyerxl.be\\\/communaute\\\/action-parkinson\\\/#primaryimage\"},\"image\":{\"@id\":\"https:\\\/\\\/lefoyerxl.be\\\/communaute\\\/action-parkinson\\\/#primaryimage\"},\"thumbnailUrl\":\"https:\\\/\\\/lefoyerxl.be\\\/wp-content\\\/uploads\\\/2022\\\/10\\\/action-parkinson.png\",\"datePublished\":\"2023-06-11T22:22:15+00:00\",\"dateModified\":\"2023-06-11T22:31:09+00:00\",\"breadcrumb\":{\"@id\":\"https:\\\/\\\/lefoyerxl.be\\\/communaute\\\/action-parkinson\\\/#breadcrumb\"},\"inLanguage\":\"ary\",\"potentialAction\":[{\"@type\":\"ReadAction\",\"target\":[\"https:\\\/\\\/lefoyerxl.be\\\/communaute\\\/action-parkinson\\\/\"]}]},{\"@type\":\"ImageObject\",\"inLanguage\":\"ary\",\"@id\":\"https:\\\/\\\/lefoyerxl.be\\\/communaute\\\/action-parkinson\\\/#primaryimage\",\"url\":\"https:\\\/\\\/lefoyerxl.be\\\/wp-content\\\/uploads\\\/2022\\\/10\\\/action-parkinson.png\",\"contentUrl\":\"https:\\\/\\\/lefoyerxl.be\\\/wp-content\\\/uploads\\\/2022\\\/10\\\/action-parkinson.png\",\"width\":224,\"height\":225},{\"@type\":\"BreadcrumbList\",\"@id\":\"https:\\\/\\\/lefoyerxl.be\\\/communaute\\\/action-parkinson\\\/#breadcrumb\",\"itemListElement\":[{\"@type\":\"ListItem\",\"position\":1,\"name\":\"Accueil\",\"item\":\"https:\\\/\\\/lefoyerxl.be\\\/\"},{\"@type\":\"ListItem\",\"position\":2,\"name\":\"Communaut\u00e9\",\"item\":\"https:\\\/\\\/lefoyerxl.be\\\/communaute\\\/\"},{\"@type\":\"ListItem\",\"position\":3,\"name\":\"Action Parkinson\"}]},{\"@type\":\"WebSite\",\"@id\":\"https:\\\/\\\/lefoyerxl.be\\\/#website\",\"url\":\"https:\\\/\\\/lefoyerxl.be\\\/\",\"name\":\"Centre de sant\u00e9 le foyer\",\"description\":\"\",\"publisher\":{\"@id\":\"https:\\\/\\\/lefoyerxl.be\\\/#organization\"},\"potentialAction\":[{\"@type\":\"SearchAction\",\"target\":{\"@type\":\"EntryPoint\",\"urlTemplate\":\"https:\\\/\\\/lefoyerxl.be\\\/?s={search_term_string}\"},\"query-input\":{\"@type\":\"PropertyValueSpecification\",\"valueRequired\":true,\"valueName\":\"search_term_string\"}}],\"inLanguage\":\"ary\"},{\"@type\":\"Organization\",\"@id\":\"https:\\\/\\\/lefoyerxl.be\\\/#organization\",\"name\":\"Centre de sant\u00e9 le foyer\",\"url\":\"https:\\\/\\\/lefoyerxl.be\\\/\",\"logo\":{\"@type\":\"ImageObject\",\"inLanguage\":\"ary\",\"@id\":\"https:\\\/\\\/lefoyerxl.be\\\/#\\\/schema\\\/logo\\\/image\\\/\",\"url\":\"https:\\\/\\\/lefoyerxl.be\\\/wp-content\\\/uploads\\\/2022\\\/05\\\/Logo_Centre_de_sante_Le_Foyer_72dpi.png\",\"contentUrl\":\"https:\\\/\\\/lefoyerxl.be\\\/wp-content\\\/uploads\\\/2022\\\/05\\\/Logo_Centre_de_sante_Le_Foyer_72dpi.png\",\"width\":800,\"height\":620,\"caption\":\"Centre de sant\u00e9 le foyer\"},\"image\":{\"@id\":\"https:\\\/\\\/lefoyerxl.be\\\/#\\\/schema\\\/logo\\\/image\\\/\"}}]}<\/script>\n<!-- \/ Yoast SEO plugin. -->","yoast_head_json":{"title":"Action Parkinson - Centre de sant\u00e9 le foyer","robots":{"index":"index","follow":"follow","max-snippet":"max-snippet:-1","max-image-preview":"max-image-preview:large","max-video-preview":"max-video-preview:-1"},"canonical":"https:\/\/lefoyerxl.be\/ar\/communaute\/action-parkinson\/","og_locale":"ar_AR","og_type":"article","og_title":"Action Parkinson - Centre de sant\u00e9 le foyer","og_description":"https:\/\/lefoyerxl.be\/wp-content\/uploads\/2023\/06\/yt1s.com-La-boxe-pour-Parkinson-10-juin-2020-Journal-televise-rtbf_v144P.mp4 Cette association de patients offre \u00e0 toute personne atteinte&hellip; \u0645\u062a\u0627\u0628\u0639\u0629 \u0642\u0631\u0627\u0621\u0629 Action Parkinson","og_url":"https:\/\/lefoyerxl.be\/ar\/communaute\/action-parkinson\/","og_site_name":"Centre de sant\u00e9 le foyer","article_modified_time":"2023-06-11T22:31:09+00:00","og_image":[{"width":224,"height":225,"url":"https:\/\/lefoyerxl.be\/wp-content\/uploads\/2022\/10\/action-parkinson.png","type":"image\/png"}],"twitter_card":"summary_large_image","twitter_misc":{"Est. reading time":"1 minute"},"schema":{"@context":"https:\/\/schema.org","@graph":[{"@type":"WebPage","@id":"https:\/\/lefoyerxl.be\/communaute\/action-parkinson\/","url":"https:\/\/lefoyerxl.be\/communaute\/action-parkinson\/","name":"Action Parkinson - Centre de sant\u00e9 le foyer","isPartOf":{"@id":"https:\/\/lefoyerxl.be\/#website"},"primaryImageOfPage":{"@id":"https:\/\/lefoyerxl.be\/communaute\/action-parkinson\/#primaryimage"},"image":{"@id":"https:\/\/lefoyerxl.be\/communaute\/action-parkinson\/#primaryimage"},"thumbnailUrl":"https:\/\/lefoyerxl.be\/wp-content\/uploads\/2022\/10\/action-parkinson.png","datePublished":"2023-06-11T22:22:15+00:00","dateModified":"2023-06-11T22:31:09+00:00","breadcrumb":{"@id":"https:\/\/lefoyerxl.be\/communaute\/action-parkinson\/#breadcrumb"},"inLanguage":"ary","potentialAction":[{"@type":"ReadAction","target":["https:\/\/lefoyerxl.be\/communaute\/action-parkinson\/"]}]},{"@type":"ImageObject","inLanguage":"ary","@id":"https:\/\/lefoyerxl.be\/communaute\/action-parkinson\/#primaryimage","url":"https:\/\/lefoyerxl.be\/wp-content\/uploads\/2022\/10\/action-parkinson.png","contentUrl":"https:\/\/lefoyerxl.be\/wp-content\/uploads\/2022\/10\/action-parkinson.png","width":224,"height":225},{"@type":"BreadcrumbList","@id":"https:\/\/lefoyerxl.be\/communaute\/action-parkinson\/#breadcrumb","itemListElement":[{"@type":"ListItem","position":1,"name":"Accueil","item":"https:\/\/lefoyerxl.be\/"},{"@type":"ListItem","position":2,"name":"Communaut\u00e9","item":"https:\/\/lefoyerxl.be\/communaute\/"},{"@type":"ListItem","position":3,"name":"Action Parkinson"}]},{"@type":"WebSite","@id":"https:\/\/lefoyerxl.be\/#website","url":"https:\/\/lefoyerxl.be\/","name":"Centre de sant\u00e9 le foyer","description":"","publisher":{"@id":"https:\/\/lefoyerxl.be\/#organization"},"potentialAction":[{"@type":"SearchAction","target":{"@type":"EntryPoint","urlTemplate":"https:\/\/lefoyerxl.be\/?s={search_term_string}"},"query-input":{"@type":"PropertyValueSpecification","valueRequired":true,"valueName":"search_term_string"}}],"inLanguage":"ary"},{"@type":"Organization","@id":"https:\/\/lefoyerxl.be\/#organization","name":"Centre de sant\u00e9 le foyer","url":"https:\/\/lefoyerxl.be\/","logo":{"@type":"ImageObject","inLanguage":"ary","@id":"https:\/\/lefoyerxl.be\/#\/schema\/logo\/image\/","url":"https:\/\/lefoyerxl.be\/wp-content\/uploads\/2022\/05\/Logo_Centre_de_sante_Le_Foyer_72dpi.png","contentUrl":"https:\/\/lefoyerxl.be\/wp-content\/uploads\/2022\/05\/Logo_Centre_de_sante_Le_Foyer_72dpi.png","width":800,"height":620,"caption":"Centre de sant\u00e9 le foyer"},"image":{"@id":"https:\/\/lefoyerxl.be\/#\/schema\/logo\/image\/"}}]}},"_links":{"self":[{"href":"https:\/\/lefoyerxl.be\/ar\/wp-json\/wp\/v2\/communaute\/3700","targetHints":{"allow":["GET"]}}],"collection":[{"href":"https:\/\/lefoyerxl.be\/ar\/wp-json\/wp\/v2\/communaute"}],"about":[{"href":"https:\/\/lefoyerxl.be\/ar\/wp-json\/wp\/v2\/types\/communaute"}],"version-history":[{"count":5,"href":"https:\/\/lefoyerxl.be\/ar\/wp-json\/wp\/v2\/communaute\/3700\/revisions"}],"predecessor-version":[{"id":3980,"href":"https:\/\/lefoyerxl.be\/ar\/wp-json\/wp\/v2\/communaute\/3700\/revisions\/3980"}],"wp:featuredmedia":[{"embeddable":true,"href":"https:\/\/lefoyerxl.be\/ar\/wp-json\/wp\/v2\/media\/3974"}],"wp:attachment":[{"href":"https:\/\/lefoyerxl.be\/ar\/wp-json\/wp\/v2\/media?parent=3700"}],"curies":[{"name":"wp","href":"https:\/\/api.w.org\/{rel}","templated":true}]}}