{"id":1154,"date":"2022-06-10T20:54:21","date_gmt":"2022-06-10T18:54:21","guid":{"rendered":"https:\/\/lefoyerxl.be\/?post_type=communaute&#038;p=1154"},"modified":"2022-07-06T21:18:59","modified_gmt":"2022-07-06T19:18:59","slug":"see-u-users","status":"publish","type":"communaute","link":"https:\/\/lefoyerxl.be\/ar\/communaute\/see-u-users\/","title":{"rendered":"See U Users"},"content":{"rendered":"<div data-elementor-type=\"wp-post\" data-elementor-id=\"1154\" class=\"elementor elementor-1154\" data-elementor-post-type=\"communaute\">\n\t\t\t\t\t\t<section class=\"elementor-section elementor-top-section elementor-element elementor-element-75c45372 elementor-section-boxed elementor-section-height-default elementor-section-height-default\" data-id=\"75c45372\" data-element_type=\"section\" data-e-type=\"section\">\n\t\t\t\t\t\t<div class=\"elementor-container elementor-column-gap-default\">\n\t\t\t\t\t<div class=\"elementor-column elementor-col-100 elementor-top-column elementor-element elementor-element-19af0671\" data-id=\"19af0671\" data-element_type=\"column\" data-e-type=\"column\">\n\t\t\t<div class=\"elementor-widget-wrap elementor-element-populated\">\n\t\t\t\t\t\t<div class=\"elementor-element elementor-element-2b6de5b8 elementor-widget elementor-widget-text-editor\" data-id=\"2b6de5b8\" data-element_type=\"widget\" data-e-type=\"widget\" data-widget_type=\"text-editor.default\">\n\t\t\t\t<div class=\"elementor-widget-container\">\n\t\t\t\t\t\t\t\t\t<p>\u00a0<\/p><p style=\"text-align: center;\">Plus de 100 projets d\u00e9di\u00e9s \u00e0 l\u2019innovation, \u00e0 la culture et au durable investissent les 45 000 m2 de l\u2019ancienne Caserne Fritz Toussaint jusqu\u2019en mars 2022. 100 initiatives belges vari\u00e9es et plus de 300 acteurs, aka \u00abSee\u2019Users\u00bb, donnent vie \u00e0 ce nouveau quartier participatif au coeur de la ville d\u2019Ixelles. Une dynamique inclusive accueillant les visiteurs et initiatives de chacun.Parmi ces nombreux projets se trouvent un Fablab universitaire, un repair caf\u00e9, un cin\u00e9ma vintage, un caf\u00e9 poussette,&#8230;!<\/p><p>\u00a0<\/p><p>\u00a0<\/p>\t\t\t\t\t\t\t\t<\/div>\n\t\t\t\t<\/div>\n\t\t\t\t\t<\/div>\n\t\t<\/div>\n\t\t\t\t\t<\/div>\n\t\t<\/section>\n\t\t\t\t<section class=\"elementor-section elementor-top-section elementor-element elementor-element-0dc654b elementor-section-boxed elementor-section-height-default elementor-section-height-default\" data-id=\"0dc654b\" data-element_type=\"section\" data-e-type=\"section\">\n\t\t\t\t\t\t<div class=\"elementor-container elementor-column-gap-default\">\n\t\t\t\t\t<div class=\"elementor-column elementor-col-100 elementor-top-column elementor-element elementor-element-d084099\" data-id=\"d084099\" data-element_type=\"column\" data-e-type=\"column\">\n\t\t\t<div class=\"elementor-widget-wrap elementor-element-populated\">\n\t\t\t\t\t\t<div class=\"elementor-element elementor-element-9bcf8c8 elementor-widget elementor-widget-global elementor-global-711 elementor-widget-text-editor\" data-id=\"9bcf8c8\" data-element_type=\"widget\" data-e-type=\"widget\" data-widget_type=\"text-editor.default\">\n\t\t\t\t<div class=\"elementor-widget-container\">\n\t\t\t\t\t\t\t\t\t<p><strong><a href=\"https:\/\/lacapitale.sudinfo.be\/903905\/article\/2022-02-06\/ixelles-le-haricot-magique-se-transforme-en-cafe-brocante-avant-de-disparaitre\">Le Haricot Magique<\/a> <a href=\"https:\/\/www.see-u.brussels\/portfolio-item\/tomorrownowmovement\/?lang=nl\">Tomorrownowmovement<\/a><\/strong><\/p><p><a href=\"https:\/\/collectifdallas.eu\/Info\"><strong> Collectif Dallas<\/strong><\/a><\/p><p><a href=\"https:\/\/www.metteursenpieces.be\/\"><strong> Metteurs en pi\u00e8ces <\/strong><\/a><\/p><p><a href=\"https:\/\/www.ama.be\/home-for-less-le-projet-qui-veut-loger-les-sans-abri\/\"><strong>Home for Less<\/strong><\/a><\/p><p><a href=\"https:\/\/www.see-u.brussels\/portfolio-item\/mathieu-zurstrassen\/\"><strong>Mathieu Zurstrassen<\/strong><\/a><\/p><p><a href=\"https:\/\/www.tavu.be\/\"><strong>Tavu <\/strong><\/a><\/p><p><a href=\"https:\/\/www.sarahlevy.be\/\"><strong>Sarah Levy<\/strong><\/a><\/p><p><a href=\"https:\/\/www.see-u.brussels\/portfolio-item\/turtle-master\/\"><strong> Turtle Prod<\/strong><\/a><\/p><p><a href=\"http:\/\/www.o-life.be\/\"><strong> O Life <\/strong><\/a><\/p><p><strong>Nouveau Reg\u2019Art <\/strong><\/p><p><strong>Plexus <\/strong><strong>Prod<\/strong><\/p><p><a href=\"https:\/\/www.see-u.brussels\/portfolio-item\/cocorico-searching\/\"><strong>Cocorico-Searching<\/strong><\/a><\/p><p><strong> Argile et Sicile<\/strong><\/p><p><a href=\"https:\/\/www.masterdesign.social\/\"><strong> Master Designd\u2019Innovation sociale <\/strong><strong>Esa St-Luc <\/strong><\/a><\/p><p><a href=\"https:\/\/www.see-u.brussels\/portfolio-item\/pulse-air-radio\/\"><strong>Pulse Air Radio<\/strong><\/a><\/p><p><a href=\"https:\/\/pilar.brussels\/en\"><strong> Pilar<\/strong><\/a><\/p><p><a href=\"https:\/\/www.see-u.brussels\/portfolio-item\/svi\/\"><strong>Svi <\/strong><\/a><\/p><p><a href=\"https:\/\/www.see-u.brussels\/portfolio-item\/espirito-mundo\/\"><strong> Espirito Mundo<\/strong><\/a><\/p><p><a href=\"https:\/\/www.see-u.brussels\/portfolio-item\/les-patenteuses\/\"><strong> Les Patenteuses<\/strong><\/a><\/p><p><a href=\"https:\/\/environnement.brussels\/fiche\/komchetamere-les-puces\"><strong>Komch\u00e9tam\u00e8re<\/strong><\/a><\/p><p><a href=\"https:\/\/www.see-u.brussels\/portfolio-item\/cabinet-de-transformation\/\"><strong>Cabinet de transformation<\/strong><\/a><\/p><p><a href=\"https:\/\/www.gcelzenhof.be\/over-elzenhof\"><strong>Elzenhof<\/strong><\/a><\/p><p><a href=\"https:\/\/www.see-u.brussels\/portfolio-item\/atelier-louves\/\"><strong> Atelier Louves<\/strong><\/a><\/p><p><a href=\"https:\/\/www.see-u.brussels\/portfolio-item\/openstructrures-studio\/\"><strong> Openstructures <\/strong><strong>Studio <\/strong><\/a><\/p><p><a href=\"https:\/\/www.see-u.brussels\/portfolio-item\/atelier-truyffaut\/\"><strong>Atelier Truyffaut <\/strong><\/a><\/p><p><a href=\"https:\/\/www.see-u.brussels\/portfolio-item\/make-it-sound\/\"><strong>Make It Sound<\/strong><\/a><\/p><p><a href=\"https:\/\/www.see-u.brussels\/portfolio-item\/impact-valley\/\"><strong> Impact Valley<\/strong><\/a><\/p><p><a href=\"https:\/\/www.see-u.brussels\/portfolio-item\/ohme\/\"><strong>Ohme<\/strong><\/a><\/p><p><a href=\"https:\/\/www.see-u.brussels\/portfolio-item\/enjeux-television\/\"><strong>Enjeux t\u00e9l\u00e9vision<\/strong><\/a><\/p><p><a href=\"https:\/\/www.see-u.brussels\/portfolio-item\/crafteke\/\"><strong> Crafteke<\/strong><\/a><\/p><p><a href=\"https:\/\/www.see-u.brussels\/portfolio-item\/hypercut\/\"><strong> Hypercut <\/strong><\/a><\/p><p><a href=\"https:\/\/www.see-u.brussels\/portfolio-item\/w-project\/\"><strong>W-Project <\/strong><\/a><\/p><p><a href=\"https:\/\/www.thelemonspoon.com\/\"><strong>The Lemon Spoon <\/strong><\/a><\/p><p><a href=\"https:\/\/www.see-u.brussels\/portfolio-item\/alpha-vr\/\"><strong>Alpha VR<\/strong><\/a><\/p><p><a href=\"https:\/\/www.see-u.brussels\/portfolio-item\/polygone-architectes\/\"><strong> Polygone Architectes<\/strong><\/a><\/p><p><a href=\"https:\/\/www.see-u.brussels\/portfolio-item\/musee-du-capitalisme\/\"><strong>Mus\u00e9e du capitalisme<\/strong><\/a><\/p><p><a href=\"https:\/\/terre-en-vue.be\/les-projets\"><strong> Terre-en-vue<\/strong><\/a><\/p><p><a href=\"http:\/\/www.haricots.org\/\"><strong> Le D\u00e9but des Haricots<\/strong><\/a><\/p><p><a href=\"https:\/\/www.see-u.brussels\/portfolio-item\/laurabasterra\/\"><strong> Laura Basterra<\/strong><\/a><\/p><p><a href=\"https:\/\/www.see-u.brussels\/portfolio-item\/lilith-galerie\/?lang=nl\"><strong> Lilith Gal\u00e9rie<\/strong><\/a><\/p><p><a href=\"https:\/\/www.see-u.brussels\/portfolio-item\/dinedit\/\"><strong> Din\u00e9dit<\/strong><\/a><\/p><p><a href=\"https:\/\/www.see-u.brussels\/portfolio-item\/decorsetlumieres\/\"><strong>D\u00e9cors et lumi\u00e8res<\/strong><\/a><\/p><p><a href=\"https:\/\/gasap.be\/\"><strong>Gasap<\/strong><\/a><\/p><p><a href=\"https:\/\/www.see-u.brussels\/portfolio-item\/bellepaga\/\"><strong> Bellepaga<\/strong><\/a><\/p><p><a href=\"https:\/\/www.see-u.brussels\/portfolio-item\/place-aux-plantes\/\"><strong> Place aux plantes<\/strong><\/a><\/p><p><a href=\"https:\/\/www.see-u.brussels\/portfolio-item\/chouette\/\"><strong> Chouette<\/strong><\/a><\/p><p><a href=\"https:\/\/repairtogether.be\/\"><strong> Repair Together <\/strong><\/a><\/p><p><strong>Radio See U<\/strong><\/p><p><a href=\"https:\/\/www.happyhours.be\/fr\/\"><strong> HappyHours<\/strong><strong> Market<\/strong><\/a><\/p><p><a href=\"https:\/\/horscategorie.brussels\/\"><strong>Hors Cat\u00e9gorie<\/strong><\/a><\/p><p><a href=\"https:\/\/www.see-u.brussels\/portfolio-item\/le-pain-dans-la-gueule\/\"><strong> Le Pain dans la Gueule <\/strong><\/a><\/p><p><a href=\"https:\/\/www.see-u.brussels\/portfolio-item\/haut-les-coeurs\/\"><strong>Haut les C\u0153urs<\/strong><\/a><\/p><p><a href=\"https:\/\/www.see-u.brussels\/portfolio-item\/velodroom\/\"><strong> Velodroom<\/strong><\/a><\/p><p><a href=\"https:\/\/www.see-u.brussels\/portfolio-item\/feed-u\/\"><strong> Feed U<\/strong><\/a><\/p><p><a href=\"https:\/\/www.see-u.brussels\/portfolio-item\/kinograph\/\"><strong>Kinograph <\/strong><\/a><\/p><p><a href=\"https:\/\/www.see-u.brussels\/portfolio-item\/le-biais-vert\/\"><strong>Le Biais Vert <\/strong><\/a><\/p><p><a href=\"https:\/\/leslibard.com\/\"><strong>Le Slibard<\/strong><\/a><\/p><p><strong>Rool<\/strong><\/p><p><strong><a href=\"https:\/\/brusselsbigbrackets.eu\/\"> Brussels Big Brackets<\/a> <\/strong><\/p><p><a href=\"https:\/\/www.mogabags.com\/\"><strong>Moga Bags<\/strong><\/a><\/p><p><a href=\"https:\/\/bike-packer.be\/fr\/\"><strong> Bike-Packer<\/strong><\/a><\/p><p><a href=\"https:\/\/visit.brussels\/fr\/article\/bike-hub-bruxelles\"><strong> Bike Hub<\/strong><\/a><\/p><p><a href=\"https:\/\/www.see-u.brussels\/portfolio-item\/repair-together-2\/\"><strong> Repair Together<\/strong><\/a><\/p><p><a href=\"https:\/\/www.see-u.brussels\/portfolio-item\/remake-her93\/\"><strong> Remake Her93<\/strong><\/a><\/p><p><a href=\"https:\/\/www.see-u.brussels\/portfolio-item\/fietsbieb\/?lang=nl\"><strong> Fietsbieb<\/strong><\/a><\/p><p><a href=\"https:\/\/www.see-u.brussels\/portfolio-item\/ouvrages\/\"><strong>Ouvrages <\/strong><\/a><\/p><p><a href=\"https:\/\/www.see-u.brussels\/portfolio-item\/aiko-design\/\"><strong>Aiko Design<\/strong><\/a><\/p><p><a href=\"https:\/\/www.see-u.brussels\/portfolio-item\/vilain\/?lang=nl\"><strong>Vilain <\/strong><\/a><\/p><p><a href=\"https:\/\/www.see-u.brussels\/portfolio-item\/fais-le-trottoir\/\"><strong>Fais le Trottoir<\/strong><\/a><\/p><p><a href=\"https:\/\/www.avemundum.com\/\"><strong> Ave Mundum<\/strong><\/a><\/p><p><a href=\"https:\/\/www.see-u.brussels\/portfolio-item\/philippe-genette\/\"><strong> Philippe Genette<\/strong><\/a><\/p><p><a href=\"https:\/\/www.see-u.brussels\/portfolio-item\/artistes-du-monde-for-kids\/\"><strong> Artistes For Kids <\/strong><\/a><\/p><p><a href=\"https:\/\/www.see-u.brussels\/portfolio-item\/fluidd\/?lang=nl\"><strong>Fluidd<\/strong><\/a><\/p><p><a href=\"https:\/\/www.see-u.brussels\/portfolio-item\/esport-de-lulb\/?lang=nl\"><strong>E-Sport <\/strong><\/a><\/p><p><a href=\"https:\/\/www.see-u.brussels\/portfolio-item\/atelier-de-fan\/\"><strong>Atelier de Fan<\/strong><\/a><\/p><p><a href=\"https:\/\/www.see-u.brussels\/portfolio-item\/kenia-raphael\/\"><strong> Kenia Raphael<\/strong><\/a><\/p><p><a href=\"https:\/\/www.see-u.brussels\/portfolio-item\/tuli\/?lang=nl\"><strong> Tuli <\/strong><\/a><\/p><p><a href=\"https:\/\/www.see-u.brussels\/portfolio-item\/ouvrages\/\"><strong> Ouvrages<\/strong><\/a><\/p><p><a href=\"https:\/\/www.see-u.brussels\/portfolio-item\/rikkert-paauw\/\"><strong> Rikkert Paauw<\/strong><\/a><\/p><p><a href=\"https:\/\/www.see-u.brussels\/portfolio-item\/veronica-degiovanelli\/\"><strong> Veronica Degiovanelli<\/strong><\/a><\/p><p><a href=\"https:\/\/www.see-u.brussels\/portfolio-item\/sport2be\/?lang=nl\"><strong>Sport2be<\/strong><\/a><\/p><p><a href=\"https:\/\/www.see-u.brussels\/portfolio-item\/marine-penhouet\/\"><strong>Marine Penhouet<\/strong><\/a><\/p><p><a href=\"https:\/\/www.see-u.brussels\/portfolio-item\/fulvio-thomas\/\"><strong> Clo\u00e9 Marthe<\/strong><\/a><\/p><p><a href=\"https:\/\/www.see-u.brussels\/portfolio-item\/hyphe-coconet\/\"><strong> Hyphe coconet<\/strong><\/a><\/p><p><a href=\"https:\/\/www.see-u.brussels\/portfolio-item\/fulvio-thomas\/\"><strong> Fulvio Cante<\/strong><\/a><\/p><p><a href=\"https:\/\/www.see-u.brussels\/portfolio-item\/koven\/\"><strong>Koven<\/strong><\/a><\/p><p><a href=\"https:\/\/gerdusbronn.com\/home\/\"><strong> Atelier du Dodo<\/strong><\/a><\/p><p><a href=\"https:\/\/www.see-u.brussels\/portfolio-item\/emiliano-deferrari\/\"><strong> Emiliano Deferrari<\/strong><\/a><\/p><p><a href=\"https:\/\/www.see-u.brussels\/portfolio-item\/black-ink\/\"><strong>Black In <\/strong><\/a><\/p><p><a href=\"https:\/\/www.see-u.brussels\/portfolio-item\/sleepy-head\/\"><strong>Sleepy Head<\/strong><\/a><\/p><p><a href=\"https:\/\/www.see-u.brussels\/portfolio-item\/poetic-punkers\/\"><strong> Poetic Punkers<\/strong><\/a><\/p><p><a href=\"https:\/\/www.lapeaudelours.net\/fr\/artistes\/elio-ticca\"><strong> Elio Ticca<\/strong><\/a><\/p><p><a href=\"https:\/\/www.see-u.brussels\/portfolio-item\/trekking-fox\/\"><strong> Trekking Fox<\/strong><\/a><\/p><p><a href=\"https:\/\/www.see-u.brussels\/portfolio-item\/sophie-marie-g\/\"><strong> Sophie-Marie G. <\/strong><\/a><\/p><p><a href=\"https:\/\/www.see-u.brussels\/portfolio-item\/quai-des-brumes\/\"><strong>Quai des Brumes<\/strong><\/a><\/p><p><a href=\"https:\/\/www.see-u.brussels\/portfolio-item\/luca-school-of-arts\/\"><strong> Luca School of Arts<\/strong><\/a><\/p><p><a href=\"https:\/\/www.see-u.brussels\/portfolio-item\/sanguine\/\"><strong>Sanguine<\/strong><\/a><\/p><p><a href=\"https:\/\/www.see-u.brussels\/portfolio-item\/anders-dan\/\"><strong> Anders Dan<\/strong><\/a><\/p><p><a href=\"https:\/\/www.see-u.brussels\/portfolio-item\/under_construction\/\"><strong> Under_Construction<\/strong><\/a><\/p><p><a href=\"https:\/\/www.see-u.brussels\/portfolio-item\/alexandre-costy\/\"><strong> Alexandre Costy <\/strong><\/a><\/p><p><a href=\"https:\/\/www.see-u.brussels\/portfolio-item\/van-orkez-thang\/\"><strong>Van \u00abOrkey\u00bb<\/strong><\/a><\/p><p><a href=\"https:\/\/www.see-u.brussels\/portfolio-item\/dong-fang\/\"><strong>Dong fang<\/strong><\/a><\/p><p><a href=\"https:\/\/www.see-u.brussels\/portfolio-item\/louis-schmidt\/\"><strong> Louise Schmidt<\/strong><\/a><\/p><p><a href=\"https:\/\/www.see-u.brussels\/portfolio-item\/karno\/\"><strong> Karno<\/strong><\/a><\/p><p><a href=\"https:\/\/www.see-u.brussels\/portfolio-item\/le-panier-de-macha\/\"><strong>Le Panier de Macha<\/strong><\/a><\/p><p><a href=\"https:\/\/www.see-u.brussels\/portfolio-item\/les-meutes\/\"><strong>Les Meutes<\/strong><\/a><\/p>\t\t\t\t\t\t\t\t<\/div>\n\t\t\t\t<\/div>\n\t\t\t\t\t<\/div>\n\t\t<\/div>\n\t\t\t\t\t<\/div>\n\t\t<\/section>\n\t\t\t\t<\/div>","protected":false},"featured_media":1155,"parent":0,"menu_order":28,"template":"","class_list":["post-1154","communaute","type-communaute","status-publish","has-post-thumbnail","hentry","entry"],"acf":[],"yoast_head":"<!-- This site is optimized with the Yoast SEO plugin v27.4 - https:\/\/yoast.com\/product\/yoast-seo-wordpress\/ -->\n<title>See U Users - Centre de sant\u00e9 le foyer<\/title>\n<meta name=\"robots\" content=\"index, follow, max-snippet:-1, max-image-preview:large, max-video-preview:-1\" \/>\n<link rel=\"canonical\" href=\"https:\/\/lefoyerxl.be\/ar\/communaute\/see-u-users\/\" \/>\n<meta property=\"og:locale\" content=\"ar_AR\" \/>\n<meta property=\"og:type\" content=\"article\" \/>\n<meta property=\"og:title\" content=\"See U Users - Centre de sant\u00e9 le foyer\" \/>\n<meta property=\"og:description\" content=\"\u00a0 Plus de 100 projets d\u00e9di\u00e9s \u00e0 l\u2019innovation, \u00e0 la&hellip; \u0645\u062a\u0627\u0628\u0639\u0629 \u0642\u0631\u0627\u0621\u0629 See U Users\" \/>\n<meta property=\"og:url\" content=\"https:\/\/lefoyerxl.be\/ar\/communaute\/see-u-users\/\" \/>\n<meta property=\"og:site_name\" content=\"Centre de sant\u00e9 le foyer\" \/>\n<meta property=\"article:modified_time\" content=\"2022-07-06T19:18:59+00:00\" \/>\n<meta property=\"og:image\" content=\"https:\/\/lefoyerxl.be\/wp-content\/uploads\/2022\/06\/Picto_see_U_users.png\" \/>\n\t<meta property=\"og:image:width\" content=\"1695\" \/>\n\t<meta property=\"og:image:height\" content=\"1695\" \/>\n\t<meta property=\"og:image:type\" content=\"image\/png\" \/>\n<meta name=\"twitter:card\" content=\"summary_large_image\" \/>\n<meta name=\"twitter:label1\" content=\"Est. reading time\" \/>\n\t<meta name=\"twitter:data1\" content=\"1 minute\" \/>\n<script type=\"application\/ld+json\" class=\"yoast-schema-graph\">{\"@context\":\"https:\\\/\\\/schema.org\",\"@graph\":[{\"@type\":\"WebPage\",\"@id\":\"https:\\\/\\\/lefoyerxl.be\\\/communaute\\\/see-u-users\\\/\",\"url\":\"https:\\\/\\\/lefoyerxl.be\\\/communaute\\\/see-u-users\\\/\",\"name\":\"See U Users - Centre de sant\u00e9 le foyer\",\"isPartOf\":{\"@id\":\"https:\\\/\\\/lefoyerxl.be\\\/#website\"},\"primaryImageOfPage\":{\"@id\":\"https:\\\/\\\/lefoyerxl.be\\\/communaute\\\/see-u-users\\\/#primaryimage\"},\"image\":{\"@id\":\"https:\\\/\\\/lefoyerxl.be\\\/communaute\\\/see-u-users\\\/#primaryimage\"},\"thumbnailUrl\":\"https:\\\/\\\/lefoyerxl.be\\\/wp-content\\\/uploads\\\/2022\\\/06\\\/Picto_see_U_users.png\",\"datePublished\":\"2022-06-10T18:54:21+00:00\",\"dateModified\":\"2022-07-06T19:18:59+00:00\",\"breadcrumb\":{\"@id\":\"https:\\\/\\\/lefoyerxl.be\\\/communaute\\\/see-u-users\\\/#breadcrumb\"},\"inLanguage\":\"ary\",\"potentialAction\":[{\"@type\":\"ReadAction\",\"target\":[\"https:\\\/\\\/lefoyerxl.be\\\/communaute\\\/see-u-users\\\/\"]}]},{\"@type\":\"ImageObject\",\"inLanguage\":\"ary\",\"@id\":\"https:\\\/\\\/lefoyerxl.be\\\/communaute\\\/see-u-users\\\/#primaryimage\",\"url\":\"https:\\\/\\\/lefoyerxl.be\\\/wp-content\\\/uploads\\\/2022\\\/06\\\/Picto_see_U_users.png\",\"contentUrl\":\"https:\\\/\\\/lefoyerxl.be\\\/wp-content\\\/uploads\\\/2022\\\/06\\\/Picto_see_U_users.png\",\"width\":1695,\"height\":1695},{\"@type\":\"BreadcrumbList\",\"@id\":\"https:\\\/\\\/lefoyerxl.be\\\/communaute\\\/see-u-users\\\/#breadcrumb\",\"itemListElement\":[{\"@type\":\"ListItem\",\"position\":1,\"name\":\"Accueil\",\"item\":\"https:\\\/\\\/lefoyerxl.be\\\/\"},{\"@type\":\"ListItem\",\"position\":2,\"name\":\"Communaut\u00e9\",\"item\":\"https:\\\/\\\/lefoyerxl.be\\\/communaute\\\/\"},{\"@type\":\"ListItem\",\"position\":3,\"name\":\"See U Users\"}]},{\"@type\":\"WebSite\",\"@id\":\"https:\\\/\\\/lefoyerxl.be\\\/#website\",\"url\":\"https:\\\/\\\/lefoyerxl.be\\\/\",\"name\":\"Centre de sant\u00e9 le foyer\",\"description\":\"\",\"publisher\":{\"@id\":\"https:\\\/\\\/lefoyerxl.be\\\/#organization\"},\"potentialAction\":[{\"@type\":\"SearchAction\",\"target\":{\"@type\":\"EntryPoint\",\"urlTemplate\":\"https:\\\/\\\/lefoyerxl.be\\\/?s={search_term_string}\"},\"query-input\":{\"@type\":\"PropertyValueSpecification\",\"valueRequired\":true,\"valueName\":\"search_term_string\"}}],\"inLanguage\":\"ary\"},{\"@type\":\"Organization\",\"@id\":\"https:\\\/\\\/lefoyerxl.be\\\/#organization\",\"name\":\"Centre de sant\u00e9 le foyer\",\"url\":\"https:\\\/\\\/lefoyerxl.be\\\/\",\"logo\":{\"@type\":\"ImageObject\",\"inLanguage\":\"ary\",\"@id\":\"https:\\\/\\\/lefoyerxl.be\\\/#\\\/schema\\\/logo\\\/image\\\/\",\"url\":\"https:\\\/\\\/lefoyerxl.be\\\/wp-content\\\/uploads\\\/2022\\\/05\\\/Logo_Centre_de_sante_Le_Foyer_72dpi.png\",\"contentUrl\":\"https:\\\/\\\/lefoyerxl.be\\\/wp-content\\\/uploads\\\/2022\\\/05\\\/Logo_Centre_de_sante_Le_Foyer_72dpi.png\",\"width\":800,\"height\":620,\"caption\":\"Centre de sant\u00e9 le foyer\"},\"image\":{\"@id\":\"https:\\\/\\\/lefoyerxl.be\\\/#\\\/schema\\\/logo\\\/image\\\/\"}}]}<\/script>\n<!-- \/ Yoast SEO plugin. -->","yoast_head_json":{"title":"See U Users - Centre de sant\u00e9 le foyer","robots":{"index":"index","follow":"follow","max-snippet":"max-snippet:-1","max-image-preview":"max-image-preview:large","max-video-preview":"max-video-preview:-1"},"canonical":"https:\/\/lefoyerxl.be\/ar\/communaute\/see-u-users\/","og_locale":"ar_AR","og_type":"article","og_title":"See U Users - Centre de sant\u00e9 le foyer","og_description":"\u00a0 Plus de 100 projets d\u00e9di\u00e9s \u00e0 l\u2019innovation, \u00e0 la&hellip; \u0645\u062a\u0627\u0628\u0639\u0629 \u0642\u0631\u0627\u0621\u0629 See U Users","og_url":"https:\/\/lefoyerxl.be\/ar\/communaute\/see-u-users\/","og_site_name":"Centre de sant\u00e9 le foyer","article_modified_time":"2022-07-06T19:18:59+00:00","og_image":[{"width":1695,"height":1695,"url":"https:\/\/lefoyerxl.be\/wp-content\/uploads\/2022\/06\/Picto_see_U_users.png","type":"image\/png"}],"twitter_card":"summary_large_image","twitter_misc":{"Est. reading time":"1 minute"},"schema":{"@context":"https:\/\/schema.org","@graph":[{"@type":"WebPage","@id":"https:\/\/lefoyerxl.be\/communaute\/see-u-users\/","url":"https:\/\/lefoyerxl.be\/communaute\/see-u-users\/","name":"See U Users - Centre de sant\u00e9 le foyer","isPartOf":{"@id":"https:\/\/lefoyerxl.be\/#website"},"primaryImageOfPage":{"@id":"https:\/\/lefoyerxl.be\/communaute\/see-u-users\/#primaryimage"},"image":{"@id":"https:\/\/lefoyerxl.be\/communaute\/see-u-users\/#primaryimage"},"thumbnailUrl":"https:\/\/lefoyerxl.be\/wp-content\/uploads\/2022\/06\/Picto_see_U_users.png","datePublished":"2022-06-10T18:54:21+00:00","dateModified":"2022-07-06T19:18:59+00:00","breadcrumb":{"@id":"https:\/\/lefoyerxl.be\/communaute\/see-u-users\/#breadcrumb"},"inLanguage":"ary","potentialAction":[{"@type":"ReadAction","target":["https:\/\/lefoyerxl.be\/communaute\/see-u-users\/"]}]},{"@type":"ImageObject","inLanguage":"ary","@id":"https:\/\/lefoyerxl.be\/communaute\/see-u-users\/#primaryimage","url":"https:\/\/lefoyerxl.be\/wp-content\/uploads\/2022\/06\/Picto_see_U_users.png","contentUrl":"https:\/\/lefoyerxl.be\/wp-content\/uploads\/2022\/06\/Picto_see_U_users.png","width":1695,"height":1695},{"@type":"BreadcrumbList","@id":"https:\/\/lefoyerxl.be\/communaute\/see-u-users\/#breadcrumb","itemListElement":[{"@type":"ListItem","position":1,"name":"Accueil","item":"https:\/\/lefoyerxl.be\/"},{"@type":"ListItem","position":2,"name":"Communaut\u00e9","item":"https:\/\/lefoyerxl.be\/communaute\/"},{"@type":"ListItem","position":3,"name":"See U Users"}]},{"@type":"WebSite","@id":"https:\/\/lefoyerxl.be\/#website","url":"https:\/\/lefoyerxl.be\/","name":"Centre de sant\u00e9 le foyer","description":"","publisher":{"@id":"https:\/\/lefoyerxl.be\/#organization"},"potentialAction":[{"@type":"SearchAction","target":{"@type":"EntryPoint","urlTemplate":"https:\/\/lefoyerxl.be\/?s={search_term_string}"},"query-input":{"@type":"PropertyValueSpecification","valueRequired":true,"valueName":"search_term_string"}}],"inLanguage":"ary"},{"@type":"Organization","@id":"https:\/\/lefoyerxl.be\/#organization","name":"Centre de sant\u00e9 le foyer","url":"https:\/\/lefoyerxl.be\/","logo":{"@type":"ImageObject","inLanguage":"ary","@id":"https:\/\/lefoyerxl.be\/#\/schema\/logo\/image\/","url":"https:\/\/lefoyerxl.be\/wp-content\/uploads\/2022\/05\/Logo_Centre_de_sante_Le_Foyer_72dpi.png","contentUrl":"https:\/\/lefoyerxl.be\/wp-content\/uploads\/2022\/05\/Logo_Centre_de_sante_Le_Foyer_72dpi.png","width":800,"height":620,"caption":"Centre de sant\u00e9 le foyer"},"image":{"@id":"https:\/\/lefoyerxl.be\/#\/schema\/logo\/image\/"}}]}},"_links":{"self":[{"href":"https:\/\/lefoyerxl.be\/ar\/wp-json\/wp\/v2\/communaute\/1154","targetHints":{"allow":["GET"]}}],"collection":[{"href":"https:\/\/lefoyerxl.be\/ar\/wp-json\/wp\/v2\/communaute"}],"about":[{"href":"https:\/\/lefoyerxl.be\/ar\/wp-json\/wp\/v2\/types\/communaute"}],"version-history":[{"count":53,"href":"https:\/\/lefoyerxl.be\/ar\/wp-json\/wp\/v2\/communaute\/1154\/revisions"}],"predecessor-version":[{"id":2493,"href":"https:\/\/lefoyerxl.be\/ar\/wp-json\/wp\/v2\/communaute\/1154\/revisions\/2493"}],"wp:featuredmedia":[{"embeddable":true,"href":"https:\/\/lefoyerxl.be\/ar\/wp-json\/wp\/v2\/media\/1155"}],"wp:attachment":[{"href":"https:\/\/lefoyerxl.be\/ar\/wp-json\/wp\/v2\/media?parent=1154"}],"curies":[{"name":"wp","href":"https:\/\/api.w.org\/{rel}","templated":true}]}}