{"id":2410,"date":"2022-07-06T20:17:32","date_gmt":"2022-07-06T18:17:32","guid":{"rendered":"https:\/\/lefoyerxl.be\/?post_type=bruxelles-capitale&#038;p=2410"},"modified":"2022-07-11T09:17:55","modified_gmt":"2022-07-11T07:17:55","slug":"1030-schaerbeek","status":"publish","type":"bruxelles-capitale","link":"https:\/\/lefoyerxl.be\/ar\/bruxelles-capitale\/1030-schaerbeek\/","title":{"rendered":"1030 Schaerbeek"},"content":{"rendered":"<div data-elementor-type=\"wp-post\" data-elementor-id=\"2410\" class=\"elementor elementor-2410\" data-elementor-post-type=\"bruxelles-capitale\">\n\t\t\t\t\t\t<section class=\"elementor-section elementor-top-section elementor-element elementor-element-0338dbe elementor-section-boxed elementor-section-height-default elementor-section-height-default\" data-id=\"0338dbe\" data-element_type=\"section\" data-e-type=\"section\">\n\t\t\t\t\t\t<div class=\"elementor-container elementor-column-gap-default\">\n\t\t\t\t\t<div class=\"elementor-column elementor-col-100 elementor-top-column elementor-element elementor-element-e71d6d5\" data-id=\"e71d6d5\" data-element_type=\"column\" data-e-type=\"column\">\n\t\t\t<div class=\"elementor-widget-wrap elementor-element-populated\">\n\t\t\t\t\t\t<div class=\"elementor-element elementor-element-a934d29 elementor-widget elementor-widget-heading\" data-id=\"a934d29\" data-element_type=\"widget\" data-e-type=\"widget\" data-widget_type=\"heading.default\">\n\t\t\t\t<div class=\"elementor-widget-container\">\n\t\t\t\t\t<h2 class=\"elementor-heading-title elementor-size-default\">SCHAERBEEK, LA PETITE B\u00caTE QUI MONTE QUI MONTE ...<\/h2>\t\t\t\t<\/div>\n\t\t\t\t<\/div>\n\t\t\t\t\t<\/div>\n\t\t<\/div>\n\t\t\t\t\t<\/div>\n\t\t<\/section>\n\t\t\t\t<section class=\"elementor-section elementor-top-section elementor-element elementor-element-e7ff875 elementor-section-boxed elementor-section-height-default elementor-section-height-default\" data-id=\"e7ff875\" data-element_type=\"section\" data-e-type=\"section\">\n\t\t\t\t\t\t<div class=\"elementor-container elementor-column-gap-default\">\n\t\t\t\t\t<div class=\"elementor-column elementor-col-100 elementor-top-column elementor-element elementor-element-1c692ea\" data-id=\"1c692ea\" data-element_type=\"column\" data-e-type=\"column\">\n\t\t\t<div class=\"elementor-widget-wrap elementor-element-populated\">\n\t\t\t\t\t\t<div class=\"elementor-element elementor-element-6d4ff3c elementor-widget elementor-widget-text-editor\" data-id=\"6d4ff3c\" data-element_type=\"widget\" data-e-type=\"widget\" data-widget_type=\"text-editor.default\">\n\t\t\t\t<div class=\"elementor-widget-container\">\n\t\t\t\t\t\t\t\t\t<p>\u00a0<\/p><p>La commune est bien desservie en lignes de tram, bus et chemin de fer (deux gares : Schaerbeek au Nord, Meiser au Sud). Les noms de rue (peintres, sculpteurs&#8230;) et le visage de Schaerbeek avec ses nombreuses fa\u00e7ades Art D\u00e9co et Art Nouveau t\u00e9moignent d\u2019un riche pass\u00e9 artistique. La commune favorise encore la culture (www.1030culture. be) : th\u00e9\u00e2tres (140, La Balsamine, Halles de Schaerbeek&#8230;), arts plastiques (www.art1030.be)&#8230; en sont la preuve. Quelques beaux mus\u00e9es sont int\u00e9ressants parmi lesquels le Mus\u00e9e du Train (Train World)., le Mus\u00e9e des arts Spontan\u00e9s &#8230; La Chauss\u00e9e de Louvain propose des grandes enseignes et un nombre de petits commerces et restaurants de diverses nationalit\u00e9s. Chaque quartier a une grande surface, proposant des produits adapt\u00e9s \u00e0 sa client\u00e8le.<\/p><p>\u00a0<\/p><p>D\u00e9guster une p\u00e2tisserie de chez \u00ab Van Dender \u00bb (Chauss\u00e9e de Louvain). Se promener sur la place des Chasseurs Ardennais au march\u00e9 organis\u00e9 le vendredi apr\u00e8s-midi (13 \u00e0 19 heures) ; vous y trouverez, en terrasse ou \u00e0 l\u2019int\u00e9rieur, dans une ambiance conviviale et branch\u00e9e sympa, de quoi boire autour d\u2019une restauration de qualit\u00e9. Les prix des maisons et surtout des appartements sont un peu moins \u00e9lev\u00e9s qu\u2019\u00e0 Bruxelles-ville. Les loyers y sont plus abordables. Mais attention, \u00e7a monte !<\/p><p>\u00a0<\/p><p>Schaerbeek, probablement gr\u00e2ce \u00e0 ses prix encore attractifs devient de plus en plus branch\u00e9e et beaucoup de jeunes s\u2019y installent.<\/p><p>\u00a0<\/p>\t\t\t\t\t\t\t\t<\/div>\n\t\t\t\t<\/div>\n\t\t\t\t\t<\/div>\n\t\t<\/div>\n\t\t\t\t\t<\/div>\n\t\t<\/section>\n\t\t\t\t<section class=\"elementor-section elementor-top-section elementor-element elementor-element-865276f elementor-section-boxed elementor-section-height-default elementor-section-height-default\" data-id=\"865276f\" data-element_type=\"section\" data-e-type=\"section\">\n\t\t\t\t\t\t<div class=\"elementor-container elementor-column-gap-default\">\n\t\t\t\t\t<div class=\"elementor-column elementor-col-100 elementor-top-column elementor-element elementor-element-d1fef87\" data-id=\"d1fef87\" data-element_type=\"column\" data-e-type=\"column\">\n\t\t\t<div class=\"elementor-widget-wrap elementor-element-populated\">\n\t\t\t\t\t\t<div class=\"elementor-element elementor-element-77f8a84 elementor--h-position-center elementor--v-position-middle elementor-arrows-position-inside elementor-pagination-position-inside elementor-widget elementor-widget-slides\" data-id=\"77f8a84\" data-element_type=\"widget\" data-e-type=\"widget\" data-settings=\"{&quot;navigation&quot;:&quot;both&quot;,&quot;autoplay&quot;:&quot;yes&quot;,&quot;pause_on_hover&quot;:&quot;yes&quot;,&quot;pause_on_interaction&quot;:&quot;yes&quot;,&quot;autoplay_speed&quot;:5000,&quot;infinite&quot;:&quot;yes&quot;,&quot;transition&quot;:&quot;slide&quot;,&quot;transition_speed&quot;:500}\" data-widget_type=\"slides.default\">\n\t\t\t\t<div class=\"elementor-widget-container\">\n\t\t\t\t\t\t\t\t\t<div class=\"elementor-swiper\">\n\t\t\t\t\t<div class=\"elementor-slides-wrapper elementor-main-swiper swiper\" role=\"region\" aria-roledescription=\"carousel\" aria-label=\"\u0421\u043b\u0430\u0439\u0434\u0438\" dir=\"ltr\" data-animation=\"fadeInUp\">\n\t\t\t\t<div class=\"swiper-wrapper elementor-slides\">\n\t\t\t\t\t\t\t\t\t\t<div class=\"elementor-repeater-item-2f86a7b swiper-slide\" role=\"group\" aria-roledescription=\"slide\"><div class=\"swiper-slide-bg\" role=\"img\" aria-label=\"Gare de Schaerbeek\"><\/div><div class=\"swiper-slide-inner\" ><div class=\"swiper-slide-contents\"><\/div><\/div><\/div><div class=\"elementor-repeater-item-b815c9c swiper-slide\" role=\"group\" aria-roledescription=\"slide\"><div class=\"swiper-slide-bg\" role=\"img\" aria-label=\"Helmet\"><\/div><div class=\"swiper-slide-inner\" ><div class=\"swiper-slide-contents\"><\/div><\/div><\/div><div class=\"elementor-repeater-item-eaa44af swiper-slide\" role=\"group\" aria-roledescription=\"slide\"><div class=\"swiper-slide-bg\" role=\"img\" aria-label=\"IMG_1209\"><\/div><div class=\"swiper-slide-inner\" ><div class=\"swiper-slide-contents\"><\/div><\/div><\/div><div class=\"elementor-repeater-item-8078796 swiper-slide\" role=\"group\" aria-roledescription=\"slide\"><div class=\"swiper-slide-bg\" role=\"img\" aria-label=\"Saint Marie\"><\/div><div class=\"swiper-slide-inner\" ><div class=\"swiper-slide-contents\"><\/div><\/div><\/div>\t\t\t\t<\/div>\n\t\t\t\t\t\t\t\t\t\t\t\t\t\t\t<div class=\"elementor-swiper-button elementor-swiper-button-prev\" role=\"button\" tabindex=\"0\" aria-label=\"\u041f\u043e\u043f\u0435\u0440\u0435\u0434\u043d\u0456\u0439 \u0441\u043b\u0430\u0439\u0434\" data-no-translation-aria-label=\"\">\n\t\t\t\t\t\t\t<i aria-hidden=\"true\" class=\"eicon-chevron-left\"><\/i>\t\t\t\t\t\t<\/div>\n\t\t\t\t\t\t<div class=\"elementor-swiper-button elementor-swiper-button-next\" role=\"button\" tabindex=\"0\" aria-label=\"\u041d\u0430\u0441\u0442\u0443\u043f\u043d\u0438\u0439 \u0441\u043b\u0430\u0439\u0434\" data-no-translation-aria-label=\"\">\n\t\t\t\t\t\t\t<i aria-hidden=\"true\" class=\"eicon-chevron-right\"><\/i>\t\t\t\t\t\t<\/div>\n\t\t\t\t\t\t\t\t\t\t\t\t\t\t\t\t<div class=\"swiper-pagination\"><\/div>\n\t\t\t\t\t\t\t\t\t\t\t\t<\/div>\n\t\t\t\t<\/div>\n\t\t\t\t\t\t\t\t<\/div>\n\t\t\t\t<\/div>\n\t\t\t\t\t<\/div>\n\t\t<\/div>\n\t\t\t\t\t<\/div>\n\t\t<\/section>\n\t\t\t\t<section class=\"elementor-section elementor-top-section elementor-element elementor-element-cf32dc0 elementor-section-boxed elementor-section-height-default elementor-section-height-default\" data-id=\"cf32dc0\" data-element_type=\"section\" data-e-type=\"section\">\n\t\t\t\t\t\t<div class=\"elementor-container elementor-column-gap-default\">\n\t\t\t\t\t<div class=\"elementor-column elementor-col-100 elementor-top-column elementor-element elementor-element-120f4c1\" data-id=\"120f4c1\" data-element_type=\"column\" data-e-type=\"column\">\n\t\t\t<div class=\"elementor-widget-wrap elementor-element-populated\">\n\t\t\t\t\t\t<div class=\"elementor-element elementor-element-29ab50a elementor-widget elementor-widget-text-editor\" data-id=\"29ab50a\" data-element_type=\"widget\" data-e-type=\"widget\" data-widget_type=\"text-editor.default\">\n\t\t\t\t<div class=\"elementor-widget-container\">\n\t\t\t\t\t\t\t\t\t<p style=\"text-align: center;\"><strong>\u00a0<span style=\"text-decoration: underline;\">Photos<\/span> :\u00a0 <\/strong>Pascal Abundes\u00a0<\/p>\t\t\t\t\t\t\t\t<\/div>\n\t\t\t\t<\/div>\n\t\t\t\t\t<\/div>\n\t\t<\/div>\n\t\t\t\t\t<\/div>\n\t\t<\/section>\n\t\t\t\t<section class=\"elementor-section elementor-top-section elementor-element elementor-element-bb5b19b elementor-section-boxed elementor-section-height-default elementor-section-height-default\" data-id=\"bb5b19b\" data-element_type=\"section\" data-e-type=\"section\">\n\t\t\t\t\t\t<div class=\"elementor-container elementor-column-gap-default\">\n\t\t\t\t\t<div class=\"elementor-column elementor-col-100 elementor-top-column elementor-element elementor-element-7fd8b7b\" data-id=\"7fd8b7b\" data-element_type=\"column\" data-e-type=\"column\">\n\t\t\t<div class=\"elementor-widget-wrap elementor-element-populated\">\n\t\t\t\t\t\t<div class=\"elementor-element elementor-element-f38d59e elementor-widget elementor-widget-text-editor\" data-id=\"f38d59e\" data-element_type=\"widget\" data-e-type=\"widget\" data-widget_type=\"text-editor.default\">\n\t\t\t\t<div class=\"elementor-widget-container\">\n\t\t\t\t\t\t\t\t\t<p><strong> \u00a0 \u00a0 \u00a0 \u00a0 \u00a0 \u00a0<\/strong><\/p><p><strong>\u00a0 \u00a0 \u00a0 \u00a0 \u00a0 \u00a0 \u00a0 \u00a0 \u00a0 \u00a0 \u00a0 \u00a0\u00a0 \u00a0 <u>Contact <\/u><\/strong>: \u00a0\u00a0\u00a0 \u00a0\u00a0\u00a0\u00a0\u00a0<a href=\"http:\/\/www.1030.be\">www.1030.be<\/a> \u00a0\u00a0\u00a0\u00a0\u00a0\u00a0\u00a0\u00a0\u00a0\u00a0\u00a0\u00a0\u00a0\u00a0\u00a0Place Colignon, 1 1030 Schaerbeek \u00a0\u00a0\u00a0\u00a0\u00a0\u00a0\u00a0\u00a0\u00a0\u00a0\u00a0\u00a0\u00a0T 02 244 75 11<\/p>\t\t\t\t\t\t\t\t<\/div>\n\t\t\t\t<\/div>\n\t\t\t\t\t<\/div>\n\t\t<\/div>\n\t\t\t\t\t<\/div>\n\t\t<\/section>\n\t\t\t\t<\/div>","protected":false},"featured_media":0,"template":"","class_list":["post-2410","bruxelles-capitale","type-bruxelles-capitale","status-publish","hentry","entry"],"acf":[],"yoast_head":"<!-- This site is optimized with the Yoast SEO plugin v27.4 - https:\/\/yoast.com\/product\/yoast-seo-wordpress\/ -->\n<title>1030 Schaerbeek - Centre de sant\u00e9 le foyer<\/title>\n<meta name=\"robots\" content=\"index, follow, max-snippet:-1, max-image-preview:large, max-video-preview:-1\" \/>\n<link rel=\"canonical\" href=\"https:\/\/lefoyerxl.be\/ar\/bruxelles-capitale\/1030-schaerbeek\/\" \/>\n<meta property=\"og:locale\" content=\"ar_AR\" \/>\n<meta property=\"og:type\" content=\"article\" \/>\n<meta property=\"og:title\" content=\"1030 Schaerbeek - Centre de sant\u00e9 le foyer\" \/>\n<meta property=\"og:description\" content=\"SCHAERBEEK, LA PETITE B\u00caTE QUI MONTE QUI MONTE &#8230; \u00a0&hellip; \u0645\u062a\u0627\u0628\u0639\u0629 \u0642\u0631\u0627\u0621\u0629 1030 Schaerbeek\" \/>\n<meta property=\"og:url\" content=\"https:\/\/lefoyerxl.be\/ar\/bruxelles-capitale\/1030-schaerbeek\/\" \/>\n<meta property=\"og:site_name\" content=\"Centre de sant\u00e9 le foyer\" \/>\n<meta property=\"article:modified_time\" content=\"2022-07-11T07:17:55+00:00\" \/>\n<meta name=\"twitter:card\" content=\"summary_large_image\" \/>\n<meta name=\"twitter:label1\" content=\"Est. reading time\" \/>\n\t<meta name=\"twitter:data1\" content=\"1 minute\" \/>\n<script type=\"application\/ld+json\" class=\"yoast-schema-graph\">{\"@context\":\"https:\\\/\\\/schema.org\",\"@graph\":[{\"@type\":\"WebPage\",\"@id\":\"https:\\\/\\\/lefoyerxl.be\\\/bruxelles-capitale\\\/1030-schaerbeek\\\/\",\"url\":\"https:\\\/\\\/lefoyerxl.be\\\/bruxelles-capitale\\\/1030-schaerbeek\\\/\",\"name\":\"1030 Schaerbeek - Centre de sant\u00e9 le foyer\",\"isPartOf\":{\"@id\":\"https:\\\/\\\/lefoyerxl.be\\\/#website\"},\"datePublished\":\"2022-07-06T18:17:32+00:00\",\"dateModified\":\"2022-07-11T07:17:55+00:00\",\"breadcrumb\":{\"@id\":\"https:\\\/\\\/lefoyerxl.be\\\/bruxelles-capitale\\\/1030-schaerbeek\\\/#breadcrumb\"},\"inLanguage\":\"ary\",\"potentialAction\":[{\"@type\":\"ReadAction\",\"target\":[\"https:\\\/\\\/lefoyerxl.be\\\/bruxelles-capitale\\\/1030-schaerbeek\\\/\"]}]},{\"@type\":\"BreadcrumbList\",\"@id\":\"https:\\\/\\\/lefoyerxl.be\\\/bruxelles-capitale\\\/1030-schaerbeek\\\/#breadcrumb\",\"itemListElement\":[{\"@type\":\"ListItem\",\"position\":1,\"name\":\"Accueil\",\"item\":\"https:\\\/\\\/lefoyerxl.be\\\/\"},{\"@type\":\"ListItem\",\"position\":2,\"name\":\"Articles Bruxelles Capitale\",\"item\":\"https:\\\/\\\/lefoyerxl.be\\\/bruxelles-capitale\\\/\"},{\"@type\":\"ListItem\",\"position\":3,\"name\":\"1030 Schaerbeek\"}]},{\"@type\":\"WebSite\",\"@id\":\"https:\\\/\\\/lefoyerxl.be\\\/#website\",\"url\":\"https:\\\/\\\/lefoyerxl.be\\\/\",\"name\":\"Centre de sant\u00e9 le foyer\",\"description\":\"\",\"publisher\":{\"@id\":\"https:\\\/\\\/lefoyerxl.be\\\/#organization\"},\"potentialAction\":[{\"@type\":\"SearchAction\",\"target\":{\"@type\":\"EntryPoint\",\"urlTemplate\":\"https:\\\/\\\/lefoyerxl.be\\\/?s={search_term_string}\"},\"query-input\":{\"@type\":\"PropertyValueSpecification\",\"valueRequired\":true,\"valueName\":\"search_term_string\"}}],\"inLanguage\":\"ary\"},{\"@type\":\"Organization\",\"@id\":\"https:\\\/\\\/lefoyerxl.be\\\/#organization\",\"name\":\"Centre de sant\u00e9 le foyer\",\"url\":\"https:\\\/\\\/lefoyerxl.be\\\/\",\"logo\":{\"@type\":\"ImageObject\",\"inLanguage\":\"ary\",\"@id\":\"https:\\\/\\\/lefoyerxl.be\\\/#\\\/schema\\\/logo\\\/image\\\/\",\"url\":\"https:\\\/\\\/lefoyerxl.be\\\/wp-content\\\/uploads\\\/2022\\\/05\\\/Logo_Centre_de_sante_Le_Foyer_72dpi.png\",\"contentUrl\":\"https:\\\/\\\/lefoyerxl.be\\\/wp-content\\\/uploads\\\/2022\\\/05\\\/Logo_Centre_de_sante_Le_Foyer_72dpi.png\",\"width\":800,\"height\":620,\"caption\":\"Centre de sant\u00e9 le foyer\"},\"image\":{\"@id\":\"https:\\\/\\\/lefoyerxl.be\\\/#\\\/schema\\\/logo\\\/image\\\/\"}}]}<\/script>\n<!-- \/ Yoast SEO plugin. -->","yoast_head_json":{"title":"1030 Schaerbeek - Centre de sant\u00e9 le foyer","robots":{"index":"index","follow":"follow","max-snippet":"max-snippet:-1","max-image-preview":"max-image-preview:large","max-video-preview":"max-video-preview:-1"},"canonical":"https:\/\/lefoyerxl.be\/ar\/bruxelles-capitale\/1030-schaerbeek\/","og_locale":"ar_AR","og_type":"article","og_title":"1030 Schaerbeek - Centre de sant\u00e9 le foyer","og_description":"SCHAERBEEK, LA PETITE B\u00caTE QUI MONTE QUI MONTE &#8230; \u00a0&hellip; \u0645\u062a\u0627\u0628\u0639\u0629 \u0642\u0631\u0627\u0621\u0629 1030 Schaerbeek","og_url":"https:\/\/lefoyerxl.be\/ar\/bruxelles-capitale\/1030-schaerbeek\/","og_site_name":"Centre de sant\u00e9 le foyer","article_modified_time":"2022-07-11T07:17:55+00:00","twitter_card":"summary_large_image","twitter_misc":{"Est. reading time":"1 minute"},"schema":{"@context":"https:\/\/schema.org","@graph":[{"@type":"WebPage","@id":"https:\/\/lefoyerxl.be\/bruxelles-capitale\/1030-schaerbeek\/","url":"https:\/\/lefoyerxl.be\/bruxelles-capitale\/1030-schaerbeek\/","name":"1030 Schaerbeek - Centre de sant\u00e9 le foyer","isPartOf":{"@id":"https:\/\/lefoyerxl.be\/#website"},"datePublished":"2022-07-06T18:17:32+00:00","dateModified":"2022-07-11T07:17:55+00:00","breadcrumb":{"@id":"https:\/\/lefoyerxl.be\/bruxelles-capitale\/1030-schaerbeek\/#breadcrumb"},"inLanguage":"ary","potentialAction":[{"@type":"ReadAction","target":["https:\/\/lefoyerxl.be\/bruxelles-capitale\/1030-schaerbeek\/"]}]},{"@type":"BreadcrumbList","@id":"https:\/\/lefoyerxl.be\/bruxelles-capitale\/1030-schaerbeek\/#breadcrumb","itemListElement":[{"@type":"ListItem","position":1,"name":"Accueil","item":"https:\/\/lefoyerxl.be\/"},{"@type":"ListItem","position":2,"name":"Articles Bruxelles Capitale","item":"https:\/\/lefoyerxl.be\/bruxelles-capitale\/"},{"@type":"ListItem","position":3,"name":"1030 Schaerbeek"}]},{"@type":"WebSite","@id":"https:\/\/lefoyerxl.be\/#website","url":"https:\/\/lefoyerxl.be\/","name":"Centre de sant\u00e9 le foyer","description":"","publisher":{"@id":"https:\/\/lefoyerxl.be\/#organization"},"potentialAction":[{"@type":"SearchAction","target":{"@type":"EntryPoint","urlTemplate":"https:\/\/lefoyerxl.be\/?s={search_term_string}"},"query-input":{"@type":"PropertyValueSpecification","valueRequired":true,"valueName":"search_term_string"}}],"inLanguage":"ary"},{"@type":"Organization","@id":"https:\/\/lefoyerxl.be\/#organization","name":"Centre de sant\u00e9 le foyer","url":"https:\/\/lefoyerxl.be\/","logo":{"@type":"ImageObject","inLanguage":"ary","@id":"https:\/\/lefoyerxl.be\/#\/schema\/logo\/image\/","url":"https:\/\/lefoyerxl.be\/wp-content\/uploads\/2022\/05\/Logo_Centre_de_sante_Le_Foyer_72dpi.png","contentUrl":"https:\/\/lefoyerxl.be\/wp-content\/uploads\/2022\/05\/Logo_Centre_de_sante_Le_Foyer_72dpi.png","width":800,"height":620,"caption":"Centre de sant\u00e9 le foyer"},"image":{"@id":"https:\/\/lefoyerxl.be\/#\/schema\/logo\/image\/"}}]}},"_links":{"self":[{"href":"https:\/\/lefoyerxl.be\/ar\/wp-json\/wp\/v2\/bruxelles-capitale\/2410","targetHints":{"allow":["GET"]}}],"collection":[{"href":"https:\/\/lefoyerxl.be\/ar\/wp-json\/wp\/v2\/bruxelles-capitale"}],"about":[{"href":"https:\/\/lefoyerxl.be\/ar\/wp-json\/wp\/v2\/types\/bruxelles-capitale"}],"version-history":[{"count":15,"href":"https:\/\/lefoyerxl.be\/ar\/wp-json\/wp\/v2\/bruxelles-capitale\/2410\/revisions"}],"predecessor-version":[{"id":2997,"href":"https:\/\/lefoyerxl.be\/ar\/wp-json\/wp\/v2\/bruxelles-capitale\/2410\/revisions\/2997"}],"wp:attachment":[{"href":"https:\/\/lefoyerxl.be\/ar\/wp-json\/wp\/v2\/media?parent=2410"}],"curies":[{"name":"wp","href":"https:\/\/api.w.org\/{rel}","templated":true}]}}