{"id":2084,"date":"2022-07-05T02:41:41","date_gmt":"2022-07-05T00:41:41","guid":{"rendered":"https:\/\/lefoyerxl.be\/?post_type=bruxelles-capitale&#038;p=2084"},"modified":"2026-02-15T11:32:07","modified_gmt":"2026-02-15T10:32:07","slug":"les-institutions-europeennes-a-bruxelles","status":"publish","type":"bruxelles-capitale","link":"https:\/\/lefoyerxl.be\/ar\/bruxelles-capitale\/les-institutions-europeennes-a-bruxelles\/","title":{"rendered":"Les Institutions Europ\u00e9ennes \u00e0 Bruxelles"},"content":{"rendered":"<div data-elementor-type=\"wp-post\" data-elementor-id=\"2084\" class=\"elementor elementor-2084\" data-elementor-post-type=\"bruxelles-capitale\">\n\t\t\t\t\t\t<section class=\"elementor-section elementor-top-section elementor-element elementor-element-0fda478 elementor-section-boxed elementor-section-height-default elementor-section-height-default\" data-id=\"0fda478\" data-element_type=\"section\" data-e-type=\"section\">\n\t\t\t\t\t\t<div class=\"elementor-container elementor-column-gap-default\">\n\t\t\t\t\t<div class=\"elementor-column elementor-col-100 elementor-top-column elementor-element elementor-element-bd6ce81\" data-id=\"bd6ce81\" data-element_type=\"column\" data-e-type=\"column\">\n\t\t\t<div class=\"elementor-widget-wrap elementor-element-populated\">\n\t\t\t\t\t\t<div class=\"elementor-element elementor-element-8014878 elementor-widget elementor-widget-text-editor\" data-id=\"8014878\" data-element_type=\"widget\" data-e-type=\"widget\" data-widget_type=\"text-editor.default\">\n\t\t\t\t<div class=\"elementor-widget-container\">\n\t\t\t\t\t\t\t\t\t<p>L\u2019UE compte aujourd\u2019hui 27 membres : les six pays fondateurs, plus le Danemark, l\u2019Irlande, la Gr\u00e8ce, l\u2019Espagne, le Portugal, l\u2019Autriche, la Finlande, la Su\u00e8de, Chypre,\u2028la R\u00e9publique tch\u00e8que, l\u2019Estonie, la Hongrie, la Lettonie, la Lituanie, Malte, la Pologne, la Slovaquie, la Slov\u00e9nie, la Roumanie, Bulgarie et la Croatie. Dans certains domaines, les Etats c\u00e8dent leur souverainet\u00e9 \u00e0 l\u2019UE tandis que dans d\u2019autres ils coop\u00e8rent entre eux.&nbsp;<br><\/p>\n<p><br><\/p>\n<p>Voici en r\u00e9sum\u00e9 les institutions et organes de l\u2019UE&nbsp;:<\/p>\n<p><br><\/p>\n<ol>\n<li><strong>Le Parlement europ\u00e9en <\/strong>(directement \u00e9lu par les citoyens des Etats membres)<\/li>\n<li><strong>Le Conseil de l\u2019UE <\/strong>(principal centre de d\u00e9cisions, repr\u00e9sente les gouvernements des Etats membres)<\/li>\n<li><strong>La Commission europ\u00e9enne <\/strong>(le moteur de l\u2019Union et son organe ex\u00e9cutif)<\/li>\n<li><strong>La Cour de Justice <\/strong>\u2028(veille au respect du droit communautaire) \u2028<\/li>\n<li><strong>La Cour des Comptes <\/strong>\u2028(contr\u00f4le l\u2019utilisation correcte et l\u00e9gale du budget de l\u2019Union).<strong> \u2028<\/strong><\/li>\n<\/ol>\n<p><br><\/p><p>\u00c0 c\u00f4t\u00e9 de ces institutions, 5 organes importants : le Comit\u00e9 \u00e9conomique et social, le Comit\u00e9 des R\u00e9gions,\u2028la Banque centrale europ\u00e9enne, le M\u00e9diateur europ\u00e9en, la Banque europ\u00e9enne d\u2019investissement.<\/p>\n<p style=\"text-align: center;\"><a href=\"http:\/\/www.europa.eu\"><strong><em>www.europa.eu<\/em><\/strong><\/a><\/p><p style=\"text-align: center;\"><br><\/p>\t\t\t\t\t\t\t\t<\/div>\n\t\t\t\t<\/div>\n\t\t\t\t\t<\/div>\n\t\t<\/div>\n\t\t\t\t\t<\/div>\n\t\t<\/section>\n\t\t\t\t<\/div>","protected":false},"featured_media":0,"template":"","class_list":["post-2084","bruxelles-capitale","type-bruxelles-capitale","status-publish","hentry","entry"],"acf":[],"yoast_head":"<!-- This site is optimized with the Yoast SEO plugin v27.4 - https:\/\/yoast.com\/product\/yoast-seo-wordpress\/ -->\n<title>Les Institutions Europ\u00e9ennes \u00e0 Bruxelles - Centre de sant\u00e9 le foyer<\/title>\n<meta name=\"robots\" content=\"index, follow, max-snippet:-1, max-image-preview:large, max-video-preview:-1\" \/>\n<link rel=\"canonical\" href=\"https:\/\/lefoyerxl.be\/ar\/bruxelles-capitale\/les-institutions-europeennes-a-bruxelles\/\" \/>\n<meta property=\"og:locale\" content=\"ar_AR\" \/>\n<meta property=\"og:type\" content=\"article\" \/>\n<meta property=\"og:title\" content=\"Les Institutions Europ\u00e9ennes \u00e0 Bruxelles - Centre de sant\u00e9 le foyer\" \/>\n<meta property=\"og:description\" content=\"L\u2019UE compte aujourd\u2019hui 27 membres : les six pays fondateurs,&hellip; \u0645\u062a\u0627\u0628\u0639\u0629 \u0642\u0631\u0627\u0621\u0629 Les Institutions Europ\u00e9ennes \u00e0 Bruxelles\" \/>\n<meta property=\"og:url\" content=\"https:\/\/lefoyerxl.be\/ar\/bruxelles-capitale\/les-institutions-europeennes-a-bruxelles\/\" \/>\n<meta property=\"og:site_name\" content=\"Centre de sant\u00e9 le foyer\" \/>\n<meta property=\"article:modified_time\" content=\"2026-02-15T10:32:07+00:00\" \/>\n<meta name=\"twitter:card\" content=\"summary_large_image\" \/>\n<meta name=\"twitter:label1\" content=\"Est. reading time\" \/>\n\t<meta name=\"twitter:data1\" content=\"1 minute\" \/>\n<script type=\"application\/ld+json\" class=\"yoast-schema-graph\">{\"@context\":\"https:\\\/\\\/schema.org\",\"@graph\":[{\"@type\":\"WebPage\",\"@id\":\"https:\\\/\\\/lefoyerxl.be\\\/bruxelles-capitale\\\/les-institutions-europeennes-a-bruxelles\\\/\",\"url\":\"https:\\\/\\\/lefoyerxl.be\\\/bruxelles-capitale\\\/les-institutions-europeennes-a-bruxelles\\\/\",\"name\":\"Les Institutions Europ\u00e9ennes \u00e0 Bruxelles - Centre de sant\u00e9 le foyer\",\"isPartOf\":{\"@id\":\"https:\\\/\\\/lefoyerxl.be\\\/#website\"},\"datePublished\":\"2022-07-05T00:41:41+00:00\",\"dateModified\":\"2026-02-15T10:32:07+00:00\",\"breadcrumb\":{\"@id\":\"https:\\\/\\\/lefoyerxl.be\\\/bruxelles-capitale\\\/les-institutions-europeennes-a-bruxelles\\\/#breadcrumb\"},\"inLanguage\":\"ary\",\"potentialAction\":[{\"@type\":\"ReadAction\",\"target\":[\"https:\\\/\\\/lefoyerxl.be\\\/bruxelles-capitale\\\/les-institutions-europeennes-a-bruxelles\\\/\"]}]},{\"@type\":\"BreadcrumbList\",\"@id\":\"https:\\\/\\\/lefoyerxl.be\\\/bruxelles-capitale\\\/les-institutions-europeennes-a-bruxelles\\\/#breadcrumb\",\"itemListElement\":[{\"@type\":\"ListItem\",\"position\":1,\"name\":\"Accueil\",\"item\":\"https:\\\/\\\/lefoyerxl.be\\\/\"},{\"@type\":\"ListItem\",\"position\":2,\"name\":\"Articles Bruxelles Capitale\",\"item\":\"https:\\\/\\\/lefoyerxl.be\\\/bruxelles-capitale\\\/\"},{\"@type\":\"ListItem\",\"position\":3,\"name\":\"Les Institutions Europ\u00e9ennes \u00e0 Bruxelles\"}]},{\"@type\":\"WebSite\",\"@id\":\"https:\\\/\\\/lefoyerxl.be\\\/#website\",\"url\":\"https:\\\/\\\/lefoyerxl.be\\\/\",\"name\":\"Centre de sant\u00e9 le foyer\",\"description\":\"\",\"publisher\":{\"@id\":\"https:\\\/\\\/lefoyerxl.be\\\/#organization\"},\"potentialAction\":[{\"@type\":\"SearchAction\",\"target\":{\"@type\":\"EntryPoint\",\"urlTemplate\":\"https:\\\/\\\/lefoyerxl.be\\\/?s={search_term_string}\"},\"query-input\":{\"@type\":\"PropertyValueSpecification\",\"valueRequired\":true,\"valueName\":\"search_term_string\"}}],\"inLanguage\":\"ary\"},{\"@type\":\"Organization\",\"@id\":\"https:\\\/\\\/lefoyerxl.be\\\/#organization\",\"name\":\"Centre de sant\u00e9 le foyer\",\"url\":\"https:\\\/\\\/lefoyerxl.be\\\/\",\"logo\":{\"@type\":\"ImageObject\",\"inLanguage\":\"ary\",\"@id\":\"https:\\\/\\\/lefoyerxl.be\\\/#\\\/schema\\\/logo\\\/image\\\/\",\"url\":\"https:\\\/\\\/lefoyerxl.be\\\/wp-content\\\/uploads\\\/2022\\\/05\\\/Logo_Centre_de_sante_Le_Foyer_72dpi.png\",\"contentUrl\":\"https:\\\/\\\/lefoyerxl.be\\\/wp-content\\\/uploads\\\/2022\\\/05\\\/Logo_Centre_de_sante_Le_Foyer_72dpi.png\",\"width\":800,\"height\":620,\"caption\":\"Centre de sant\u00e9 le foyer\"},\"image\":{\"@id\":\"https:\\\/\\\/lefoyerxl.be\\\/#\\\/schema\\\/logo\\\/image\\\/\"}}]}<\/script>\n<!-- \/ Yoast SEO plugin. -->","yoast_head_json":{"title":"Les Institutions Europ\u00e9ennes \u00e0 Bruxelles - Centre de sant\u00e9 le foyer","robots":{"index":"index","follow":"follow","max-snippet":"max-snippet:-1","max-image-preview":"max-image-preview:large","max-video-preview":"max-video-preview:-1"},"canonical":"https:\/\/lefoyerxl.be\/ar\/bruxelles-capitale\/les-institutions-europeennes-a-bruxelles\/","og_locale":"ar_AR","og_type":"article","og_title":"Les Institutions Europ\u00e9ennes \u00e0 Bruxelles - Centre de sant\u00e9 le foyer","og_description":"L\u2019UE compte aujourd\u2019hui 27 membres : les six pays fondateurs,&hellip; \u0645\u062a\u0627\u0628\u0639\u0629 \u0642\u0631\u0627\u0621\u0629 Les Institutions Europ\u00e9ennes \u00e0 Bruxelles","og_url":"https:\/\/lefoyerxl.be\/ar\/bruxelles-capitale\/les-institutions-europeennes-a-bruxelles\/","og_site_name":"Centre de sant\u00e9 le foyer","article_modified_time":"2026-02-15T10:32:07+00:00","twitter_card":"summary_large_image","twitter_misc":{"Est. reading time":"1 minute"},"schema":{"@context":"https:\/\/schema.org","@graph":[{"@type":"WebPage","@id":"https:\/\/lefoyerxl.be\/bruxelles-capitale\/les-institutions-europeennes-a-bruxelles\/","url":"https:\/\/lefoyerxl.be\/bruxelles-capitale\/les-institutions-europeennes-a-bruxelles\/","name":"Les Institutions Europ\u00e9ennes \u00e0 Bruxelles - Centre de sant\u00e9 le foyer","isPartOf":{"@id":"https:\/\/lefoyerxl.be\/#website"},"datePublished":"2022-07-05T00:41:41+00:00","dateModified":"2026-02-15T10:32:07+00:00","breadcrumb":{"@id":"https:\/\/lefoyerxl.be\/bruxelles-capitale\/les-institutions-europeennes-a-bruxelles\/#breadcrumb"},"inLanguage":"ary","potentialAction":[{"@type":"ReadAction","target":["https:\/\/lefoyerxl.be\/bruxelles-capitale\/les-institutions-europeennes-a-bruxelles\/"]}]},{"@type":"BreadcrumbList","@id":"https:\/\/lefoyerxl.be\/bruxelles-capitale\/les-institutions-europeennes-a-bruxelles\/#breadcrumb","itemListElement":[{"@type":"ListItem","position":1,"name":"Accueil","item":"https:\/\/lefoyerxl.be\/"},{"@type":"ListItem","position":2,"name":"Articles Bruxelles Capitale","item":"https:\/\/lefoyerxl.be\/bruxelles-capitale\/"},{"@type":"ListItem","position":3,"name":"Les Institutions Europ\u00e9ennes \u00e0 Bruxelles"}]},{"@type":"WebSite","@id":"https:\/\/lefoyerxl.be\/#website","url":"https:\/\/lefoyerxl.be\/","name":"Centre de sant\u00e9 le foyer","description":"","publisher":{"@id":"https:\/\/lefoyerxl.be\/#organization"},"potentialAction":[{"@type":"SearchAction","target":{"@type":"EntryPoint","urlTemplate":"https:\/\/lefoyerxl.be\/?s={search_term_string}"},"query-input":{"@type":"PropertyValueSpecification","valueRequired":true,"valueName":"search_term_string"}}],"inLanguage":"ary"},{"@type":"Organization","@id":"https:\/\/lefoyerxl.be\/#organization","name":"Centre de sant\u00e9 le foyer","url":"https:\/\/lefoyerxl.be\/","logo":{"@type":"ImageObject","inLanguage":"ary","@id":"https:\/\/lefoyerxl.be\/#\/schema\/logo\/image\/","url":"https:\/\/lefoyerxl.be\/wp-content\/uploads\/2022\/05\/Logo_Centre_de_sante_Le_Foyer_72dpi.png","contentUrl":"https:\/\/lefoyerxl.be\/wp-content\/uploads\/2022\/05\/Logo_Centre_de_sante_Le_Foyer_72dpi.png","width":800,"height":620,"caption":"Centre de sant\u00e9 le foyer"},"image":{"@id":"https:\/\/lefoyerxl.be\/#\/schema\/logo\/image\/"}}]}},"_links":{"self":[{"href":"https:\/\/lefoyerxl.be\/ar\/wp-json\/wp\/v2\/bruxelles-capitale\/2084","targetHints":{"allow":["GET"]}}],"collection":[{"href":"https:\/\/lefoyerxl.be\/ar\/wp-json\/wp\/v2\/bruxelles-capitale"}],"about":[{"href":"https:\/\/lefoyerxl.be\/ar\/wp-json\/wp\/v2\/types\/bruxelles-capitale"}],"version-history":[{"count":36,"href":"https:\/\/lefoyerxl.be\/ar\/wp-json\/wp\/v2\/bruxelles-capitale\/2084\/revisions"}],"predecessor-version":[{"id":4358,"href":"https:\/\/lefoyerxl.be\/ar\/wp-json\/wp\/v2\/bruxelles-capitale\/2084\/revisions\/4358"}],"wp:attachment":[{"href":"https:\/\/lefoyerxl.be\/ar\/wp-json\/wp\/v2\/media?parent=2084"}],"curies":[{"name":"wp","href":"https:\/\/api.w.org\/{rel}","templated":true}]}}