{"id":3514,"date":"2022-09-16T05:39:52","date_gmt":"2022-09-16T03:39:52","guid":{"rendered":"https:\/\/lefoyerxl.be\/?post_type=arcticles-bruxelles&#038;p=3514"},"modified":"2022-09-16T06:15:51","modified_gmt":"2022-09-16T04:15:51","slug":"television-par-satellite","status":"publish","type":"arcticles-bruxelles","link":"https:\/\/lefoyerxl.be\/ar\/arcticles-bruxelles\/television-par-satellite\/","title":{"rendered":"T\u00e9l\u00e9vision par satellite"},"content":{"rendered":"<div data-elementor-type=\"wp-post\" data-elementor-id=\"3514\" class=\"elementor elementor-3514\" data-elementor-post-type=\"arcticles-bruxelles\">\n\t\t\t\t\t\t<section class=\"elementor-section elementor-top-section elementor-element elementor-element-8d9efea elementor-section-boxed elementor-section-height-default elementor-section-height-default\" data-id=\"8d9efea\" data-element_type=\"section\" data-e-type=\"section\">\n\t\t\t\t\t\t<div class=\"elementor-container elementor-column-gap-default\">\n\t\t\t\t\t<div class=\"elementor-column elementor-col-100 elementor-top-column elementor-element elementor-element-98fc8e5\" data-id=\"98fc8e5\" data-element_type=\"column\" data-e-type=\"column\">\n\t\t\t<div class=\"elementor-widget-wrap elementor-element-populated\">\n\t\t\t\t\t\t<div class=\"elementor-element elementor-element-7cdd6fd elementor-widget elementor-widget-text-editor\" data-id=\"7cdd6fd\" data-element_type=\"widget\" data-e-type=\"widget\" data-widget_type=\"text-editor.default\">\n\t\t\t\t<div class=\"elementor-widget-container\">\n\t\t\t\t\t\t\t\t\t<h2><span style=\"text-decoration: underline;\"><strong>T\u00e9l\u00e9vision par satellite :<\/strong><\/span><\/h2><p>\u00a0<\/p><p>La t\u00e9l\u00e9vision par satellite constitue une alternative pour les ressortissants \u00e9trangers. Il est possible en Belgique moyennant une antenne parabolique de pointer vers tous les satellites d\u2019Europe. Il est \u00a0possible de souscrire aux services suivants\u00a0:<\/p><p>\u00a0<\/p><p>Canalsat\/Canal+ (France), Canal Digitaal (Pays-Bas), Digital+ (Espagne), Digiturk (Turquie), NC+ (Pologne), Nova (Bulgarie), ORF (Autriche), Sky Deutschland (Allemagne), Sky Italy (Italie), Sky UK (Royaume-Uni), SRG SSR (Suisse), Tivusat (Italie), TNTSAT (France), TVR (Roumanie), etc.<\/p><p>\u00a0<\/p><p><strong>L\u2019antenne plate \u2013 Discr\u00e8te et accessible<\/strong><\/p><p>\u00a0<\/p><p>Les installations de t\u00e9l\u00e9vision par satellite sont souvent d\u00e9cri\u00e9es \u00e0 cause de leur manque d\u2019esth\u00e9tisme. Certains syndics de copropri\u00e9t\u00e9 n\u2019h\u00e9sitent d\u2019ailleurs pas \u00e0 les interdire enfreignant par la m\u00eame occasion le r\u00e8glement sur les antennes paraboliques. Afin de r\u00e9pondre \u00e0 ce probl\u00e8me, il existe d\u00e9sormais des antennes plates, tr\u00e8s petites et disposant des m\u00eames performances qu\u2019une antenne parabolique traditionnelle.<\/p><p>\u00a0<\/p><p>\u00a0<\/p>\t\t\t\t\t\t\t\t<\/div>\n\t\t\t\t<\/div>\n\t\t\t\t\t<\/div>\n\t\t<\/div>\n\t\t\t\t\t<\/div>\n\t\t<\/section>\n\t\t\t\t<section class=\"elementor-section elementor-top-section elementor-element elementor-element-2774815 elementor-section-boxed elementor-section-height-default elementor-section-height-default\" data-id=\"2774815\" data-element_type=\"section\" data-e-type=\"section\">\n\t\t\t\t\t\t<div class=\"elementor-container elementor-column-gap-default\">\n\t\t\t\t\t<div class=\"elementor-column elementor-col-100 elementor-top-column elementor-element elementor-element-86cbe69\" data-id=\"86cbe69\" data-element_type=\"column\" data-e-type=\"column\">\n\t\t\t<div class=\"elementor-widget-wrap elementor-element-populated\">\n\t\t\t\t\t\t<div class=\"elementor-element elementor-element-a651b22 elementor-align-center elementor-widget elementor-widget-button\" data-id=\"a651b22\" data-element_type=\"widget\" data-e-type=\"widget\" data-widget_type=\"button.default\">\n\t\t\t\t<div class=\"elementor-widget-container\">\n\t\t\t\t\t\t\t\t\t<div class=\"elementor-button-wrapper\">\n\t\t\t\t\t<a class=\"elementor-button elementor-button-link elementor-size-sm\" href=\"https:\/\/expatsinbrussels.be\/fr\/logement-et-connections-comment-faire\/television-par-satellite\">\n\t\t\t\t\t\t<span class=\"elementor-button-content-wrapper\">\n\t\t\t\t\t\t\t\t\t<span class=\"elementor-button-text\">Source<\/span>\n\t\t\t\t\t<\/span>\n\t\t\t\t\t<\/a>\n\t\t\t\t<\/div>\n\t\t\t\t\t\t\t\t<\/div>\n\t\t\t\t<\/div>\n\t\t\t\t\t<\/div>\n\t\t<\/div>\n\t\t\t\t\t<\/div>\n\t\t<\/section>\n\t\t\t\t<\/div>","protected":false},"featured_media":0,"template":"","categories_bruxelles":[35],"class_list":["post-3514","arcticles-bruxelles","type-arcticles-bruxelles","status-publish","hentry","categories_bruxelles-integration-bruxelles","entry"],"acf":[],"yoast_head":"<!-- This site is optimized with the Yoast SEO plugin v27.4 - https:\/\/yoast.com\/product\/yoast-seo-wordpress\/ -->\n<title>T\u00e9l\u00e9vision par satellite - Centre de sant\u00e9 le foyer<\/title>\n<meta name=\"robots\" content=\"index, follow, max-snippet:-1, max-image-preview:large, max-video-preview:-1\" \/>\n<link rel=\"canonical\" href=\"https:\/\/lefoyerxl.be\/ar\/arcticles-bruxelles\/television-par-satellite\/\" \/>\n<meta property=\"og:locale\" content=\"ar_AR\" \/>\n<meta property=\"og:type\" content=\"article\" \/>\n<meta property=\"og:title\" content=\"T\u00e9l\u00e9vision par satellite - Centre de sant\u00e9 le foyer\" \/>\n<meta property=\"og:description\" content=\"T\u00e9l\u00e9vision par satellite : La t\u00e9l\u00e9vision par satellite constitue une&hellip; \u0645\u062a\u0627\u0628\u0639\u0629 \u0642\u0631\u0627\u0621\u0629 T\u00e9l\u00e9vision par satellite\" \/>\n<meta property=\"og:url\" content=\"https:\/\/lefoyerxl.be\/ar\/arcticles-bruxelles\/television-par-satellite\/\" \/>\n<meta property=\"og:site_name\" content=\"Centre de sant\u00e9 le foyer\" \/>\n<meta property=\"article:modified_time\" content=\"2022-09-16T04:15:51+00:00\" \/>\n<meta name=\"twitter:card\" content=\"summary_large_image\" \/>\n<meta name=\"twitter:label1\" content=\"Est. reading time\" \/>\n\t<meta name=\"twitter:data1\" content=\"1 minute\" \/>\n<script type=\"application\/ld+json\" class=\"yoast-schema-graph\">{\"@context\":\"https:\\\/\\\/schema.org\",\"@graph\":[{\"@type\":\"WebPage\",\"@id\":\"https:\\\/\\\/lefoyerxl.be\\\/arcticles-bruxelles\\\/television-par-satellite\\\/\",\"url\":\"https:\\\/\\\/lefoyerxl.be\\\/arcticles-bruxelles\\\/television-par-satellite\\\/\",\"name\":\"T\u00e9l\u00e9vision par satellite - Centre de sant\u00e9 le foyer\",\"isPartOf\":{\"@id\":\"https:\\\/\\\/lefoyerxl.be\\\/#website\"},\"datePublished\":\"2022-09-16T03:39:52+00:00\",\"dateModified\":\"2022-09-16T04:15:51+00:00\",\"breadcrumb\":{\"@id\":\"https:\\\/\\\/lefoyerxl.be\\\/arcticles-bruxelles\\\/television-par-satellite\\\/#breadcrumb\"},\"inLanguage\":\"ary\",\"potentialAction\":[{\"@type\":\"ReadAction\",\"target\":[\"https:\\\/\\\/lefoyerxl.be\\\/arcticles-bruxelles\\\/television-par-satellite\\\/\"]}]},{\"@type\":\"BreadcrumbList\",\"@id\":\"https:\\\/\\\/lefoyerxl.be\\\/arcticles-bruxelles\\\/television-par-satellite\\\/#breadcrumb\",\"itemListElement\":[{\"@type\":\"ListItem\",\"position\":1,\"name\":\"Accueil\",\"item\":\"https:\\\/\\\/lefoyerxl.be\\\/\"},{\"@type\":\"ListItem\",\"position\":2,\"name\":\"Articles Bruxelles\",\"item\":\"https:\\\/\\\/lefoyerxl.be\\\/articles-bruxelles\\\/\"},{\"@type\":\"ListItem\",\"position\":3,\"name\":\"T\u00e9l\u00e9vision par satellite\"}]},{\"@type\":\"WebSite\",\"@id\":\"https:\\\/\\\/lefoyerxl.be\\\/#website\",\"url\":\"https:\\\/\\\/lefoyerxl.be\\\/\",\"name\":\"Centre de sant\u00e9 le foyer\",\"description\":\"\",\"publisher\":{\"@id\":\"https:\\\/\\\/lefoyerxl.be\\\/#organization\"},\"potentialAction\":[{\"@type\":\"SearchAction\",\"target\":{\"@type\":\"EntryPoint\",\"urlTemplate\":\"https:\\\/\\\/lefoyerxl.be\\\/?s={search_term_string}\"},\"query-input\":{\"@type\":\"PropertyValueSpecification\",\"valueRequired\":true,\"valueName\":\"search_term_string\"}}],\"inLanguage\":\"ary\"},{\"@type\":\"Organization\",\"@id\":\"https:\\\/\\\/lefoyerxl.be\\\/#organization\",\"name\":\"Centre de sant\u00e9 le foyer\",\"url\":\"https:\\\/\\\/lefoyerxl.be\\\/\",\"logo\":{\"@type\":\"ImageObject\",\"inLanguage\":\"ary\",\"@id\":\"https:\\\/\\\/lefoyerxl.be\\\/#\\\/schema\\\/logo\\\/image\\\/\",\"url\":\"https:\\\/\\\/lefoyerxl.be\\\/wp-content\\\/uploads\\\/2022\\\/05\\\/Logo_Centre_de_sante_Le_Foyer_72dpi.png\",\"contentUrl\":\"https:\\\/\\\/lefoyerxl.be\\\/wp-content\\\/uploads\\\/2022\\\/05\\\/Logo_Centre_de_sante_Le_Foyer_72dpi.png\",\"width\":800,\"height\":620,\"caption\":\"Centre de sant\u00e9 le foyer\"},\"image\":{\"@id\":\"https:\\\/\\\/lefoyerxl.be\\\/#\\\/schema\\\/logo\\\/image\\\/\"}}]}<\/script>\n<!-- \/ Yoast SEO plugin. -->","yoast_head_json":{"title":"T\u00e9l\u00e9vision par satellite - Centre de sant\u00e9 le foyer","robots":{"index":"index","follow":"follow","max-snippet":"max-snippet:-1","max-image-preview":"max-image-preview:large","max-video-preview":"max-video-preview:-1"},"canonical":"https:\/\/lefoyerxl.be\/ar\/arcticles-bruxelles\/television-par-satellite\/","og_locale":"ar_AR","og_type":"article","og_title":"T\u00e9l\u00e9vision par satellite - Centre de sant\u00e9 le foyer","og_description":"T\u00e9l\u00e9vision par satellite : La t\u00e9l\u00e9vision par satellite constitue une&hellip; \u0645\u062a\u0627\u0628\u0639\u0629 \u0642\u0631\u0627\u0621\u0629 T\u00e9l\u00e9vision par satellite","og_url":"https:\/\/lefoyerxl.be\/ar\/arcticles-bruxelles\/television-par-satellite\/","og_site_name":"Centre de sant\u00e9 le foyer","article_modified_time":"2022-09-16T04:15:51+00:00","twitter_card":"summary_large_image","twitter_misc":{"Est. reading time":"1 minute"},"schema":{"@context":"https:\/\/schema.org","@graph":[{"@type":"WebPage","@id":"https:\/\/lefoyerxl.be\/arcticles-bruxelles\/television-par-satellite\/","url":"https:\/\/lefoyerxl.be\/arcticles-bruxelles\/television-par-satellite\/","name":"T\u00e9l\u00e9vision par satellite - Centre de sant\u00e9 le foyer","isPartOf":{"@id":"https:\/\/lefoyerxl.be\/#website"},"datePublished":"2022-09-16T03:39:52+00:00","dateModified":"2022-09-16T04:15:51+00:00","breadcrumb":{"@id":"https:\/\/lefoyerxl.be\/arcticles-bruxelles\/television-par-satellite\/#breadcrumb"},"inLanguage":"ary","potentialAction":[{"@type":"ReadAction","target":["https:\/\/lefoyerxl.be\/arcticles-bruxelles\/television-par-satellite\/"]}]},{"@type":"BreadcrumbList","@id":"https:\/\/lefoyerxl.be\/arcticles-bruxelles\/television-par-satellite\/#breadcrumb","itemListElement":[{"@type":"ListItem","position":1,"name":"Accueil","item":"https:\/\/lefoyerxl.be\/"},{"@type":"ListItem","position":2,"name":"Articles Bruxelles","item":"https:\/\/lefoyerxl.be\/articles-bruxelles\/"},{"@type":"ListItem","position":3,"name":"T\u00e9l\u00e9vision par satellite"}]},{"@type":"WebSite","@id":"https:\/\/lefoyerxl.be\/#website","url":"https:\/\/lefoyerxl.be\/","name":"Centre de sant\u00e9 le foyer","description":"","publisher":{"@id":"https:\/\/lefoyerxl.be\/#organization"},"potentialAction":[{"@type":"SearchAction","target":{"@type":"EntryPoint","urlTemplate":"https:\/\/lefoyerxl.be\/?s={search_term_string}"},"query-input":{"@type":"PropertyValueSpecification","valueRequired":true,"valueName":"search_term_string"}}],"inLanguage":"ary"},{"@type":"Organization","@id":"https:\/\/lefoyerxl.be\/#organization","name":"Centre de sant\u00e9 le foyer","url":"https:\/\/lefoyerxl.be\/","logo":{"@type":"ImageObject","inLanguage":"ary","@id":"https:\/\/lefoyerxl.be\/#\/schema\/logo\/image\/","url":"https:\/\/lefoyerxl.be\/wp-content\/uploads\/2022\/05\/Logo_Centre_de_sante_Le_Foyer_72dpi.png","contentUrl":"https:\/\/lefoyerxl.be\/wp-content\/uploads\/2022\/05\/Logo_Centre_de_sante_Le_Foyer_72dpi.png","width":800,"height":620,"caption":"Centre de sant\u00e9 le foyer"},"image":{"@id":"https:\/\/lefoyerxl.be\/#\/schema\/logo\/image\/"}}]}},"_links":{"self":[{"href":"https:\/\/lefoyerxl.be\/ar\/wp-json\/wp\/v2\/arcticles-bruxelles\/3514","targetHints":{"allow":["GET"]}}],"collection":[{"href":"https:\/\/lefoyerxl.be\/ar\/wp-json\/wp\/v2\/arcticles-bruxelles"}],"about":[{"href":"https:\/\/lefoyerxl.be\/ar\/wp-json\/wp\/v2\/types\/arcticles-bruxelles"}],"version-history":[{"count":11,"href":"https:\/\/lefoyerxl.be\/ar\/wp-json\/wp\/v2\/arcticles-bruxelles\/3514\/revisions"}],"predecessor-version":[{"id":3547,"href":"https:\/\/lefoyerxl.be\/ar\/wp-json\/wp\/v2\/arcticles-bruxelles\/3514\/revisions\/3547"}],"wp:attachment":[{"href":"https:\/\/lefoyerxl.be\/ar\/wp-json\/wp\/v2\/media?parent=3514"}],"wp:term":[{"taxonomy":"categories_bruxelles","embeddable":true,"href":"https:\/\/lefoyerxl.be\/ar\/wp-json\/wp\/v2\/categories_bruxelles?post=3514"}],"curies":[{"name":"wp","href":"https:\/\/api.w.org\/{rel}","templated":true}]}}