{"id":3477,"date":"2022-09-13T10:53:10","date_gmt":"2022-09-13T08:53:10","guid":{"rendered":"https:\/\/lefoyerxl.be\/?post_type=arcticles-bruxelles&#038;p=3477"},"modified":"2023-11-02T17:12:01","modified_gmt":"2023-11-02T16:12:01","slug":"internet-fixe","status":"publish","type":"arcticles-bruxelles","link":"https:\/\/lefoyerxl.be\/ar\/arcticles-bruxelles\/internet-fixe\/","title":{"rendered":"Internet fixe"},"content":{"rendered":"<div data-elementor-type=\"wp-post\" data-elementor-id=\"3477\" class=\"elementor elementor-3477\" data-elementor-post-type=\"arcticles-bruxelles\">\n\t\t\t\t\t\t<section class=\"elementor-section elementor-top-section elementor-element elementor-element-29fcf2c elementor-section-boxed elementor-section-height-default elementor-section-height-default\" data-id=\"29fcf2c\" data-element_type=\"section\" data-e-type=\"section\">\n\t\t\t\t\t\t<div class=\"elementor-container elementor-column-gap-default\">\n\t\t\t\t\t<div class=\"elementor-column elementor-col-100 elementor-top-column elementor-element elementor-element-15206a1\" data-id=\"15206a1\" data-element_type=\"column\" data-e-type=\"column\">\n\t\t\t<div class=\"elementor-widget-wrap elementor-element-populated\">\n\t\t\t\t\t\t<div class=\"elementor-element elementor-element-75663d2 elementor-widget elementor-widget-text-editor\" data-id=\"75663d2\" data-element_type=\"widget\" data-e-type=\"widget\" data-widget_type=\"text-editor.default\">\n\t\t\t\t<div class=\"elementor-widget-container\">\n\t\t\t\t\t\t\t\t\t<p><strong>Proximus<\/strong>\u00a0dessert le pays dans son enti\u00e8ret\u00e9. Outre la t\u00e9l\u00e9vision, Proximus propose \u00e9galement des connections internet DSL. Les clients Proximus (Internet ou t\u00e9l\u00e9phone) peuvent \u00e9galement s\u2019abonner \u00e0 Proximus TV.<\/p><p>\u00a0<\/p><p><strong>Trois autres op\u00e9rateurs<\/strong>\u00a0principaux fournissent la r\u00e9gion de Bruxelles-Capitale\u00a0:\u00a0<strong>Voo, SFR et Telenet<\/strong>.<\/p><p>Tous fournissent \u00e9galement l\u2019acc\u00e8s \u00e0 Internet et au t\u00e9l\u00e9phone par c\u00e2ble.<\/p><p>\u00a0<\/p><p>Chaque commune a un accord d\u2019exclusivit\u00e9 avec un de ces fournisseurs, c\u2019est pourquoi, du moins en ce qui concerne la t\u00e9l\u00e9vision par c\u00e2ble, vous devrez vous abonner aupr\u00e8s du fournisseur agr\u00e9\u00e9. Chacun des fournisseurs propose la t\u00e9l\u00e9vision analogique ou digitale.<\/p><p>\u00a0<\/p><p><strong><a title=\"Fournisseurs internet et t\u00e9l\u00e9vision \u00e0 Bruxelles\" href=\"https:\/\/expatsinbrussels.be\/fr\/logement-et-connections-comment-faire\/fournisseurs-internet-et-television\" target=\"_blank\" rel=\"noopener\">Fournisseurs internet et t\u00e9l\u00e9vision<\/a><\/strong><\/p><p>\u00a0<\/p><p>Tous les op\u00e9rateurs proposent une offre combin\u00e9e des trois services traditionnels\u00a0: t\u00e9l\u00e9vision, internet et t\u00e9l\u00e9phone. Il convient de comparer les offres propos\u00e9es afin d\u2019y trouver celle qui correspond le plus \u00e0 votre profil. Il est conseill\u00e9 de concentrer vos demandes aupr\u00e8s du m\u00eame op\u00e9rateur afin de b\u00e9n\u00e9ficier d\u2019\u00e9conomies int\u00e9ressantes.<\/p><p>\u00a0<\/p><ul class=\"list-unstyled list-addresses addresses\"><li id=\"item-1772\"><div class=\"row\"><div class=\"col-xs-9\"><p><a href=\"https:\/\/expatsinbrussels.be\/fr\/places\/edpnet\" data-fancybox-type=\"iframe\" data-fancybox-href=\"https:\/\/expatsinbrussels.be\/fr\/places\/edpnet?iframe=true\"><strong>EDPNET<\/strong><\/a><\/p><p><small>Van Landeghemstraat, 20 &#8211; 9100 Sint-Niklaas<br \/>03 265 67 00<br \/><a href=\"mailto:info@edpnet.be\">info@edpnet.be<\/a><br \/><a href=\"https:\/\/www.edpnet.be\/\" target=\"_blank\" rel=\"noopener noreferrer\">www.edpnet.be<\/a><\/small><\/p><\/div><\/div><\/li><\/ul><p>\u00a0<\/p><p><span style=\"text-decoration: underline;\"><strong>Starlink :\u00a0<\/strong><\/span><\/p><p>\u00a0<\/p><p>C&rsquo;est l&rsquo;acc\u00e8s internet tr\u00e8s haut d\u00e9bit par satellite. Ce projet\u00a0 risque bien de r\u00e9volutionner l&rsquo;acc\u00e8s \u00e0 internet dans le monde. Il s&rsquo;agit de d\u00e9livrer une offre d&rsquo;acc\u00e8s internet relativement\u00a0abordable\u00a0\u00e0 destination des zones inaccessibles, mal desservies, ou simplement trop p\u00e9riph\u00e9riques pour disposer d&rsquo;un acc\u00e8s internet digne de ce nom.<\/p><p>\u00a0<\/p><p>Lien :\u00a0<a href=\"https:\/\/www.starlink.com\/\">https:\/\/www.starlink.com\/<\/a><\/p>\t\t\t\t\t\t\t\t<\/div>\n\t\t\t\t<\/div>\n\t\t\t\t\t<\/div>\n\t\t<\/div>\n\t\t\t\t\t<\/div>\n\t\t<\/section>\n\t\t\t\t<section class=\"elementor-section elementor-top-section elementor-element elementor-element-aa6c24f elementor-section-boxed elementor-section-height-default elementor-section-height-default\" data-id=\"aa6c24f\" data-element_type=\"section\" data-e-type=\"section\">\n\t\t\t\t\t\t<div class=\"elementor-container elementor-column-gap-default\">\n\t\t\t\t\t<div class=\"elementor-column elementor-col-100 elementor-top-column elementor-element elementor-element-836e3c4\" data-id=\"836e3c4\" data-element_type=\"column\" data-e-type=\"column\">\n\t\t\t<div class=\"elementor-widget-wrap elementor-element-populated\">\n\t\t\t\t\t\t<div class=\"elementor-element elementor-element-9a7d03b elementor-align-center elementor-widget elementor-widget-button\" data-id=\"9a7d03b\" data-element_type=\"widget\" data-e-type=\"widget\" data-widget_type=\"button.default\">\n\t\t\t\t<div class=\"elementor-widget-container\">\n\t\t\t\t\t\t\t\t\t<div class=\"elementor-button-wrapper\">\n\t\t\t\t\t<a class=\"elementor-button elementor-button-link elementor-size-sm\" href=\"https:\/\/expatsinbrussels.be\/fr\/logement-et-connections-comment-faire\/internet-fixe\">\n\t\t\t\t\t\t<span class=\"elementor-button-content-wrapper\">\n\t\t\t\t\t\t\t\t\t<span class=\"elementor-button-text\">Source<\/span>\n\t\t\t\t\t<\/span>\n\t\t\t\t\t<\/a>\n\t\t\t\t<\/div>\n\t\t\t\t\t\t\t\t<\/div>\n\t\t\t\t<\/div>\n\t\t\t\t\t<\/div>\n\t\t<\/div>\n\t\t\t\t\t<\/div>\n\t\t<\/section>\n\t\t\t\t<\/div>","protected":false},"featured_media":0,"template":"","categories_bruxelles":[35],"class_list":["post-3477","arcticles-bruxelles","type-arcticles-bruxelles","status-publish","hentry","categories_bruxelles-integration-bruxelles","entry"],"acf":[],"yoast_head":"<!-- This site is optimized with the Yoast SEO plugin v27.4 - https:\/\/yoast.com\/product\/yoast-seo-wordpress\/ -->\n<title>Internet fixe - Centre de sant\u00e9 le foyer<\/title>\n<meta name=\"robots\" content=\"index, follow, max-snippet:-1, max-image-preview:large, max-video-preview:-1\" \/>\n<link rel=\"canonical\" href=\"https:\/\/lefoyerxl.be\/ar\/arcticles-bruxelles\/internet-fixe\/\" \/>\n<meta property=\"og:locale\" content=\"ar_AR\" \/>\n<meta property=\"og:type\" content=\"article\" \/>\n<meta property=\"og:title\" content=\"Internet fixe - Centre de sant\u00e9 le foyer\" \/>\n<meta property=\"og:description\" content=\"Proximus\u00a0dessert le pays dans son enti\u00e8ret\u00e9. Outre la t\u00e9l\u00e9vision, Proximus&hellip; \u0645\u062a\u0627\u0628\u0639\u0629 \u0642\u0631\u0627\u0621\u0629 Internet fixe\" \/>\n<meta property=\"og:url\" content=\"https:\/\/lefoyerxl.be\/ar\/arcticles-bruxelles\/internet-fixe\/\" \/>\n<meta property=\"og:site_name\" content=\"Centre de sant\u00e9 le foyer\" \/>\n<meta property=\"article:modified_time\" content=\"2023-11-02T16:12:01+00:00\" \/>\n<meta name=\"twitter:card\" content=\"summary_large_image\" \/>\n<meta name=\"twitter:label1\" content=\"Est. reading time\" \/>\n\t<meta name=\"twitter:data1\" content=\"2 minutes\" \/>\n<script type=\"application\/ld+json\" class=\"yoast-schema-graph\">{\"@context\":\"https:\\\/\\\/schema.org\",\"@graph\":[{\"@type\":\"WebPage\",\"@id\":\"https:\\\/\\\/lefoyerxl.be\\\/arcticles-bruxelles\\\/internet-fixe\\\/\",\"url\":\"https:\\\/\\\/lefoyerxl.be\\\/arcticles-bruxelles\\\/internet-fixe\\\/\",\"name\":\"Internet fixe - Centre de sant\u00e9 le foyer\",\"isPartOf\":{\"@id\":\"https:\\\/\\\/lefoyerxl.be\\\/#website\"},\"datePublished\":\"2022-09-13T08:53:10+00:00\",\"dateModified\":\"2023-11-02T16:12:01+00:00\",\"breadcrumb\":{\"@id\":\"https:\\\/\\\/lefoyerxl.be\\\/arcticles-bruxelles\\\/internet-fixe\\\/#breadcrumb\"},\"inLanguage\":\"ary\",\"potentialAction\":[{\"@type\":\"ReadAction\",\"target\":[\"https:\\\/\\\/lefoyerxl.be\\\/arcticles-bruxelles\\\/internet-fixe\\\/\"]}]},{\"@type\":\"BreadcrumbList\",\"@id\":\"https:\\\/\\\/lefoyerxl.be\\\/arcticles-bruxelles\\\/internet-fixe\\\/#breadcrumb\",\"itemListElement\":[{\"@type\":\"ListItem\",\"position\":1,\"name\":\"Accueil\",\"item\":\"https:\\\/\\\/lefoyerxl.be\\\/\"},{\"@type\":\"ListItem\",\"position\":2,\"name\":\"Articles Bruxelles\",\"item\":\"https:\\\/\\\/lefoyerxl.be\\\/articles-bruxelles\\\/\"},{\"@type\":\"ListItem\",\"position\":3,\"name\":\"Internet fixe\"}]},{\"@type\":\"WebSite\",\"@id\":\"https:\\\/\\\/lefoyerxl.be\\\/#website\",\"url\":\"https:\\\/\\\/lefoyerxl.be\\\/\",\"name\":\"Centre de sant\u00e9 le foyer\",\"description\":\"\",\"publisher\":{\"@id\":\"https:\\\/\\\/lefoyerxl.be\\\/#organization\"},\"potentialAction\":[{\"@type\":\"SearchAction\",\"target\":{\"@type\":\"EntryPoint\",\"urlTemplate\":\"https:\\\/\\\/lefoyerxl.be\\\/?s={search_term_string}\"},\"query-input\":{\"@type\":\"PropertyValueSpecification\",\"valueRequired\":true,\"valueName\":\"search_term_string\"}}],\"inLanguage\":\"ary\"},{\"@type\":\"Organization\",\"@id\":\"https:\\\/\\\/lefoyerxl.be\\\/#organization\",\"name\":\"Centre de sant\u00e9 le foyer\",\"url\":\"https:\\\/\\\/lefoyerxl.be\\\/\",\"logo\":{\"@type\":\"ImageObject\",\"inLanguage\":\"ary\",\"@id\":\"https:\\\/\\\/lefoyerxl.be\\\/#\\\/schema\\\/logo\\\/image\\\/\",\"url\":\"https:\\\/\\\/lefoyerxl.be\\\/wp-content\\\/uploads\\\/2022\\\/05\\\/Logo_Centre_de_sante_Le_Foyer_72dpi.png\",\"contentUrl\":\"https:\\\/\\\/lefoyerxl.be\\\/wp-content\\\/uploads\\\/2022\\\/05\\\/Logo_Centre_de_sante_Le_Foyer_72dpi.png\",\"width\":800,\"height\":620,\"caption\":\"Centre de sant\u00e9 le foyer\"},\"image\":{\"@id\":\"https:\\\/\\\/lefoyerxl.be\\\/#\\\/schema\\\/logo\\\/image\\\/\"}}]}<\/script>\n<!-- \/ Yoast SEO plugin. -->","yoast_head_json":{"title":"Internet fixe - Centre de sant\u00e9 le foyer","robots":{"index":"index","follow":"follow","max-snippet":"max-snippet:-1","max-image-preview":"max-image-preview:large","max-video-preview":"max-video-preview:-1"},"canonical":"https:\/\/lefoyerxl.be\/ar\/arcticles-bruxelles\/internet-fixe\/","og_locale":"ar_AR","og_type":"article","og_title":"Internet fixe - Centre de sant\u00e9 le foyer","og_description":"Proximus\u00a0dessert le pays dans son enti\u00e8ret\u00e9. Outre la t\u00e9l\u00e9vision, Proximus&hellip; \u0645\u062a\u0627\u0628\u0639\u0629 \u0642\u0631\u0627\u0621\u0629 Internet fixe","og_url":"https:\/\/lefoyerxl.be\/ar\/arcticles-bruxelles\/internet-fixe\/","og_site_name":"Centre de sant\u00e9 le foyer","article_modified_time":"2023-11-02T16:12:01+00:00","twitter_card":"summary_large_image","twitter_misc":{"Est. reading time":"2 minutes"},"schema":{"@context":"https:\/\/schema.org","@graph":[{"@type":"WebPage","@id":"https:\/\/lefoyerxl.be\/arcticles-bruxelles\/internet-fixe\/","url":"https:\/\/lefoyerxl.be\/arcticles-bruxelles\/internet-fixe\/","name":"Internet fixe - Centre de sant\u00e9 le foyer","isPartOf":{"@id":"https:\/\/lefoyerxl.be\/#website"},"datePublished":"2022-09-13T08:53:10+00:00","dateModified":"2023-11-02T16:12:01+00:00","breadcrumb":{"@id":"https:\/\/lefoyerxl.be\/arcticles-bruxelles\/internet-fixe\/#breadcrumb"},"inLanguage":"ary","potentialAction":[{"@type":"ReadAction","target":["https:\/\/lefoyerxl.be\/arcticles-bruxelles\/internet-fixe\/"]}]},{"@type":"BreadcrumbList","@id":"https:\/\/lefoyerxl.be\/arcticles-bruxelles\/internet-fixe\/#breadcrumb","itemListElement":[{"@type":"ListItem","position":1,"name":"Accueil","item":"https:\/\/lefoyerxl.be\/"},{"@type":"ListItem","position":2,"name":"Articles Bruxelles","item":"https:\/\/lefoyerxl.be\/articles-bruxelles\/"},{"@type":"ListItem","position":3,"name":"Internet fixe"}]},{"@type":"WebSite","@id":"https:\/\/lefoyerxl.be\/#website","url":"https:\/\/lefoyerxl.be\/","name":"Centre de sant\u00e9 le foyer","description":"","publisher":{"@id":"https:\/\/lefoyerxl.be\/#organization"},"potentialAction":[{"@type":"SearchAction","target":{"@type":"EntryPoint","urlTemplate":"https:\/\/lefoyerxl.be\/?s={search_term_string}"},"query-input":{"@type":"PropertyValueSpecification","valueRequired":true,"valueName":"search_term_string"}}],"inLanguage":"ary"},{"@type":"Organization","@id":"https:\/\/lefoyerxl.be\/#organization","name":"Centre de sant\u00e9 le foyer","url":"https:\/\/lefoyerxl.be\/","logo":{"@type":"ImageObject","inLanguage":"ary","@id":"https:\/\/lefoyerxl.be\/#\/schema\/logo\/image\/","url":"https:\/\/lefoyerxl.be\/wp-content\/uploads\/2022\/05\/Logo_Centre_de_sante_Le_Foyer_72dpi.png","contentUrl":"https:\/\/lefoyerxl.be\/wp-content\/uploads\/2022\/05\/Logo_Centre_de_sante_Le_Foyer_72dpi.png","width":800,"height":620,"caption":"Centre de sant\u00e9 le foyer"},"image":{"@id":"https:\/\/lefoyerxl.be\/#\/schema\/logo\/image\/"}}]}},"_links":{"self":[{"href":"https:\/\/lefoyerxl.be\/ar\/wp-json\/wp\/v2\/arcticles-bruxelles\/3477","targetHints":{"allow":["GET"]}}],"collection":[{"href":"https:\/\/lefoyerxl.be\/ar\/wp-json\/wp\/v2\/arcticles-bruxelles"}],"about":[{"href":"https:\/\/lefoyerxl.be\/ar\/wp-json\/wp\/v2\/types\/arcticles-bruxelles"}],"version-history":[{"count":11,"href":"https:\/\/lefoyerxl.be\/ar\/wp-json\/wp\/v2\/arcticles-bruxelles\/3477\/revisions"}],"predecessor-version":[{"id":4099,"href":"https:\/\/lefoyerxl.be\/ar\/wp-json\/wp\/v2\/arcticles-bruxelles\/3477\/revisions\/4099"}],"wp:attachment":[{"href":"https:\/\/lefoyerxl.be\/ar\/wp-json\/wp\/v2\/media?parent=3477"}],"wp:term":[{"taxonomy":"categories_bruxelles","embeddable":true,"href":"https:\/\/lefoyerxl.be\/ar\/wp-json\/wp\/v2\/categories_bruxelles?post=3477"}],"curies":[{"name":"wp","href":"https:\/\/api.w.org\/{rel}","templated":true}]}}