{"id":3457,"date":"2022-09-13T05:17:17","date_gmt":"2022-09-13T03:17:17","guid":{"rendered":"https:\/\/lefoyerxl.be\/?post_type=arcticles-bruxelles&#038;p=3457"},"modified":"2023-11-02T17:16:59","modified_gmt":"2023-11-02T16:16:59","slug":"telephone-fixe","status":"publish","type":"arcticles-bruxelles","link":"https:\/\/lefoyerxl.be\/ar\/arcticles-bruxelles\/telephone-fixe\/","title":{"rendered":"T\u00e9l\u00e9phone fixe"},"content":{"rendered":"<div data-elementor-type=\"wp-post\" data-elementor-id=\"3457\" class=\"elementor elementor-3457\" data-elementor-post-type=\"arcticles-bruxelles\">\n\t\t\t\t\t\t<section class=\"elementor-section elementor-top-section elementor-element elementor-element-9f1b93e elementor-section-boxed elementor-section-height-default elementor-section-height-default\" data-id=\"9f1b93e\" data-element_type=\"section\" data-e-type=\"section\">\n\t\t\t\t\t\t<div class=\"elementor-container elementor-column-gap-default\">\n\t\t\t\t\t<div class=\"elementor-column elementor-col-100 elementor-top-column elementor-element elementor-element-75ecb9d\" data-id=\"75ecb9d\" data-element_type=\"column\" data-e-type=\"column\">\n\t\t\t<div class=\"elementor-widget-wrap elementor-element-populated\">\n\t\t\t\t\t\t<div class=\"elementor-element elementor-element-694ae25 elementor-widget elementor-widget-text-editor\" data-id=\"694ae25\" data-element_type=\"widget\" data-e-type=\"widget\" data-widget_type=\"text-editor.default\">\n\t\t\t\t<div class=\"elementor-widget-container\">\n\t\t\t\t\t\t\t\t\t<div class=\"container padding-bottom\"><div class=\"place-page col-sm-8 col-md-6\"><p>On peut d\u00e9sormais imm\u00e9diatement obtenir une ligne fixe en passant par le c\u00e2ble sans passer par Proximus.<\/p><p>\u00a0<\/p><p>Vous pouvez d\u00e8s lors choisir librement votre fournisseur.<\/p><p>\u00a0<\/p><p>Veillez \u00e0 bien comparer les diff\u00e9rentes offres selon votre profil d\u2019utilisation. Les formules comprenant les appels vers les num\u00e9ros fixes sont tr\u00e8s courants (pour approximativement 20\u20ac\/mois) mais ne comprennent pas les appels vers les num\u00e9ros mobiles.<\/p><p>\u00a0<\/p><p>Site de comparaison de prix des divers fournisseurs en \u00e9nergie, t\u00e9l\u00e9phonie, internet, TV, finance : <strong><a href=\"http:\/\/www.mesfournisseurs.be\/\" target=\"_blank\" rel=\"noopener\">www.mesfournisseurs.be<\/a><\/strong><\/p><div data-index=\"76\">\u00a0<\/div><div id=\"pageContainer77\" class=\"_page_1gl8y_100\" data-index=\"76\"><strong>Comment s\u2019abonner?<\/strong><\/div><div data-index=\"76\">\u00a0<\/div><div class=\"_page_1gl8y_100\" data-index=\"76\">Tous les op\u00e9rateurs proposent des syst\u00e8mes d\u2019abonnement en ligne, dans leurs boutiques ou via des distributeurs. Afin de vous assurer que toutes vos connections seront activ\u00e9es au moment de votre emm\u00e9nagement, entamez les d\u00e9marches d\u2019abonnement au minimum 4 semaines \u00e0 l\u2019avance. La longueur des proc\u00e9dures d\u2019abonnement ou de raccordement d\u00e9pendra des services choisis et de l\u2019\u00e9quipement n\u00e9cessaire.<\/div><div data-index=\"76\">\u00a0<\/div><div class=\"_page_1gl8y_100\" data-index=\"76\"><strong>T\u00e9l\u00e9phone &amp; internet mobile<\/strong><\/div><div data-index=\"76\">\u00a0<\/div><div class=\"_page_1gl8y_100\" data-index=\"76\">La Belgique n\u2019est pas le pays le moins cher en ce qui concerne la t\u00e9l\u00e9phonie et l\u2019internet mobile. Appeler un pays \u00e9tranger depuis laBelgique peut s\u00e9rieusement gonfler votre facture. Si vous appelez ou surfez depuis l\u2019\u00e9tranger les frais de roaming ont disparu au sein de l\u2019espace europ\u00e9en ! (roaming = utiliser son forfait mobile via le r\u00e9seau d\u2019un autre op\u00e9rateur que celui auquel on est abonn\u00e9.) Attention, les frais de roaming dans les autres parties du monde ne sont pas r\u00e8glement\u00e9s. Cela grimpe tr\u00e8s vite.<\/div><div data-index=\"76\">\u00a0<\/div><div class=\"_page_1gl8y_100\" data-index=\"76\">Chacun op\u00e9rateur offre un \u00e9ventail de services et de packages. Il est toutefois recommand\u00e9 de comparer attentivement les tarifs et conditions avant de choisir un op\u00e9rateur. Pour obtenir un abonnement vous pouvez le faire en ligne ou vous rendre dans le point de vente de votre choix muni de :\u2028<\/div><div data-index=\"76\">\u00a0<\/div><div class=\"_page_1gl8y_100\" data-index=\"76\">&#8211; Une pi\u00e8ce d\u2019identit\u00e9\u2028<\/div><div class=\"_page_1gl8y_100\" data-index=\"76\">&#8211; Une preuve d\u2019adresse (une facture d\u2019\u00e9lectricit\u00e9, votre bail, un extrait\u2028bancaire,&#8230;)<\/div><div class=\"_page_1gl8y_100\" data-index=\"76\">&#8211; Votre num\u00e9ro de compte bancaire ainsi que le code IBAN.<\/div><div data-index=\"76\">\u00a0<\/div><div class=\"_page_1gl8y_100\" data-index=\"76\">Vous pourrez souscrire \u00e0 un abonnement mensuel ou \u00e0 un syst\u00e8me de cartes pr\u00e9-pay\u00e9es.<\/div><div data-index=\"76\">\u00a0<\/div><div class=\"_page_1gl8y_100\" data-index=\"76\"><p>Hormis les op\u00e9rateurs traditionnels: Carrefour, Colruyt, Aldi, bPost, Mobile Viking&#8230; et beaucoup d\u2019autres vous proposent des cartes pr\u00e9-pay\u00e9es. Vous les trouverez dans les supermarch\u00e9s et les magasins de journaux ainsi que dans les bureaux de poste. Dor\u00e9navant, les op\u00e9rateurs sont contraints de lier chaque carte SIM du pays \u00e0 une pi\u00e8ce d\u2019identit\u00e9.<\/p><div>\u00a0<\/div><div class=\"_linksLayer_1gl8y_42\"><span style=\"background-color: var(--global--color-background); color: var(--global--color-primary); font-family: var(--global--font-secondary); font-size: var(--global--font-size-base);\">Internet mobile est devenu extr\u00eamement courant. La 4G est la norme mobile pour un Internet ultra rapide.\u2028<\/span><\/div><div>\u00a0<\/div><div class=\"_linksLayer_1gl8y_42\"><span style=\"background-color: var(--global--color-background); color: var(--global--color-primary); font-family: var(--global--font-secondary); font-size: var(--global--font-size-base);\">Proximus a lanc\u00e9, en avril 2020, la\u2028 5G dans 30 communes \u00e0 travers le pays. <\/span><\/div><div>\u00a0<\/div><div class=\"_linksLayer_1gl8y_42\"><span style=\"background-color: var(--global--color-background); color: var(--global--color-primary); font-family: var(--global--font-secondary); font-size: var(--global--font-size-base);\">Pour se connecter \u00e0 un r\u00e9seau internet mobile, il est possible d\u2019acheter un modem portable (Mifi) pour une valeur d\u2019environ 50 euros.Jusqu\u2019\u00e0 8 personnes peuvent se connecter sur ce modem. En vente chez Media Markt.<\/span><\/div><div>\u00a0<\/div><div class=\"_linksLayer_1gl8y_42\"><strong><a href=\"http:\/\/www.mediamarkt.be\"><span style=\"background-color: var(--global--color-background); color: var(--global--color-primary); font-family: var(--global--font-secondary); font-size: var(--global--font-size-base);\">www.mediamarkt.be<\/span><\/a><\/strong><\/div><div>\u00a0<\/div><div class=\"_linksLayer_1gl8y_42\"><span style=\"background-color: var(--global--color-background); color: var(--global--color-primary); font-family: var(--global--font-secondary); font-size: var(--global--font-size-base);\">Votre t\u00e9l\u00e9phone portable o\u00f9 votre tablette, \u00e9quip\u00e9s d\u2019une carte SIM, peuvent \u00e9galement \u00eatre un point d\u2019acc\u00e8s \u00e0 WIFI.<\/span><\/div><\/div><\/div><div class=\"place-page col-sm-8 col-md-6\"><h3>\u00a0<\/h3><h3><strong>Proximus<\/strong><\/h3><p>Souscription et liste des distributeurs \u2028en ligne.<\/p><p>T 0800 55 313 (EN)<br \/>T 0800 33 800 (FR) \u2028T 0800 22 800 (NL)<br \/><strong><a href=\"http:\/\/www.belgacom.be\/\" target=\"_blank\" rel=\"noopener\">www.belgacom.be<\/a>\u00a0<\/strong>(FR\/EN\/NL\/DE)<\/p><h3>\u00a0<\/h3><h3><strong>Voo<\/strong><\/h3><p>Souscription et liste des distributeurs en ligne.<br \/>Rue Alsace Lorraine, 28 1050 Bruxelles<br \/>T 0800 800 25 (FR\/NL\/EN\/DE)<br \/><strong><a href=\"http:\/\/www.voo.be\/\" target=\"_blank\" rel=\"noopener\">www.voo.be<\/a>\u00a0<\/strong>(FR\/NL\/EN\/DE)<\/p><h3>\u00a0<\/h3><h3><strong>SFR<\/strong><\/h3><p>Magasin. Souscription et liste des distributeurs en ligne.<br \/>Rue des Deux Eglises, 26 1000 Bruxelles<br \/>T 02 226 52 00 (FR\/NL\/EN)<br \/><strong><a title=\"SFR\" href=\"http:\/\/www.sfr.be\/\" target=\"_blank\" rel=\"noopener\">www.sfr.be<\/a>\u00a0<\/strong><br \/>(Brochure FR\/NL\/EN)<\/p><h3>\u00a0<\/h3><h3><strong>Telenet<\/strong><\/h3><p>Magasins et distributeurs\u00a0:<br \/>T 0800 668 01 (FR\/NL)<br \/><strong><a href=\"http:\/\/www.telenet.be\/\" target=\"_blank\" rel=\"noopener\">www.telenet.be<\/a><\/strong>\u00a0(EN\/FR\/NL)<\/p><h3>\u00a0<\/h3><h3><strong>Scarlet<\/strong><\/h3><p>Souscription en ligne\u00a0:<br \/>T 0800 84 000 (FR\/NL)<br \/><a href=\"http:\/\/www.scarlet.be\/\" target=\"_blank\" rel=\"noopener\"><strong>www.scarlet.be<\/strong><\/a>\u00a0(FR\/NL)<\/p><h3>\u00a0<\/h3><h3><span style=\"text-decoration: underline;\"><strong>A savoir :\u00a0<\/strong><\/span><\/h3><p>\u00a0<\/p><p>Les alarmes de maisons raccord\u00e9es \u00e0 un syst\u00e8me de surveillance par t\u00e9l\u00e9phone ne fonctionnent que si elles sont raccord\u00e9es \u00e0 des lignes t\u00e9l\u00e9phoniques fixes (uniquement Proximus).<\/p><p>Tout client m\u00e9content de son op\u00e9rateur t\u00e9l\u00e9com peut demander l&rsquo;intervention gratuite du service de m\u00e9diation.<\/p><p>\u00a0<\/p><p><strong><a title=\"m\u00e9diateur T\u00e9l\u00e9com\" href=\"http:\/\/www.mediateurtelecom.be\/\">www.mediateurtelecom.be<\/a>\u00a0<\/strong>(FR\/NL\/DE\/EN)<\/p><p class=\"back-line\">\u00a0<\/p><\/div><\/div><footer class=\"footer\"><div class=\"container\"><div class=\"row\"><div class=\"col-sm-4\">\u00a0<\/div><\/div><\/div><\/footer>\t\t\t\t\t\t\t\t<\/div>\n\t\t\t\t<\/div>\n\t\t\t\t\t<\/div>\n\t\t<\/div>\n\t\t\t\t\t<\/div>\n\t\t<\/section>\n\t\t\t\t<section class=\"elementor-section elementor-top-section elementor-element elementor-element-8ede251 elementor-section-boxed elementor-section-height-default elementor-section-height-default\" data-id=\"8ede251\" data-element_type=\"section\" data-e-type=\"section\">\n\t\t\t\t\t\t<div class=\"elementor-container elementor-column-gap-default\">\n\t\t\t\t\t<div class=\"elementor-column elementor-col-100 elementor-top-column elementor-element elementor-element-d97bc01\" data-id=\"d97bc01\" data-element_type=\"column\" data-e-type=\"column\">\n\t\t\t<div class=\"elementor-widget-wrap elementor-element-populated\">\n\t\t\t\t\t\t<div class=\"elementor-element elementor-element-96e073a elementor-align-center elementor-widget elementor-widget-button\" data-id=\"96e073a\" data-element_type=\"widget\" data-e-type=\"widget\" data-widget_type=\"button.default\">\n\t\t\t\t<div class=\"elementor-widget-container\">\n\t\t\t\t\t\t\t\t\t<div class=\"elementor-button-wrapper\">\n\t\t\t\t\t<a class=\"elementor-button elementor-button-link elementor-size-sm\" href=\"https:\/\/expatsinbrussels.be\/fr\/logement-et-connections-comment-faire\/telephone-fixe\">\n\t\t\t\t\t\t<span class=\"elementor-button-content-wrapper\">\n\t\t\t\t\t\t\t\t\t<span class=\"elementor-button-text\">Source<\/span>\n\t\t\t\t\t<\/span>\n\t\t\t\t\t<\/a>\n\t\t\t\t<\/div>\n\t\t\t\t\t\t\t\t<\/div>\n\t\t\t\t<\/div>\n\t\t\t\t\t<\/div>\n\t\t<\/div>\n\t\t\t\t\t<\/div>\n\t\t<\/section>\n\t\t\t\t<\/div>","protected":false},"featured_media":0,"template":"","categories_bruxelles":[35],"class_list":["post-3457","arcticles-bruxelles","type-arcticles-bruxelles","status-publish","hentry","categories_bruxelles-integration-bruxelles","entry"],"acf":[],"yoast_head":"<!-- This site is optimized with the Yoast SEO plugin v27.4 - https:\/\/yoast.com\/product\/yoast-seo-wordpress\/ -->\n<title>T\u00e9l\u00e9phone fixe - Centre de sant\u00e9 le foyer<\/title>\n<meta name=\"robots\" content=\"index, follow, max-snippet:-1, max-image-preview:large, max-video-preview:-1\" \/>\n<link rel=\"canonical\" href=\"https:\/\/lefoyerxl.be\/ar\/arcticles-bruxelles\/telephone-fixe\/\" \/>\n<meta property=\"og:locale\" content=\"ar_AR\" \/>\n<meta property=\"og:type\" content=\"article\" \/>\n<meta property=\"og:title\" content=\"T\u00e9l\u00e9phone fixe - Centre de sant\u00e9 le foyer\" \/>\n<meta property=\"og:description\" content=\"On peut d\u00e9sormais imm\u00e9diatement obtenir une ligne fixe en passant&hellip; \u0645\u062a\u0627\u0628\u0639\u0629 \u0642\u0631\u0627\u0621\u0629 T\u00e9l\u00e9phone fixe\" \/>\n<meta property=\"og:url\" content=\"https:\/\/lefoyerxl.be\/ar\/arcticles-bruxelles\/telephone-fixe\/\" \/>\n<meta property=\"og:site_name\" content=\"Centre de sant\u00e9 le foyer\" \/>\n<meta property=\"article:modified_time\" content=\"2023-11-02T16:16:59+00:00\" \/>\n<meta name=\"twitter:card\" content=\"summary_large_image\" \/>\n<meta name=\"twitter:label1\" content=\"Est. reading time\" \/>\n\t<meta name=\"twitter:data1\" content=\"4 minutes\" \/>\n<script type=\"application\/ld+json\" class=\"yoast-schema-graph\">{\"@context\":\"https:\\\/\\\/schema.org\",\"@graph\":[{\"@type\":\"WebPage\",\"@id\":\"https:\\\/\\\/lefoyerxl.be\\\/arcticles-bruxelles\\\/telephone-fixe\\\/\",\"url\":\"https:\\\/\\\/lefoyerxl.be\\\/arcticles-bruxelles\\\/telephone-fixe\\\/\",\"name\":\"T\u00e9l\u00e9phone fixe - Centre de sant\u00e9 le foyer\",\"isPartOf\":{\"@id\":\"https:\\\/\\\/lefoyerxl.be\\\/#website\"},\"datePublished\":\"2022-09-13T03:17:17+00:00\",\"dateModified\":\"2023-11-02T16:16:59+00:00\",\"breadcrumb\":{\"@id\":\"https:\\\/\\\/lefoyerxl.be\\\/arcticles-bruxelles\\\/telephone-fixe\\\/#breadcrumb\"},\"inLanguage\":\"ary\",\"potentialAction\":[{\"@type\":\"ReadAction\",\"target\":[\"https:\\\/\\\/lefoyerxl.be\\\/arcticles-bruxelles\\\/telephone-fixe\\\/\"]}]},{\"@type\":\"BreadcrumbList\",\"@id\":\"https:\\\/\\\/lefoyerxl.be\\\/arcticles-bruxelles\\\/telephone-fixe\\\/#breadcrumb\",\"itemListElement\":[{\"@type\":\"ListItem\",\"position\":1,\"name\":\"Accueil\",\"item\":\"https:\\\/\\\/lefoyerxl.be\\\/\"},{\"@type\":\"ListItem\",\"position\":2,\"name\":\"Articles Bruxelles\",\"item\":\"https:\\\/\\\/lefoyerxl.be\\\/articles-bruxelles\\\/\"},{\"@type\":\"ListItem\",\"position\":3,\"name\":\"T\u00e9l\u00e9phone fixe\"}]},{\"@type\":\"WebSite\",\"@id\":\"https:\\\/\\\/lefoyerxl.be\\\/#website\",\"url\":\"https:\\\/\\\/lefoyerxl.be\\\/\",\"name\":\"Centre de sant\u00e9 le foyer\",\"description\":\"\",\"publisher\":{\"@id\":\"https:\\\/\\\/lefoyerxl.be\\\/#organization\"},\"potentialAction\":[{\"@type\":\"SearchAction\",\"target\":{\"@type\":\"EntryPoint\",\"urlTemplate\":\"https:\\\/\\\/lefoyerxl.be\\\/?s={search_term_string}\"},\"query-input\":{\"@type\":\"PropertyValueSpecification\",\"valueRequired\":true,\"valueName\":\"search_term_string\"}}],\"inLanguage\":\"ary\"},{\"@type\":\"Organization\",\"@id\":\"https:\\\/\\\/lefoyerxl.be\\\/#organization\",\"name\":\"Centre de sant\u00e9 le foyer\",\"url\":\"https:\\\/\\\/lefoyerxl.be\\\/\",\"logo\":{\"@type\":\"ImageObject\",\"inLanguage\":\"ary\",\"@id\":\"https:\\\/\\\/lefoyerxl.be\\\/#\\\/schema\\\/logo\\\/image\\\/\",\"url\":\"https:\\\/\\\/lefoyerxl.be\\\/wp-content\\\/uploads\\\/2022\\\/05\\\/Logo_Centre_de_sante_Le_Foyer_72dpi.png\",\"contentUrl\":\"https:\\\/\\\/lefoyerxl.be\\\/wp-content\\\/uploads\\\/2022\\\/05\\\/Logo_Centre_de_sante_Le_Foyer_72dpi.png\",\"width\":800,\"height\":620,\"caption\":\"Centre de sant\u00e9 le foyer\"},\"image\":{\"@id\":\"https:\\\/\\\/lefoyerxl.be\\\/#\\\/schema\\\/logo\\\/image\\\/\"}}]}<\/script>\n<!-- \/ Yoast SEO plugin. -->","yoast_head_json":{"title":"T\u00e9l\u00e9phone fixe - Centre de sant\u00e9 le foyer","robots":{"index":"index","follow":"follow","max-snippet":"max-snippet:-1","max-image-preview":"max-image-preview:large","max-video-preview":"max-video-preview:-1"},"canonical":"https:\/\/lefoyerxl.be\/ar\/arcticles-bruxelles\/telephone-fixe\/","og_locale":"ar_AR","og_type":"article","og_title":"T\u00e9l\u00e9phone fixe - Centre de sant\u00e9 le foyer","og_description":"On peut d\u00e9sormais imm\u00e9diatement obtenir une ligne fixe en passant&hellip; \u0645\u062a\u0627\u0628\u0639\u0629 \u0642\u0631\u0627\u0621\u0629 T\u00e9l\u00e9phone fixe","og_url":"https:\/\/lefoyerxl.be\/ar\/arcticles-bruxelles\/telephone-fixe\/","og_site_name":"Centre de sant\u00e9 le foyer","article_modified_time":"2023-11-02T16:16:59+00:00","twitter_card":"summary_large_image","twitter_misc":{"Est. reading time":"4 minutes"},"schema":{"@context":"https:\/\/schema.org","@graph":[{"@type":"WebPage","@id":"https:\/\/lefoyerxl.be\/arcticles-bruxelles\/telephone-fixe\/","url":"https:\/\/lefoyerxl.be\/arcticles-bruxelles\/telephone-fixe\/","name":"T\u00e9l\u00e9phone fixe - Centre de sant\u00e9 le foyer","isPartOf":{"@id":"https:\/\/lefoyerxl.be\/#website"},"datePublished":"2022-09-13T03:17:17+00:00","dateModified":"2023-11-02T16:16:59+00:00","breadcrumb":{"@id":"https:\/\/lefoyerxl.be\/arcticles-bruxelles\/telephone-fixe\/#breadcrumb"},"inLanguage":"ary","potentialAction":[{"@type":"ReadAction","target":["https:\/\/lefoyerxl.be\/arcticles-bruxelles\/telephone-fixe\/"]}]},{"@type":"BreadcrumbList","@id":"https:\/\/lefoyerxl.be\/arcticles-bruxelles\/telephone-fixe\/#breadcrumb","itemListElement":[{"@type":"ListItem","position":1,"name":"Accueil","item":"https:\/\/lefoyerxl.be\/"},{"@type":"ListItem","position":2,"name":"Articles Bruxelles","item":"https:\/\/lefoyerxl.be\/articles-bruxelles\/"},{"@type":"ListItem","position":3,"name":"T\u00e9l\u00e9phone fixe"}]},{"@type":"WebSite","@id":"https:\/\/lefoyerxl.be\/#website","url":"https:\/\/lefoyerxl.be\/","name":"Centre de sant\u00e9 le foyer","description":"","publisher":{"@id":"https:\/\/lefoyerxl.be\/#organization"},"potentialAction":[{"@type":"SearchAction","target":{"@type":"EntryPoint","urlTemplate":"https:\/\/lefoyerxl.be\/?s={search_term_string}"},"query-input":{"@type":"PropertyValueSpecification","valueRequired":true,"valueName":"search_term_string"}}],"inLanguage":"ary"},{"@type":"Organization","@id":"https:\/\/lefoyerxl.be\/#organization","name":"Centre de sant\u00e9 le foyer","url":"https:\/\/lefoyerxl.be\/","logo":{"@type":"ImageObject","inLanguage":"ary","@id":"https:\/\/lefoyerxl.be\/#\/schema\/logo\/image\/","url":"https:\/\/lefoyerxl.be\/wp-content\/uploads\/2022\/05\/Logo_Centre_de_sante_Le_Foyer_72dpi.png","contentUrl":"https:\/\/lefoyerxl.be\/wp-content\/uploads\/2022\/05\/Logo_Centre_de_sante_Le_Foyer_72dpi.png","width":800,"height":620,"caption":"Centre de sant\u00e9 le foyer"},"image":{"@id":"https:\/\/lefoyerxl.be\/#\/schema\/logo\/image\/"}}]}},"_links":{"self":[{"href":"https:\/\/lefoyerxl.be\/ar\/wp-json\/wp\/v2\/arcticles-bruxelles\/3457","targetHints":{"allow":["GET"]}}],"collection":[{"href":"https:\/\/lefoyerxl.be\/ar\/wp-json\/wp\/v2\/arcticles-bruxelles"}],"about":[{"href":"https:\/\/lefoyerxl.be\/ar\/wp-json\/wp\/v2\/types\/arcticles-bruxelles"}],"version-history":[{"count":21,"href":"https:\/\/lefoyerxl.be\/ar\/wp-json\/wp\/v2\/arcticles-bruxelles\/3457\/revisions"}],"predecessor-version":[{"id":4102,"href":"https:\/\/lefoyerxl.be\/ar\/wp-json\/wp\/v2\/arcticles-bruxelles\/3457\/revisions\/4102"}],"wp:attachment":[{"href":"https:\/\/lefoyerxl.be\/ar\/wp-json\/wp\/v2\/media?parent=3457"}],"wp:term":[{"taxonomy":"categories_bruxelles","embeddable":true,"href":"https:\/\/lefoyerxl.be\/ar\/wp-json\/wp\/v2\/categories_bruxelles?post=3457"}],"curies":[{"name":"wp","href":"https:\/\/api.w.org\/{rel}","templated":true}]}}