{"id":3433,"date":"2022-09-04T03:05:59","date_gmt":"2022-09-04T01:05:59","guid":{"rendered":"https:\/\/lefoyerxl.be\/?post_type=arcticles-bruxelles&#038;p=3433"},"modified":"2023-11-02T17:28:54","modified_gmt":"2023-11-02T16:28:54","slug":"gaz-et-electricite","status":"publish","type":"arcticles-bruxelles","link":"https:\/\/lefoyerxl.be\/ar\/arcticles-bruxelles\/gaz-et-electricite\/","title":{"rendered":"Gaz et \u00e9lectricit\u00e9"},"content":{"rendered":"<div data-elementor-type=\"wp-post\" data-elementor-id=\"3433\" class=\"elementor elementor-3433\" data-elementor-post-type=\"arcticles-bruxelles\">\n\t\t\t\t\t\t<section class=\"elementor-section elementor-top-section elementor-element elementor-element-6c89335 elementor-section-boxed elementor-section-height-default elementor-section-height-default\" data-id=\"6c89335\" data-element_type=\"section\" data-e-type=\"section\">\n\t\t\t\t\t\t<div class=\"elementor-container elementor-column-gap-default\">\n\t\t\t\t\t<div class=\"elementor-column elementor-col-100 elementor-top-column elementor-element elementor-element-872b8ac\" data-id=\"872b8ac\" data-element_type=\"column\" data-e-type=\"column\">\n\t\t\t<div class=\"elementor-widget-wrap elementor-element-populated\">\n\t\t\t\t\t\t<div class=\"elementor-element elementor-element-267cf9c elementor-widget elementor-widget-text-editor\" data-id=\"267cf9c\" data-element_type=\"widget\" data-e-type=\"widget\" data-widget_type=\"text-editor.default\">\n\t\t\t\t<div class=\"elementor-widget-container\">\n\t\t\t\t\t\t\t\t\t<p><strong>Qui sont les acteurs du march\u00e9 ?<\/strong><\/p><p>\u00a0<\/p><p>Sibelga g\u00e8re la totalit\u00e9 du r\u00e9seau de distribution de gaz et d\u2019\u00e9lectricit\u00e9 dans la r\u00e9gion de Bruxelles Capitale. Ses responsabilit\u00e9s comprennent aussi bien la construction du r\u00e9seau et son entretien que le relev\u00e9 des compteurs chez le consommateur. Les fournisseurs d\u2019\u00e9lectricit\u00e9 et de gaz utilisent le r\u00e9seau de Sibelga. Tous leurs clients y sont connect\u00e9s. Ce sont les fournisseurs qui facturent l\u2019\u00e9nergie utilis\u00e9e. Ils fixent leurs prix en fonction de diff\u00e9rents \u00e9l\u00e9ments : le co\u00fbt de l\u2019\u00e9nergie, le co\u00fbt de l\u2019utilisation du r\u00e9seau, les taxes, \u2026 A Bruxelles, le fournisseur par d\u00e9faut est Electrabel. Le consommateur qui n\u2019a pas fait la d\u00e9marche de changer de fournisseur depuis la lib\u00e9ralisation du march\u00e9 reste donc un client d\u2019Electrabel. Seuls les travaux sur votre connexion au r\u00e9seau et le fonctionnement de vos compteurs sera factur\u00e9 directement par Sibelga.<\/p><p>\u00a0<\/p><p>Consciente du caract\u00e8re fortement international de Bruxelles, Sibelga a d\u00e9velopp\u00e9 une version en anglais du site afin de donner \u00e9galement ses conseils \u00e0 la large communaut\u00e9 des expatri\u00e9s r\u00e9sidant dans la capitale.\u00a0<\/p><p>\u00a0<\/p><p>Un site trilingue tr\u00e8s bien fait qui vous donne les r\u00e9ponses \u00e0 toutes vos questions d\u2019\u00e9nergie \u00e0 Bruxelles.\u00a0<a href=\"http:\/\/www.energuide.be\/\" target=\"_blank\" rel=\"noopener\">www.energuide.be<\/a><\/p><p>\u00a0<\/p><p><strong>Le code EAN<\/strong><\/p><p>\u00a0<\/p><p>Ce code de 18 chiffres identifie un raccordement et un point de fourniture par \u00e9nergie et correspond donc \u00e0 une adresse d\u00e9termin\u00e9e. Il est indispensable pour toutes vos relations avec votre fournisseur et pour toute intervention de Sibelga sur vos compteurs. Si vous n\u2019avez pas le ou les code(s) EAN de votre r\u00e9sidence : Sibelga 02 549 41 00 ou clients@sibelga.be<\/p><p>\u00a0<\/p><p><strong>Le compteur<\/strong><\/p><p>\u00a0<\/p><p>L\u2019installation, la r\u00e9paration, le d\u00e9placement, l\u2019ouverture ou la fermeture des compteurs sont de la comp\u00e9tence de Sibelga. Le relev\u00e9 des compteurs est effectu\u00e9 pour le compte de votre fournisseur par la soci\u00e9t\u00e9 Metrix, filiale de Sibelga. Les compteurs sont relev\u00e9s une fois par an par Sibelga chez les particuliers et dans la plupart des entreprises, ou lorsqu\u2019un consommateur change de fournisseur.<\/p><p>\u00a0<\/p><p><strong>La facture<\/strong><\/p><p>\u00a0<\/p><p>Selon le fournisseur choisi, une facture mensuelle, bimensuelle ou trimestrielle est \u00e9mise et bas\u00e9e sur une estimation de votre consommation. Chaque ann\u00e9e, Sibelga proc\u00e8de au relev\u00e9 de compteurs. Ce relev\u00e9 est transmis \u00e0 votre fournisseur qui r\u00e9ajustera la facture globale en fonction de votre consommation r\u00e9elle. Le calendrier des relev\u00e9s de compteurs est disponible sur le site Internet de Sibelga. Si vous \u00eates absent lors du passage annuel du technicien de Sibelga, vous recevrez une lettre vous demandant de transmettre le relev\u00e9 de vos compteurs par t\u00e9l\u00e9phone ou en ligne. Ce relev\u00e9, effectu\u00e9 par vous, doit \u00eatre transmis \u00e0 Sibelga avant le vingti\u00e8me jour du mois suivant la r\u00e9ception de la lettre, sans quoi il sera \u00e0 nouveau estim\u00e9 sur base des relev\u00e9s de compteurs des ann\u00e9es pr\u00e9c\u00e9dentes. Le relev\u00e9 r\u00e9el ou estim\u00e9 est alors envoy\u00e9 \u00e0 votre fournisseur pour le r\u00e9ajustement de votre facture.<\/p><p>\u00a0<\/p><p><strong>Emm\u00e9nager<\/strong><\/p><p>\u00a0<\/p><p>Une fois qu\u2019un fournisseur a \u00e9t\u00e9 choisi : si les compteurs sont ouverts, des documents de d\u00e9m\u00e9nagement devront \u00eatre remplis par l\u2019ancien occupant ou le propri\u00e9taire ET par le nouvel occupant. Ces documents (le formulaire IN et le formulaire OUT) peuvent \u00eatre t\u00e9l\u00e9charg\u00e9s sur le site de\u00a0<a title=\"Documents Sibelga emm\u00e9nagement \" href=\"https:\/\/www.sibelga.be\/uploads\/assets\/316\/fr\/1366189083309-Formulaire_de_reprise_des_energies.pdf\" target=\"_blank\" rel=\"noopener\">Sibelga<\/a>. Dans la plupart des cas, ils peuvent \u00e9galement \u00eatre remplis en ligne sur les sites Internet des fournisseurs. Contactez votre fournisseur pour davantage de d\u00e9tails sur la proc\u00e9dure.<\/p><p>\u00a0<\/p><p>Si les compteurs sont ferm\u00e9s, le nouvel occupant doit obtenir le code EAN de chaque point de raccordement au gaz et \u00e0 l\u2019\u00e9lectricit\u00e9 et les communiquer au fournisseur de son choix pour la conclusion du contrat. Une fois le contrat conclu, le nouvel occupant doit attendre le \u00ab feu vert \u00bb du fournisseur avant de contacter Sibelga pour l\u2019ouverture des compteurs.<\/p><p>\u00a0<\/p><p>Le rendez-vous avec le technicien de Sibelga pour l\u2019ouverture des compteurs doit \u00eatre pris via l\u2019accueil clients de Sibelga au 02 549 41 00. Le jour du rendez-vous, un adulte doit \u00eatre pr\u00e9sent pour donner l\u2019acc\u00e8s aux compteurs.<\/p><p>\u00a0<\/p><p><strong>D\u00e9m\u00e9nager<\/strong><\/p><p>\u00a0<\/p><p>Pour fermer les compteurs, contactez Sibelga au 02 549 41 00. Vous pouvez \u00e9galement passer le relais au propri\u00e9taire ou directement au nouveau locataire qui emm\u00e9nage. Le formulaire sera fourni par le fournisseur du nouveau client et ils se chargeront de la permutation. Nous vous conseillons de garder une copie du formulaire. Vous pouvez \u00e9galment t\u00e9l\u00e9charger les formulaires sur\u00a0<a title=\"Document de d\u00e9m\u00e9nagement sibelga\" href=\"http:\/\/www.sibelga.be\/en\/moving-house\" target=\"_blank\" rel=\"noopener\">ce site<\/a>.\u00a0<\/p><p>\u00a0<\/p><p>Une application gratuite est disponible sur\u00a0<a title=\"app gratuite Sibelga\" href=\"http:\/\/www.energuide.be\/\" target=\"_blank\" rel=\"noopener\">ce site<\/a>\u00a0dans les trois langues. Elle permet de mieux comprendre et ma\u00eetriser sa consommation de gaz, d\u2019\u00e9lectricit\u00e9, d\u2019eau, de mazout etc \u2026 Concr\u00e8tement, on encode tr\u00e8s simplement et de fa\u00e7on totalement ano-nyme l\u2019index de son compteur et certains param\u00e8tres. Depuis son ordinateur, son smartphone ou sa tablette, on peut alors mesurer sa consommation d\u2019\u00e9nergie et en voir l\u2019\u00e9volution \u00e0 court et \u00e0 long terme.<\/p><p>\u00a0<\/p><p><span style=\"text-decoration: underline;\"><strong>A savoir :\u00a0<\/strong><\/span><\/p><p>\u00a0<\/p><p>Avant d\u2019entreprendre toute d\u00e9marche en mati\u00e8re de gaz ou d\u2019\u00e9lectricit\u00e9 \u00e0 Bruxelles, allez sur le site\u00a0<a href=\"http:\/\/%E2%80%A8www.brugel.be\/\" target=\"_blank\" rel=\"noopener\">\u2028<\/a><a href=\"http:\/\/www.brugel.be\/\">www.brugel.be<\/a>\u00a0\u00a0Quelles que soient vos questions avant et pendant votre s\u00e9jour, Brugel vous \u00e9claire.\u2028 \u00a0 \u00a0D\u2019un simple clic, t\u00e9l\u00e9chargez la brochure \u00ab D\u00e9m\u00e9nagement \u00bb sp\u00e9cialement con\u00e7ue pour vous (EN ou FR).<\/p><p>\u00a0<\/p><p><a title=\"documents de reprise d'\u00e9nergie\" href=\"https:\/\/www.engie-electrabel.be\/fr\/energie\/electricite-gaz\/demenager\" target=\"_blank\" rel=\"noopener\">Brochure<\/a><\/p><p>\u00a0<\/p><p>Que vous emm\u00e9nagiez ou d\u00e9m\u00e9nagiez, utilisez pour le relev\u00e9 des compteurs, les formulaires officiels, disponibles sur le site.<\/p><p>\u00a0<\/p><p><a title=\"Formulaire de d\u00e9m\u00e9nagement gaz \u00e9lectricit\u00e9 \u00e0 Bruxelles\" href=\"https:\/\/www.engie-electrabel.be\/fr\/support\/faq\/demenagement-nouveau-raccordement\/demenager\/document-reprise-energies\" target=\"_blank\" rel=\"noopener\">Formulaire de reprise gaz \u00e9lectricit\u00e9<\/a><\/p><p>\u00a0<\/p><p>Vous \u00e9viterez toute mauvaise surprise et contestation ult\u00e9rieure.\u2028<\/p><p>\u00a0<\/p><p>D\u00e9couvrez \u00e9galement le nouveau comparateur de Brugel (<a href=\"http:\/\/www.brusim.be\/\" target=\"_blank\" rel=\"noopener\">www.brusim.be<\/a>) qui vous permet de trouver la meilleure offre pour votre profil. All\u00e9gez vos factures ? C\u2019est simple comme un clic !<\/p><p>\u00a0<\/p><p><span style=\"text-decoration: underline;\">Entretien de la chaudi\u00e8re<\/span><\/p><p>\u00a0<\/p><p>Gardez votre Chaudi\u00e8re en de bonnes mains : Entre 7,00 \u20ac et 19,41 \u20ac par mois, votre fournisseur de gaz naturel entretient votre installation. Tous les deux ans il fixe avec vous un rendez-vous \u00e0 votre meilleure convenance<\/p><p>\u00a0<\/p><p>Appelez la Ligne Energie :\u00a0\u00a0078 35 33 33 ou surfez sur \u2028<a title=\"entretien chaudi\u00e8re Engie\" href=\"https:\/\/www.engie.be\/fr\/chauffage-assistance\/entretien-chaudiere\" target=\"_blank\" rel=\"noopener\">maintenance\u00a0<\/a><\/p><p>\u00a0<\/p><p>Analysez bien les offres des fournisseurs, vous avez le choix entre plusieurs tarifs (Jour\/nuit &#8211; Fixe\/variable\u2026)<\/p><p>\u00a0<\/p><p>Il existe diff\u00e9rents types de tarifs adapt\u00e9s \u00e0 votre consommation personnelle. A tous les tarifs de base, il faut ajouter la TVA : 21% pour le gaz et l\u2019\u00e9lectricit\u00e9, 6 % pour l\u2019eau. Les compteurs d\u2019eau, de gaz et d\u2019\u00e9lectricit\u00e9 ne sont lus qu\u2019une fois par an et votre facture est r\u00e9ajust\u00e9e annuellement en fonction de votre consommation. Vos premi\u00e8res factures correspondent \u00e0 des \u00e9valuations faites \u00e0 partir de la consommation de l\u2019occupant pr\u00e9c\u00e9dent. Attention au r\u00e9ajustement si le profil familial est tr\u00e8s diff\u00e9rent du v\u00f4tre ! Les fournisseurs mentionn\u00e9s ne s\u2019occupent pas des r\u00e9parations, ni des entretiens : \u00e0 vous de trouver rapidement un plombier et un \u00e9lectricien. En cas de probl\u00e8me d\u2019\u00e9gouts, appelez votre commune: un service efficace pourra vous aider. Electricit\u00e9 en Belgique : 220 Volts, 50 cycles.<\/p><p>\u00a0<\/p><p>Consultez le site :\u00a0<a href=\"http:\/\/www.brugel.be\/\" target=\"_blank\" rel=\"noopener\">www.brugel.be<\/a><\/p><p>\u00a0<\/p><p><a title=\"emm\u00e9nager d\u00e9m\u00e9nager \u00e0 Bruxelles\" href=\"https:\/\/www.brugel.brussels\/actualites\/pensez-gaz-electricite-quand-vous-demenagez-en-region-bruxelloise-265\" target=\"_blank\" rel=\"noopener\">Cette video<\/a> vous permet d\u2019avoir acc\u00e8s \u00e0 toutes les informations utiles afin d\u2019\u00eatre s\u00fbr de n\u2019avoir rien oubli\u00e9 lors de votre d\u00e9m\u00e9nagement (sous-titr\u00e9e en 9 langues).\u00a0<\/p>\t\t\t\t\t\t\t\t<\/div>\n\t\t\t\t<\/div>\n\t\t\t\t\t<\/div>\n\t\t<\/div>\n\t\t\t\t\t<\/div>\n\t\t<\/section>\n\t\t\t\t<section class=\"elementor-section elementor-top-section elementor-element elementor-element-5942343 elementor-section-boxed elementor-section-height-default elementor-section-height-default\" data-id=\"5942343\" data-element_type=\"section\" data-e-type=\"section\">\n\t\t\t\t\t\t<div class=\"elementor-container elementor-column-gap-default\">\n\t\t\t\t\t<div class=\"elementor-column elementor-col-100 elementor-top-column elementor-element elementor-element-6892bea\" data-id=\"6892bea\" data-element_type=\"column\" data-e-type=\"column\">\n\t\t\t<div class=\"elementor-widget-wrap elementor-element-populated\">\n\t\t\t\t\t\t<div class=\"elementor-element elementor-element-8a7ecd4 elementor-widget elementor-widget-video\" data-id=\"8a7ecd4\" data-element_type=\"widget\" data-e-type=\"widget\" data-settings=\"{&quot;youtube_url&quot;:&quot;https:\\\/\\\/youtu.be\\\/aYqhJu_U2EA&quot;,&quot;video_type&quot;:&quot;youtube&quot;,&quot;controls&quot;:&quot;yes&quot;}\" data-widget_type=\"video.default\">\n\t\t\t\t<div class=\"elementor-widget-container\">\n\t\t\t\t\t\t\t<div class=\"elementor-wrapper elementor-open-inline\">\n\t\t\t<div class=\"elementor-video\"><\/div>\t\t<\/div>\n\t\t\t\t\t\t<\/div>\n\t\t\t\t<\/div>\n\t\t\t\t\t<\/div>\n\t\t<\/div>\n\t\t\t\t\t<\/div>\n\t\t<\/section>\n\t\t\t\t<section class=\"elementor-section elementor-top-section elementor-element elementor-element-0efa619 elementor-section-boxed elementor-section-height-default elementor-section-height-default\" data-id=\"0efa619\" data-element_type=\"section\" data-e-type=\"section\">\n\t\t\t\t\t\t<div class=\"elementor-container elementor-column-gap-default\">\n\t\t\t\t\t<div class=\"elementor-column elementor-col-100 elementor-top-column elementor-element elementor-element-57fd784\" data-id=\"57fd784\" data-element_type=\"column\" data-e-type=\"column\">\n\t\t\t<div class=\"elementor-widget-wrap\">\n\t\t\t\t\t\t\t<\/div>\n\t\t<\/div>\n\t\t\t\t\t<\/div>\n\t\t<\/section>\n\t\t\t\t<section class=\"elementor-section elementor-top-section elementor-element elementor-element-bb06217 elementor-section-boxed elementor-section-height-default elementor-section-height-default\" data-id=\"bb06217\" data-element_type=\"section\" data-e-type=\"section\">\n\t\t\t\t\t\t<div class=\"elementor-container elementor-column-gap-default\">\n\t\t\t\t\t<div class=\"elementor-column elementor-col-100 elementor-top-column elementor-element elementor-element-79278b4\" data-id=\"79278b4\" data-element_type=\"column\" data-e-type=\"column\">\n\t\t\t<div class=\"elementor-widget-wrap elementor-element-populated\">\n\t\t\t\t\t\t<div class=\"elementor-element elementor-element-8cc292d elementor-align-center elementor-widget elementor-widget-button\" data-id=\"8cc292d\" data-element_type=\"widget\" data-e-type=\"widget\" data-widget_type=\"button.default\">\n\t\t\t\t<div class=\"elementor-widget-container\">\n\t\t\t\t\t\t\t\t\t<div class=\"elementor-button-wrapper\">\n\t\t\t\t\t<a class=\"elementor-button elementor-button-link elementor-size-sm\" href=\"https:\/\/expatsinbrussels.be\/fr\/logement-et-connections-comment-faire\/gaz-et-electricite#fournisseurs-gaz-et-electricite\">\n\t\t\t\t\t\t<span class=\"elementor-button-content-wrapper\">\n\t\t\t\t\t\t\t\t\t<span class=\"elementor-button-text\">Lien utile<\/span>\n\t\t\t\t\t<\/span>\n\t\t\t\t\t<\/a>\n\t\t\t\t<\/div>\n\t\t\t\t\t\t\t\t<\/div>\n\t\t\t\t<\/div>\n\t\t\t\t\t<\/div>\n\t\t<\/div>\n\t\t\t\t\t<\/div>\n\t\t<\/section>\n\t\t\t\t<\/div>","protected":false},"featured_media":0,"template":"","categories_bruxelles":[35],"class_list":["post-3433","arcticles-bruxelles","type-arcticles-bruxelles","status-publish","hentry","categories_bruxelles-integration-bruxelles","entry"],"acf":[],"yoast_head":"<!-- This site is optimized with the Yoast SEO plugin v27.4 - https:\/\/yoast.com\/product\/yoast-seo-wordpress\/ -->\n<title>Gaz et \u00e9lectricit\u00e9 - Centre de sant\u00e9 le foyer<\/title>\n<meta name=\"robots\" content=\"index, follow, max-snippet:-1, max-image-preview:large, max-video-preview:-1\" \/>\n<link rel=\"canonical\" href=\"https:\/\/lefoyerxl.be\/ar\/arcticles-bruxelles\/gaz-et-electricite\/\" \/>\n<meta property=\"og:locale\" content=\"ar_AR\" \/>\n<meta property=\"og:type\" content=\"article\" \/>\n<meta property=\"og:title\" content=\"Gaz et \u00e9lectricit\u00e9 - Centre de sant\u00e9 le foyer\" \/>\n<meta property=\"og:description\" content=\"Qui sont les acteurs du march\u00e9 ? \u00a0 Sibelga g\u00e8re&hellip; \u0645\u062a\u0627\u0628\u0639\u0629 \u0642\u0631\u0627\u0621\u0629 Gaz et \u00e9lectricit\u00e9\" \/>\n<meta property=\"og:url\" content=\"https:\/\/lefoyerxl.be\/ar\/arcticles-bruxelles\/gaz-et-electricite\/\" \/>\n<meta property=\"og:site_name\" content=\"Centre de sant\u00e9 le foyer\" \/>\n<meta property=\"article:modified_time\" content=\"2023-11-02T16:28:54+00:00\" \/>\n<meta name=\"twitter:card\" content=\"summary_large_image\" \/>\n<meta name=\"twitter:label1\" content=\"Est. reading time\" \/>\n\t<meta name=\"twitter:data1\" content=\"6 minutes\" \/>\n<script type=\"application\/ld+json\" class=\"yoast-schema-graph\">{\"@context\":\"https:\\\/\\\/schema.org\",\"@graph\":[{\"@type\":\"WebPage\",\"@id\":\"https:\\\/\\\/lefoyerxl.be\\\/arcticles-bruxelles\\\/gaz-et-electricite\\\/\",\"url\":\"https:\\\/\\\/lefoyerxl.be\\\/arcticles-bruxelles\\\/gaz-et-electricite\\\/\",\"name\":\"Gaz et \u00e9lectricit\u00e9 - Centre de sant\u00e9 le foyer\",\"isPartOf\":{\"@id\":\"https:\\\/\\\/lefoyerxl.be\\\/#website\"},\"datePublished\":\"2022-09-04T01:05:59+00:00\",\"dateModified\":\"2023-11-02T16:28:54+00:00\",\"breadcrumb\":{\"@id\":\"https:\\\/\\\/lefoyerxl.be\\\/arcticles-bruxelles\\\/gaz-et-electricite\\\/#breadcrumb\"},\"inLanguage\":\"ary\",\"potentialAction\":[{\"@type\":\"ReadAction\",\"target\":[\"https:\\\/\\\/lefoyerxl.be\\\/arcticles-bruxelles\\\/gaz-et-electricite\\\/\"]}]},{\"@type\":\"BreadcrumbList\",\"@id\":\"https:\\\/\\\/lefoyerxl.be\\\/arcticles-bruxelles\\\/gaz-et-electricite\\\/#breadcrumb\",\"itemListElement\":[{\"@type\":\"ListItem\",\"position\":1,\"name\":\"Accueil\",\"item\":\"https:\\\/\\\/lefoyerxl.be\\\/\"},{\"@type\":\"ListItem\",\"position\":2,\"name\":\"Articles Bruxelles\",\"item\":\"https:\\\/\\\/lefoyerxl.be\\\/articles-bruxelles\\\/\"},{\"@type\":\"ListItem\",\"position\":3,\"name\":\"Gaz et \u00e9lectricit\u00e9\"}]},{\"@type\":\"WebSite\",\"@id\":\"https:\\\/\\\/lefoyerxl.be\\\/#website\",\"url\":\"https:\\\/\\\/lefoyerxl.be\\\/\",\"name\":\"Centre de sant\u00e9 le foyer\",\"description\":\"\",\"publisher\":{\"@id\":\"https:\\\/\\\/lefoyerxl.be\\\/#organization\"},\"potentialAction\":[{\"@type\":\"SearchAction\",\"target\":{\"@type\":\"EntryPoint\",\"urlTemplate\":\"https:\\\/\\\/lefoyerxl.be\\\/?s={search_term_string}\"},\"query-input\":{\"@type\":\"PropertyValueSpecification\",\"valueRequired\":true,\"valueName\":\"search_term_string\"}}],\"inLanguage\":\"ary\"},{\"@type\":\"Organization\",\"@id\":\"https:\\\/\\\/lefoyerxl.be\\\/#organization\",\"name\":\"Centre de sant\u00e9 le foyer\",\"url\":\"https:\\\/\\\/lefoyerxl.be\\\/\",\"logo\":{\"@type\":\"ImageObject\",\"inLanguage\":\"ary\",\"@id\":\"https:\\\/\\\/lefoyerxl.be\\\/#\\\/schema\\\/logo\\\/image\\\/\",\"url\":\"https:\\\/\\\/lefoyerxl.be\\\/wp-content\\\/uploads\\\/2022\\\/05\\\/Logo_Centre_de_sante_Le_Foyer_72dpi.png\",\"contentUrl\":\"https:\\\/\\\/lefoyerxl.be\\\/wp-content\\\/uploads\\\/2022\\\/05\\\/Logo_Centre_de_sante_Le_Foyer_72dpi.png\",\"width\":800,\"height\":620,\"caption\":\"Centre de sant\u00e9 le foyer\"},\"image\":{\"@id\":\"https:\\\/\\\/lefoyerxl.be\\\/#\\\/schema\\\/logo\\\/image\\\/\"}}]}<\/script>\n<!-- \/ Yoast SEO plugin. -->","yoast_head_json":{"title":"Gaz et \u00e9lectricit\u00e9 - Centre de sant\u00e9 le foyer","robots":{"index":"index","follow":"follow","max-snippet":"max-snippet:-1","max-image-preview":"max-image-preview:large","max-video-preview":"max-video-preview:-1"},"canonical":"https:\/\/lefoyerxl.be\/ar\/arcticles-bruxelles\/gaz-et-electricite\/","og_locale":"ar_AR","og_type":"article","og_title":"Gaz et \u00e9lectricit\u00e9 - Centre de sant\u00e9 le foyer","og_description":"Qui sont les acteurs du march\u00e9 ? \u00a0 Sibelga g\u00e8re&hellip; \u0645\u062a\u0627\u0628\u0639\u0629 \u0642\u0631\u0627\u0621\u0629 Gaz et \u00e9lectricit\u00e9","og_url":"https:\/\/lefoyerxl.be\/ar\/arcticles-bruxelles\/gaz-et-electricite\/","og_site_name":"Centre de sant\u00e9 le foyer","article_modified_time":"2023-11-02T16:28:54+00:00","twitter_card":"summary_large_image","twitter_misc":{"Est. reading time":"6 minutes"},"schema":{"@context":"https:\/\/schema.org","@graph":[{"@type":"WebPage","@id":"https:\/\/lefoyerxl.be\/arcticles-bruxelles\/gaz-et-electricite\/","url":"https:\/\/lefoyerxl.be\/arcticles-bruxelles\/gaz-et-electricite\/","name":"Gaz et \u00e9lectricit\u00e9 - Centre de sant\u00e9 le foyer","isPartOf":{"@id":"https:\/\/lefoyerxl.be\/#website"},"datePublished":"2022-09-04T01:05:59+00:00","dateModified":"2023-11-02T16:28:54+00:00","breadcrumb":{"@id":"https:\/\/lefoyerxl.be\/arcticles-bruxelles\/gaz-et-electricite\/#breadcrumb"},"inLanguage":"ary","potentialAction":[{"@type":"ReadAction","target":["https:\/\/lefoyerxl.be\/arcticles-bruxelles\/gaz-et-electricite\/"]}]},{"@type":"BreadcrumbList","@id":"https:\/\/lefoyerxl.be\/arcticles-bruxelles\/gaz-et-electricite\/#breadcrumb","itemListElement":[{"@type":"ListItem","position":1,"name":"Accueil","item":"https:\/\/lefoyerxl.be\/"},{"@type":"ListItem","position":2,"name":"Articles Bruxelles","item":"https:\/\/lefoyerxl.be\/articles-bruxelles\/"},{"@type":"ListItem","position":3,"name":"Gaz et \u00e9lectricit\u00e9"}]},{"@type":"WebSite","@id":"https:\/\/lefoyerxl.be\/#website","url":"https:\/\/lefoyerxl.be\/","name":"Centre de sant\u00e9 le foyer","description":"","publisher":{"@id":"https:\/\/lefoyerxl.be\/#organization"},"potentialAction":[{"@type":"SearchAction","target":{"@type":"EntryPoint","urlTemplate":"https:\/\/lefoyerxl.be\/?s={search_term_string}"},"query-input":{"@type":"PropertyValueSpecification","valueRequired":true,"valueName":"search_term_string"}}],"inLanguage":"ary"},{"@type":"Organization","@id":"https:\/\/lefoyerxl.be\/#organization","name":"Centre de sant\u00e9 le foyer","url":"https:\/\/lefoyerxl.be\/","logo":{"@type":"ImageObject","inLanguage":"ary","@id":"https:\/\/lefoyerxl.be\/#\/schema\/logo\/image\/","url":"https:\/\/lefoyerxl.be\/wp-content\/uploads\/2022\/05\/Logo_Centre_de_sante_Le_Foyer_72dpi.png","contentUrl":"https:\/\/lefoyerxl.be\/wp-content\/uploads\/2022\/05\/Logo_Centre_de_sante_Le_Foyer_72dpi.png","width":800,"height":620,"caption":"Centre de sant\u00e9 le foyer"},"image":{"@id":"https:\/\/lefoyerxl.be\/#\/schema\/logo\/image\/"}}]}},"_links":{"self":[{"href":"https:\/\/lefoyerxl.be\/ar\/wp-json\/wp\/v2\/arcticles-bruxelles\/3433","targetHints":{"allow":["GET"]}}],"collection":[{"href":"https:\/\/lefoyerxl.be\/ar\/wp-json\/wp\/v2\/arcticles-bruxelles"}],"about":[{"href":"https:\/\/lefoyerxl.be\/ar\/wp-json\/wp\/v2\/types\/arcticles-bruxelles"}],"version-history":[{"count":13,"href":"https:\/\/lefoyerxl.be\/ar\/wp-json\/wp\/v2\/arcticles-bruxelles\/3433\/revisions"}],"predecessor-version":[{"id":4105,"href":"https:\/\/lefoyerxl.be\/ar\/wp-json\/wp\/v2\/arcticles-bruxelles\/3433\/revisions\/4105"}],"wp:attachment":[{"href":"https:\/\/lefoyerxl.be\/ar\/wp-json\/wp\/v2\/media?parent=3433"}],"wp:term":[{"taxonomy":"categories_bruxelles","embeddable":true,"href":"https:\/\/lefoyerxl.be\/ar\/wp-json\/wp\/v2\/categories_bruxelles?post=3433"}],"curies":[{"name":"wp","href":"https:\/\/api.w.org\/{rel}","templated":true}]}}