{"id":3368,"date":"2022-09-04T01:54:34","date_gmt":"2022-09-03T23:54:34","guid":{"rendered":"https:\/\/lefoyerxl.be\/?post_type=arcticles-bruxelles&#038;p=3368"},"modified":"2022-09-04T02:35:33","modified_gmt":"2022-09-04T00:35:33","slug":"agences-immobilieres","status":"publish","type":"arcticles-bruxelles","link":"https:\/\/lefoyerxl.be\/ar\/arcticles-bruxelles\/agences-immobilieres\/","title":{"rendered":"Agences immobili\u00e8res"},"content":{"rendered":"<div data-elementor-type=\"wp-post\" data-elementor-id=\"3368\" class=\"elementor elementor-3368\" data-elementor-post-type=\"arcticles-bruxelles\">\n\t\t\t\t\t\t<section class=\"elementor-section elementor-top-section elementor-element elementor-element-f7dc3bc elementor-section-boxed elementor-section-height-default elementor-section-height-default\" data-id=\"f7dc3bc\" data-element_type=\"section\" data-e-type=\"section\">\n\t\t\t\t\t\t<div class=\"elementor-container elementor-column-gap-default\">\n\t\t\t\t\t<div class=\"elementor-column elementor-col-100 elementor-top-column elementor-element elementor-element-d0b0e96\" data-id=\"d0b0e96\" data-element_type=\"column\" data-e-type=\"column\">\n\t\t\t<div class=\"elementor-widget-wrap elementor-element-populated\">\n\t\t\t\t\t\t<div class=\"elementor-element elementor-element-9abaff0 elementor-widget elementor-widget-text-editor\" data-id=\"9abaff0\" data-element_type=\"widget\" data-e-type=\"widget\" data-widget_type=\"text-editor.default\">\n\t\t\t\t<div class=\"elementor-widget-container\">\n\t\t\t\t\t\t\t\t\t<div class=\"container container-small\"><div class=\"place-page\"><div class=\"addthis_sharing_toolbox\" data-url=\"https:\/\/expatsinbrussels.be\/fr\/logement-et-connections-comment-faire\/agences-immobilieres\" data-title=\"Agences immobili\u00e8res\"><div id=\"atstbx\" class=\"at-share-tbx-element addthis-smartlayers addthis-animated at4-show\" role=\"region\" aria-labelledby=\"at-270d6c47-a7c0-4867-b881-74126b8b7f2f\"><p>Les formalit\u00e9s et les papiers \u00e0 fournir lors d\u2019une transaction immobili\u00e8re se complexifient un peu plus au fur et \u00e0 mesure du temps.\u00a0 Voil\u00e0 pourquoi, maintenant, une grande majorit\u00e9 des vendeurs-acheteurs-loueurs-locataires font appel \u00e0 des professionnels.Ils sont parfaitement au courant de la l\u00e9gislation dans notre pays. Ils vous \u00e9viteront d\u2019\u00e9ventuels litiges qui risqueraient, plus tard, de vous occasionner des frais inattendus.<\/p><div>\u00a0<\/div><div class=\"at-share-btn-elements\"><span style=\"background-color: var(--global--color-background); color: var(--global--color-primary); font-family: var(--global--font-secondary); font-size: var(--global--font-size-base);\">Que ce soit pour la location ou pour la vente, nous vous recommandons vivement de toujours passer par un interm\u00e9diaire professionnel. Ils sont parfaitement au courant de la l\u00e9gislation dans notre pays. Ils vous \u00e9viteront d\u2019\u00e9ventuels litiges qui risqueraient, plus tard, de vous occasionner des frais inattendus.<\/span><\/div><div>\u00a0<\/div><\/div><\/div><\/div><\/div><div class=\"container padding-bottom\"><div class=\"place-page col-sm-8 col-md-6\"><h3>Good to know<\/h3><p>En Belgique, les biens \u00e0 vendre (\u00ab\u00a0te koop\u00a0\u00bb en NL) ou \u00e0 louer (\u00ab\u00a0te huur\u00a0\u00bb en NL) sont signal\u00e9s \u00e0 l\u2019ext\u00e9rieur, sur la fa\u00e7ade soit par des affiches de l\u2019agence en charge de l\u2019immeuble, soit par une affiche officielle noire et orange.<\/p><\/div><\/div><p>\u00a0<\/p>\t\t\t\t\t\t\t\t<\/div>\n\t\t\t\t<\/div>\n\t\t\t\t\t<\/div>\n\t\t<\/div>\n\t\t\t\t\t<\/div>\n\t\t<\/section>\n\t\t\t\t<section class=\"elementor-section elementor-top-section elementor-element elementor-element-405dcd9 elementor-section-boxed elementor-section-height-default elementor-section-height-default\" data-id=\"405dcd9\" data-element_type=\"section\" data-e-type=\"section\">\n\t\t\t\t\t\t<div class=\"elementor-container elementor-column-gap-default\">\n\t\t\t\t\t<div class=\"elementor-column elementor-col-100 elementor-top-column elementor-element elementor-element-5169f59\" data-id=\"5169f59\" data-element_type=\"column\" data-e-type=\"column\">\n\t\t\t<div class=\"elementor-widget-wrap elementor-element-populated\">\n\t\t\t\t\t\t<div class=\"elementor-element elementor-element-b120f68 elementor-widget elementor-widget-text-editor\" data-id=\"b120f68\" data-element_type=\"widget\" data-e-type=\"widget\" data-widget_type=\"text-editor.default\">\n\t\t\t\t<div class=\"elementor-widget-container\">\n\t\t\t\t\t\t\t\t\t<p>\u201cFor sale\u201d = \u201c\u00e0 vendre\u201d (FR) \u201cte koop\u201d (NL) &#8211; \u201cFor rent\u201d = \u201c\u00e0 louer\u201d (FR) \u201cte huur\u201d (NL)<\/p>\t\t\t\t\t\t\t\t<\/div>\n\t\t\t\t<\/div>\n\t\t\t\t\t<\/div>\n\t\t<\/div>\n\t\t\t\t\t<\/div>\n\t\t<\/section>\n\t\t\t\t<section class=\"elementor-section elementor-top-section elementor-element elementor-element-e492fa5 elementor-section-boxed elementor-section-height-default elementor-section-height-default\" data-id=\"e492fa5\" data-element_type=\"section\" data-e-type=\"section\">\n\t\t\t\t\t\t<div class=\"elementor-container elementor-column-gap-default\">\n\t\t\t\t\t<div class=\"elementor-column elementor-col-100 elementor-top-column elementor-element elementor-element-7e04749\" data-id=\"7e04749\" data-element_type=\"column\" data-e-type=\"column\">\n\t\t\t<div class=\"elementor-widget-wrap\">\n\t\t\t\t\t\t\t<\/div>\n\t\t<\/div>\n\t\t\t\t\t<\/div>\n\t\t<\/section>\n\t\t\t\t<section class=\"elementor-section elementor-top-section elementor-element elementor-element-01182a0 elementor-section-boxed elementor-section-height-default elementor-section-height-default\" data-id=\"01182a0\" data-element_type=\"section\" data-e-type=\"section\">\n\t\t\t\t\t\t<div class=\"elementor-container elementor-column-gap-default\">\n\t\t\t\t\t<div class=\"elementor-column elementor-col-100 elementor-top-column elementor-element elementor-element-52c043f\" data-id=\"52c043f\" data-element_type=\"column\" data-e-type=\"column\">\n\t\t\t<div class=\"elementor-widget-wrap elementor-element-populated\">\n\t\t\t\t\t\t<div class=\"elementor-element elementor-element-91fce39 elementor-align-center elementor-widget elementor-widget-button\" data-id=\"91fce39\" data-element_type=\"widget\" data-e-type=\"widget\" data-widget_type=\"button.default\">\n\t\t\t\t<div class=\"elementor-widget-container\">\n\t\t\t\t\t\t\t\t\t<div class=\"elementor-button-wrapper\">\n\t\t\t\t\t<a class=\"elementor-button elementor-button-link elementor-size-sm\" href=\"https:\/\/expatsinbrussels.be\/fr\/logement-et-connections-comment-faire\/agences-immobilieres\">\n\t\t\t\t\t\t<span class=\"elementor-button-content-wrapper\">\n\t\t\t\t\t\t\t\t\t<span class=\"elementor-button-text\">Lien utile<\/span>\n\t\t\t\t\t<\/span>\n\t\t\t\t\t<\/a>\n\t\t\t\t<\/div>\n\t\t\t\t\t\t\t\t<\/div>\n\t\t\t\t<\/div>\n\t\t\t\t\t<\/div>\n\t\t<\/div>\n\t\t\t\t\t<\/div>\n\t\t<\/section>\n\t\t\t\t<\/div>","protected":false},"featured_media":0,"template":"","categories_bruxelles":[35],"class_list":["post-3368","arcticles-bruxelles","type-arcticles-bruxelles","status-publish","hentry","categories_bruxelles-integration-bruxelles","entry"],"acf":[],"yoast_head":"<!-- This site is optimized with the Yoast SEO plugin v27.4 - https:\/\/yoast.com\/product\/yoast-seo-wordpress\/ -->\n<title>Agences immobili\u00e8res - Centre de sant\u00e9 le foyer<\/title>\n<meta name=\"robots\" content=\"index, follow, max-snippet:-1, max-image-preview:large, max-video-preview:-1\" \/>\n<link rel=\"canonical\" href=\"https:\/\/lefoyerxl.be\/ar\/arcticles-bruxelles\/agences-immobilieres\/\" \/>\n<meta property=\"og:locale\" content=\"ar_AR\" \/>\n<meta property=\"og:type\" content=\"article\" \/>\n<meta property=\"og:title\" content=\"Agences immobili\u00e8res - Centre de sant\u00e9 le foyer\" \/>\n<meta property=\"og:description\" content=\"Les formalit\u00e9s et les papiers \u00e0 fournir lors d\u2019une transaction&hellip; \u0645\u062a\u0627\u0628\u0639\u0629 \u0642\u0631\u0627\u0621\u0629 Agences immobili\u00e8res\" \/>\n<meta property=\"og:url\" content=\"https:\/\/lefoyerxl.be\/ar\/arcticles-bruxelles\/agences-immobilieres\/\" \/>\n<meta property=\"og:site_name\" content=\"Centre de sant\u00e9 le foyer\" \/>\n<meta property=\"article:modified_time\" content=\"2022-09-04T00:35:33+00:00\" \/>\n<meta name=\"twitter:card\" content=\"summary_large_image\" \/>\n<meta name=\"twitter:label1\" content=\"Est. reading time\" \/>\n\t<meta name=\"twitter:data1\" content=\"1 minute\" \/>\n<script type=\"application\/ld+json\" class=\"yoast-schema-graph\">{\"@context\":\"https:\\\/\\\/schema.org\",\"@graph\":[{\"@type\":\"WebPage\",\"@id\":\"https:\\\/\\\/lefoyerxl.be\\\/arcticles-bruxelles\\\/agences-immobilieres\\\/\",\"url\":\"https:\\\/\\\/lefoyerxl.be\\\/arcticles-bruxelles\\\/agences-immobilieres\\\/\",\"name\":\"Agences immobili\u00e8res - Centre de sant\u00e9 le foyer\",\"isPartOf\":{\"@id\":\"https:\\\/\\\/lefoyerxl.be\\\/#website\"},\"datePublished\":\"2022-09-03T23:54:34+00:00\",\"dateModified\":\"2022-09-04T00:35:33+00:00\",\"breadcrumb\":{\"@id\":\"https:\\\/\\\/lefoyerxl.be\\\/arcticles-bruxelles\\\/agences-immobilieres\\\/#breadcrumb\"},\"inLanguage\":\"ary\",\"potentialAction\":[{\"@type\":\"ReadAction\",\"target\":[\"https:\\\/\\\/lefoyerxl.be\\\/arcticles-bruxelles\\\/agences-immobilieres\\\/\"]}]},{\"@type\":\"BreadcrumbList\",\"@id\":\"https:\\\/\\\/lefoyerxl.be\\\/arcticles-bruxelles\\\/agences-immobilieres\\\/#breadcrumb\",\"itemListElement\":[{\"@type\":\"ListItem\",\"position\":1,\"name\":\"Accueil\",\"item\":\"https:\\\/\\\/lefoyerxl.be\\\/\"},{\"@type\":\"ListItem\",\"position\":2,\"name\":\"Articles Bruxelles\",\"item\":\"https:\\\/\\\/lefoyerxl.be\\\/articles-bruxelles\\\/\"},{\"@type\":\"ListItem\",\"position\":3,\"name\":\"Agences immobili\u00e8res\"}]},{\"@type\":\"WebSite\",\"@id\":\"https:\\\/\\\/lefoyerxl.be\\\/#website\",\"url\":\"https:\\\/\\\/lefoyerxl.be\\\/\",\"name\":\"Centre de sant\u00e9 le foyer\",\"description\":\"\",\"publisher\":{\"@id\":\"https:\\\/\\\/lefoyerxl.be\\\/#organization\"},\"potentialAction\":[{\"@type\":\"SearchAction\",\"target\":{\"@type\":\"EntryPoint\",\"urlTemplate\":\"https:\\\/\\\/lefoyerxl.be\\\/?s={search_term_string}\"},\"query-input\":{\"@type\":\"PropertyValueSpecification\",\"valueRequired\":true,\"valueName\":\"search_term_string\"}}],\"inLanguage\":\"ary\"},{\"@type\":\"Organization\",\"@id\":\"https:\\\/\\\/lefoyerxl.be\\\/#organization\",\"name\":\"Centre de sant\u00e9 le foyer\",\"url\":\"https:\\\/\\\/lefoyerxl.be\\\/\",\"logo\":{\"@type\":\"ImageObject\",\"inLanguage\":\"ary\",\"@id\":\"https:\\\/\\\/lefoyerxl.be\\\/#\\\/schema\\\/logo\\\/image\\\/\",\"url\":\"https:\\\/\\\/lefoyerxl.be\\\/wp-content\\\/uploads\\\/2022\\\/05\\\/Logo_Centre_de_sante_Le_Foyer_72dpi.png\",\"contentUrl\":\"https:\\\/\\\/lefoyerxl.be\\\/wp-content\\\/uploads\\\/2022\\\/05\\\/Logo_Centre_de_sante_Le_Foyer_72dpi.png\",\"width\":800,\"height\":620,\"caption\":\"Centre de sant\u00e9 le foyer\"},\"image\":{\"@id\":\"https:\\\/\\\/lefoyerxl.be\\\/#\\\/schema\\\/logo\\\/image\\\/\"}}]}<\/script>\n<!-- \/ Yoast SEO plugin. -->","yoast_head_json":{"title":"Agences immobili\u00e8res - Centre de sant\u00e9 le foyer","robots":{"index":"index","follow":"follow","max-snippet":"max-snippet:-1","max-image-preview":"max-image-preview:large","max-video-preview":"max-video-preview:-1"},"canonical":"https:\/\/lefoyerxl.be\/ar\/arcticles-bruxelles\/agences-immobilieres\/","og_locale":"ar_AR","og_type":"article","og_title":"Agences immobili\u00e8res - Centre de sant\u00e9 le foyer","og_description":"Les formalit\u00e9s et les papiers \u00e0 fournir lors d\u2019une transaction&hellip; \u0645\u062a\u0627\u0628\u0639\u0629 \u0642\u0631\u0627\u0621\u0629 Agences immobili\u00e8res","og_url":"https:\/\/lefoyerxl.be\/ar\/arcticles-bruxelles\/agences-immobilieres\/","og_site_name":"Centre de sant\u00e9 le foyer","article_modified_time":"2022-09-04T00:35:33+00:00","twitter_card":"summary_large_image","twitter_misc":{"Est. reading time":"1 minute"},"schema":{"@context":"https:\/\/schema.org","@graph":[{"@type":"WebPage","@id":"https:\/\/lefoyerxl.be\/arcticles-bruxelles\/agences-immobilieres\/","url":"https:\/\/lefoyerxl.be\/arcticles-bruxelles\/agences-immobilieres\/","name":"Agences immobili\u00e8res - Centre de sant\u00e9 le foyer","isPartOf":{"@id":"https:\/\/lefoyerxl.be\/#website"},"datePublished":"2022-09-03T23:54:34+00:00","dateModified":"2022-09-04T00:35:33+00:00","breadcrumb":{"@id":"https:\/\/lefoyerxl.be\/arcticles-bruxelles\/agences-immobilieres\/#breadcrumb"},"inLanguage":"ary","potentialAction":[{"@type":"ReadAction","target":["https:\/\/lefoyerxl.be\/arcticles-bruxelles\/agences-immobilieres\/"]}]},{"@type":"BreadcrumbList","@id":"https:\/\/lefoyerxl.be\/arcticles-bruxelles\/agences-immobilieres\/#breadcrumb","itemListElement":[{"@type":"ListItem","position":1,"name":"Accueil","item":"https:\/\/lefoyerxl.be\/"},{"@type":"ListItem","position":2,"name":"Articles Bruxelles","item":"https:\/\/lefoyerxl.be\/articles-bruxelles\/"},{"@type":"ListItem","position":3,"name":"Agences immobili\u00e8res"}]},{"@type":"WebSite","@id":"https:\/\/lefoyerxl.be\/#website","url":"https:\/\/lefoyerxl.be\/","name":"Centre de sant\u00e9 le foyer","description":"","publisher":{"@id":"https:\/\/lefoyerxl.be\/#organization"},"potentialAction":[{"@type":"SearchAction","target":{"@type":"EntryPoint","urlTemplate":"https:\/\/lefoyerxl.be\/?s={search_term_string}"},"query-input":{"@type":"PropertyValueSpecification","valueRequired":true,"valueName":"search_term_string"}}],"inLanguage":"ary"},{"@type":"Organization","@id":"https:\/\/lefoyerxl.be\/#organization","name":"Centre de sant\u00e9 le foyer","url":"https:\/\/lefoyerxl.be\/","logo":{"@type":"ImageObject","inLanguage":"ary","@id":"https:\/\/lefoyerxl.be\/#\/schema\/logo\/image\/","url":"https:\/\/lefoyerxl.be\/wp-content\/uploads\/2022\/05\/Logo_Centre_de_sante_Le_Foyer_72dpi.png","contentUrl":"https:\/\/lefoyerxl.be\/wp-content\/uploads\/2022\/05\/Logo_Centre_de_sante_Le_Foyer_72dpi.png","width":800,"height":620,"caption":"Centre de sant\u00e9 le foyer"},"image":{"@id":"https:\/\/lefoyerxl.be\/#\/schema\/logo\/image\/"}}]}},"_links":{"self":[{"href":"https:\/\/lefoyerxl.be\/ar\/wp-json\/wp\/v2\/arcticles-bruxelles\/3368","targetHints":{"allow":["GET"]}}],"collection":[{"href":"https:\/\/lefoyerxl.be\/ar\/wp-json\/wp\/v2\/arcticles-bruxelles"}],"about":[{"href":"https:\/\/lefoyerxl.be\/ar\/wp-json\/wp\/v2\/types\/arcticles-bruxelles"}],"version-history":[{"count":16,"href":"https:\/\/lefoyerxl.be\/ar\/wp-json\/wp\/v2\/arcticles-bruxelles\/3368\/revisions"}],"predecessor-version":[{"id":3399,"href":"https:\/\/lefoyerxl.be\/ar\/wp-json\/wp\/v2\/arcticles-bruxelles\/3368\/revisions\/3399"}],"wp:attachment":[{"href":"https:\/\/lefoyerxl.be\/ar\/wp-json\/wp\/v2\/media?parent=3368"}],"wp:term":[{"taxonomy":"categories_bruxelles","embeddable":true,"href":"https:\/\/lefoyerxl.be\/ar\/wp-json\/wp\/v2\/categories_bruxelles?post=3368"}],"curies":[{"name":"wp","href":"https:\/\/api.w.org\/{rel}","templated":true}]}}